{"id":158,"date":"2024-09-14T18:35:43","date_gmt":"2024-09-14T18:35:43","guid":{"rendered":"https:\/\/owv-sc-waldthurn.de\/?page_id=158"},"modified":"2026-02-06T12:38:41","modified_gmt":"2026-02-06T12:38:41","slug":"archiv","status":"publish","type":"page","link":"https:\/\/owv-sc-waldthurn.de\/?page_id=158","title":{"rendered":"Blick zur\u00fcck 2023 bis 2007"},"content":{"rendered":"\n<p><\/p>\n\n\n\n<p class=\"has-text-align-center has-x-large-font-size\"><em style=\"font-weight: bold;\">2023 <\/em> &#8211; <strong><em>Dezember <\/em><\/strong><\/p>\n\n\n\n<p class=\"has-text-align-center has-x-large-font-size\"><strong><em> Alle Jahre wieder<\/em><\/strong> &#8211;<strong><em> Der Christbaum <\/em><\/strong><\/p>\n\n\n\n\n\n\n\n<p class=\"has-text-align-center has-x-large-font-size\"><strong><em>November <\/em><\/strong><em><strong> <\/strong><\/em><\/p>\n\n\n\n<div class=\"wp-block-group alignwide is-nowrap is-layout-flex wp-container-core-group-is-layout-6c531013 wp-block-group-is-layout-flex\">\n<figure class=\"wp-block-image size-large is-resized has-custom-border\"><img loading=\"lazy\" decoding=\"async\" width=\"727\" height=\"1024\" src=\"https:\/\/owv-sc-waldthurn.de\/wp-content\/uploads\/2024\/10\/Jahresh-vers-2023-b-727x1024.jpg\" alt=\"\" class=\"has-border-color has-contrast-3-border-color wp-image-5749\" style=\"border-width:8px;width:563px;height:auto\" srcset=\"https:\/\/owv-sc-waldthurn.de\/wp-content\/uploads\/2024\/10\/Jahresh-vers-2023-b-727x1024.jpg 727w, https:\/\/owv-sc-waldthurn.de\/wp-content\/uploads\/2024\/10\/Jahresh-vers-2023-b-213x300.jpg 213w, https:\/\/owv-sc-waldthurn.de\/wp-content\/uploads\/2024\/10\/Jahresh-vers-2023-b-768x1082.jpg 768w, https:\/\/owv-sc-waldthurn.de\/wp-content\/uploads\/2024\/10\/Jahresh-vers-2023-b.jpg 852w\" sizes=\"auto, (max-width: 727px) 100vw, 727px\" \/><\/figure>\n\n\n\n<figure class=\"wp-block-image size-large is-resized has-custom-border\"><img loading=\"lazy\" decoding=\"async\" width=\"707\" height=\"1024\" src=\"https:\/\/owv-sc-waldthurn.de\/wp-content\/uploads\/2024\/10\/2023-Jahresh-vers-b-1-707x1024.jpg\" alt=\"\" class=\"has-border-color has-contrast-3-border-color wp-image-5765\" style=\"border-width:8px;border-radius:0px;width:548px;height:auto\" srcset=\"https:\/\/owv-sc-waldthurn.de\/wp-content\/uploads\/2024\/10\/2023-Jahresh-vers-b-1-707x1024.jpg 707w, https:\/\/owv-sc-waldthurn.de\/wp-content\/uploads\/2024\/10\/2023-Jahresh-vers-b-1-207x300.jpg 207w, https:\/\/owv-sc-waldthurn.de\/wp-content\/uploads\/2024\/10\/2023-Jahresh-vers-b-1-768x1112.jpg 768w, https:\/\/owv-sc-waldthurn.de\/wp-content\/uploads\/2024\/10\/2023-Jahresh-vers-b-1.jpg 829w\" sizes=\"auto, (max-width: 707px) 100vw, 707px\" \/><\/figure>\n<\/div>\n\n\n\n<div class=\"wp-block-group alignwide is-layout-flow wp-block-group-is-layout-flow\">\n<p class=\"has-text-align-center has-x-large-font-size\"><strong><em>Oktober<\/em><\/strong><\/p>\n\n\n\n<p><br>Am Freitag Abend 13. Oktober ging es f\u00fcr den OWV Waldthurn nach Moosbach zur Brauerei Scheuerer. Im Anschluss einer ausf\u00fchrlichen und sehr interessanten F\u00fchrung durch die Brauerei und dem Brauwesen wurde bei einem gem\u00fctlichen Abend und einer Brotzeit in der lokalen Stube nat\u00fcrlich das eine oder andere s\u00fcffige Bier getrunken. F\u00fcr die beste Unterhaltung sorgten selbstverst\u00e4ndlich die \u201c Hulzstoussboum\u201c.<br>Der OWV badankt sich recht herzlich bei \u201c Moosbacher Bier\u201c f\u00fcr die hervorragende F\u00fchrung und Bewirtung.<\/p>\n<\/div>\n\n\n\n<div class=\"wp-block-group alignwide is-nowrap is-layout-flex wp-container-core-group-is-layout-6c531013 wp-block-group-is-layout-flex\">\n<figure class=\"wp-block-image size-large is-resized\"><img decoding=\"async\" src=\"https:\/\/owv-sc-waldthurn.de\/wp-content\/uploads\/2024\/11\/20231013_175751-1-1024x768.jpg\" alt=\"\" class=\"wp-image-7063\" style=\"width:327px;height:auto\"\/><\/figure>\n\n\n\n<figure class=\"wp-block-image size-large is-resized\"><img loading=\"lazy\" decoding=\"async\" width=\"1024\" height=\"768\" src=\"https:\/\/owv-sc-waldthurn.de\/wp-content\/uploads\/2024\/11\/20231013_182732-1024x768.jpg\" alt=\"\" class=\"wp-image-7066\" style=\"width:333px;height:auto\" srcset=\"https:\/\/owv-sc-waldthurn.de\/wp-content\/uploads\/2024\/11\/20231013_182732-1024x768.jpg 1024w, https:\/\/owv-sc-waldthurn.de\/wp-content\/uploads\/2024\/11\/20231013_182732-300x225.jpg 300w, https:\/\/owv-sc-waldthurn.de\/wp-content\/uploads\/2024\/11\/20231013_182732-768x576.jpg 768w, https:\/\/owv-sc-waldthurn.de\/wp-content\/uploads\/2024\/11\/20231013_182732.jpg 1200w\" sizes=\"auto, (max-width: 1024px) 100vw, 1024px\" \/><\/figure>\n\n\n\n<figure class=\"wp-block-image size-large is-resized\"><img loading=\"lazy\" decoding=\"async\" width=\"1024\" height=\"639\" src=\"https:\/\/owv-sc-waldthurn.de\/wp-content\/uploads\/2024\/11\/20231013_181344-1024x639.jpg\" alt=\"\" class=\"wp-image-7065\" style=\"width:383px;height:auto\" srcset=\"https:\/\/owv-sc-waldthurn.de\/wp-content\/uploads\/2024\/11\/20231013_181344-1024x639.jpg 1024w, https:\/\/owv-sc-waldthurn.de\/wp-content\/uploads\/2024\/11\/20231013_181344-300x187.jpg 300w, https:\/\/owv-sc-waldthurn.de\/wp-content\/uploads\/2024\/11\/20231013_181344-768x479.jpg 768w, https:\/\/owv-sc-waldthurn.de\/wp-content\/uploads\/2024\/11\/20231013_181344.jpg 1200w\" sizes=\"auto, (max-width: 1024px) 100vw, 1024px\" \/><\/figure>\n\n\n\n<figure class=\"wp-block-image size-large is-resized\"><img loading=\"lazy\" decoding=\"async\" width=\"1024\" height=\"768\" src=\"https:\/\/owv-sc-waldthurn.de\/wp-content\/uploads\/2024\/11\/20231013_184138-1024x768.jpg\" alt=\"\" class=\"wp-image-7069\" style=\"width:336px;height:auto\" srcset=\"https:\/\/owv-sc-waldthurn.de\/wp-content\/uploads\/2024\/11\/20231013_184138-1024x768.jpg 1024w, https:\/\/owv-sc-waldthurn.de\/wp-content\/uploads\/2024\/11\/20231013_184138-300x225.jpg 300w, https:\/\/owv-sc-waldthurn.de\/wp-content\/uploads\/2024\/11\/20231013_184138-768x576.jpg 768w, https:\/\/owv-sc-waldthurn.de\/wp-content\/uploads\/2024\/11\/20231013_184138.jpg 1200w\" sizes=\"auto, (max-width: 1024px) 100vw, 1024px\" \/><\/figure>\n\n\n\n<figure class=\"wp-block-image size-large is-resized\"><img loading=\"lazy\" decoding=\"async\" width=\"1024\" height=\"991\" src=\"https:\/\/owv-sc-waldthurn.de\/wp-content\/uploads\/2024\/11\/20231013_200618-1024x991.jpg\" alt=\"\" class=\"wp-image-7021\" style=\"width:309px;height:auto\" srcset=\"https:\/\/owv-sc-waldthurn.de\/wp-content\/uploads\/2024\/11\/20231013_200618-1024x991.jpg 1024w, https:\/\/owv-sc-waldthurn.de\/wp-content\/uploads\/2024\/11\/20231013_200618-300x290.jpg 300w, https:\/\/owv-sc-waldthurn.de\/wp-content\/uploads\/2024\/11\/20231013_200618-768x743.jpg 768w, https:\/\/owv-sc-waldthurn.de\/wp-content\/uploads\/2024\/11\/20231013_200618.jpg 1200w\" sizes=\"auto, (max-width: 1024px) 100vw, 1024px\" \/><\/figure>\n<\/div>\n\n\n\n<div class=\"wp-block-group alignwide is-nowrap is-layout-flex wp-container-core-group-is-layout-6c531013 wp-block-group-is-layout-flex\">\n<figure class=\"wp-block-image size-large is-resized\"><img loading=\"lazy\" decoding=\"async\" width=\"1024\" height=\"632\" src=\"https:\/\/owv-sc-waldthurn.de\/wp-content\/uploads\/2024\/11\/20231013_192448-1024x632.jpg\" alt=\"\" class=\"wp-image-7022\" style=\"width:457px;height:auto\" srcset=\"https:\/\/owv-sc-waldthurn.de\/wp-content\/uploads\/2024\/11\/20231013_192448-1024x632.jpg 1024w, https:\/\/owv-sc-waldthurn.de\/wp-content\/uploads\/2024\/11\/20231013_192448-300x185.jpg 300w, https:\/\/owv-sc-waldthurn.de\/wp-content\/uploads\/2024\/11\/20231013_192448-768x474.jpg 768w, https:\/\/owv-sc-waldthurn.de\/wp-content\/uploads\/2024\/11\/20231013_192448.jpg 1200w\" sizes=\"auto, (max-width: 1024px) 100vw, 1024px\" \/><\/figure>\n\n\n\n<figure class=\"wp-block-image size-large is-resized\"><img loading=\"lazy\" decoding=\"async\" width=\"1024\" height=\"549\" src=\"https:\/\/owv-sc-waldthurn.de\/wp-content\/uploads\/2024\/11\/20231013_200853-1024x549.jpg\" alt=\"\" class=\"wp-image-7023\" style=\"width:470px;height:auto\" srcset=\"https:\/\/owv-sc-waldthurn.de\/wp-content\/uploads\/2024\/11\/20231013_200853-1024x549.jpg 1024w, https:\/\/owv-sc-waldthurn.de\/wp-content\/uploads\/2024\/11\/20231013_200853-300x161.jpg 300w, https:\/\/owv-sc-waldthurn.de\/wp-content\/uploads\/2024\/11\/20231013_200853-768x412.jpg 768w, https:\/\/owv-sc-waldthurn.de\/wp-content\/uploads\/2024\/11\/20231013_200853.jpg 1200w\" sizes=\"auto, (max-width: 1024px) 100vw, 1024px\" \/><\/figure>\n\n\n\n<figure class=\"wp-block-image size-large is-resized\"><img loading=\"lazy\" decoding=\"async\" width=\"768\" height=\"1024\" src=\"https:\/\/owv-sc-waldthurn.de\/wp-content\/uploads\/2024\/11\/20231013_214944-768x1024.jpg\" alt=\"\" class=\"wp-image-7024\" style=\"width:188px;height:auto\" srcset=\"https:\/\/owv-sc-waldthurn.de\/wp-content\/uploads\/2024\/11\/20231013_214944-768x1024.jpg 768w, https:\/\/owv-sc-waldthurn.de\/wp-content\/uploads\/2024\/11\/20231013_214944-225x300.jpg 225w, https:\/\/owv-sc-waldthurn.de\/wp-content\/uploads\/2024\/11\/20231013_214944-rotated.jpg 900w\" sizes=\"auto, (max-width: 768px) 100vw, 768px\" \/><\/figure>\n\n\n\n<figure class=\"wp-block-image size-large is-resized\"><img decoding=\"async\" src=\"https:\/\/owv-sc-waldthurn.de\/wp-content\/uploads\/2024\/11\/20231013_201205-1024x674.jpg\" alt=\"\" class=\"wp-image-7025\" style=\"width:454px;height:auto\"\/><\/figure>\n\n\n<\/div>\n\n\n\n<p class=\"has-x-large-font-size\"><strong><em>Juli<\/em><\/strong> &#8211; <strong><em>B\u00fcrgerfest<\/em><\/strong><\/p>\n\n\n\n<div class=\"wp-block-group alignwide is-content-justification-center is-nowrap is-layout-flex wp-container-core-group-is-layout-23441af8 wp-block-group-is-layout-flex\">\n<figure class=\"wp-block-image size-large is-resized has-custom-border\"><img loading=\"lazy\" decoding=\"async\" width=\"1024\" height=\"768\" src=\"https:\/\/owv-sc-waldthurn.de\/wp-content\/uploads\/2024\/11\/IMG-20230709-WA0004-1024x768.jpg\" alt=\"\" class=\"has-border-color has-contrast-3-border-color wp-image-6959\" style=\"border-width:18px;width:468px;height:auto\" srcset=\"https:\/\/owv-sc-waldthurn.de\/wp-content\/uploads\/2024\/11\/IMG-20230709-WA0004-1024x768.jpg 1024w, https:\/\/owv-sc-waldthurn.de\/wp-content\/uploads\/2024\/11\/IMG-20230709-WA0004-300x225.jpg 300w, https:\/\/owv-sc-waldthurn.de\/wp-content\/uploads\/2024\/11\/IMG-20230709-WA0004-768x576.jpg 768w, https:\/\/owv-sc-waldthurn.de\/wp-content\/uploads\/2024\/11\/IMG-20230709-WA0004.jpg 1200w\" sizes=\"auto, (max-width: 1024px) 100vw, 1024px\" \/><\/figure>\n\n\n\n<figure class=\"wp-block-image size-large is-resized has-custom-border\"><img loading=\"lazy\" decoding=\"async\" width=\"1024\" height=\"517\" src=\"https:\/\/owv-sc-waldthurn.de\/wp-content\/uploads\/2024\/11\/IMG-20230709-WA0002-1024x517.jpg\" alt=\"\" class=\"has-border-color has-contrast-3-border-color wp-image-6960\" style=\"border-width:24px;width:685px;height:auto\" srcset=\"https:\/\/owv-sc-waldthurn.de\/wp-content\/uploads\/2024\/11\/IMG-20230709-WA0002-1024x517.jpg 1024w, https:\/\/owv-sc-waldthurn.de\/wp-content\/uploads\/2024\/11\/IMG-20230709-WA0002-300x152.jpg 300w, https:\/\/owv-sc-waldthurn.de\/wp-content\/uploads\/2024\/11\/IMG-20230709-WA0002-768x388.jpg 768w, https:\/\/owv-sc-waldthurn.de\/wp-content\/uploads\/2024\/11\/IMG-20230709-WA0002.jpg 1200w\" sizes=\"auto, (max-width: 1024px) 100vw, 1024px\" \/><\/figure>\n<\/div>\n\n\n\n<p class=\"has-large-font-size\"><strong><em>2023 Juni <\/em><\/strong><\/p>\n\n\n\n<div class=\"wp-block-group alignwide is-layout-flow wp-block-group-is-layout-flow\">\n<p class=\"has-small-font-size\">Die Teilnehmer der diesj\u00e4hrigen tschechischen \u201eSascha Kolowrat Fahrt\u201c, die am Samstag, 24. Juni 2023 stattfindet, werden auch in diesem Jahr durch Waldthurn fahren<br>Gegen 12 Uhr bis 13 Uhr fahren die \u201eAugenweiden f\u00fcr Oldtimerfans\u201c von Lennesrieth kommend durch Waldthurn (Marktplatz) und weiter \u00fcber die Bernriether Stra\u00dfe nach Pleystein.<br>\u201eZuvor machen die Motorr\u00e4der und Fahrzeug von Neuenhammer kommend um zirka 11.30 Uhr einen Getr\u00e4nkestopp <strong><em>an der OWV-Skih\u00fctte. <\/em><\/strong>Dort k\u00f6nnen die Fahrzeuge besichtigt werden\u201c, erkl\u00e4rt OWV Vorsitzende Petra Reil<\/p>\n<\/div>\n\n\n\n<div class=\"wp-block-group alignwide is-nowrap is-layout-flex wp-container-core-group-is-layout-6c531013 wp-block-group-is-layout-flex\">\n<figure class=\"wp-block-image size-large is-resized\"><img loading=\"lazy\" decoding=\"async\" width=\"1024\" height=\"497\" src=\"https:\/\/owv-sc-waldthurn.de\/wp-content\/uploads\/2024\/11\/2023-06-24-Oldtimer-Treffen-1-1024x497.jpg\" alt=\"\" class=\"wp-image-7513\" style=\"width:464px;height:auto\" srcset=\"https:\/\/owv-sc-waldthurn.de\/wp-content\/uploads\/2024\/11\/2023-06-24-Oldtimer-Treffen-1-1024x497.jpg 1024w, https:\/\/owv-sc-waldthurn.de\/wp-content\/uploads\/2024\/11\/2023-06-24-Oldtimer-Treffen-1-300x146.jpg 300w, https:\/\/owv-sc-waldthurn.de\/wp-content\/uploads\/2024\/11\/2023-06-24-Oldtimer-Treffen-1-768x373.jpg 768w, https:\/\/owv-sc-waldthurn.de\/wp-content\/uploads\/2024\/11\/2023-06-24-Oldtimer-Treffen-1.jpg 1200w\" sizes=\"auto, (max-width: 1024px) 100vw, 1024px\" \/><\/figure>\n\n\n\n<figure class=\"wp-block-image size-large is-resized\"><img loading=\"lazy\" decoding=\"async\" width=\"1024\" height=\"497\" src=\"https:\/\/owv-sc-waldthurn.de\/wp-content\/uploads\/2024\/11\/2023-06-24-Oldtimer-Treffen-2-1024x497.jpg\" alt=\"\" class=\"wp-image-7514\" style=\"width:521px;height:auto\" srcset=\"https:\/\/owv-sc-waldthurn.de\/wp-content\/uploads\/2024\/11\/2023-06-24-Oldtimer-Treffen-2-1024x497.jpg 1024w, https:\/\/owv-sc-waldthurn.de\/wp-content\/uploads\/2024\/11\/2023-06-24-Oldtimer-Treffen-2-300x146.jpg 300w, https:\/\/owv-sc-waldthurn.de\/wp-content\/uploads\/2024\/11\/2023-06-24-Oldtimer-Treffen-2-768x373.jpg 768w, https:\/\/owv-sc-waldthurn.de\/wp-content\/uploads\/2024\/11\/2023-06-24-Oldtimer-Treffen-2.jpg 1200w\" sizes=\"auto, (max-width: 1024px) 100vw, 1024px\" \/><\/figure>\n\n\n\n<figure class=\"wp-block-image size-large is-resized\"><img loading=\"lazy\" decoding=\"async\" width=\"729\" height=\"1024\" src=\"https:\/\/owv-sc-waldthurn.de\/wp-content\/uploads\/2024\/11\/2023-06-24-Oldtimer-Treffen-6-729x1024.jpg\" alt=\"\" class=\"wp-image-7518\" style=\"width:276px;height:auto\" srcset=\"https:\/\/owv-sc-waldthurn.de\/wp-content\/uploads\/2024\/11\/2023-06-24-Oldtimer-Treffen-6-729x1024.jpg 729w, https:\/\/owv-sc-waldthurn.de\/wp-content\/uploads\/2024\/11\/2023-06-24-Oldtimer-Treffen-6-214x300.jpg 214w, https:\/\/owv-sc-waldthurn.de\/wp-content\/uploads\/2024\/11\/2023-06-24-Oldtimer-Treffen-6-768x1078.jpg 768w, https:\/\/owv-sc-waldthurn.de\/wp-content\/uploads\/2024\/11\/2023-06-24-Oldtimer-Treffen-6.jpg 777w\" sizes=\"auto, (max-width: 729px) 100vw, 729px\" \/><\/figure>\n<\/div>\n\n\n\n<div class=\"wp-block-group alignwide is-layout-flow wp-block-group-is-layout-flow\">\n<div class=\"wp-block-group is-nowrap is-layout-flex wp-container-core-group-is-layout-6c531013 wp-block-group-is-layout-flex\">\n<figure class=\"wp-block-image size-large is-resized\"><img loading=\"lazy\" decoding=\"async\" width=\"1024\" height=\"497\" src=\"https:\/\/owv-sc-waldthurn.de\/wp-content\/uploads\/2024\/11\/2023-06-24-Oldtimer-Treffen-5-1024x497.jpg\" alt=\"\" class=\"wp-image-7517\" style=\"width:501px;height:auto\" srcset=\"https:\/\/owv-sc-waldthurn.de\/wp-content\/uploads\/2024\/11\/2023-06-24-Oldtimer-Treffen-5-1024x497.jpg 1024w, https:\/\/owv-sc-waldthurn.de\/wp-content\/uploads\/2024\/11\/2023-06-24-Oldtimer-Treffen-5-300x146.jpg 300w, https:\/\/owv-sc-waldthurn.de\/wp-content\/uploads\/2024\/11\/2023-06-24-Oldtimer-Treffen-5-768x373.jpg 768w, https:\/\/owv-sc-waldthurn.de\/wp-content\/uploads\/2024\/11\/2023-06-24-Oldtimer-Treffen-5.jpg 1200w\" sizes=\"auto, (max-width: 1024px) 100vw, 1024px\" \/><\/figure>\n\n\n\n<figure class=\"wp-block-image size-large is-resized\"><img loading=\"lazy\" decoding=\"async\" width=\"1024\" height=\"497\" src=\"https:\/\/owv-sc-waldthurn.de\/wp-content\/uploads\/2024\/11\/2023-06-24-Oldtimer-Treffen-3-1024x497.jpg\" alt=\"\" class=\"wp-image-7515\" style=\"width:408px;height:auto\" srcset=\"https:\/\/owv-sc-waldthurn.de\/wp-content\/uploads\/2024\/11\/2023-06-24-Oldtimer-Treffen-3-1024x497.jpg 1024w, https:\/\/owv-sc-waldthurn.de\/wp-content\/uploads\/2024\/11\/2023-06-24-Oldtimer-Treffen-3-300x146.jpg 300w, https:\/\/owv-sc-waldthurn.de\/wp-content\/uploads\/2024\/11\/2023-06-24-Oldtimer-Treffen-3-768x373.jpg 768w, https:\/\/owv-sc-waldthurn.de\/wp-content\/uploads\/2024\/11\/2023-06-24-Oldtimer-Treffen-3.jpg 1200w\" sizes=\"auto, (max-width: 1024px) 100vw, 1024px\" \/><\/figure>\n\n\n\n<figure class=\"wp-block-image size-large is-resized\"><img loading=\"lazy\" decoding=\"async\" width=\"1024\" height=\"497\" src=\"https:\/\/owv-sc-waldthurn.de\/wp-content\/uploads\/2024\/11\/2023-06-24-Oldtimer-Treffen-4-1024x497.jpg\" alt=\"\" class=\"wp-image-7516\" style=\"width:435px;height:auto\" srcset=\"https:\/\/owv-sc-waldthurn.de\/wp-content\/uploads\/2024\/11\/2023-06-24-Oldtimer-Treffen-4-1024x497.jpg 1024w, https:\/\/owv-sc-waldthurn.de\/wp-content\/uploads\/2024\/11\/2023-06-24-Oldtimer-Treffen-4-300x146.jpg 300w, https:\/\/owv-sc-waldthurn.de\/wp-content\/uploads\/2024\/11\/2023-06-24-Oldtimer-Treffen-4-768x373.jpg 768w, https:\/\/owv-sc-waldthurn.de\/wp-content\/uploads\/2024\/11\/2023-06-24-Oldtimer-Treffen-4.jpg 1200w\" sizes=\"auto, (max-width: 1024px) 100vw, 1024px\" \/><\/figure>\n<\/div>\n\n\n\n<p class=\"has-text-align-center has-x-large-font-size\"><strong><em>August   2023 und 2022<\/em><\/strong><\/p>\n\n\n\n<p class=\"has-text-align-center has-large-font-size\"><strong><em> Kinderferienprogramm <\/em><\/strong> &#8211;  <strong><em>Gaudi auf der Gowerl Alm <\/em><\/strong><\/p>\n\n\n\n<p><br>bei Sandra und Markus Ermer in Muglhof<br>35 Kinder und mehrere Erwachsene genossen einen erlebnisreichen Nachmittag mit Eseln und Ponys.<br>Die hochmotivierten Gastgeber Sandra und Markus hatten viele verschiedene Spiele und Aufgaben f\u00fcr die Kids vorbereitet.<br>Hindernislauf, Eierlauf, Wettnageln, Holzsto\u00df schlichten und die Tiere f\u00fcttern machten den Ferienspa\u00df perfekt.<br>Zum Abschied gab es sogar ein echtes Hufeisen mit auf den Heimweg<\/p>\n<\/div>\n\n\n\n<p><\/p>\n\n\n\n\n\n\n\n<p><\/p>\n\n\n\n<div class=\"wp-block-group is-layout-flow wp-block-group-is-layout-flow\">\n<p class=\"has-text-align-center has-x-large-font-size\"><strong><em>2022 April<\/em><\/strong>  &#8211; <strong><em>Maibaum <\/em><\/strong><\/p>\n<\/div>\n\n\n\n<div class=\"wp-block-group alignwide is-nowrap is-layout-flex wp-container-core-group-is-layout-6c531013 wp-block-group-is-layout-flex\">\n<figure class=\"wp-block-image size-large is-resized\"><img loading=\"lazy\" decoding=\"async\" width=\"742\" height=\"1024\" src=\"https:\/\/owv-sc-waldthurn.de\/wp-content\/uploads\/2024\/10\/2022-Maibaum-742x1024.jpg\" alt=\"\" class=\"wp-image-3195\" style=\"width:346px;height:auto\" srcset=\"https:\/\/owv-sc-waldthurn.de\/wp-content\/uploads\/2024\/10\/2022-Maibaum-742x1024.jpg 742w, https:\/\/owv-sc-waldthurn.de\/wp-content\/uploads\/2024\/10\/2022-Maibaum-218x300.jpg 218w, https:\/\/owv-sc-waldthurn.de\/wp-content\/uploads\/2024\/10\/2022-Maibaum-768x1059.jpg 768w, https:\/\/owv-sc-waldthurn.de\/wp-content\/uploads\/2024\/10\/2022-Maibaum.jpg 870w\" sizes=\"auto, (max-width: 742px) 100vw, 742px\" \/><\/figure>\n\n\n\n<figure class=\"wp-block-image size-large is-resized\"><img loading=\"lazy\" decoding=\"async\" width=\"1024\" height=\"462\" src=\"https:\/\/owv-sc-waldthurn.de\/wp-content\/uploads\/2024\/10\/2022-Maibaum-2-1024x462.jpg\" alt=\"\" class=\"wp-image-3194\" style=\"width:488px;height:auto\" srcset=\"https:\/\/owv-sc-waldthurn.de\/wp-content\/uploads\/2024\/10\/2022-Maibaum-2-1024x462.jpg 1024w, https:\/\/owv-sc-waldthurn.de\/wp-content\/uploads\/2024\/10\/2022-Maibaum-2-300x135.jpg 300w, https:\/\/owv-sc-waldthurn.de\/wp-content\/uploads\/2024\/10\/2022-Maibaum-2-768x346.jpg 768w, https:\/\/owv-sc-waldthurn.de\/wp-content\/uploads\/2024\/10\/2022-Maibaum-2.jpg 1200w\" sizes=\"auto, (max-width: 1024px) 100vw, 1024px\" \/><\/figure>\n\n\n\n<figure class=\"wp-block-image size-full is-resized\"><img loading=\"lazy\" decoding=\"async\" width=\"538\" height=\"717\" src=\"https:\/\/owv-sc-waldthurn.de\/wp-content\/uploads\/2024\/09\/normal084-1.jpg\" alt=\"\" class=\"wp-image-830\" style=\"width:305px;height:auto\" srcset=\"https:\/\/owv-sc-waldthurn.de\/wp-content\/uploads\/2024\/09\/normal084-1.jpg 538w, https:\/\/owv-sc-waldthurn.de\/wp-content\/uploads\/2024\/09\/normal084-1-225x300.jpg 225w\" sizes=\"auto, (max-width: 538px) 100vw, 538px\" \/><\/figure>\n<\/div>\n\n\n\n<p><\/p>\n\n\n\n<p class=\"has-text-align-center has-x-large-font-size\"><strong><em>2021 August   <\/em><\/strong><\/p>\n\n\n\n<p class=\"has-text-align-center has-large-font-size\"><strong><em> Vorstand Roman Bauer feiert seinen 60. Geburtstag<\/em><\/strong><\/p>\n\n\n\n<div class=\"wp-block-group is-nowrap is-layout-flex wp-container-core-group-is-layout-6c531013 wp-block-group-is-layout-flex\">\n<div class=\"wp-block-cover\"><span aria-hidden=\"true\" class=\"wp-block-cover__background has-background-dim\"><\/span><div class=\"wp-block-cover__inner-container is-layout-flow wp-block-cover-is-layout-flow\">\n<div class=\"wp-block-group is-nowrap is-layout-flex wp-container-core-group-is-layout-6c531013 wp-block-group-is-layout-flex\">\n<figure class=\"wp-block-image size-large is-resized\"><img loading=\"lazy\" decoding=\"async\" width=\"768\" height=\"1024\" src=\"https:\/\/owv-sc-waldthurn.de\/wp-content\/uploads\/2024\/10\/2021-Roman-60.-Geb1-4-768x1024.jpeg\" alt=\"\" class=\"wp-image-4007\" style=\"width:476px;height:auto\" srcset=\"https:\/\/owv-sc-waldthurn.de\/wp-content\/uploads\/2024\/10\/2021-Roman-60.-Geb1-4-768x1024.jpeg 768w, https:\/\/owv-sc-waldthurn.de\/wp-content\/uploads\/2024\/10\/2021-Roman-60.-Geb1-4-225x300.jpeg 225w, https:\/\/owv-sc-waldthurn.de\/wp-content\/uploads\/2024\/10\/2021-Roman-60.-Geb1-4.jpeg 900w\" sizes=\"auto, (max-width: 768px) 100vw, 768px\" \/><\/figure>\n<\/div>\n<\/div><\/div>\n<\/div>\n\n\n\n<div class=\"wp-block-group alignwide is-nowrap is-layout-flex wp-container-core-group-is-layout-6c531013 wp-block-group-is-layout-flex\">\n<figure class=\"wp-block-image size-large is-resized\"><img loading=\"lazy\" decoding=\"async\" width=\"1024\" height=\"920\" src=\"https:\/\/owv-sc-waldthurn.de\/wp-content\/uploads\/2024\/10\/2021-Roman-60.-Geb1-3-1024x920.jpeg\" alt=\"\" class=\"wp-image-4006\" style=\"width:288px;height:auto\" srcset=\"https:\/\/owv-sc-waldthurn.de\/wp-content\/uploads\/2024\/10\/2021-Roman-60.-Geb1-3-1024x920.jpeg 1024w, https:\/\/owv-sc-waldthurn.de\/wp-content\/uploads\/2024\/10\/2021-Roman-60.-Geb1-3-300x270.jpeg 300w, https:\/\/owv-sc-waldthurn.de\/wp-content\/uploads\/2024\/10\/2021-Roman-60.-Geb1-3-768x690.jpeg 768w, https:\/\/owv-sc-waldthurn.de\/wp-content\/uploads\/2024\/10\/2021-Roman-60.-Geb1-3.jpeg 1200w\" sizes=\"auto, (max-width: 1024px) 100vw, 1024px\" \/><\/figure>\n\n\n\n<figure class=\"wp-block-image size-large is-resized\"><img loading=\"lazy\" decoding=\"async\" width=\"1024\" height=\"768\" src=\"https:\/\/owv-sc-waldthurn.de\/wp-content\/uploads\/2024\/10\/2021-Roman-60.-Geb1-5-1024x768.jpeg\" alt=\"\" class=\"wp-image-4008\" style=\"width:451px;height:auto\" srcset=\"https:\/\/owv-sc-waldthurn.de\/wp-content\/uploads\/2024\/10\/2021-Roman-60.-Geb1-5-1024x768.jpeg 1024w, https:\/\/owv-sc-waldthurn.de\/wp-content\/uploads\/2024\/10\/2021-Roman-60.-Geb1-5-300x225.jpeg 300w, https:\/\/owv-sc-waldthurn.de\/wp-content\/uploads\/2024\/10\/2021-Roman-60.-Geb1-5-768x576.jpeg 768w, https:\/\/owv-sc-waldthurn.de\/wp-content\/uploads\/2024\/10\/2021-Roman-60.-Geb1-5.jpeg 1200w\" sizes=\"auto, (max-width: 1024px) 100vw, 1024px\" \/><\/figure>\n\n\n\n<figure class=\"wp-block-image size-full is-resized\"><img loading=\"lazy\" decoding=\"async\" width=\"911\" height=\"974\" src=\"https:\/\/owv-sc-waldthurn.de\/wp-content\/uploads\/2024\/10\/2021-Roman-60.-Geb1-2.jpeg\" alt=\"\" class=\"wp-image-4005\" style=\"width:260px;height:auto\" srcset=\"https:\/\/owv-sc-waldthurn.de\/wp-content\/uploads\/2024\/10\/2021-Roman-60.-Geb1-2.jpeg 911w, https:\/\/owv-sc-waldthurn.de\/wp-content\/uploads\/2024\/10\/2021-Roman-60.-Geb1-2-281x300.jpeg 281w, https:\/\/owv-sc-waldthurn.de\/wp-content\/uploads\/2024\/10\/2021-Roman-60.-Geb1-2-768x821.jpeg 768w\" sizes=\"auto, (max-width: 911px) 100vw, 911px\" \/><\/figure>\n\n\n\n<figure class=\"wp-block-image size-large is-resized\"><img loading=\"lazy\" decoding=\"async\" width=\"1024\" height=\"768\" src=\"https:\/\/owv-sc-waldthurn.de\/wp-content\/uploads\/2024\/10\/2021-Roman-60.-Geb1-1-1024x768.jpg\" alt=\"\" class=\"wp-image-4004\" style=\"width:322px;height:auto\" srcset=\"https:\/\/owv-sc-waldthurn.de\/wp-content\/uploads\/2024\/10\/2021-Roman-60.-Geb1-1-1024x768.jpg 1024w, https:\/\/owv-sc-waldthurn.de\/wp-content\/uploads\/2024\/10\/2021-Roman-60.-Geb1-1-300x225.jpg 300w, https:\/\/owv-sc-waldthurn.de\/wp-content\/uploads\/2024\/10\/2021-Roman-60.-Geb1-1-768x576.jpg 768w, https:\/\/owv-sc-waldthurn.de\/wp-content\/uploads\/2024\/10\/2021-Roman-60.-Geb1-1.jpg 1200w\" sizes=\"auto, (max-width: 1024px) 100vw, 1024px\" \/><\/figure>\n<\/div>\n\n\n\n<p><\/p>\n\n\n\n<p><strong><em>Ferienprogramm<\/em><\/strong><\/p>\n\n\n\n<p class=\"has-text-align-center has-x-large-font-size\"><strong><em>2021<\/em><\/strong> &#8211; <strong><em>August <\/em><\/strong><\/p>\n\n\n\n<p class=\"has-text-align-center has-large-font-size\"><strong><em>Flo\u00dffahrt auf dem<\/em><\/strong> <strong><em>\u201eSieben Inselweiher&#8220;<\/em><\/strong><\/p>\n\n\n\n<div class=\"wp-block-group alignwide is-layout-flow wp-block-group-is-layout-flow\">\n<div class=\"wp-block-group alignwide is-layout-flow wp-block-group-is-layout-flow\">\n<p class=\"has-small-font-size\">14 M\u00e4dchen und Buben sowie das OWV Betreuerinnen Team wurden vom Georgenberger OWV Vorstand Manfred Janker am Sieben Insel Weiher begr\u00fc\u00dft. W\u00e4hrend einer Flo\u00dffahrt erz\u00e4hlte und erkl\u00e4rte Janker die dortige seltene Pflanzen &#8211; und Tierwelt und warum 7 Insel Weiher ?<br>Am Heimweg Einkehr in der Skih\u00fctte , wo die Ausfl\u00fcgler mit Wurstsemmeln und S\u00fc\u00dfigkeiten versorgt wurden<\/p>\n<\/div>\n\n\n\n<p><\/p>\n<\/div>\n\n\n\n\n\n\n\n<p><\/p>\n\n\n\n<div class=\"wp-block-group alignwide is-layout-flow wp-block-group-is-layout-flow\">\n<div class=\"wp-block-group alignwide is-layout-flow wp-block-group-is-layout-flow\">\n<p class=\"has-text-align-center has-x-large-font-size\"><strong><em>2019<\/em><\/strong> &#8211; <strong><em>M\u00e4rz<\/em><\/strong><\/p>\n\n\n\n<p class=\"has-text-align-center has-large-font-size\"><strong><em>Hoher Besuch<\/em><\/strong> <strong><em>im Museum<\/em><\/strong><\/p>\n\n\n\n<p class=\"has-text-align-center\"><strong><em>Bischof Rudolf Vorderholzer beeindruckt vom OWV &#8211; Museum<\/em><\/strong><\/p>\n\n\n\n<figure class=\"wp-block-image aligncenter size-large is-resized\"><img loading=\"lazy\" decoding=\"async\" width=\"403\" height=\"196\" src=\"https:\/\/owv-sc-waldthurn.de\/wp-content\/uploads\/2024\/09\/Bischof-Gruppe.jpg\" alt=\"\" class=\"wp-image-496\" style=\"width:705px;height:auto\" srcset=\"https:\/\/owv-sc-waldthurn.de\/wp-content\/uploads\/2024\/09\/Bischof-Gruppe.jpg 403w, https:\/\/owv-sc-waldthurn.de\/wp-content\/uploads\/2024\/09\/Bischof-Gruppe-300x146.jpg 300w\" sizes=\"auto, (max-width: 403px) 100vw, 403px\" \/><\/figure>\n\n\n\n<p class=\"has-text-align-center has-small-font-size\"><br>Roman Bauer M\u00e4rz2019<br>Am Sonntag, 17. M\u00e4rz 2019 besuchte der Regensburger Bischof Rudolf Voderholzer die Pfarr- und Marktgemeinde Waldthurn. Nach dem Pontifikalgottesdienst in der voll besetzten Pfarrkirche St. Sebastian marschierte der Bischof, angef\u00fchrt von der Trachtenkapelle Waldthurn, ins Pfarrheim zum Eintrag ins Goldene Buch der Marktgemeinde. Kirchenpfleger Max Kick und B\u00fcrgermeister Josef Beimler begr\u00fc\u00dften in launigen Worten das Kirchenoberhaupt aus Regensburg. Nach dem gemeinsamen Mittagessen stattete der Bischof dem OWV- und Heimatmuseum einen Besuch ab. Die Vorsitzenden Petra Reil und Roman Bauer erkl\u00e4rten die Ausstellungsst\u00fccke und Unikate, die verschiedenen Krippen und den originalgetreuen Nachbau des Rosenkranzweges zum Fahrenberg mit der Wallfahrtskirche Maria Heimsuchung. Spontan erz\u00e4hlte der Bischof von seiner eigenen kleinen Krippenausstellung in Regensburg und freute sich, dass hier Traditionen gepflegt werden. Ebenso gro\u00df war die Freude, als der Bischof zum Gegenbesuch nach Regensburg einlud, was seitens des OWV gerne angenommen wurde.<\/p>\n\n\n\n<figure class=\"wp-block-image aligncenter size-large is-resized\"><img loading=\"lazy\" decoding=\"async\" width=\"403\" height=\"196\" src=\"https:\/\/owv-sc-waldthurn.de\/wp-content\/uploads\/2024\/09\/Bischof-Museum.jpg\" alt=\"\" class=\"wp-image-497\" style=\"width:636px;height:auto\" srcset=\"https:\/\/owv-sc-waldthurn.de\/wp-content\/uploads\/2024\/09\/Bischof-Museum.jpg 403w, https:\/\/owv-sc-waldthurn.de\/wp-content\/uploads\/2024\/09\/Bischof-Museum-300x146.jpg 300w\" sizes=\"auto, (max-width: 403px) 100vw, 403px\" \/><\/figure>\n<\/div>\n<\/div>\n\n\n\n<p><\/p>\n\n\n\n<p><\/p>\n\n\n\n<p class=\"has-text-align-center has-x-large-font-size\"><em style=\"font-weight: bold;\">2019 <\/em><strong><em>Juli <\/em><\/strong>&#8211; <strong><em>B\u00fcrgerfest<\/em><\/strong>e<\/p>\n\n\n\n<div class=\"wp-block-group alignwide is-layout-flow wp-block-group-is-layout-flow\">\n<p class=\"has-medium-font-size\">Der Tradition folgend unterst\u00fctzte der OWV Waldthurn auch in diesem Jahr wieder die Vereinsgemeinschaft beim B\u00fcrgerfest auf dem Marktplatz. Bei br\u00fctender Hitze machte sich das Team um Pizzab\u00e4cker \u201eGiovanni Arnoldo\u201c wieder daran, die Besucher mit leckerer Pizza und echtem Flammkuchen zu versorgen. Die Damen k\u00fcmmerten sich um das Belegen der Teige, w\u00e4hrend die M\u00e4nner f\u00fcr das Backen, Zuschneiden und Ausgeben an die hungrigen G\u00e4ste verantwortlich waren. Insgesamt 480 Portionen wurden so zubereitet und verkauft, der Erl\u00f6s flie\u00dft wie auch in den vergangenen Jahren wieder in die Gemeinschaftskasse der Vereinsgemeinschaft Waldthurn. Der Teamgeist der Waldthurner Vereine zog einmal mehr die Besucher aus nah und fern an und l\u00e4sst im n\u00e4chsten Jahr auf ein pr\u00e4chtiges Heimatfest hoffen\u2026<\/p>\n<\/div>\n\n\n\n<div class=\"wp-block-group alignwide is-nowrap is-layout-flex wp-container-core-group-is-layout-6c531013 wp-block-group-is-layout-flex\">\n<figure class=\"wp-block-image size-full is-resized\"><img loading=\"lazy\" decoding=\"async\" width=\"1024\" height=\"768\" src=\"https:\/\/owv-sc-waldthurn.de\/wp-content\/uploads\/2024\/10\/image.jpeg\" alt=\"Dieses Bild hat ein leeres Alt-Attribut. Der Dateiname ist 2019-Juli-14-Buergerfest-2-1-1024x768.jpg\" class=\"wp-image-3544\" style=\"width:505px;height:auto\" srcset=\"https:\/\/owv-sc-waldthurn.de\/wp-content\/uploads\/2024\/10\/image.jpeg 1024w, https:\/\/owv-sc-waldthurn.de\/wp-content\/uploads\/2024\/10\/image-300x225.jpeg 300w, https:\/\/owv-sc-waldthurn.de\/wp-content\/uploads\/2024\/10\/image-768x576.jpeg 768w\" sizes=\"auto, (max-width: 1024px) 100vw, 1024px\" \/><\/figure>\n\n\n\n<figure class=\"wp-block-image size-large is-resized\"><img loading=\"lazy\" decoding=\"async\" width=\"768\" height=\"1024\" src=\"https:\/\/owv-sc-waldthurn.de\/wp-content\/uploads\/2024\/10\/2019-Juli-14-Buergerfest-1-768x1024.jpg\" alt=\"\" class=\"wp-image-2823\" style=\"width:350px;height:auto\" srcset=\"https:\/\/owv-sc-waldthurn.de\/wp-content\/uploads\/2024\/10\/2019-Juli-14-Buergerfest-1-768x1024.jpg 768w, https:\/\/owv-sc-waldthurn.de\/wp-content\/uploads\/2024\/10\/2019-Juli-14-Buergerfest-1-225x300.jpg 225w, https:\/\/owv-sc-waldthurn.de\/wp-content\/uploads\/2024\/10\/2019-Juli-14-Buergerfest-1.jpg 900w\" sizes=\"auto, (max-width: 768px) 100vw, 768px\" \/><\/figure>\n<\/div>\n\n\n\n<div class=\"wp-block-group alignwide is-layout-flow wp-block-group-is-layout-flow\">\n<p class=\"has-medium-font-size\">                            <strong><em>           2013<\/em><\/strong><br>Waldverein bot wieder kulinarische K\u00f6stlichkeiten auf dem B\u00fcrgerfest<br>Letztes Jahr wurde das erste Mal Pizza und Flammkuchen vom OWV angeboten und es war ein toller Erfolg. Selbstredend wiederholte man diese Aktion dieses Jahr auch.<br>Bei strahlendem Sonnenschein, kamen die vielen, flei\u00dfigen Helfer im Pizza-Pavillon schnell ins Schwitzen. Aber die Organisation klappte einwandfrei. Ohne Probleme konnten die K\u00f6stlichkeiten zubereitet und verkauft werden. Die hungrigen G\u00e4ste kamen vollends auf ihre Kosten und lie\u00dfen sich die \u00fcberaus leckeren Pizzaschnitten und w\u00fcrzigen Flammkuchen schmecken.<\/p>\n<\/div>\n\n\n\n<div class=\"wp-block-group alignwide is-layout-flow wp-block-group-is-layout-flow\">\n<div class=\"wp-block-columns is-layout-flex wp-container-core-columns-is-layout-28f84493 wp-block-columns-is-layout-flex\">\n<div class=\"wp-block-column is-layout-flow wp-block-column-is-layout-flow\" style=\"flex-basis:100%\">\n<div class=\"wp-block-group has-global-padding is-layout-constrained wp-block-group-is-layout-constrained\">\n<div class=\"wp-block-columns is-layout-flex wp-container-core-columns-is-layout-28f84493 wp-block-columns-is-layout-flex\">\n<div class=\"wp-block-column is-layout-flow wp-block-column-is-layout-flow\" style=\"flex-basis:100%\"><\/div>\n<\/div>\n<\/div>\n<\/div>\n<\/div>\n\n\n\n<div class=\"wp-block-group is-nowrap is-layout-flex wp-container-core-group-is-layout-6c531013 wp-block-group-is-layout-flex\">\n<figure class=\"wp-block-image size-full is-resized\"><img loading=\"lazy\" decoding=\"async\" width=\"432\" height=\"324\" src=\"https:\/\/owv-sc-waldthurn.de\/wp-content\/uploads\/2024\/10\/2016-BuergerfestSAM_3680-8-1.jpg\" alt=\"\" class=\"wp-image-2821\" style=\"width:365px;height:auto\" srcset=\"https:\/\/owv-sc-waldthurn.de\/wp-content\/uploads\/2024\/10\/2016-BuergerfestSAM_3680-8-1.jpg 432w, https:\/\/owv-sc-waldthurn.de\/wp-content\/uploads\/2024\/10\/2016-BuergerfestSAM_3680-8-1-300x225.jpg 300w\" sizes=\"auto, (max-width: 432px) 100vw, 432px\" \/><\/figure>\n\n\n\n<figure class=\"wp-block-image size-full is-resized\"><img loading=\"lazy\" decoding=\"async\" width=\"432\" height=\"324\" src=\"https:\/\/owv-sc-waldthurn.de\/wp-content\/uploads\/2024\/10\/2016-Buergerfest-1.jpg\" alt=\"\" class=\"wp-image-2814\" style=\"width:376px;height:auto\" srcset=\"https:\/\/owv-sc-waldthurn.de\/wp-content\/uploads\/2024\/10\/2016-Buergerfest-1.jpg 432w, https:\/\/owv-sc-waldthurn.de\/wp-content\/uploads\/2024\/10\/2016-Buergerfest-1-300x225.jpg 300w\" sizes=\"auto, (max-width: 432px) 100vw, 432px\" \/><\/figure>\n\n\n\n<figure class=\"wp-block-image size-full is-resized\"><img loading=\"lazy\" decoding=\"async\" width=\"307\" height=\"230\" src=\"https:\/\/owv-sc-waldthurn.de\/wp-content\/uploads\/2024\/10\/2012-pizza1-3-1.jpg\" alt=\"\" class=\"wp-image-2811\" style=\"width:388px;height:auto\" srcset=\"https:\/\/owv-sc-waldthurn.de\/wp-content\/uploads\/2024\/10\/2012-pizza1-3-1.jpg 307w, https:\/\/owv-sc-waldthurn.de\/wp-content\/uploads\/2024\/10\/2012-pizza1-3-1-300x225.jpg 300w\" sizes=\"auto, (max-width: 307px) 100vw, 307px\" \/><\/figure>\n<\/div>\n\n\n\n<div class=\"wp-block-group is-nowrap is-layout-flex wp-container-core-group-is-layout-6c531013 wp-block-group-is-layout-flex\">\n<figure class=\"wp-block-image size-full is-resized\"><img loading=\"lazy\" decoding=\"async\" width=\"432\" height=\"324\" src=\"https:\/\/owv-sc-waldthurn.de\/wp-content\/uploads\/2024\/10\/2016-BuergerfestSAM_3680-4-1.jpg\" alt=\"\" class=\"wp-image-2817\" style=\"width:344px;height:auto\" srcset=\"https:\/\/owv-sc-waldthurn.de\/wp-content\/uploads\/2024\/10\/2016-BuergerfestSAM_3680-4-1.jpg 432w, https:\/\/owv-sc-waldthurn.de\/wp-content\/uploads\/2024\/10\/2016-BuergerfestSAM_3680-4-1-300x225.jpg 300w\" sizes=\"auto, (max-width: 432px) 100vw, 432px\" \/><\/figure>\n\n\n\n<figure class=\"wp-block-image size-large is-resized\"><img loading=\"lazy\" decoding=\"async\" width=\"300\" height=\"225\" src=\"https:\/\/owv-sc-waldthurn.de\/wp-content\/uploads\/2024\/10\/2013-buergerfest-2-1.jpg\" alt=\"\" class=\"wp-image-2813\" style=\"width:371px;height:auto\"\/><\/figure>\n\n\n\n<figure class=\"wp-block-image size-full is-resized\"><img loading=\"lazy\" decoding=\"async\" width=\"432\" height=\"324\" src=\"https:\/\/owv-sc-waldthurn.de\/wp-content\/uploads\/2024\/10\/2016-BuergerfestSAM_3680-3-1.jpg\" alt=\"\" class=\"wp-image-2816\" style=\"width:368px;height:auto\" srcset=\"https:\/\/owv-sc-waldthurn.de\/wp-content\/uploads\/2024\/10\/2016-BuergerfestSAM_3680-3-1.jpg 432w, https:\/\/owv-sc-waldthurn.de\/wp-content\/uploads\/2024\/10\/2016-BuergerfestSAM_3680-3-1-300x225.jpg 300w\" sizes=\"auto, (max-width: 432px) 100vw, 432px\" \/><\/figure>\n<\/div>\n\n\n\n<div class=\"wp-block-group alignwide is-layout-flow wp-block-group-is-layout-flow\">\n<p><strong><em>8. Juli 2012 <\/em><\/strong>Im Vorfeld des allj\u00e4hrlichen B\u00fcrgerfestes in Waldthurn hatte der Oberpf\u00e4lzer Waldverein sich dazu entschlossen, den bisher durchgef\u00fchrten Barbetrieb aufzugeben und stattdessen das kulinarische Angebot zu bereichern. Die Organisatoren entschieden sich dazu, Pizza und Flammkuchen vorzubereiten und anzubieten. Im aufgebauten Pavillon in der unteren H\u00e4lfte des Marktplatzes ging es gesch\u00e4ftig zur Sache aber die Besetzung beider Schichten organisierte die Zubereitung und den Verkauf perfekt. Somit konnte die Wartezeit der hungrigen G\u00e4ste auf ein Minimum reduziert werden und jeder kam auf seine kulinarischen Kosten. Der Erl\u00f6s des Verkaufs geht an die Waldthurner Vereinsgemeinschaft.<\/p>\n<\/div>\n\n\n\n<div class=\"wp-block-group is-nowrap is-layout-flex wp-container-core-group-is-layout-6c531013 wp-block-group-is-layout-flex\">\n<figure class=\"wp-block-image size-large is-resized is-style-default\"><img loading=\"lazy\" decoding=\"async\" width=\"307\" height=\"230\" src=\"https:\/\/owv-sc-waldthurn.de\/wp-content\/uploads\/2024\/10\/2012-pizza1-2-1.jpg\" alt=\"\" class=\"wp-image-2810\" style=\"width:375px;height:auto\" srcset=\"https:\/\/owv-sc-waldthurn.de\/wp-content\/uploads\/2024\/10\/2012-pizza1-2-1.jpg 307w, https:\/\/owv-sc-waldthurn.de\/wp-content\/uploads\/2024\/10\/2012-pizza1-2-1-300x225.jpg 300w\" sizes=\"auto, (max-width: 307px) 100vw, 307px\" \/><\/figure>\n\n\n\n<figure class=\"wp-block-image size-large is-resized is-style-default\"><img loading=\"lazy\" decoding=\"async\" width=\"307\" height=\"230\" src=\"https:\/\/owv-sc-waldthurn.de\/wp-content\/uploads\/2024\/10\/2012-pizza1-1-1.jpg\" alt=\"\" class=\"wp-image-2809\" style=\"width:389px;height:auto\" srcset=\"https:\/\/owv-sc-waldthurn.de\/wp-content\/uploads\/2024\/10\/2012-pizza1-1-1.jpg 307w, https:\/\/owv-sc-waldthurn.de\/wp-content\/uploads\/2024\/10\/2012-pizza1-1-1-300x225.jpg 300w\" sizes=\"auto, (max-width: 307px) 100vw, 307px\" \/><\/figure>\n\n\n\n<figure class=\"wp-block-image size-full is-resized\"><img loading=\"lazy\" decoding=\"async\" width=\"432\" height=\"324\" src=\"https:\/\/owv-sc-waldthurn.de\/wp-content\/uploads\/2024\/10\/2016-BuergerfestSAM_3680-6-1.jpg\" alt=\"\" class=\"wp-image-2819\" style=\"width:365px;height:auto\" srcset=\"https:\/\/owv-sc-waldthurn.de\/wp-content\/uploads\/2024\/10\/2016-BuergerfestSAM_3680-6-1.jpg 432w, https:\/\/owv-sc-waldthurn.de\/wp-content\/uploads\/2024\/10\/2016-BuergerfestSAM_3680-6-1-300x225.jpg 300w\" sizes=\"auto, (max-width: 432px) 100vw, 432px\" \/><\/figure>\n<\/div>\n<\/div>\n\n\n\n<p><\/p>\n\n\n\n<div class=\"wp-block-group alignwide is-layout-flow wp-block-group-is-layout-flow\">\n<div class=\"wp-block-group alignwide is-layout-flow wp-block-group-is-layout-flow\">\n<p class=\"has-text-align-center has-x-large-font-size\"><em style=\"font-weight: bold;\">2019<\/em>  <strong><em>OWV Freunde auf Reisen<\/em><\/strong><\/p>\n\n\n\n<p class=\"has-text-align-center has-large-font-size\"><strong><em>Berlinfahrt<\/em><\/strong> <strong><em>28. bis 30. Juni <\/em><\/strong><\/p>\n\n\n\n<p class=\"has-small-font-size\">OWV Waldthurn erkundet vom 28. bis 30. Juni Berlin (05.07.19 Roman Bauer)<br>Am hei\u00dfesten Wochenende des Jahres machte sich der OWV Waldthurn mit 49 Teilnehmern auf die Reise nach Berlin in die Bundeshauptstadt.<br>Der Besuch der Bayerischen Vertretung war der erste Programmpunkt am Freitag. Nach dem gemeinsamen Mittagessen ging es weiter zum nahegelegenen Reichstag und zur Glaskuppel. Anschlie\u00dfend folgte ein kurzer Spaziergang zum Tr\u00e4nenpalast, einer ehemaligen Ausreisehalle am Bahnhof Friedrichstra\u00dfe. Bei einer interessanten F\u00fchrung wurden Einzelheiten \u00fcber damalige Ausreisemodalit\u00e4ten von Ost nach West erl\u00e4utert.Der Abend stand zur freien Verf\u00fcgung, wobei das Nachtleben von Berlin ausreichend erkundet wurde.<br>Nach dem Fr\u00fchst\u00fcck am Samstag folgte eine F\u00e4hr\u00fcberfahrt \u00fcber die Havel zur Parkf\u00fchrung auf dem \u201eParadiesischen Eiland Pfaueninsel\u201c. Diese liegt im wald- und wasserreichen Ortsteil Wannsee im S\u00fcdwesten Berlins und steht seit 1990, gemeinsam mit den Schl\u00f6ssern und Parks von Sanssouci in Potsdam und dem Schloss Glienicke in Berlin, als Weltkulturerbe auf der Liste der UNESCO. Der Nachmittag stand zur freien Verf\u00fcgung und es bestand Gelegenheit zur Besichtigung des KaDeWe, Alexanderplatz, Kurf\u00fcrstendamm und anderer Sehensw\u00fcrdigkeiten. Viele nutzten am Abend die kulturellen Angebote der Bundeshauptstadt und besuchten ein Musical, eine Auff\u00fchrung im Friedrichstadt-Palast oder ein Freiluftkonzert der Berliner Philharmoniker.<br>Am Sonntag f\u00fchrte der Weg nach Kreuzberg zum Geschichtsspeicher Fichtebunker, der f\u00fcr rund 130 Jahre Berliner Stadtgeschichte steht. Bis in die NS-Zeit diente das 1883\/84 als Gasometer errichtete Geb\u00e4ude der st\u00e4dtischen Stra\u00dfenbeleuchtung. 1940 wurde ein \u201eMutter-Kind-Bunker\u201c mit einer drei Meter starken Abschlussdecke eingebaut. W\u00e4hrend der Bombenn\u00e4chte bot er zun\u00e4chst 6.500 M\u00fcttern und Kindern eine sichere Schlafst\u00e4tte, sp\u00e4ter dr\u00e4ngten sich in seinem bombensicheren Inneren bis zu 30.000 Menschen. In der Nachkriegszeit diente er als Auffanglager f\u00fcr Fl\u00fcchtlinge und Ausgebombte. Erst im Jahr 1963 wurde der \u201eBunker der Hoffnungslosen\u201c ger\u00e4umt und diente fortan als Lebensmittellager, der sog. \u201eSenatsreserve\u201c, f\u00fcr die Westberliner Bev\u00f6lkerung.<br>Trotz 39 Grad im Schatten und einiger staubedingter Verz\u00f6gerungen gelangte die Reisegruppe am sp\u00e4ten Sonntagabend wieder wohlbehalten in Waldthurn an.<br>Ein besonderer Dank an unseren Fahrer Tobias, der mit viel Ruhe und Umsicht souver\u00e4n den Bus steuerte.<\/p>\n\n\n\n<p>Bilder Berlinfahrt       <\/p>\n\n\n\n<p><\/p>\n<\/div>\n\n\n\n<div class=\"wp-block-group alignwide is-layout-flow wp-block-group-is-layout-flow\">\n<div class=\"wp-block-group alignwide is-layout-flow wp-block-group-is-layout-flow\">\n<p class=\"has-text-align-center has-x-large-font-size\"><strong><em>2018  August <\/em><\/strong><\/p>\n\n\n\n<p class=\"has-text-align-center has-large-font-size\"><strong><em> Kinderferienprogramm bei der <\/em><\/strong><\/p>\n\n\n\n<p class=\"has-text-align-center has-large-font-size\"><strong><em>Wildkr\u00e4uter-F\u00fchrerin Sandra Stengel-Rewitzer<\/em><\/strong><\/p>\n\n\n\n<p><br>Einen Volltreffer landete der OWV Waldthurn beim diesj\u00e4hrigen Ferienprogramm. 20 Kinder trafen sich mit dem Fahrrad beim Sportplatz zur gemeinsamen Fahrt nach Altenstadt bei Vohenstrau\u00df. Bei halber Strecke hatte Sabine Arlt eine Verpflegungsstation aufgebaut. Nach einer angemessenen Rast und gest\u00e4rkt mit Getr\u00e4nken und S\u00fc\u00dfigkeiten ging es weiter zur Wildkr\u00e4uter-F\u00fchrerin Sandra Stengel-Rewitzer, welche bereits umfangreiche Vorbereitungen getroffen hatte. Die selbst hergestellte Kr\u00e4uterlimonade mundete nicht nur den anwesenden Kindern, sondern auch den Begleitpersonen Johanna Gr\u00fcnauer, Sonja B\u00e4umler, Petra M\u00fcller, Nadine Gr\u00fcnauer, Monika Bauer, Hans-J\u00fcrgen Bergler, Simon und Roman Bauer. Nach kurzen Erl\u00e4uterungen und einer paarweisen Aufteilung ging es ans Sammeln von heimischen Kr\u00e4utern und Pflanzen. \u201eAlles was bei mir im Garten und auf dem Feld gefunden wird, k\u00f6nnt ihr beruhigt essen\u201c, erg\u00e4nzte die Gastgeberin. Mit gro\u00dfem Eifer machten sich sodann die P\u00e4rchen auf den Weg und fanden Spitzwegerich, Klee, Brennnessel, Schafgarbe, Salbei, Lavendel, Vogelmiere, Beinwell und vieles mehr. Die selbst gepfl\u00fcckten Brennnesselbl\u00e4tter wurden sodann im Pfannkuchenteig gewendet und in einer Pfanne am offenen Feuer gebraten und verzehrt. Die eigenh\u00e4ndig zubereitete Wildkr\u00e4uter- und Rosenbl\u00fctenbutter, aufgestrichen auf frisches Bauernbrot, schmeckte fantastisch, genauso wie der Kr\u00e4uterquark und die Wildkr\u00e4uterpizza. Das Stockbrot am offenen Lagerfeuer war ebenso eine Attraktion wie die Gummib\u00e4rchen aus Holunderbeeren. Als kr\u00f6nenden Abschluss gab es noch Himbeereis aus Rotkleebl\u00fcten. Ein Fl\u00e4schchen mit Sonnenblumen\u00f6l und Spitzwegerich, nat\u00fcrlich eigenh\u00e4ndig produziert, durften alle Kinder mit nach Hause nehmen. Diese Mischung hilft gegen Husten und Insektenstiche. Voller Begeisterung und mit sehr guten Eindr\u00fccken ging es am sp\u00e4ten Nachmittag wieder mit dem Fahrrad durch den idyllischen Schwarzenbach zur\u00fcck nach Waldthurn.<\/p>\n<\/div>\n<\/div>\n\n\n\n<div class=\"wp-block-group alignwide is-nowrap is-layout-flex wp-container-core-group-is-layout-6c531013 wp-block-group-is-layout-flex\">\n<figure class=\"wp-block-image size-full is-resized\"><img loading=\"lazy\" decoding=\"async\" width=\"432\" height=\"243\" src=\"https:\/\/owv-sc-waldthurn.de\/wp-content\/uploads\/2024\/10\/image-5.jpg\" alt=\"\" class=\"wp-image-5294\" style=\"width:434px;height:auto\" srcset=\"https:\/\/owv-sc-waldthurn.de\/wp-content\/uploads\/2024\/10\/image-5.jpg 432w, https:\/\/owv-sc-waldthurn.de\/wp-content\/uploads\/2024\/10\/image-5-300x169.jpg 300w\" sizes=\"auto, (max-width: 432px) 100vw, 432px\" \/><\/figure>\n\n\n\n<figure class=\"wp-block-image size-full is-resized\"><img loading=\"lazy\" decoding=\"async\" width=\"432\" height=\"324\" src=\"https:\/\/owv-sc-waldthurn.de\/wp-content\/uploads\/2024\/10\/IMG-20180817-WA0002.jpg\" alt=\"\" class=\"wp-image-4188\" style=\"width:401px;height:auto\" srcset=\"https:\/\/owv-sc-waldthurn.de\/wp-content\/uploads\/2024\/10\/IMG-20180817-WA0002.jpg 432w, https:\/\/owv-sc-waldthurn.de\/wp-content\/uploads\/2024\/10\/IMG-20180817-WA0002-300x225.jpg 300w\" sizes=\"auto, (max-width: 432px) 100vw, 432px\" \/><\/figure>\n\n\n\n<figure class=\"wp-block-image size-full is-resized\"><img loading=\"lazy\" decoding=\"async\" width=\"400\" height=\"533\" src=\"https:\/\/owv-sc-waldthurn.de\/wp-content\/uploads\/2024\/10\/IMG-20180817-WA0000.jpg\" alt=\"\" class=\"wp-image-4187\" style=\"width:365px;height:auto\" srcset=\"https:\/\/owv-sc-waldthurn.de\/wp-content\/uploads\/2024\/10\/IMG-20180817-WA0000.jpg 400w, https:\/\/owv-sc-waldthurn.de\/wp-content\/uploads\/2024\/10\/IMG-20180817-WA0000-225x300.jpg 225w\" sizes=\"auto, (max-width: 400px) 100vw, 400px\" \/><\/figure>\n<\/div>\n<\/div>\n\n\n\n<div class=\"wp-block-group is-nowrap is-layout-flex wp-container-core-group-is-layout-6c531013 wp-block-group-is-layout-flex\">\n<p class=\"has-x-large-font-size\"><strong><em>2017 Heimatfest<\/em><\/strong><\/p>\n\n\n\n<figure class=\"wp-block-image alignleft size-full is-resized\"><img loading=\"lazy\" decoding=\"async\" width=\"472\" height=\"266\" src=\"https:\/\/owv-sc-waldthurn.de\/wp-content\/uploads\/2024\/11\/Heimatfest-800-Jahre.jpg\" alt=\"\" class=\"wp-image-7277\" style=\"width:194px;height:auto\" srcset=\"https:\/\/owv-sc-waldthurn.de\/wp-content\/uploads\/2024\/11\/Heimatfest-800-Jahre.jpg 472w, https:\/\/owv-sc-waldthurn.de\/wp-content\/uploads\/2024\/11\/Heimatfest-800-Jahre-300x169.jpg 300w\" sizes=\"auto, (max-width: 472px) 100vw, 472px\" \/><\/figure>\n<\/div>\n\n\n\n<div class=\"wp-block-group alignfull is-nowrap is-layout-flex wp-container-core-group-is-layout-6c531013 wp-block-group-is-layout-flex\">\n<figure class=\"wp-block-image size-large is-resized\"><img loading=\"lazy\" decoding=\"async\" width=\"1024\" height=\"576\" src=\"https:\/\/owv-sc-waldthurn.de\/wp-content\/uploads\/2024\/11\/2017-Heimatfest-2-1024x576.jpg\" alt=\"\" class=\"wp-image-7271\" style=\"width:663px;height:auto\" srcset=\"https:\/\/owv-sc-waldthurn.de\/wp-content\/uploads\/2024\/11\/2017-Heimatfest-2-1024x576.jpg 1024w, https:\/\/owv-sc-waldthurn.de\/wp-content\/uploads\/2024\/11\/2017-Heimatfest-2-300x169.jpg 300w, https:\/\/owv-sc-waldthurn.de\/wp-content\/uploads\/2024\/11\/2017-Heimatfest-2-768x432.jpg 768w, https:\/\/owv-sc-waldthurn.de\/wp-content\/uploads\/2024\/11\/2017-Heimatfest-2.jpg 1200w\" sizes=\"auto, (max-width: 1024px) 100vw, 1024px\" \/><\/figure>\n\n\n\n<figure class=\"wp-block-image size-full is-resized\"><img loading=\"lazy\" decoding=\"async\" width=\"768\" height=\"844\" src=\"https:\/\/owv-sc-waldthurn.de\/wp-content\/uploads\/2024\/11\/2017-Heimatfest-1.jpg\" alt=\"\" class=\"wp-image-7270\" style=\"width:460px;height:auto\" srcset=\"https:\/\/owv-sc-waldthurn.de\/wp-content\/uploads\/2024\/11\/2017-Heimatfest-1.jpg 768w, https:\/\/owv-sc-waldthurn.de\/wp-content\/uploads\/2024\/11\/2017-Heimatfest-1-273x300.jpg 273w\" sizes=\"auto, (max-width: 768px) 100vw, 768px\" \/><\/figure>\n\n\n\n<figure class=\"wp-block-image size-large is-resized\"><img loading=\"lazy\" decoding=\"async\" width=\"1024\" height=\"576\" src=\"https:\/\/owv-sc-waldthurn.de\/wp-content\/uploads\/2024\/11\/2017-Heimatfest-3-1024x576.jpg\" alt=\"\" class=\"wp-image-7272\" style=\"width:622px;height:auto\" srcset=\"https:\/\/owv-sc-waldthurn.de\/wp-content\/uploads\/2024\/11\/2017-Heimatfest-3-1024x576.jpg 1024w, https:\/\/owv-sc-waldthurn.de\/wp-content\/uploads\/2024\/11\/2017-Heimatfest-3-300x169.jpg 300w, https:\/\/owv-sc-waldthurn.de\/wp-content\/uploads\/2024\/11\/2017-Heimatfest-3-768x432.jpg 768w, https:\/\/owv-sc-waldthurn.de\/wp-content\/uploads\/2024\/11\/2017-Heimatfest-3.jpg 1200w\" sizes=\"auto, (max-width: 1024px) 100vw, 1024px\" \/><\/figure>\n<\/div>\n\n\n\n<div class=\"wp-block-group alignwide is-nowrap is-layout-flex wp-container-core-group-is-layout-6c531013 wp-block-group-is-layout-flex\">\n<figure class=\"wp-block-image size-large is-resized\"><img loading=\"lazy\" decoding=\"async\" width=\"1024\" height=\"645\" src=\"https:\/\/owv-sc-waldthurn.de\/wp-content\/uploads\/2024\/11\/2017-Heimatfest-5-1024x645.jpg\" alt=\"\" class=\"wp-image-7274\" style=\"width:327px;height:auto\" srcset=\"https:\/\/owv-sc-waldthurn.de\/wp-content\/uploads\/2024\/11\/2017-Heimatfest-5-1024x645.jpg 1024w, https:\/\/owv-sc-waldthurn.de\/wp-content\/uploads\/2024\/11\/2017-Heimatfest-5-300x189.jpg 300w, https:\/\/owv-sc-waldthurn.de\/wp-content\/uploads\/2024\/11\/2017-Heimatfest-5-768x484.jpg 768w, https:\/\/owv-sc-waldthurn.de\/wp-content\/uploads\/2024\/11\/2017-Heimatfest-5.jpg 1200w\" sizes=\"auto, (max-width: 1024px) 100vw, 1024px\" \/><\/figure>\n\n\n\n<figure class=\"wp-block-image size-large is-resized\"><img loading=\"lazy\" decoding=\"async\" width=\"1024\" height=\"576\" src=\"https:\/\/owv-sc-waldthurn.de\/wp-content\/uploads\/2024\/11\/2017-Heimatfest-4-1024x576.jpg\" alt=\"\" class=\"wp-image-7273\" style=\"width:355px;height:auto\" srcset=\"https:\/\/owv-sc-waldthurn.de\/wp-content\/uploads\/2024\/11\/2017-Heimatfest-4-1024x576.jpg 1024w, https:\/\/owv-sc-waldthurn.de\/wp-content\/uploads\/2024\/11\/2017-Heimatfest-4-300x169.jpg 300w, https:\/\/owv-sc-waldthurn.de\/wp-content\/uploads\/2024\/11\/2017-Heimatfest-4-768x432.jpg 768w, https:\/\/owv-sc-waldthurn.de\/wp-content\/uploads\/2024\/11\/2017-Heimatfest-4.jpg 1200w\" sizes=\"auto, (max-width: 1024px) 100vw, 1024px\" \/><\/figure>\n\n\n\n<figure class=\"wp-block-image size-large is-resized\"><img loading=\"lazy\" decoding=\"async\" width=\"1024\" height=\"575\" src=\"https:\/\/owv-sc-waldthurn.de\/wp-content\/uploads\/2024\/11\/2017-Heimatfest-6-1024x575.jpg\" alt=\"\" class=\"wp-image-7275\" style=\"width:358px;height:auto\" srcset=\"https:\/\/owv-sc-waldthurn.de\/wp-content\/uploads\/2024\/11\/2017-Heimatfest-6-1024x575.jpg 1024w, https:\/\/owv-sc-waldthurn.de\/wp-content\/uploads\/2024\/11\/2017-Heimatfest-6-300x168.jpg 300w, https:\/\/owv-sc-waldthurn.de\/wp-content\/uploads\/2024\/11\/2017-Heimatfest-6-768x431.jpg 768w, https:\/\/owv-sc-waldthurn.de\/wp-content\/uploads\/2024\/11\/2017-Heimatfest-6.jpg 1040w\" sizes=\"auto, (max-width: 1024px) 100vw, 1024px\" \/><\/figure>\n<\/div>\n\n\n\n<div class=\"wp-block-group alignwide is-layout-flow wp-block-group-is-layout-flow\">\n<div class=\"wp-block-group alignwide is-layout-flow wp-block-group-is-layout-flow\">\n<p class=\"has-text-align-center has-x-large-font-size\"><strong><em>2016  &#8211;  21. Februar <\/em><\/strong><\/p>\n\n\n\n<p class=\"has-text-align-center has-large-font-size\"><strong><em>OWV\/ Skiclub erobert<\/em><\/strong> <strong><em>den Wilden Kaiser<\/em><\/strong><\/p>\n\n\n\n<figure class=\"wp-block-image size-large is-resized\"><img loading=\"lazy\" decoding=\"async\" width=\"655\" height=\"295\" src=\"https:\/\/owv-sc-waldthurn.de\/wp-content\/uploads\/2024\/09\/SkitagesfHRT-1.jpg\" alt=\"\" class=\"wp-image-632\" style=\"width:1100px;height:auto\" srcset=\"https:\/\/owv-sc-waldthurn.de\/wp-content\/uploads\/2024\/09\/SkitagesfHRT-1.jpg 655w, https:\/\/owv-sc-waldthurn.de\/wp-content\/uploads\/2024\/09\/SkitagesfHRT-1-300x135.jpg 300w\" sizes=\"auto, (max-width: 655px) 100vw, 655px\" \/><\/figure>\n\n\n\n<p class=\"has-small-font-size\"><br>Normalerweise schnallen sich die Mitglieder des OWV Skiclub die Langlaufskier an und sind in den Loipen im Langlaufzentrum an der Neuenhammerstra\u00dfe anzutreffen. Erstmals unternahmen sie einen alpinen Skiausflug zum Wilden Kaiser, eines der beliebtesten Skigebiete \u00d6sterreichs. Der Zuspruch war gro\u00df \u2013 so brach ein Bus mit 47 Oberpf\u00e4lzer Brettlfans besetzt auf.<br>Gut eingestimmt durch die musikalische Unterhaltung von Jonas Kraus, Julian Bauer und Andreas Holfelner im Bus machte man sich in Scheffau in eines der gr\u00f6\u00dften Skigebiete \u00d6sterreichs auf. Am Brandstadel angekommen pr\u00e4sentierte sich das Massiv des Wilden Kaisers unter blauem Himmel und bei herrlichstem Sonnenschein.<br>Die Gruppe verstreute sich im weitl\u00e4ufigen Skigebiet und erkundete die gut pr\u00e4parierten Pisten. Der eine oder andere genoss die urgem\u00fctliche Stimmung in den vielen H\u00fctten und Gasth\u00e4usern zur St\u00e4rkung. Nicht zu glauben, dass im Laufe des Nachmittags das Wetter schlagartig umschlug und starker Schneefall einsetzte. Zu diesem Zeitpunkt waren die Skifahrerwadeln aber bei vielen schon geschw\u00e4cht, was bei den meisten zu einem Einkehrschwung bzw. Besuch in einer Apre Ski Bar f\u00fchrte. Etwas m\u00fcde, aber dennoch guter Stimmung machte man sich auf den Heimweg<\/p>\n<\/div>\n<\/div>\n\n\n\n<div class=\"wp-block-group alignwide is-nowrap is-layout-flex wp-container-core-group-is-layout-6c531013 wp-block-group-is-layout-flex\">\n<div class=\"wp-block-group is-nowrap is-layout-flex wp-container-core-group-is-layout-6c531013 wp-block-group-is-layout-flex\">\n<figure class=\"wp-block-image size-full is-resized\"><img loading=\"lazy\" decoding=\"async\" width=\"333\" height=\"187\" src=\"https:\/\/owv-sc-waldthurn.de\/wp-content\/uploads\/2024\/10\/2016-Skitag-Februar-4.jpg\" alt=\"\" class=\"wp-image-5472\" style=\"width:415px;height:auto\" srcset=\"https:\/\/owv-sc-waldthurn.de\/wp-content\/uploads\/2024\/10\/2016-Skitag-Februar-4.jpg 333w, https:\/\/owv-sc-waldthurn.de\/wp-content\/uploads\/2024\/10\/2016-Skitag-Februar-4-300x168.jpg 300w\" sizes=\"auto, (max-width: 333px) 100vw, 333px\" \/><\/figure>\n<\/div>\n\n\n\n<figure class=\"wp-block-image size-full is-resized\"><img loading=\"lazy\" decoding=\"async\" width=\"432\" height=\"324\" src=\"https:\/\/owv-sc-waldthurn.de\/wp-content\/uploads\/2024\/10\/2016-Skitag-Februar-6.jpg\" alt=\"\" class=\"wp-image-5474\" style=\"width:328px;height:auto\" srcset=\"https:\/\/owv-sc-waldthurn.de\/wp-content\/uploads\/2024\/10\/2016-Skitag-Februar-6.jpg 432w, https:\/\/owv-sc-waldthurn.de\/wp-content\/uploads\/2024\/10\/2016-Skitag-Februar-6-300x225.jpg 300w\" sizes=\"auto, (max-width: 432px) 100vw, 432px\" \/><\/figure>\n\n\n\n<figure class=\"wp-block-image size-full is-resized\"><img loading=\"lazy\" decoding=\"async\" width=\"333\" height=\"187\" src=\"https:\/\/owv-sc-waldthurn.de\/wp-content\/uploads\/2024\/10\/2016-Skitag-Februar-5.jpg\" alt=\"\" class=\"wp-image-5473\" style=\"width:358px;height:auto\" srcset=\"https:\/\/owv-sc-waldthurn.de\/wp-content\/uploads\/2024\/10\/2016-Skitag-Februar-5.jpg 333w, https:\/\/owv-sc-waldthurn.de\/wp-content\/uploads\/2024\/10\/2016-Skitag-Februar-5-300x168.jpg 300w\" sizes=\"auto, (max-width: 333px) 100vw, 333px\" \/><\/figure>\n\n\n\n<figure class=\"wp-block-image size-full is-resized\"><img loading=\"lazy\" decoding=\"async\" width=\"586\" height=\"408\" src=\"https:\/\/owv-sc-waldthurn.de\/wp-content\/uploads\/2024\/10\/2016-Skitag-Februar-11.jpg\" alt=\"\" class=\"wp-image-5477\" style=\"width:338px;height:auto\" srcset=\"https:\/\/owv-sc-waldthurn.de\/wp-content\/uploads\/2024\/10\/2016-Skitag-Februar-11.jpg 586w, https:\/\/owv-sc-waldthurn.de\/wp-content\/uploads\/2024\/10\/2016-Skitag-Februar-11-300x209.jpg 300w\" sizes=\"auto, (max-width: 586px) 100vw, 586px\" \/><\/figure>\n<\/div>\n\n\n\n<div class=\"wp-block-group alignwide is-nowrap is-layout-flex wp-container-core-group-is-layout-6c531013 wp-block-group-is-layout-flex\">\n<div class=\"wp-block-group is-nowrap is-layout-flex wp-container-core-group-is-layout-6c531013 wp-block-group-is-layout-flex\">\n<figure class=\"wp-block-image size-full is-resized\"><img loading=\"lazy\" decoding=\"async\" width=\"275\" height=\"255\" src=\"https:\/\/owv-sc-waldthurn.de\/wp-content\/uploads\/2024\/10\/2016-Skitag-Februar-10.jpg\" alt=\"\" class=\"wp-image-5476\" style=\"width:390px;height:auto\"\/><\/figure>\n<\/div>\n\n\n\n<figure class=\"wp-block-image size-full is-resized\"><img loading=\"lazy\" decoding=\"async\" width=\"346\" height=\"461\" src=\"https:\/\/owv-sc-waldthurn.de\/wp-content\/uploads\/2024\/10\/2016-Skitag-Februar-2.jpg\" alt=\"\" class=\"wp-image-5470\" style=\"width:272px;height:auto\" srcset=\"https:\/\/owv-sc-waldthurn.de\/wp-content\/uploads\/2024\/10\/2016-Skitag-Februar-2.jpg 346w, https:\/\/owv-sc-waldthurn.de\/wp-content\/uploads\/2024\/10\/2016-Skitag-Februar-2-225x300.jpg 225w\" sizes=\"auto, (max-width: 346px) 100vw, 346px\" \/><\/figure>\n\n\n\n<figure class=\"wp-block-image size-full is-resized\"><img loading=\"lazy\" decoding=\"async\" width=\"346\" height=\"461\" src=\"https:\/\/owv-sc-waldthurn.de\/wp-content\/uploads\/2024\/10\/2016-Skitag-Februar-1.jpg\" alt=\"\" class=\"wp-image-5469\" style=\"width:318px;height:auto\" srcset=\"https:\/\/owv-sc-waldthurn.de\/wp-content\/uploads\/2024\/10\/2016-Skitag-Februar-1.jpg 346w, https:\/\/owv-sc-waldthurn.de\/wp-content\/uploads\/2024\/10\/2016-Skitag-Februar-1-225x300.jpg 225w\" sizes=\"auto, (max-width: 346px) 100vw, 346px\" \/><\/figure>\n\n\n\n<figure class=\"wp-block-image size-full is-resized\"><img loading=\"lazy\" decoding=\"async\" width=\"333\" height=\"187\" src=\"https:\/\/owv-sc-waldthurn.de\/wp-content\/uploads\/2024\/10\/2016-Skitag-Februar-3.jpg\" alt=\"\" class=\"wp-image-5471\" style=\"width:543px;height:auto\" srcset=\"https:\/\/owv-sc-waldthurn.de\/wp-content\/uploads\/2024\/10\/2016-Skitag-Februar-3.jpg 333w, https:\/\/owv-sc-waldthurn.de\/wp-content\/uploads\/2024\/10\/2016-Skitag-Februar-3-300x168.jpg 300w\" sizes=\"auto, (max-width: 333px) 100vw, 333px\" \/><\/figure>\n<\/div>\n\n\n\n<p><\/p>\n\n\n\n<p><\/p>\n\n\n\n<div class=\"wp-block-group alignwide is-layout-flow wp-block-group-is-layout-flow\">\n<p class=\"has-text-align-center has-x-large-font-size\">                   <strong><em>2016 August<\/em><\/strong> <strong><em>Ferienprogramm<\/em><\/strong><\/p>\n\n\n\n<div class=\"wp-block-group alignwide is-layout-flow wp-block-group-is-layout-flow\">\n<p><br>Auch in diesem Jahr nahm der OWV Waldthurn wieder am Ferienprogramm der Marktgemeinde Waldthurn teil. Knapp 30 Kinder versammelten sich bei der Bienenweide neben der Werkstatt von Schreinermeister Alois B\u00e4umler. Der Hobbyimker erkl\u00e4rte den Teilnehmern die Wichtigkeit der kleinen Fluginsekten und wies darauf hin, dass neben der Produktion von Bienenhonig und -wachs vor allem der Erhalt unserer sch\u00f6nen Nat\u00fcr am Fortbestand der Bienenv\u00f6lker h\u00e4nge. Er zeigte den Kindern sogar eine Bienenk\u00f6nigin, die pro Tag bis zu 2.000 Eier legen k\u00f6nne, was mehr als ihr eigenes K\u00f6rpergewicht bedeute. Nach dem Vortrag machte sich die Gruppe mit den Begleitern Andrea G\u00f6tz, Hannah Reil, Annika Pankotsch, Sieghard Reber, Hans-J\u00fcrgen Bergler, Roman Bauer und Werner Pankotsch auf zu einer Wanderung nach Obertresenfeld. Auf halber Strecke las Andrea G\u00f6tz den Kindern eine Geschichte von einem Eichh\u00f6rnchen vor, das vor dem Winter noch seine N\u00fcsse als Wintervorrat verstecken m\u00fcsse. Sie forderte die Kinder auf, \u00e4hnlich wie das Eichh\u00f6rnchen, vorher markierte Walln\u00fcsse im Wald an verschiedenen Stellen zu verstecken, um sie dann sp\u00e4ter wieder zu finden. Nach einem weiteren Teil der Geschichte mussten die Kinder ihre N\u00fcsse wieder suchen, was die meisten erfolgreich erledigten. Aus dem Rest der N\u00fcsse w\u00fcrden laut Andrea G\u00f6tz wohl neue Nussb\u00e4ume im Wald wachsen.<br>Nach der Wanderung lie\u00df es sich OWV Vorstandsmitglied Alois B\u00e4umler nicht nehmen, zusammen mit seiner Frau Maria f\u00fcr die Kinder Bratw\u00fcrste zu grillen. Der weitl\u00e4ufige Garten der Familie B\u00e4umler bot den Kindern viele Gelegenheiten zum Spielen. Die Begleiter setzten sich in der Zwischenzeit an den wundersch\u00f6nen Gartenteich, der Speisefische und sogar Flusskrebse beheimatet. Gut gelaunt und mit neuem Wissen ausgestattet wurden die Kinder dann von ihren Eltern abgeholt.<br>Werner Pankotsch<\/p>\n<\/div>\n\n\n\n<p class=\"has-text-align-center has-x-large-font-size\">                          <strong><em>2014 August<\/em><\/strong> <strong><em>Ferienprogramm<\/em><\/strong><\/p>\n\n\n\n<div class=\"wp-block-group alignwide is-layout-flow wp-block-group-is-layout-flow\">\n<p class=\"has-text-align-center\"><strong><em>Waldthurner Ferienkinder im Lehr-, Versuchs- und Fachzentrum f\u00fcr Milchviehhaltung in Almesbach<\/em><\/strong><\/p>\n\n\n\n<p><br>(fvo) \u201eFerien auf einem riesigen Bauernhof\u201c. Im Rahmen des Ferienprogramms lud der OWV Waldthurn in das Lehr-, Versuchs- und Fachzentrum f\u00fcr Milchviehhaltung in Almesbach bei Weiden ein. 45 Kinder, darunter einige \u201eFachleute\u201c, deren Eltern einen landwirtschaftlichen Betrieb betreiben, waren gekommen. Die beiden OWV \u2013 Bosse Werner Pankotsch und Roman Bauer hatten sich f\u00fcr die Betreuung der M\u00e4dchen und Buben Verst\u00e4rkung geholt. Helmut Gollwitzer, Martina Pankotsch, Evi Reil, Monika Bauer k\u00fcmmerten sich um die Ferienkinder. Im Staatsgut wurde die Gruppe von Silvia Stahl und Landwirtschaftsmeister Josef Weig, der durch den Betrieb f\u00fchrte, empfangen. Weig gab kompetent Erl\u00e4uterungen und beantwortete die vielen Fragen der interessierten Besucher sehr fachm\u00e4nnisch. Die G\u00e4ste konnten sich ein Bild vom \u201emodernen Landwirt von heute\u201c machen.<br>Sie inspizierten die vier gro\u00dfen G\u00fcllegruben und die neue Bio-Gas-Anlage, die demn\u00e4chst ans Netz geht. Begeistert waren die Kids vom modernen Melkroboter. Ohne menschliche Hilfe werden die K\u00fche bis zu dreimal t\u00e4glich selbstst\u00e4ndig gemolken. Am Melksimulator durften die jungen Melker ihr Geschick beweisen. Weig erz\u00e4hlte, dass eine Kuh t\u00e4glich 35 Kilogramm Futter und ca. 100 Liter Wasser ben\u00f6tigt. 70 Kilogramm werden wieder ausgeschieden und der Bio-Gas-Anlage oder als D\u00fcnger den Feldern zugef\u00fchrt. \u201eEine gute Milchkuh gibt t\u00e4glich bis zu 75 Liter Milch\u201c. Vor allem die Buben interessierten sich f\u00fcr die vielen Maschinen und modernen Traktoren, mit denen das gro\u00dfe Staatsgut bewirtschaftet wird. Mit Getr\u00e4nken, Wurstsemmeln, S\u00fc\u00dfigkeiten und frischem Joghurt aus der Betriebsk\u00fcche sa\u00dfen die Besucher noch lange im Garten zusammen. \u201eSch\u00f6n wars\u201c und \u201edas h\u00e4tte ich mir so nicht vorgestellt\u201c h\u00f6rte man immer wieder von den Kindern und Erwachsenen. Mit dem OWV-Vereinskrug bedankte sich Roman Bauer beim Landwirtschaftsmeister f\u00fcr den kurzweiligen und sehr aufschlussreichen Nachmittag.<\/p>\n<\/div>\n\n\n\n<figure class=\"wp-block-image\"><img loading=\"lazy\" decoding=\"async\" width=\"700\" height=\"436\" src=\"https:\/\/owv-sc-waldthurn.de\/wp-content\/uploads\/2024\/10\/2014-Almesbach-1.jpg\" alt=\"\" class=\"wp-image-4224\" srcset=\"https:\/\/owv-sc-waldthurn.de\/wp-content\/uploads\/2024\/10\/2014-Almesbach-1.jpg 700w, https:\/\/owv-sc-waldthurn.de\/wp-content\/uploads\/2024\/10\/2014-Almesbach-1-300x187.jpg 300w\" sizes=\"auto, (max-width: 700px) 100vw, 700px\" \/><figcaption class=\"wp-element-caption\">Bild (fvo)<\/figcaption><\/figure>\n\n\n\n<div class=\"wp-block-group alignwide is-nowrap is-layout-flex wp-container-core-group-is-layout-6c531013 wp-block-group-is-layout-flex\">\n<figure class=\"wp-block-image\"><img loading=\"lazy\" decoding=\"async\" width=\"300\" height=\"169\" src=\"https:\/\/owv-sc-waldthurn.de\/wp-content\/uploads\/2024\/10\/2014-Almesbach-8.jpg\" alt=\"\" class=\"wp-image-4231\"\/><\/figure>\n\n\n\n<figure class=\"wp-block-image size-large\"><img loading=\"lazy\" decoding=\"async\" width=\"300\" height=\"169\" src=\"https:\/\/owv-sc-waldthurn.de\/wp-content\/uploads\/2024\/10\/2014-Almesbach-9.jpg\" alt=\"\" class=\"wp-image-4232\"\/><\/figure>\n\n\n\n<figure class=\"wp-block-image\"><img loading=\"lazy\" decoding=\"async\" width=\"300\" height=\"169\" src=\"https:\/\/owv-sc-waldthurn.de\/wp-content\/uploads\/2024\/10\/2014-Almesbach-4.jpg\" alt=\"\" class=\"wp-image-4227\"\/><\/figure>\n<\/div>\n\n\n\n<figure class=\"wp-block-gallery alignwide has-nested-images columns-default is-cropped wp-block-gallery-1 is-layout-flex wp-block-gallery-is-layout-flex\">\n<figure class=\"wp-block-image size-large\"><img loading=\"lazy\" decoding=\"async\" width=\"300\" height=\"169\" data-id=\"4234\" src=\"https:\/\/owv-sc-waldthurn.de\/wp-content\/uploads\/2024\/10\/2014-Almesbach-11.jpg\" alt=\"\" class=\"wp-image-4234\"\/><\/figure>\n\n\n\n<figure class=\"wp-block-image size-large\"><img loading=\"lazy\" decoding=\"async\" width=\"300\" height=\"169\" data-id=\"4228\" src=\"https:\/\/owv-sc-waldthurn.de\/wp-content\/uploads\/2024\/10\/2014-Almesbach-5.jpg\" alt=\"\" class=\"wp-image-4228\"\/><\/figure>\n\n\n\n<figure class=\"wp-block-image size-large\"><img loading=\"lazy\" decoding=\"async\" width=\"300\" height=\"169\" data-id=\"4233\" src=\"https:\/\/owv-sc-waldthurn.de\/wp-content\/uploads\/2024\/10\/2014-Almesbach-10.jpg\" alt=\"\" class=\"wp-image-4233\"\/><\/figure>\n<\/figure>\n\n\n\n<div class=\"wp-block-group alignwide is-layout-flow wp-block-group-is-layout-flow\">\n<p class=\"has-text-align-center has-large-font-size\"><strong><em>2014  Oktober <\/em><\/strong>&#8211; <strong><em>OWV Waldthurn besucht Bergdoktor <\/em><\/strong><\/p>\n\n\n\n<figure class=\"wp-block-image aligncenter size-full is-resized\"><img loading=\"lazy\" decoding=\"async\" width=\"733\" height=\"256\" src=\"https:\/\/owv-sc-waldthurn.de\/wp-content\/uploads\/2024\/09\/2014-Herbstausflug-1.jpg\" alt=\"\" class=\"wp-image-207\" style=\"width:865px;height:auto\" srcset=\"https:\/\/owv-sc-waldthurn.de\/wp-content\/uploads\/2024\/09\/2014-Herbstausflug-1.jpg 733w, https:\/\/owv-sc-waldthurn.de\/wp-content\/uploads\/2024\/09\/2014-Herbstausflug-1-300x105.jpg 300w\" sizes=\"auto, (max-width: 733px) 100vw, 733px\" \/><\/figure>\n\n\n\n<p><br>Auf zum Bergdoktor war das Motto des diesj\u00e4hrigen OWV Ausfluges. 73 Teilnhemer in zwei Bussen machten sich am 03.10.2014 um 06.00 Uhr in der Fr\u00fch auf den Weg Richtung Itter im sch\u00f6nen Tirol. OWV Vorsitzender Werner Pankotsch hatte die Reise vorbildlich organisiert und ein abwechslungsreiches Programm ausgearbeitet. Der erste Abstecher ging in die Perle Tirols, das St\u00e4dtchen Kufstein am gr\u00fcnen Inn. Hier wurde der traditionelle \u201eHerbst-Genusstag\u201c besucht. Auf gro\u00dfe Begeisterung stie\u00dfen die zahlreich angebotenen Tiroler Schmankerl und die bodenst\u00e4ndige Handwerkskunst. Am Nachmittag ging es nach Brixen zur Besichtigung der Schnapsbrennerei Erber mit intensiver Kostprobe. Gut gelaunt trafen die OWV\u00b4ler am sp\u00e4ten Nachmittag in Itter im Sporthotel Tirolerhof ein. W\u00e4hrend die Kids sofort das Hallenbad in Augenschein nahmen, lie\u00dfen die \u00e4lteren Semester den Tag in gem\u00fctlicher Runde ausklingen.<br>Am n\u00e4chsten Tag wurde das Gebiet des \u201eWilden Kaisers\u201c erkundet. Die Fahrt f\u00fchrte zu den Drehorten der Fernsehserie \u201eDer Bergdoktor\u201c. In Going konnte das Stammlokal und in Elmau die Praxis des Bergdokors besichtigt werden. Gro\u00df war die Begeisterung, als sogar die ehemalige Freundin, die Wirtin Susanne, entdeckt wurde. Die Hartkaiserbahn transportierte schlie\u00dflich die Waldthurner zum Hartkaiser auf 1.553 Meter. Bei fantastischem Wetter wanderten einige zur urigen R\u00fcbezahlalm, w\u00e4hrend die Kinder und Junggebliebenen \u201eEllmis Zauberwelt\u201c erst\u00fcrmten. Zur\u00fcck im Hotel gestalteten Jonas Kraus und H.P. Reil einen unvergesslichen Heimatabend, der erst am fr\u00fchen Morgen endete.<br>Leider hie\u00df es am Sonntag nach dem Fr\u00fchst\u00fcck wieder Abschied nehmen. Nach einer Stunde Fahrt wurde in Prien am Chiemsee eine l\u00e4ngere Pause abgehalten. W\u00e4hrend ein Teil mit dem Schiff zur Insel \u201eHerrenchiemsee\u201c fuhren und das \u201eSchloss Herrenchiemsee\u201c, erbaut vom M\u00e4rchenk\u00f6nig Ludwig II, besichtigen, setzten sich einge in Elektroboote und schipperten \u00fcber den Chiemssee. Der Rest der Truppe schlenderte am Ufer des Chiemsees entlang. Um 20.00 Uhr erreichte die Reisegruppe wieder den Heimatort Waldthurn. Zufrieden und begeistert wurden bereits Pl\u00e4ne f\u00fcr die n\u00e4chste Ausflugsfahrt, m\u00f6glicherweise bereits in zwei Jahren, geschmiedet. Abschlie\u00dfend dankte Werner Pankotsch den Busfahreren Albert und Werner f\u00fcr die sichere und souver\u00e4ne Fahrt<\/p>\n<\/div>\n\n\n\n<div class=\"wp-block-group alignwide is-layout-flow wp-block-group-is-layout-flow\">\n<p class=\"has-text-align-center has-large-font-size\"><strong><em>2012  Dezember &#8211; Musikantentreffen in der Adventszeit<\/em><\/strong><\/p>\n\n\n\n<p><br>Bis auf den letzten Platz gef\u00fcllt war der gro\u00dfe Saal im Pfarrheim Waldthurn. Mit dieser Resonanz rechnete keiner der Verantwortlichen des OWV Waldthurn. Die Freude war dem Vorsitzenden Hans-Peter Reil anzumerken, der musterg\u00fcltig und perfekt dieses Musikereignis organisierte. Mehr als ein Jahr dauerten die Vorbereitungen.<br>Unter der routinierten Moderation von Georg Schmidbauer begannen Klaus S\u00fc\u00df, Heiko Daubenmerkel und Thomas Kr\u00e4mer mit dem Programm. Nicht fehlen durften nat\u00fcrlich die \u201eDampfbr\u00f6ida\u201c, welche unter anderem das von Georg Schmidbauer komponierte Fahrenberglied vortrugen. Ein weiteres Duo bildeten Andreas Augustin und Karl V\u00f6lkl. Johann Fr\u00f6hlich spielte mit seiner Steierischen z\u00fcnftig auf. Die Klarinettenmusik konnte ebenso begeistern wie die \u201eStanderlmuse\u201c der Tracktenkapelle M\u00fcllner. Stolz musizierte Sepp M\u00fcllner mit seinen Enkeln Julian Steiner, Maxi Steiner und Jonas Kraus, wobei letzterer ein weiteres St\u00fcck mit seiner Steierischen spielte.<br>Ganz leise und ruhig war es im Publikum, als die Gruppe \u201eHackbrett Furiosa\u201c mit Christine Eller, Martin und Andrea Zellner mit Hackbrett und Akkordeon zum Einsatz kamen. Begeistern konnte auch die Formation \u201eTriangel\u201c mit den S\u00e4ngerinnen Andrea G\u00f6tz, Steffi Daubenmerkel und Doris V\u00f6lkl, die den \u201ePostfrosch\u201c und weitere Titel forsch aber auch gef\u00fchlvoll zum Besten gaben. Manuela Gr\u00fcnauer begleitete gekonnt auf der Gitarre. Muksm\u00e4uschen still war es, als das Ave Maria, das Lieblingslied des k\u00fcrzlich verstorbenen OWV-Mitgliedes Alfred Troidl, von seinen Neffen Andreas und Michael Troidl, sowie Sepp Pflaum mit seinen S\u00f6hnen Johannes und Josef gesungen wurde. Zwischendurch verstand es Horst Pleyer mit lustigen Geschichten die Anwesenden zu begeistern.<br>Mutig sangen Hannah Reil und Marina Daubenmerkel, begleitet von ihren V\u00e4tern sowie Klaus S\u00fc\u00df das Lied: \u201ePapa, lass die Mama nicht weinen\u201c. Mit der Hirtenweise \u201eKum Brouda Mirtl\u201c rundeten Marina Daubenmerkl, Michaela Pflaum, Hannah Reil, Jasmina G\u00f6tz und Anika Pankotsch den gelungenen Abend ab. Nicht nehmen lie\u00dfen es sich die beiden Waldthurner Vollblutmusikanten Sepp M\u00fcllner und Sepp Pflaum am Ende der kurzweiligen Veranstaltung den Andachtsjodler zu spielen.<br>Erleichtert und mit gro\u00dfer Zufriedenheit dankte Hans-Peter Reil allen Musikanten und Interpreten. Ebenso seinen OWV-Helfern, die die Besucher mit leckeren Brotzeiten und Getr\u00e4nken versorgten.<\/p>\n<\/div>\n\n\n\n\n<\/div>\n\n\n\n<p class=\"has-text-align-center has-x-large-font-size\">   <strong><em>2012 August<\/em><\/strong>   <strong><em>Ferienprogramm<\/em><\/strong><\/p>\n\n\n\n<p><\/p>\n\n\n\n<figure class=\"wp-block-image size-large is-resized\"><img loading=\"lazy\" decoding=\"async\" width=\"823\" height=\"1024\" src=\"https:\/\/owv-sc-waldthurn.de\/wp-content\/uploads\/2024\/10\/Insektenhotel--823x1024.jpg\" alt=\"\" class=\"wp-image-5963\" style=\"width:446px;height:auto\" srcset=\"https:\/\/owv-sc-waldthurn.de\/wp-content\/uploads\/2024\/10\/Insektenhotel--823x1024.jpg 823w, https:\/\/owv-sc-waldthurn.de\/wp-content\/uploads\/2024\/10\/Insektenhotel--241x300.jpg 241w, https:\/\/owv-sc-waldthurn.de\/wp-content\/uploads\/2024\/10\/Insektenhotel--768x956.jpg 768w, https:\/\/owv-sc-waldthurn.de\/wp-content\/uploads\/2024\/10\/Insektenhotel-.jpg 964w\" sizes=\"auto, (max-width: 823px) 100vw, 823px\" \/><\/figure>\n\n\n\n<div class=\"wp-block-group alignwide is-layout-flow wp-block-group-is-layout-flow\">\n<p>Zum diesj\u00e4hrigen Ferienprogramm des Oberpf\u00e4lzer Waldvereins hatte Organisator Hans-Peter Reil eingeladen, ein Insektenhotel mitzubauen. Ca. 50 Kinder und auch einige Eltern konnten bei der vereinseigenen Skih\u00fctte begr\u00fc\u00dft werden. In zwei Gruppen aufgeteilt gingen die Kinder frisch ans Werk. Hans Pflaum hatte mit seinem Sohn Mario ganze Arbeit bei der Vorbereitung geleistet und die Kinder konnten bei der Best\u00fcckung des Insektenhotels aktiv mitarbeiten. Begeistert sammelten Sie die ben\u00f6tigten Materialien und halfen beim Gestalten kr\u00e4ftig mit.<br>Die andere Gruppe h\u00f6rte sich in der Zwischenzeit einen sehr interessanten Vortrag \u00fcber das Thema \u201eFlederm\u00e4use\u201c an. Der geb\u00fcrtige Waldthurner Johann Fr\u00f6hlich konnte hierzu gewonnen werden. Er ist beim OWV Weiden Fledermauswart und besch\u00e4ftigt sich seit mehreren Jahren mit diesem Thema. Aus dem H\u00e4uschen waren alle, als hinter einem Fensterladen der Skih\u00fctte eine Fledermaus gefunden wurde und somit die trockene Theorie in anschauliche Praxis umgewandelt wurde. Hans Fr\u00f6hlich bestimmte die Art der Fledermaus und brachte das S\u00e4ugetier in einem mitgebrachten Nistkasten zur Ruhe. Weitere Flederm\u00e4use konnten in den im Fr\u00fchjahr angebrachten Nistk\u00e4sten betrachtet werden.<br>F\u00fcr die Bewirtung der zahlreich erschienenen Kinder waren die Skiclub Damen Monika Bauer und Evi Reil verantwortlich. Sie hatten Pizzasemmeln zubereitet, die sich die Kinder mit den zur Verf\u00fcgung gestellten Getr\u00e4nken schmecken lie\u00dfen. Die Begeisterung dauerte bis zum Ende des Ferienprogramms an; einige Kinder werden sicherlich dem Beispiel des Oberpf\u00e4lzer Waldvereins folgen und im eigenen Garten ein Insektenhotel errichten.<br>Besonderer Dank gilt Hans und Mario Pflaum f\u00fcr die Vorbereitung und die Anleitung,<br>dem Organisator Hans-Peter Reil und den anwesenden Helfern rund um das diesj\u00e4hrige Ferienprogramm.<\/p>\n\n\n\n<p><\/p>\n<\/div>\n\n\n\n<p class=\"has-text-align-center has-large-font-size\"><strong><em>2012  Elfriede Griesbach feiert 80.<\/em><\/strong> <strong><em>Geburtstag<\/em><\/strong><\/p>\n\n\n\n<figure class=\"wp-block-image size-full\"><img loading=\"lazy\" decoding=\"async\" width=\"320\" height=\"240\" src=\"https:\/\/owv-sc-waldthurn.de\/wp-content\/uploads\/2024\/10\/oma80gebtag.jpg\" alt=\"\" class=\"wp-image-4340\" srcset=\"https:\/\/owv-sc-waldthurn.de\/wp-content\/uploads\/2024\/10\/oma80gebtag.jpg 320w, https:\/\/owv-sc-waldthurn.de\/wp-content\/uploads\/2024\/10\/oma80gebtag-300x225.jpg 300w\" sizes=\"auto, (max-width: 320px) 100vw, 320px\" \/><\/figure>\n\n\n\n<div class=\"wp-block-group alignwide is-layout-flow wp-block-group-is-layout-flow\">\n<p><br>Elfriede Griesbach feiert 80. Geburtstag<br>Bei bester Gesundheit feierte die <strong><em>Lennesrietherin Elfriede Griesbach<\/em><\/strong> k\u00fcrzlich ihren <strong><em>80. Geburtstag<\/em><\/strong>. Dies war Anlass f\u00fcr die OWV-Vorsitzenden Werner Pankotsch, Hans-Peter Reil und Roman Bauer herzlichst zu gratulieren und Dank zu sagen f\u00fcr die langj\u00e4hrigen Aktivit\u00e4ten f\u00fcr den Oberpf\u00e4lzer Waldverein Waldthurn.<br>Mehr als 30 Jahre fertigt die Jubilarin die Trauergebinde f\u00fcr verstorbene OWV-Mitglieder an. Hierbei legt sie gro\u00dfen Wert auf Blumen, die der jeweiligen Jahreszeit angepasst sind und in heimischen G\u00e4rten wachsen. \u201eSolange meine Gesundheit dies zul\u00e4sst, werde ich nat\u00fcrlich auch weiterhin die Blumengebinde herstellen\u201c, sagte sie in ihrer ruhigen und bescheidenen Art. Mit gro\u00dfer Freude nahmen die OWV Verantwortlichen dieses Angebot an. Eine gem\u00fctliche Feier in lustiger Runde schloss sich an, wobei viele Erinnerungen aus vergangenen Tagen ausgetauscht wurden.<\/p>\n<\/div>\n\n\n\n<p class=\"has-text-align-center has-x-large-font-size\"><strong><em>2011 April  &#8211; Rama Dama <\/em><\/strong><\/p>\n\n\n\n<div class=\"wp-block-group alignwide is-layout-flow wp-block-group-is-layout-flow\">\n<p><br>April 1. &#8211;  Auch in diesem Jahr beteiligte sich der OWV Waldthurn an der \u201eRama-Dama\u201c Aktion des Landkreises Neustadt\/WN.<br>Mit den Traktoren von Werner Arnold und Konrad Seibert r\u00fcckte Vorsitzender Werner Pankotsch zusammen mit Erwin Klotz, Sieghard Reber und Bernhard Bergmann aus, um die Fluren und Stra\u00dfengr\u00e4ben am Fu\u00dfe des Fahrenbergs von unerlaubt abgelagertem M\u00fcll und Unrat zu s\u00e4ubern. Die \u201eSauberm\u00e4nner\u201c waren \u00fcberrascht, was alles illegal entsorgt wird. Beim gemeindlichen Bauhof wurden die angesammelten Flaschen, Dosen, Plastikt\u00fcten und vieles mehr ordnungsgem\u00e4\u00df abgeleg<\/p>\n<\/div>\n\n\n\n<div class=\"wp-block-group alignwide is-nowrap is-layout-flex wp-container-core-group-is-layout-6c531013 wp-block-group-is-layout-flex\">\n<figure class=\"wp-block-image size-full is-resized\"><img loading=\"lazy\" decoding=\"async\" width=\"412\" height=\"261\" src=\"https:\/\/owv-sc-waldthurn.de\/wp-content\/uploads\/2024\/10\/2013-ramadama-1.jpg\" alt=\"\" class=\"wp-image-3784\" style=\"width:488px;height:auto\" srcset=\"https:\/\/owv-sc-waldthurn.de\/wp-content\/uploads\/2024\/10\/2013-ramadama-1.jpg 412w, https:\/\/owv-sc-waldthurn.de\/wp-content\/uploads\/2024\/10\/2013-ramadama-1-300x190.jpg 300w\" sizes=\"auto, (max-width: 412px) 100vw, 412px\" \/><\/figure>\n\n\n\n<figure class=\"wp-block-image size-full is-resized\"><img loading=\"lazy\" decoding=\"async\" width=\"800\" height=\"416\" src=\"https:\/\/owv-sc-waldthurn.de\/wp-content\/uploads\/2024\/10\/2011-RAMA-DAMA.jpg\" alt=\"\" class=\"wp-image-3776\" style=\"width:614px;height:auto\" srcset=\"https:\/\/owv-sc-waldthurn.de\/wp-content\/uploads\/2024\/10\/2011-RAMA-DAMA.jpg 800w, https:\/\/owv-sc-waldthurn.de\/wp-content\/uploads\/2024\/10\/2011-RAMA-DAMA-300x156.jpg 300w, https:\/\/owv-sc-waldthurn.de\/wp-content\/uploads\/2024\/10\/2011-RAMA-DAMA-768x399.jpg 768w\" sizes=\"auto, (max-width: 800px) 100vw, 800px\" \/><\/figure>\n<\/div>\n\n\n\n<p><strong><em>2008 &#8211; 2009 &#8211; 2013<\/em><\/strong><\/p>\n\n\n\n<figure class=\"wp-block-gallery alignwide has-nested-images columns-default is-cropped wp-block-gallery-2 is-layout-flex wp-block-gallery-is-layout-flex\">\n<figure class=\"wp-block-image size-large is-style-default\"><img loading=\"lazy\" decoding=\"async\" width=\"500\" height=\"375\" data-id=\"3778\" src=\"https:\/\/owv-sc-waldthurn.de\/wp-content\/uploads\/2024\/10\/2008-RamaDama.jpg\" alt=\"\" class=\"wp-image-3778\" srcset=\"https:\/\/owv-sc-waldthurn.de\/wp-content\/uploads\/2024\/10\/2008-RamaDama.jpg 500w, https:\/\/owv-sc-waldthurn.de\/wp-content\/uploads\/2024\/10\/2008-RamaDama-300x225.jpg 300w\" sizes=\"auto, (max-width: 500px) 100vw, 500px\" \/><\/figure>\n\n\n\n<figure class=\"wp-block-image size-large is-style-default\"><img loading=\"lazy\" decoding=\"async\" width=\"422\" height=\"317\" data-id=\"3779\" src=\"https:\/\/owv-sc-waldthurn.de\/wp-content\/uploads\/2024\/10\/2009-rama-dama-3.gif\" alt=\"\" class=\"wp-image-3779\"\/><\/figure>\n\n\n\n<figure class=\"wp-block-image size-large is-style-default\"><img loading=\"lazy\" decoding=\"async\" width=\"422\" height=\"317\" data-id=\"3780\" src=\"https:\/\/owv-sc-waldthurn.de\/wp-content\/uploads\/2024\/10\/2009-rama-dama-1.gif\" alt=\"\" class=\"wp-image-3780\"\/><\/figure>\n<\/figure>\n\n\n\n<div class=\"wp-block-group alignwide is-layout-flow wp-block-group-is-layout-flow\">\n<div class=\"wp-block-group alignwide is-layout-flow wp-block-group-is-layout-flow\">\n<p class=\"has-text-align-center has-large-font-size\"><strong><em>2011 September &#8211; OWV Freunde  am <\/em><\/strong> <em><strong>Bodensee<\/strong><\/em><\/p>\n\n\n\n<figure class=\"wp-block-image aligncenter size-full is-resized\"><img loading=\"lazy\" decoding=\"async\" width=\"721\" height=\"394\" src=\"https:\/\/owv-sc-waldthurn.de\/wp-content\/uploads\/2024\/09\/2011-Ausflug-1.jpg\" alt=\"\" class=\"wp-image-208\" style=\"width:984px;height:auto\" srcset=\"https:\/\/owv-sc-waldthurn.de\/wp-content\/uploads\/2024\/09\/2011-Ausflug-1.jpg 721w, https:\/\/owv-sc-waldthurn.de\/wp-content\/uploads\/2024\/09\/2011-Ausflug-1-300x164.jpg 300w\" sizes=\"auto, (max-width: 721px) 100vw, 721px\" \/><\/figure>\n\n\n\n<p class=\"has-small-font-size\"><br>Am 30. September begann f\u00fcr 79 OWV Mitglieder der diesj\u00e4hrige Vereinsausflug in Richtung Bodensee. Nach l\u00e4ngerer Fahrt war das Reiseziel Roggenbeuren im Deggenhausertal erreicht. Die Begr\u00fc\u00dfung im Hotel war herzlich und nachdem alle ihre Zimmer im Hotel Krone bezogen hatten, wurde das erste Abendessen eingenommen.<br>Frisch gest\u00e4rkt machte sich die Reisegruppe am Samstag auf um von Deutschland \u00fcber \u00d6sterreich in die Schweiz zu fahren. Durch das Nebelmeer im gesamten Bodenseegebiet ging die Fahrt nach St. Gallen, wo die dortige Stiftsbibliothek besucht wurde. Ein einzigartiger Kulturschatz, der zum UNESCO Weltkulturerbe geh\u00f6rt, konnte dabei bestaunt werden. Das Lapidarium des Klosters St. Gallen zeigt eine bedeutende Sammlung mittelalterlicher Architekturplastik. Ausgestellt sind karolingische und ottonische Werkst\u00fccke des 9. und 10. Jahrhunderts und Spolien des 15.-17. Jahrhunderts. Die fr\u00fchmittelalterlichen Kapitelle und K\u00e4mpfer geh\u00f6ren zu den glanzvollsten und monumentalsten Zeugnissen karolingischer Architekturplastik. Bei herrlichem Sonnenschein folgte ein kurzer Spaziergang durch die Gassen von St. Gallen. Am Nachmittag ging die Reise durch den Nebel am See wieder zur\u00fcck nach Bregenz, von wo aus die Pf\u00e4nderbahn die Gruppe auf den 1.064 m hohen Pf\u00e4nder brachte. Die Reisenden wurden auf dem Gipfel von herrlichem Sonnenschein \u00fcberrascht, es wurden kurze Wanderungen unternommen bzw. einfach nur die warme Herbstsonne genossen.<br>Am Sonntag folgte eine weitere Exkursion in die Geschichte der Bodenseeregion. Die Pfahlbauten in Unteruhldingen, die seit kurzem ebenfalls zum UNESCO Erbe z\u00e4hlen, zeigen die Lebensweise der Bev\u00f6lkerung aus der Stein- bzw. Bronzezeit. In einer ausf\u00fchrlichen F\u00fchrung wurde erl\u00e4utert, wie geschickt die Menschen bereits damals mit den vorhandenen Gegebenheiten umgingen bzw. welche Werkzeuge sie benutzten um das karge Leben zu meistern. Durch gut erhaltene Ausgrabungen kann eindeutig nachgewiesen werden, dass bereits zu dieser Zeit Landwirtschaft in dieser Gegend betrieben wurde. Im Anschluss folgte die Weiterreise nach Meersburg, wo der Nachmittag zur freien Verf\u00fcgung stand. Die \u00fcberaus interessan<br>te Altstadt mit den schmalen Gassen und der dar\u00fcber thronenden Meersburg lud zu einen Bummel ein. Einige unternahmen einen Kurztrip zum anderen Ufer des Sees zur Blumeninsel Mainau oder nach Konstanz in das dortige Sealife Aquarium. Die Abendgestaltung \u00fcbernahmen Georg Schmidbauer und Hans-Peter Reil, die mit ihrer Musik bzw. den Entertainereinlagen von H.-P. Reil wieder einmal unvergesslich bleiben wird.<br>Am Abreisetag ging die Fahrt zun\u00e4chst wieder in Richtung Schweiz, wo der gewaltige Rheinfall &#8211; der wasserreichste Wasserfall Europas &#8211; als letzte Sehensw\u00fcrdigkeit auf dem Reiseplan stand. Die meisten Reisenden wagten sich in ein Boot um die Wassermassen aus n\u00e4chster N\u00e4he zu bestaunen. Nach kurzem Aufenthalt und nach einem Einkaufsstopp bei einem der vielen Obsth\u00e4ndler, wo die eine oder andere Obstspezialit\u00e4t aus der Bodenseeregion (in fester oder fl\u00fcssiger Form) erworben wurde, ging die Fahrt wieder zur\u00fcck in die Oberpfalz wo die Reise zu Ende ging.<\/p>\n<\/div>\n\n\n\n<p class=\"has-text-align-center has-x-large-font-size\"><strong><em>2011 August<\/em><\/strong>  <\/p>\n\n\n\n<p class=\"has-text-align-center has-large-font-size\"> <strong><em>50. Geburtstag &#8211; OWV Vorstand<\/em><\/strong> <strong><em>Roman Bauer<\/em><\/strong><\/p>\n\n\n\n<figure class=\"wp-block-image aligncenter size-large is-resized\"><img loading=\"lazy\" decoding=\"async\" width=\"817\" height=\"350\" src=\"https:\/\/owv-sc-waldthurn.de\/wp-content\/uploads\/2024\/09\/2021-Roman-Bauer-50te-Geb.jpg\" alt=\"\" class=\"wp-image-612\" style=\"width:887px;height:auto\" srcset=\"https:\/\/owv-sc-waldthurn.de\/wp-content\/uploads\/2024\/09\/2021-Roman-Bauer-50te-Geb.jpg 817w, https:\/\/owv-sc-waldthurn.de\/wp-content\/uploads\/2024\/09\/2021-Roman-Bauer-50te-Geb-300x129.jpg 300w, https:\/\/owv-sc-waldthurn.de\/wp-content\/uploads\/2024\/09\/2021-Roman-Bauer-50te-Geb-768x329.jpg 768w\" sizes=\"auto, (max-width: 817px) 100vw, 817px\" \/><\/figure>\n<\/div>\n\n\n\n<p class=\"has-text-align-center has-large-font-size\"><em><strong>2010   Kinderferienprogramm  <\/strong><\/em><\/p>\n\n\n\n<p class=\"has-text-align-center has-large-font-size\"><em><strong> Ausflug nach Arkadien<\/strong><\/em><\/p>\n\n\n\n<figure class=\"wp-block-image\"><img loading=\"lazy\" decoding=\"async\" width=\"800\" height=\"600\" src=\"https:\/\/owv-sc-waldthurn.de\/wp-content\/uploads\/2024\/10\/Ferienprogramm-2010-14-1.jpg\" alt=\"\" class=\"wp-image-3678\" srcset=\"https:\/\/owv-sc-waldthurn.de\/wp-content\/uploads\/2024\/10\/Ferienprogramm-2010-14-1.jpg 800w, https:\/\/owv-sc-waldthurn.de\/wp-content\/uploads\/2024\/10\/Ferienprogramm-2010-14-1-300x225.jpg 300w, https:\/\/owv-sc-waldthurn.de\/wp-content\/uploads\/2024\/10\/Ferienprogramm-2010-14-1-768x576.jpg 768w\" sizes=\"auto, (max-width: 800px) 100vw, 800px\" \/><\/figure>\n\n\n\n<div class=\"wp-block-group alignwide is-layout-flow wp-block-group-is-layout-flow\">\n<p><br>Unter dem Motto \u201eAusflug nach Arkadien\u201c stand das diesj\u00e4hrige Ferienprogramm des OWV Waldthurn.<br>35 Kinder und erwachsene Vereinsmitglieder als Betreuer machten sich mit dem Bus auf den Weg zur Wacholderheide, einer ehemaligen Weidefl\u00e4che bei Wampenhof. Dort wurden sie von Frau M\u00fcllner, Landschaftspflegerin des Naturparks Oberpf\u00e4lzer Wald, empfangen. Die Naturexpertin, die durch diesen Nachmittag f\u00fchrte, erkl\u00e4rte zun\u00e4chst den Leitsatz. Arkadien ist ein aus der Antike bekanntes abgeschlossenes Berg- und Hochland, dessen Menschen unbelastet von m\u00fchsamer Arbeit und gesellschaftlichem Anpassungsdruck in einer idyllischen Natur als zufriedene und gl\u00fcckliche Hirten leben konnten. Vielen Menschen ist Arkadien einfach der Inbegriff einer romantischen Landschaft. Durch dieses \u201eArkadien\u201c durften die Kinder anschlie\u00dfend streifen und machten dabei viele Entdeckungen, angefangen bei unterschiedlichsten Insekten, einer Wespenspinne mit Kokon, einer Vogelrupfung bis zu einer lebenden sowie toten Blindschleiche. Manche der jungen Teilnehmer pfl\u00fcckten Adlerfarn, Heidekraut und verschiedene andere Pflanzen.<br>Nach einer kr\u00e4ftigenden Brotzeit, gespendet und zubereitet von Metzgermeister Konrad Bergler, durften sich die Kinder an einem Steinhaufen austoben und bei verschiedenen Spielen rund um die Natur Wissen und Geschicklichkeit unter Beweis stell<\/p>\n<\/div>\n\n\n\n<div class=\"wp-block-group alignwide is-nowrap is-layout-flex wp-container-core-group-is-layout-6c531013 wp-block-group-is-layout-flex\">\n<figure class=\"wp-block-image is-resized\"><img loading=\"lazy\" decoding=\"async\" width=\"800\" height=\"600\" src=\"https:\/\/owv-sc-waldthurn.de\/wp-content\/uploads\/2024\/10\/Ferienprogramm-2010-1.jpg\" alt=\"\" class=\"wp-image-3665\" style=\"width:398px;height:auto\" srcset=\"https:\/\/owv-sc-waldthurn.de\/wp-content\/uploads\/2024\/10\/Ferienprogramm-2010-1.jpg 800w, https:\/\/owv-sc-waldthurn.de\/wp-content\/uploads\/2024\/10\/Ferienprogramm-2010-1-300x225.jpg 300w, https:\/\/owv-sc-waldthurn.de\/wp-content\/uploads\/2024\/10\/Ferienprogramm-2010-1-768x576.jpg 768w\" sizes=\"auto, (max-width: 800px) 100vw, 800px\" \/><\/figure>\n\n\n\n<figure class=\"wp-block-image is-resized\"><img loading=\"lazy\" decoding=\"async\" width=\"800\" height=\"600\" src=\"https:\/\/owv-sc-waldthurn.de\/wp-content\/uploads\/2024\/10\/Ferienprogramm-2010-4.jpg\" alt=\"\" class=\"wp-image-3668\" style=\"width:374px;height:auto\" srcset=\"https:\/\/owv-sc-waldthurn.de\/wp-content\/uploads\/2024\/10\/Ferienprogramm-2010-4.jpg 800w, https:\/\/owv-sc-waldthurn.de\/wp-content\/uploads\/2024\/10\/Ferienprogramm-2010-4-300x225.jpg 300w, https:\/\/owv-sc-waldthurn.de\/wp-content\/uploads\/2024\/10\/Ferienprogramm-2010-4-768x576.jpg 768w\" sizes=\"auto, (max-width: 800px) 100vw, 800px\" \/><\/figure>\n\n\n\n<figure class=\"wp-block-image size-full is-resized\"><img loading=\"lazy\" decoding=\"async\" width=\"800\" height=\"600\" src=\"https:\/\/owv-sc-waldthurn.de\/wp-content\/uploads\/2024\/10\/image-1.jpeg\" alt=\"Dieses Bild hat ein leeres Alt-Attribut. Der Dateiname ist Ferienprogramm-2010-6.jpg\" class=\"wp-image-5312\" style=\"width:339px;height:auto\" srcset=\"https:\/\/owv-sc-waldthurn.de\/wp-content\/uploads\/2024\/10\/image-1.jpeg 800w, https:\/\/owv-sc-waldthurn.de\/wp-content\/uploads\/2024\/10\/image-1-300x225.jpeg 300w, https:\/\/owv-sc-waldthurn.de\/wp-content\/uploads\/2024\/10\/image-1-768x576.jpeg 768w\" sizes=\"auto, (max-width: 800px) 100vw, 800px\" \/><\/figure>\n<\/div>\n\n\n\n<figure class=\"wp-block-gallery alignwide has-nested-images columns-default is-cropped wp-block-gallery-3 is-layout-flex wp-block-gallery-is-layout-flex\">\n<figure class=\"wp-block-image size-large\"><img loading=\"lazy\" decoding=\"async\" width=\"800\" height=\"600\" data-id=\"3676\" src=\"https:\/\/owv-sc-waldthurn.de\/wp-content\/uploads\/2024\/10\/Ferienprogramm-2010-12.jpg\" alt=\"\" class=\"wp-image-3676\" srcset=\"https:\/\/owv-sc-waldthurn.de\/wp-content\/uploads\/2024\/10\/Ferienprogramm-2010-12.jpg 800w, https:\/\/owv-sc-waldthurn.de\/wp-content\/uploads\/2024\/10\/Ferienprogramm-2010-12-300x225.jpg 300w, https:\/\/owv-sc-waldthurn.de\/wp-content\/uploads\/2024\/10\/Ferienprogramm-2010-12-768x576.jpg 768w\" sizes=\"auto, (max-width: 800px) 100vw, 800px\" \/><\/figure>\n\n\n\n<figure class=\"wp-block-image size-large\"><img loading=\"lazy\" decoding=\"async\" width=\"800\" height=\"600\" data-id=\"3677\" src=\"https:\/\/owv-sc-waldthurn.de\/wp-content\/uploads\/2024\/10\/Ferienprogramm-2010-13.jpg\" alt=\"\" class=\"wp-image-3677\" srcset=\"https:\/\/owv-sc-waldthurn.de\/wp-content\/uploads\/2024\/10\/Ferienprogramm-2010-13.jpg 800w, https:\/\/owv-sc-waldthurn.de\/wp-content\/uploads\/2024\/10\/Ferienprogramm-2010-13-300x225.jpg 300w, https:\/\/owv-sc-waldthurn.de\/wp-content\/uploads\/2024\/10\/Ferienprogramm-2010-13-768x576.jpg 768w\" sizes=\"auto, (max-width: 800px) 100vw, 800px\" \/><\/figure>\n\n\n\n<figure class=\"wp-block-image size-large\"><img loading=\"lazy\" decoding=\"async\" width=\"800\" height=\"600\" data-id=\"3673\" src=\"https:\/\/owv-sc-waldthurn.de\/wp-content\/uploads\/2024\/10\/Ferienprogramm-2010-9.jpg\" alt=\"\" class=\"wp-image-3673\" srcset=\"https:\/\/owv-sc-waldthurn.de\/wp-content\/uploads\/2024\/10\/Ferienprogramm-2010-9.jpg 800w, https:\/\/owv-sc-waldthurn.de\/wp-content\/uploads\/2024\/10\/Ferienprogramm-2010-9-300x225.jpg 300w, https:\/\/owv-sc-waldthurn.de\/wp-content\/uploads\/2024\/10\/Ferienprogramm-2010-9-768x576.jpg 768w\" sizes=\"auto, (max-width: 800px) 100vw, 800px\" \/><\/figure>\n<\/figure>\n\n\n\n<div class=\"wp-block-group alignwide is-nowrap is-layout-flex wp-container-core-group-is-layout-6c531013 wp-block-group-is-layout-flex\">\n<figure class=\"wp-block-image is-resized\"><img loading=\"lazy\" decoding=\"async\" width=\"800\" height=\"600\" src=\"https:\/\/owv-sc-waldthurn.de\/wp-content\/uploads\/2024\/10\/Ferienprogramm-2010-8.jpg\" alt=\"\" class=\"wp-image-3672\" style=\"width:400px;height:auto\" srcset=\"https:\/\/owv-sc-waldthurn.de\/wp-content\/uploads\/2024\/10\/Ferienprogramm-2010-8.jpg 800w, https:\/\/owv-sc-waldthurn.de\/wp-content\/uploads\/2024\/10\/Ferienprogramm-2010-8-300x225.jpg 300w, https:\/\/owv-sc-waldthurn.de\/wp-content\/uploads\/2024\/10\/Ferienprogramm-2010-8-768x576.jpg 768w\" sizes=\"auto, (max-width: 800px) 100vw, 800px\" \/><\/figure>\n\n\n\n<figure class=\"wp-block-image size-large is-resized\"><img loading=\"lazy\" decoding=\"async\" width=\"800\" height=\"600\" src=\"https:\/\/owv-sc-waldthurn.de\/wp-content\/uploads\/2024\/10\/Ferienprogramm-2010-11.jpg\" alt=\"\" class=\"wp-image-3675\" style=\"width:296px;height:auto\" srcset=\"https:\/\/owv-sc-waldthurn.de\/wp-content\/uploads\/2024\/10\/Ferienprogramm-2010-11.jpg 800w, https:\/\/owv-sc-waldthurn.de\/wp-content\/uploads\/2024\/10\/Ferienprogramm-2010-11-300x225.jpg 300w, https:\/\/owv-sc-waldthurn.de\/wp-content\/uploads\/2024\/10\/Ferienprogramm-2010-11-768x576.jpg 768w\" sizes=\"auto, (max-width: 800px) 100vw, 800px\" \/><\/figure>\n\n\n\n<figure class=\"wp-block-image size-large is-resized\"><img loading=\"lazy\" decoding=\"async\" width=\"800\" height=\"600\" src=\"https:\/\/owv-sc-waldthurn.de\/wp-content\/uploads\/2024\/10\/Ferienprogramm-2010-7.jpg\" alt=\"\" class=\"wp-image-3671\" style=\"width:385px;height:auto\" srcset=\"https:\/\/owv-sc-waldthurn.de\/wp-content\/uploads\/2024\/10\/Ferienprogramm-2010-7.jpg 800w, https:\/\/owv-sc-waldthurn.de\/wp-content\/uploads\/2024\/10\/Ferienprogramm-2010-7-300x225.jpg 300w, https:\/\/owv-sc-waldthurn.de\/wp-content\/uploads\/2024\/10\/Ferienprogramm-2010-7-768x576.jpg 768w\" sizes=\"auto, (max-width: 800px) 100vw, 800px\" \/><\/figure>\n<\/div>\n\n\n\n<p class=\"has-text-align-center has-large-font-size\"><strong><em>2008  Kinderferienprogramm <\/em><\/strong><\/p>\n\n\n\n<p class=\"has-text-align-center has-large-font-size\"><strong><em> Goldwaschen im Luhebach <\/em><\/strong><\/p>\n\n\n\n<p><\/p>\n\n\n\n\n\n\n\n<p><\/p>\n\n\n\n<div class=\"wp-block-group alignwide is-layout-flow wp-block-group-is-layout-flow\">\n<div class=\"wp-block-group alignwide is-layout-flow wp-block-group-is-layout-flow\">\n<p class=\"has-text-align-center has-large-font-size\"><strong><em>2008 <\/em><\/strong> 3. Oktober<\/p>\n\n\n\n<p class=\"has-text-align-center has-large-font-size\"><strong><em>OWVler am<\/em><\/strong> <strong><em>Achensee<\/em><\/strong><\/p>\n\n\n\n<p class=\"has-small-font-size\"><em><strong> <\/strong><\/em>(Georg Schmidbauer)<br>Nach l\u00e4ngerer Pause f\u00fchrte der Oberpf\u00e4lzer Waldverein Waldthurn wieder eine Ausflugsfahrt durch. Werner Pankotsch, der Chef der Skiabteilung, hatte die m\u00fchevolle Aufgabe der Organisation \u00fcbernommen. Fast 70 Teilnehmer in zwei Bussen starteten am Freitag, den 3. Oktober, frohgemut in Richtung Achensee in Tirol, wurden aber von verschneiten Bergen und Regenwetter empfangen, was allerdings die gute Stimmung kaum beeintr\u00e4chtigte. Im Hotel Hanslwirt in Maurach am Achensee fand man ein gsttliches Quartier. Infolge des anhaltenden Regens musste das Programm kurzfristig ge\u00e4ndert werden. Statt des Museumsdorfes Kramsach wurde das im Besitz der Grafenfamilie Enzendorf befindliche Schloss Tratzberg besichtigt. Die Erlebnisf\u00fchrung mittels Audio Guide lie\u00df 500 Jahre Geschichte und mehr erleben. Der einmalige Innenhof und die prunkvollen Renaissancer\u00e4ume mit der originalen Einrichtung hinterlie\u00dfen einen tiefen Eindruck. Anschlie\u00dfend wurde dem mittelalterlichen St\u00e4dtchen Rattenberg noch ein besuch abgestattet. Da die f\u00fcr Samstag geplante Bergwanderung im Rofangebirge nicht stattfinden konnte, startete die ganze Gruppe nach Mayerhofen im Zillertal, um den Almabtrieb mitzuerleben. Die prachtvoll geschm\u00fcckten K\u00fche und K\u00e4lber lie\u00dfen zwar lange auf sich warten, doch die gewaltige Zuschauermenge harrte tapfer aus. Anschlie\u00dfend besuchte man noch das Hoo-Ruck-Fest in der Erlebnisk\u00e4serei Mayrhofen. Ein H\u00f6hepunkt wurde dann der von Hans-Peter Reil und Georg Schmidbauer gestaltete &#8222;Heimatabend&#8220;, der die Reiseteilnehmer in beste Stimmung versetzte. Dabei n\u00fctzte OWV-Vorstand Stefan Griesbach die Gelegenheit, um Werner Pankotsch f\u00fcr die vorz\u00fcgliche Planung und Organisation herzlich zu danken und ein kleines Geschenk zu \u00fcberreichen. Am Sonntag trat man dann wieder die Heimreise an, wobei noch ein besonderes Naturerlebnis auf die Besucher wartete. Bei strahlendem Sonnenschein und blauem Himmel fuhr man mit der Seilnbahn auf den tief verschneiten Wallberg, wo eine prachtvolle Weitsicht bis zum Gro\u00dfglockner f\u00fcr das vorausgegangene Regenwetter entsch\u00e4digte. F\u00fcr die Kinder bot sich Gelegenheit zu einer z\u00fcnftigen Schneeballschlacht. Mit vielen neuen Eindr\u00fccken wurde dann wieder die Heimat angesteuert, wobei Pankotsch sich bereit erkl\u00e4rte, weitere Fahrten zu organisieren<\/p>\n\n\n\n<p>Bilder Achensee   <\/p>\n<\/div>\n\n\n\n<p class=\"has-text-align-center has-x-large-font-size\"><strong><em>2008<\/em><\/strong> <\/p>\n\n\n\n<p class=\"has-text-align-center has-large-font-size\"><strong><em>50. Geburtstag (<\/em><\/strong>ehem.<strong><em>) OWV Vorstand Griesbach Stephan<\/em><\/strong><\/p>\n\n\n\n<div class=\"wp-block-group alignwide is-layout-flow wp-block-group-is-layout-flow\">\n<p><\/p>\n\n\n\n<figure class=\"wp-block-image size-full\"><img loading=\"lazy\" decoding=\"async\" width=\"704\" height=\"528\" src=\"https:\/\/owv-sc-waldthurn.de\/wp-content\/uploads\/2024\/09\/50_gebtag_hubert-021-1.jpg\" alt=\"\" class=\"wp-image-631\" srcset=\"https:\/\/owv-sc-waldthurn.de\/wp-content\/uploads\/2024\/09\/50_gebtag_hubert-021-1.jpg 704w, https:\/\/owv-sc-waldthurn.de\/wp-content\/uploads\/2024\/09\/50_gebtag_hubert-021-1-300x225.jpg 300w\" sizes=\"auto, (max-width: 704px) 100vw, 704px\" \/><\/figure>\n<\/div>\n\n\n\n<div class=\"wp-block-group is-content-justification-center is-nowrap is-layout-flex wp-container-core-group-is-layout-23441af8 wp-block-group-is-layout-flex\">\n<figure class=\"wp-block-image size-full is-resized\"><img loading=\"lazy\" decoding=\"async\" width=\"704\" height=\"528\" src=\"https:\/\/owv-sc-waldthurn.de\/wp-content\/uploads\/2024\/10\/2008-Geb-50.-Griesbach-Stefan-6.jpg\" alt=\"\" class=\"wp-image-2469\" style=\"width:338px;height:auto\" srcset=\"https:\/\/owv-sc-waldthurn.de\/wp-content\/uploads\/2024\/10\/2008-Geb-50.-Griesbach-Stefan-6.jpg 704w, https:\/\/owv-sc-waldthurn.de\/wp-content\/uploads\/2024\/10\/2008-Geb-50.-Griesbach-Stefan-6-300x225.jpg 300w\" sizes=\"auto, (max-width: 704px) 100vw, 704px\" \/><\/figure>\n\n\n\n<figure class=\"wp-block-image size-large is-resized\"><img loading=\"lazy\" decoding=\"async\" width=\"704\" height=\"528\" src=\"https:\/\/owv-sc-waldthurn.de\/wp-content\/uploads\/2024\/10\/2008-Geb-50.-Griesbach-Stefan-7.jpg\" alt=\"\" class=\"wp-image-2470\" style=\"width:373px;height:auto\" srcset=\"https:\/\/owv-sc-waldthurn.de\/wp-content\/uploads\/2024\/10\/2008-Geb-50.-Griesbach-Stefan-7.jpg 704w, https:\/\/owv-sc-waldthurn.de\/wp-content\/uploads\/2024\/10\/2008-Geb-50.-Griesbach-Stefan-7-300x225.jpg 300w\" sizes=\"auto, (max-width: 704px) 100vw, 704px\" \/><\/figure>\n\n\n\n<figure class=\"wp-block-image size-full is-resized\"><img loading=\"lazy\" decoding=\"async\" width=\"704\" height=\"528\" src=\"https:\/\/owv-sc-waldthurn.de\/wp-content\/uploads\/2024\/10\/2008-Geb-50.-Griesbach-Stefan-4.jpg\" alt=\"\" class=\"wp-image-2467\" style=\"width:340px;height:auto\" srcset=\"https:\/\/owv-sc-waldthurn.de\/wp-content\/uploads\/2024\/10\/2008-Geb-50.-Griesbach-Stefan-4.jpg 704w, https:\/\/owv-sc-waldthurn.de\/wp-content\/uploads\/2024\/10\/2008-Geb-50.-Griesbach-Stefan-4-300x225.jpg 300w\" sizes=\"auto, (max-width: 704px) 100vw, 704px\" \/><\/figure>\n<\/div>\n\n\n\n<div class=\"wp-block-group alignwide is-content-justification-center is-nowrap is-layout-flex wp-container-core-group-is-layout-23441af8 wp-block-group-is-layout-flex\">\n<figure class=\"wp-block-image size-full is-resized\"><img loading=\"lazy\" decoding=\"async\" width=\"704\" height=\"341\" src=\"https:\/\/owv-sc-waldthurn.de\/wp-content\/uploads\/2024\/10\/2008-Geb-50.-Griesbach-Stefan-3.jpg\" alt=\"\" class=\"wp-image-2466\" style=\"width:398px;height:auto\" srcset=\"https:\/\/owv-sc-waldthurn.de\/wp-content\/uploads\/2024\/10\/2008-Geb-50.-Griesbach-Stefan-3.jpg 704w, https:\/\/owv-sc-waldthurn.de\/wp-content\/uploads\/2024\/10\/2008-Geb-50.-Griesbach-Stefan-3-300x145.jpg 300w\" sizes=\"auto, (max-width: 704px) 100vw, 704px\" \/><\/figure>\n\n\n\n<figure class=\"wp-block-image size-large is-resized\"><img loading=\"lazy\" decoding=\"async\" width=\"704\" height=\"528\" src=\"https:\/\/owv-sc-waldthurn.de\/wp-content\/uploads\/2024\/10\/2008-Geb-50.-Griesbach-Stefan-1.jpg\" alt=\"\" class=\"wp-image-2464\" style=\"width:336px;height:auto\" srcset=\"https:\/\/owv-sc-waldthurn.de\/wp-content\/uploads\/2024\/10\/2008-Geb-50.-Griesbach-Stefan-1.jpg 704w, https:\/\/owv-sc-waldthurn.de\/wp-content\/uploads\/2024\/10\/2008-Geb-50.-Griesbach-Stefan-1-300x225.jpg 300w\" sizes=\"auto, (max-width: 704px) 100vw, 704px\" \/><\/figure>\n\n\n\n<figure class=\"wp-block-image size-full is-resized\"><img loading=\"lazy\" decoding=\"async\" width=\"704\" height=\"528\" src=\"https:\/\/owv-sc-waldthurn.de\/wp-content\/uploads\/2024\/10\/2008-Geb-50.-Griesbach-Stefan-5.jpg\" alt=\"\" class=\"wp-image-2468\" style=\"width:325px;height:auto\" srcset=\"https:\/\/owv-sc-waldthurn.de\/wp-content\/uploads\/2024\/10\/2008-Geb-50.-Griesbach-Stefan-5.jpg 704w, https:\/\/owv-sc-waldthurn.de\/wp-content\/uploads\/2024\/10\/2008-Geb-50.-Griesbach-Stefan-5-300x225.jpg 300w\" sizes=\"auto, (max-width: 704px) 100vw, 704px\" \/><\/figure>\n<\/div>\n<\/div>\n\n\n\n<p class=\"has-text-align-center has-x-large-font-size\"><strong><em> 2007 Februar  &#8211; Konfetti <\/em><\/strong><strong><em>OWV\/FSV Sportlerball<\/em><\/strong><\/p>\n\n\n\n<div class=\"wp-block-group is-nowrap is-layout-flex wp-container-core-group-is-layout-6c531013 wp-block-group-is-layout-flex\">\n\n\n\n\n<p><\/p>\n<\/div>\n\n\n\n<p><\/p>\n","protected":false},"excerpt":{"rendered":"<p>2023 &#8211; Dezember Alle Jahre wieder &#8211; Der Christbaum November Oktober Am Freitag Abend 13. Oktober ging es f\u00fcr den OWV Waldthurn nach Moosbach zur Brauerei Scheuerer. Im Anschluss einer ausf\u00fchrlichen und sehr interessanten F\u00fchrung durch die Brauerei und dem Brauwesen wurde bei einem gem\u00fctlichen Abend und einer Brotzeit in der lokalen Stube nat\u00fcrlich das [&hellip;]<\/p>\n","protected":false},"author":2,"featured_media":0,"parent":9724,"menu_order":-1,"comment_status":"closed","ping_status":"closed","template":"","meta":{"footnotes":""},"folder":[],"class_list":["post-158","page","type-page","status-publish","hentry"],"_links":{"self":[{"href":"https:\/\/owv-sc-waldthurn.de\/index.php?rest_route=\/wp\/v2\/pages\/158","targetHints":{"allow":["GET"]}}],"collection":[{"href":"https:\/\/owv-sc-waldthurn.de\/index.php?rest_route=\/wp\/v2\/pages"}],"about":[{"href":"https:\/\/owv-sc-waldthurn.de\/index.php?rest_route=\/wp\/v2\/types\/page"}],"author":[{"embeddable":true,"href":"https:\/\/owv-sc-waldthurn.de\/index.php?rest_route=\/wp\/v2\/users\/2"}],"replies":[{"embeddable":true,"href":"https:\/\/owv-sc-waldthurn.de\/index.php?rest_route=%2Fwp%2Fv2%2Fcomments&post=158"}],"version-history":[{"count":253,"href":"https:\/\/owv-sc-waldthurn.de\/index.php?rest_route=\/wp\/v2\/pages\/158\/revisions"}],"predecessor-version":[{"id":9799,"href":"https:\/\/owv-sc-waldthurn.de\/index.php?rest_route=\/wp\/v2\/pages\/158\/revisions\/9799"}],"up":[{"embeddable":true,"href":"https:\/\/owv-sc-waldthurn.de\/index.php?rest_route=\/wp\/v2\/pages\/9724"}],"wp:attachment":[{"href":"https:\/\/owv-sc-waldthurn.de\/index.php?rest_route=%2Fwp%2Fv2%2Fmedia&parent=158"}],"wp:term":[{"taxonomy":"folder","embeddable":true,"href":"https:\/\/owv-sc-waldthurn.de\/index.php?rest_route=%2Fwp%2Fv2%2Ffolder&post=158"}],"curies":[{"name":"wp","href":"https:\/\/api.w.org\/{rel}","templated":true}]}}