{"id":1889,"date":"2024-10-06T22:03:06","date_gmt":"2024-10-06T22:03:06","guid":{"rendered":"https:\/\/owv-sc-waldthurn.de\/?page_id=1889"},"modified":"2026-04-19T10:51:24","modified_gmt":"2026-04-19T10:51:24","slug":"skiclub","status":"publish","type":"page","link":"https:\/\/owv-sc-waldthurn.de\/?page_id=1889","title":{"rendered":"Sportlich nicht nur in der Loipe"},"content":{"rendered":"\n<p class=\"has-large-font-size\"><strong><em>2022 Letzter Landkreisstaffellauf<\/em><\/strong><\/p>\n\n\n\n\n\n\n\n<p class=\"has-text-align-center has-large-font-size\"><strong><em>2019 M\u00fcnchen Marathon<\/em><\/strong><\/p>\n\n\n\n<p><\/p>\n\n\n\n<div class=\"wp-block-group alignwide is-nowrap is-layout-flex wp-container-core-group-is-layout-6c531013 wp-block-group-is-layout-flex\">\n<figure class=\"wp-block-image size-full is-resized\"><img loading=\"lazy\" decoding=\"async\" width=\"346\" height=\"263\" src=\"https:\/\/owv-sc-waldthurn.de\/wp-content\/uploads\/2024\/10\/Muench-marath.jpg\" alt=\"\" class=\"wp-image-4347\" style=\"width:385px;height:auto\" srcset=\"https:\/\/owv-sc-waldthurn.de\/wp-content\/uploads\/2024\/10\/Muench-marath.jpg 346w, https:\/\/owv-sc-waldthurn.de\/wp-content\/uploads\/2024\/10\/Muench-marath-300x228.jpg 300w\" sizes=\"auto, (max-width: 346px) 100vw, 346px\" \/><\/figure>\n\n\n\n<figure class=\"wp-block-image size-full is-resized\"><img loading=\"lazy\" decoding=\"async\" width=\"209\" height=\"278\" src=\"https:\/\/owv-sc-waldthurn.de\/wp-content\/uploads\/2024\/10\/Muenchen.jpg\" alt=\"\" class=\"wp-image-4350\" style=\"width:249px;height:auto\"\/><\/figure>\n\n\n\n<figure class=\"wp-block-image size-full is-resized\"><img loading=\"lazy\" decoding=\"async\" width=\"215\" height=\"230\" src=\"https:\/\/owv-sc-waldthurn.de\/wp-content\/uploads\/2024\/10\/Christzian.jpg\" alt=\"\" class=\"wp-image-4349\" style=\"width:317px;height:auto\"\/><\/figure>\n<\/div>\n\n\n\n<div class=\"wp-block-group alignwide is-layout-flow wp-block-group-is-layout-flow\">\n<p>Gro\u00dfes Lauffestival in der Landeshauptstadt M\u00fcnchen (13.10.2019 Bericht und Bilder Roman Bauer)<br>Nicht entgehen lie\u00dfen sich Swen Arnold, Christian Steiner und Niclas Krapf, drei aktive L\u00e4ufer des OWV\/Skiclub Waldthurn, den international hochgradig besetzten Marathon in der Landeshauptstadt M\u00fcnchen. Mehr als 22.000 Teilnehmer aus \u00fcber 50 Nationen gingen am Sonntag, 13. Oktober 2019 an den Start. Die \u00e4u\u00dferen Bedingungen waren optimal und bei sommerlichen Temperaturen s\u00e4umten tausende von Zuschauern die Stra\u00dfenr\u00e4nder von M\u00fcnchen.<br>Den Marathon \u00fcber 42,195 Kilometer lief bestens vorbereitet Christian Steiner mit einer Zeit von 4:34 Stunden und erreichte in der AK 50 einen hervorragenden 325. Platz von 2501 Startern in dieser Altersklasse. Auf den Halbmarathon \u00fcber 21,1 Kilometer gingen der erfahrene L\u00e4ufer Swen Arnold und erstmals Niclas Krapf an den Start. V\u00f6llig ersch\u00f6pft mit einer fantastischen Zeit von 1.22 Stunden erreichte Swen Arnold das Ziel im Olympiastadion und belegte in der AK M\u00e4nner einen grandiosen 13 Platz und in der Gesamtwertung Rang 42. Ebenso erfreulich war das Halbmarathondeb\u00fct von Niklas Krapf mit einer bemerkenswerten Zeit von 1:59 Stunden und einem 451. Platz in der AK M\u00e4nner und 1972 in der Gesamtwertung.<\/p>\n<\/div>\n\n\n\n<p class=\"has-text-align-center has-large-font-size\"><strong><em>2017 Volksskilauf <\/em><\/strong><\/p>\n\n\n\n<div class=\"wp-block-group alignwide is-layout-flow wp-block-group-is-layout-flow\">\n<p>                                                <br>Lange ist es her, dass im Langlaufzentrum des OWV Skiclub Waldthurn eine solche Veranstaltung stattgefunden hat. Bei Kaiserwetter hatte Manfred Holbaum zum Volksskilauf 2017 geladen. Er hatte zusammen mit den Verantwortlichen des Skiclub die Vorbereitungen getroffen. Bereits vor dem offiziellen Beginn waren die skibegeisterten Sportler gekommen um ihre Runden auf der von Helmut Glaser perfekt pr\u00e4parierten Loipe zu drehen. Von fr\u00fch bis sp\u00e4t in den Nachmittag waren die L\u00e4ufer und L\u00e4uferinnen unterwegs. Die j\u00fcngste L\u00e4uferin, Lea Gr\u00fcnauer, war bereits mit drei Jahren auf ihren kurzen Skiern unterwegs; der \u00e4lteste Teilnehmer war das Skiclub Urgestein Hans Pflaum mit fast 77 Jahren. In der urigen Skih\u00fctte k\u00fcmmerten sich Manfred Holbaum, Konrad Seibert, Werner Beierl und Hans-J\u00fcrgen Bergler um die Anmeldung und nach Absolvierung der Strecke erhielten die Kinder ihre Medaillen, die Erwachsenen erhielten einen Getr\u00e4nkegutschein, den sie sogleich in Fl\u00fcssiges eintauschten. Horst Pleyer und Andrea G\u00f6tz k\u00fcmmerten sich ganztags um die Bewirtung in der Skih\u00fctte. Sie hatten allerlei leckere Sachen vorbereitet.<br>Josef Pflaum hielt mit seiner Drohne Videoaufnahmen der Veranstaltung ein &#8211; diese k\u00f6nnt ihr in K\u00fcrze auf unserer Skiclub Homepage sehen. Ein besonderes Dankesch\u00f6n an alle, die diese Veranstaltung organisiert und bei der Durchf\u00fchrung geholfen haben. In der Hoffnung auf weitere sch\u00f6ne Skitage\u2026!<\/p>\n<\/div>\n\n\n\n<div class=\"wp-block-group alignwide is-nowrap is-layout-flex wp-container-core-group-is-layout-6c531013 wp-block-group-is-layout-flex\">\n<figure class=\"wp-block-image size-large is-resized\"><img loading=\"lazy\" decoding=\"async\" width=\"272\" height=\"181\" src=\"https:\/\/owv-sc-waldthurn.de\/wp-content\/uploads\/2024\/09\/loipkl_1011.jpg\" alt=\"\" class=\"wp-image-1014\" style=\"width:362px;height:auto\"\/><\/figure>\n\n\n\n<figure class=\"wp-block-image size-full is-resized\"><img loading=\"lazy\" decoding=\"async\" width=\"324\" height=\"432\" src=\"https:\/\/owv-sc-waldthurn.de\/wp-content\/uploads\/2024\/09\/P1280104-1.jpg\" alt=\"\" class=\"wp-image-1015\" style=\"width:373px;height:auto\" srcset=\"https:\/\/owv-sc-waldthurn.de\/wp-content\/uploads\/2024\/09\/P1280104-1.jpg 324w, https:\/\/owv-sc-waldthurn.de\/wp-content\/uploads\/2024\/09\/P1280104-1-225x300.jpg 225w\" sizes=\"auto, (max-width: 324px) 100vw, 324px\" \/><\/figure>\n\n\n\n<figure class=\"wp-block-image size-large is-resized\"><img loading=\"lazy\" decoding=\"async\" width=\"272\" height=\"181\" src=\"https:\/\/owv-sc-waldthurn.de\/wp-content\/uploads\/2024\/09\/loipkl_1006.jpg\" alt=\"\" class=\"wp-image-1013\" style=\"width:373px;height:auto\"\/><\/figure>\n<\/div>\n\n\n\n<div class=\"wp-block-group alignwide is-nowrap is-layout-flex wp-container-core-group-is-layout-6c531013 wp-block-group-is-layout-flex\">\n<figure class=\"wp-block-image size-full is-resized\"><img loading=\"lazy\" decoding=\"async\" width=\"432\" height=\"324\" src=\"https:\/\/owv-sc-waldthurn.de\/wp-content\/uploads\/2024\/10\/P1280109.jpg\" alt=\"\" class=\"wp-image-1892\" style=\"width:379px;height:auto\" srcset=\"https:\/\/owv-sc-waldthurn.de\/wp-content\/uploads\/2024\/10\/P1280109.jpg 432w, https:\/\/owv-sc-waldthurn.de\/wp-content\/uploads\/2024\/10\/P1280109-300x225.jpg 300w\" sizes=\"auto, (max-width: 432px) 100vw, 432px\" \/><\/figure>\n\n\n\n<figure class=\"wp-block-image size-full is-resized\"><img loading=\"lazy\" decoding=\"async\" width=\"432\" height=\"324\" src=\"https:\/\/owv-sc-waldthurn.de\/wp-content\/uploads\/2024\/10\/2017-Volksskilauf-Januar-1.jpg\" alt=\"\" class=\"wp-image-3549\" style=\"width:425px;height:auto\" srcset=\"https:\/\/owv-sc-waldthurn.de\/wp-content\/uploads\/2024\/10\/2017-Volksskilauf-Januar-1.jpg 432w, https:\/\/owv-sc-waldthurn.de\/wp-content\/uploads\/2024\/10\/2017-Volksskilauf-Januar-1-300x225.jpg 300w\" sizes=\"auto, (max-width: 432px) 100vw, 432px\" \/><\/figure>\n\n\n\n<figure class=\"wp-block-image size-full is-resized\"><img loading=\"lazy\" decoding=\"async\" width=\"432\" height=\"300\" src=\"https:\/\/owv-sc-waldthurn.de\/wp-content\/uploads\/2024\/10\/2017-Volksskilauf-Januar-6.jpg\" alt=\"\" class=\"wp-image-3550\" style=\"width:354px;height:auto\" srcset=\"https:\/\/owv-sc-waldthurn.de\/wp-content\/uploads\/2024\/10\/2017-Volksskilauf-Januar-6.jpg 432w, https:\/\/owv-sc-waldthurn.de\/wp-content\/uploads\/2024\/10\/2017-Volksskilauf-Januar-6-300x208.jpg 300w\" sizes=\"auto, (max-width: 432px) 100vw, 432px\" \/><\/figure>\n<\/div>\n\n\n\n<p><\/p>\n\n\n\n<p class=\"has-large-font-size\"><strong><em>Skiclub Freunde laufen auf ber\u00fchmten Stra\u00dfen<\/em><\/strong><\/p>\n\n\n\n<p class=\"has-text-align-center has-large-font-size\"><strong><em>Waldthurner L\u00e4ufer beim New York City Marathon &#8211; 1.11.2015<\/em><\/strong><\/p>\n\n\n\n<div class=\"wp-block-group alignwide is-nowrap is-layout-flex wp-container-core-group-is-layout-6c531013 wp-block-group-is-layout-flex\">\n<figure class=\"wp-block-image alignleft size-large is-resized\"><img loading=\"lazy\" decoding=\"async\" width=\"1024\" height=\"640\" src=\"https:\/\/owv-sc-waldthurn.de\/wp-content\/uploads\/2024\/10\/2015-NY-Marathon-Bericht-1-1024x640.jpg\" alt=\"\" class=\"wp-image-4080\" style=\"width:572px;height:auto\" srcset=\"https:\/\/owv-sc-waldthurn.de\/wp-content\/uploads\/2024\/10\/2015-NY-Marathon-Bericht-1-1024x640.jpg 1024w, https:\/\/owv-sc-waldthurn.de\/wp-content\/uploads\/2024\/10\/2015-NY-Marathon-Bericht-1-300x188.jpg 300w, https:\/\/owv-sc-waldthurn.de\/wp-content\/uploads\/2024\/10\/2015-NY-Marathon-Bericht-1-768x480.jpg 768w, https:\/\/owv-sc-waldthurn.de\/wp-content\/uploads\/2024\/10\/2015-NY-Marathon-Bericht-1.jpg 1200w\" sizes=\"auto, (max-width: 1024px) 100vw, 1024px\" \/><\/figure>\n\n\n\n<p class=\"has-small-font-size\">Der Traum eines jeden Marathonl\u00e4ufers ist f\u00fcr eine L\u00e4ufergruppe aus Waldthurn wahr geworden: Die Teilnahme am legend\u00e4ren New York City Marathon. Er gilt mit mehr als 50 000 Startern als der gr\u00f6\u00dfte Laufevent der Welt. Das Beste was die Region an L\u00e4ufern zu bieten hat war an diesem Tag, dem 1. November dabei. Christian Steiner, Daniel und Rudi Schenk, Hermann Sax und Johanna Gr\u00fcnauer reisten mit einer Oberpf\u00e4lzer Truppe nach \u00dcbersee.<\/p>\n<\/div>\n\n\n\n<div class=\"wp-block-group alignwide has-small-font-size is-layout-flow wp-block-group-is-layout-flow\">\n<p>Nach der amerikanischen Nationalhymne und dem legend\u00e4rem \u201eNew York, New York\u201c von Frank Sinatra ging es mit garantiertem G\u00e4nsehautgef\u00fchl los. Dabei hatten die Hobbyathleten eine sehr anspruchsvolle Strecke mit Br\u00fccken durch f\u00fcnf Stadtbezirke und insgesamt 390 H\u00f6henmeter vor sich. Der Streckenverlauf f\u00fchrte \u00fcber die grandiose Verrazano Narrows Bridge nach Brooklyn \u2013 Queens. Bei Kilometer 24 forderte die Queensboro Bridge mit einem steilen Anstieg und viel, viel Gegenwind die L\u00e4ufer. Weiter ging es durch Manhattan, Bronx, Harlem und auf der 5. Avenue zum Central Park ins Ziel. F\u00fcr Nichtsportler w\u00e4re es eine reine Schinderei \u2013 f\u00fcr die durchtrainierten Waldthurner L\u00e4ufer war es ein aufregendes Erlebnis, das viel Adrenalin freisetzte.<br>\u201eDie Zuschauer waren bombastisch, sie peitschten uns mit ihren Zurufen voran, auch die musikalische Unterst\u00fctzung an der gesamten Strecke war grandios\u201c, schw\u00e4rmte Gr\u00fcnauer, die auch moralischen Beistand von ihrem mitgereisten Ehemann Johann bekam.<\/p>\n<\/div>\n\n\n\n<div class=\"wp-block-group alignwide has-small-font-size is-layout-flow wp-block-group-is-layout-flow\">\n<p>Hermann Sax legte mit 3:36,35 Stunden die schnellste Zeit des Waldthurner L\u00e4uferquintetts hin. Ihn begleitete beim gro\u00dfen Rennen seine Ehefrau Roswitha. Christian Steiner kam nach 3:56,19 Stunden, Johanna Gr\u00fcnauer 4:11,14 Stunden an. \u201eWenn der Vater mit Sohn\u201c \u2013 Rudi Schenk lief mit seinem Sohn Daniel. Der Apfel f\u00e4llt nicht weit vom Stamm &#8211; ihre Zeit: 4:16,41 Stunden. Es war der erste Marathon des 19 &#8211; J\u00e4hrigen \u00fcberhaupt und dann gleich in New York mit einer tollen Leistung. Der junge Sportler wurde in seiner Altersklasse U19 bester deutscher L\u00e4ufer,<br>dazu noch 28. Platz U19 weltweit.<br>Top \u2013 diese Waldthurner !<\/p>\n\n\n\n\n\n\n\n<p class=\"has-text-align-center has-large-font-size\"><strong><em>2013  Mai<\/em><\/strong><\/p>\n\n\n\n<p class=\"has-text-align-center\"><strong><em> Johanna Gr\u00fcnauer l\u00e4uft in der Goldenen Stadt<\/em><\/strong><\/p>\n\n\n\n<figure class=\"wp-block-image aligncenter size-large is-resized\"><img loading=\"lazy\" decoding=\"async\" width=\"1024\" height=\"683\" src=\"https:\/\/owv-sc-waldthurn.de\/wp-content\/uploads\/2024\/10\/2013a-1-2-1024x683.jpeg\" alt=\"\" class=\"wp-image-5518\" style=\"width:625px;height:auto\" srcset=\"https:\/\/owv-sc-waldthurn.de\/wp-content\/uploads\/2024\/10\/2013a-1-2-1024x683.jpeg 1024w, https:\/\/owv-sc-waldthurn.de\/wp-content\/uploads\/2024\/10\/2013a-1-2-300x200.jpeg 300w, https:\/\/owv-sc-waldthurn.de\/wp-content\/uploads\/2024\/10\/2013a-1-2-768x512.jpeg 768w, https:\/\/owv-sc-waldthurn.de\/wp-content\/uploads\/2024\/10\/2013a-1-2.jpeg 1200w\" sizes=\"auto, (max-width: 1024px) 100vw, 1024px\" \/><\/figure>\n\n\n\n<p class=\"has-small-font-size\"><br>Langstreckenl\u00e4uferin des OWV-Skiclub Waldthurn gl\u00e4nzt beim Prag &#8211; Marathon<br>(fvo) Es war ein Muttertagausflug der besonderen Art und ging \u00fcber eine Laufdistanz von 42,195 km. Zusammen mit ihrem Ehemann Johann fuhr die Waldthurner Langstreckenl\u00e4uferin Johanna Gr\u00fcnauer am vergangenen Sonntag nach Tschechien in die Goldene Stadt, um zusammen mit weiteren 9500 L\u00e4ufern am Prag \u2013 Marathon an den Start zu gehen. Bei herrlichstem Wetter startete die Sportlerin des OWV \u2013 Skiclub Waldthurn bei einer der gr\u00f6\u00dften Laufveranstaltungen Osteuropas. \u201eDie vielen Pflastersteine und die Br\u00fccken machten das Rennen doch sehr beschwerlich\u201c, erkl\u00e4rte die L\u00e4uferin. Das Rennen startete und endete im ber\u00fchmten Altst\u00e4dter Ring und f\u00fchrte durch die verschiedenen Viertel Prags. Das tolle Panorama machte die Anstrengungen vergessen. Trotz der \u00fcber 42 Kilometer langen Strecke geriet das Rennen zu einem Genusslauf, vorbei an den Sightseeing\u2013H\u00f6hepunkten der Touristenmetropole.<br>\u201eMir gings ganz gut\u201c, res\u00fcmierte die Athletin. Bis auf die letzten f\u00fcnf Kilometer, da merkte sie, dass die Vorbereitung wegen des langen Winters nicht so optimal war. \u201eIch konnte die langen Einheiten \u00fcber 30 und 35 Kilometer wegen K\u00e4lte und Wind nicht besonders gut trainieren. Aber ich hab meine Zeit von vier Stunden erreicht\u201c. Den letzten Schliff holte sich die Sportlerin bei den Mittwochsl\u00e4ufern des TV Vohenstrau\u00df. \u201eSie motivierten mich und gaben mir wertvolle Tipps\u201c.<br>Ehemann, Betreuer und Coach Johann konnte die Marathonl\u00e4uferin am Ziel wieder in Empfang nehmen. Sch\u00f6ner kann der Muttertag f\u00fcr eine Rennl\u00e4uferin dieser Klasse nicht sein.<br>Bild Die Langstreckenl\u00e4uferin Johanna Gr\u00fcnauer (Mitte: Startnummer 501) erreichte beim Prag \u2013 Marathon mit vier Stunden eine hervorragende Zeit.<\/p>\n<\/div>\n\n\n\n<div class=\"wp-block-group alignwide is-layout-flow wp-block-group-is-layout-flow\">\n<p class=\"has-text-align-center has-large-font-size\"><strong><em> 2012  Oktober<\/em><\/strong><\/p>\n\n\n\n<p class=\"has-text-align-center has-large-font-size\"><strong><em>  Waldthurner erobern Berlin <\/em><\/strong><\/p>\n<\/div>\n\n\n\n<figure class=\"wp-block-image alignleft size-large is-resized\"><img loading=\"lazy\" decoding=\"async\" width=\"1017\" height=\"1024\" src=\"https:\/\/owv-sc-waldthurn.de\/wp-content\/uploads\/2024\/10\/2012-Berlinmarathon-Zeitung-1-1017x1024.jpg\" alt=\"\" class=\"wp-image-4078\" style=\"width:232px;height:auto\" srcset=\"https:\/\/owv-sc-waldthurn.de\/wp-content\/uploads\/2024\/10\/2012-Berlinmarathon-Zeitung-1-1017x1024.jpg 1017w, https:\/\/owv-sc-waldthurn.de\/wp-content\/uploads\/2024\/10\/2012-Berlinmarathon-Zeitung-1-298x300.jpg 298w, https:\/\/owv-sc-waldthurn.de\/wp-content\/uploads\/2024\/10\/2012-Berlinmarathon-Zeitung-1-150x150.jpg 150w, https:\/\/owv-sc-waldthurn.de\/wp-content\/uploads\/2024\/10\/2012-Berlinmarathon-Zeitung-1-768x773.jpg 768w, https:\/\/owv-sc-waldthurn.de\/wp-content\/uploads\/2024\/10\/2012-Berlinmarathon-Zeitung-1.jpg 1192w\" sizes=\"auto, (max-width: 1017px) 100vw, 1017px\" \/><\/figure>\n\n\n\n<div class=\"wp-block-group alignwide is-layout-flow wp-block-group-is-layout-flow\">\n<p class=\"has-small-font-size\"><br>Langstreckenl\u00e4ufer des OWV-Skiclub Waldthurn bezwingen Berlin-Marathon<br>Foto: Christian Steiner links,  Johanna Gr\u00fcnauer  mitte , Rudolf Schenk  rechts<br>Zun\u00e4chst war es nur Johanna Gr\u00fcnauers ganz pers\u00f6nlicher Traum: einmal beim Marathon in der Bundeshauptstadt Berlin an der Start gehen. Dann bekam sie zu ihrem 50. Geburtstag im Juni 2011 vom OWV-Skiclub die Anmeldung daf\u00fcr geschenkt. Damit sie die gro\u00dfe Herausforderung nicht alleine angehen musste, konnten der bereits erfahrene Langstreckenl\u00e4ufer, Rudolf Schenk, und der Marathon-Neuling Christian Steiner f\u00fcr das Vorhaben gewonnen werden.<br>Von da an hie\u00df es: \u201eBerlin, Berlin, wir fahren nach Berlin!\u201c<br>In den letzten zw\u00f6lf Wochen der Vorbereitung absolvierten die L\u00e4ufer zwischen 90 und 100 km pro Woche, etliche Kilos fielen der Anstrengung zum Opfer.<br>In Top-Form machten sich die Marathonis schlie\u00dflich am 28.09.2012 auf den Weg nach Berlin. Begleitet wurden sie von ihren Familien, die sie beim gro\u00dfen Lauf kr\u00e4ftig anfeuern wollten.<br>Traditionell starteten die L\u00e4ufer gemeinsam mit ca. 10000 anderen L\u00e4ufern am Samstag, 29.09. beim Fr\u00fchst\u00fcckslauf: 6 km vom Schloss Charlottenburg ins Berliner Olympiastadion.<br>Am Sonntag 30.09.2012 um 9 Uhr fiel endlich der Startschuss zum 39. Berlin-Marathon. Gemeinsam mit fast 41000 Startern machten sich die Waldthurner L\u00e4ufer auf die 42,195 km durch ganz Berlin.<br>Bei fantastischem Laufwetter und angefeuert von 1 Mio. Zuschauern durchliefen die Waldthurner \u00fcbergl\u00fccklich das Brandenburger Tor und nach weiteren 200m das Ziel. Alle zeigten sich mit ihrer pers\u00f6nlichen Leistung sehr zufrieden: Johanna Gr\u00fcnauer erreichte das Ziel nach 4:01:13, Rudolf Schenk nach 3:08:35 und Christian Steiner nach 3:55:45.<br>Sofort nach dem Lauf wurden Pl\u00e4ne f\u00fcr die n\u00e4chsten Marathons geschmiedet: New York steht ganz oben auf der Wunschliste.<br>Nat\u00fcrlich fehlte bei den drei Tagen in der Hauptstadt auch das kulturelle Rahmenprogramm nicht: am Freitagabend stand der Besuch des Musicals \u201eHinterm Horizont\u201c auf dem Programm und am Samstagnachmittag konnte auf Einladung von MdB Albert Rupprecht die Reichstagskuppel besichtigt werden.<\/p>\n\n\n\n\n<\/div>\n\n\n\n<p class=\"has-text-align-center has-large-font-size\"><strong><em> <\/em><\/strong><em><strong>2011  &#8211;   25. September <\/strong><\/em><\/p>\n\n\n\n<p class=\"has-text-align-center has-large-font-size\"> <strong><em>Freundschaftsmarathon<\/em><\/strong><\/p>\n\n\n\n<div class=\"wp-block-group alignwide is-nowrap is-layout-flex wp-container-core-group-is-layout-6c531013 wp-block-group-is-layout-flex\">\n<figure class=\"wp-block-image size-full is-resized\"><img loading=\"lazy\" decoding=\"async\" width=\"307\" height=\"230\" src=\"https:\/\/owv-sc-waldthurn.de\/wp-content\/uploads\/2024\/10\/2011-c-Freundschaftsmarathon-Herrenmarathon-1.jpg\" alt=\"\" class=\"wp-image-4282\" style=\"width:459px;height:auto\" srcset=\"https:\/\/owv-sc-waldthurn.de\/wp-content\/uploads\/2024\/10\/2011-c-Freundschaftsmarathon-Herrenmarathon-1.jpg 307w, https:\/\/owv-sc-waldthurn.de\/wp-content\/uploads\/2024\/10\/2011-c-Freundschaftsmarathon-Herrenmarathon-1-300x225.jpg 300w\" sizes=\"auto, (max-width: 307px) 100vw, 307px\" \/><\/figure>\n\n\n\n<figure class=\"wp-block-image size-full is-resized\"><img loading=\"lazy\" decoding=\"async\" width=\"307\" height=\"230\" src=\"https:\/\/owv-sc-waldthurn.de\/wp-content\/uploads\/2024\/10\/2011-d-Freundschaftsmarathon-1.jpg\" alt=\"\" class=\"wp-image-5106\" style=\"width:400px;height:auto\" srcset=\"https:\/\/owv-sc-waldthurn.de\/wp-content\/uploads\/2024\/10\/2011-d-Freundschaftsmarathon-1.jpg 307w, https:\/\/owv-sc-waldthurn.de\/wp-content\/uploads\/2024\/10\/2011-d-Freundschaftsmarathon-1-300x225.jpg 300w\" sizes=\"auto, (max-width: 307px) 100vw, 307px\" \/><\/figure>\n<\/div>\n\n\n\n<div class=\"wp-block-group alignwide is-layout-flow wp-block-group-is-layout-flow\">\n<p><br>Bei sp\u00e4tsommerlichem Wetter nahmen rund 1400 L\u00e4ufer am Freundschaftsmarathon der Nachbarst\u00e4dte Amberg und Weiden teil.Wolfgang Bergmann, Erwin Klotz und Werner Pankotsch haben am Freundschaftsmarathon in der Disziplin Nordic Walking Halbmarathon teilgenommen. Die 23 km lange Strecke f\u00fchrte von Schnaittenbach \u00fcber Neudorf, Oberwildenau, Sperlhammer und Rothenstadt nach Weiden, wo der Empfang der L\u00e4ufer im Zielbereich am alten Rathaus war. Tolles Wetter und Superstimmung begleiteten die Veranstaltung. Alle drei Teilnehmer kamen mit einer Zeit von ca. 3 Stunden ins Ziel.<\/p>\n\n\n\n<p class=\"has-text-align-center has-large-font-size\">2010 &#8211; 18. September  <\/p>\n\n\n\n<p class=\"has-text-align-center has-medium-font-size\">9. Landkreislauf-Staffellauf &#8211; Ziel Waldthurn-FSV Fu\u00dfballplatz <\/p>\n\n\n\n<p>Gestartet wurde auf der 36,1 km langen Strecke in Neustadt\/WN, wobei die Etappen \u00fcber St\u00f6rnstein, Flo\u00df, Waldthurn (Bahnhof Ottenrieth), Waldau, Altenstadt\/Voh. und Pleystein wieder nach Waldthurn f\u00fchrten. Als erste Mannschaft \u00fcberquerte nach 2:09:41 das LaFace Team aus Weiden die Ziellinie; die Mannschaft TV Vohenstrau\u00df\/OWV Waldthurn, bei der Rudi Schenk, Edi Schober und Hermann Sax vom OWV mitliefen, belegte einen hervorragenden 4. Rang mit einer Laufzeit von 2:15:38. Die von Wolfgang Bergmann zusammengestellte OWV Mixed Staffel kam nach 2:57:22 ins Ziel.<br>Das Ausrichten der Siegerehrung mit der anschlie\u00dfenden L\u00e4uferparty bedeutete eine entsprechende Herausforderung. Es galt, die L\u00e4ufer mit ihren Begleitern ohne nennenswerte Wartezeiten mit Essen, Getr\u00e4nken, Kaffee und Kuchen zu versorgen. Man kann mit Fug und Recht behaupten, dass das gesteckte Ziel erreicht wurde. Viele Teilnehmer der Veranstaltung waren voll des Lobes und auch die Veranstalter mit Organisatorin Margit Frauenreuther und Landrat Simon Wittmann \u00e4u\u00dferten sich sehr positiv. Das Kompliment geht an alle direkt und indirekt Beteiligten \u2013 es war ein fantastisches Teamwork!<br>Der Verein m\u00f6chte sich bei allen Helfern rund um diese Veranstaltung herzlich bedanken, unter anderem bei<br>-der freiwilligen Feuerwehr Spielberg (f\u00fcr das Betreuen der Wechselstation Ottenrieth)<\/p>\n\n\n\n<ul class=\"wp-block-list\">\n<li>der freiwilligen Feuerwehr Lennesrieth (f\u00fcr das Absichern der Strecke in Albersrieth)<\/li>\n\n\n\n<li>der freiwilligen Feuerwehr Waldthurn (f\u00fcr das Absichern der Strecke in Ottenrieth, Untertresenfeld und Waldthurn)<\/li>\n\n\n\n<li>der Marktgemeinde Waldthurn \u2013 B\u00fcrgermeister Josef Beimler und Petra Reil<\/li>\n\n\n\n<li>Familie Bernhard Meier (f\u00fcr die Bereitstellung des Sportheimes am FSV Sportgel\u00e4nde)<\/li>\n\n\n\n<li>FSV Waldthurn &#8211; insbesondere Vorstand Max Bergler (f\u00fcr die \u00dcberlassung des Sportgel\u00e4ndes als Ausrichtungsstandort)<\/li>\n\n\n\n<li>bei allen Kuchenspendern<\/li>\n\n\n\n<li>bei allen Ausschussmitgliedern des Hauptvereins und des Skiclubs<br>Wir sehen bereits jetzt dem n\u00e4chsten Landkreislauf am 17. September 2011 in Grafenw\u00f6hr entgegen.<\/li>\n<\/ul>\n<\/div>\n\n\n\n\n\n\n\n<p><\/p>\n\n\n\n<p><\/p>\n\n\n\n<div class=\"wp-block-group alignwide is-layout-flow wp-block-group-is-layout-flow\">\n<p class=\"has-text-align-center has-large-font-size\"><strong><em>2010  &#8211; Biathlon im Langlaufzentrum Waldthurn<\/em><\/strong><\/p>\n<\/div>\n\n\n\n<div class=\"wp-block-group alignwide is-layout-flow wp-block-group-is-layout-flow\">\n<p>Es wurde scharf geschossen<br>Zum ersten Waldthurner Winterbiathlon trafen sich Sch\u00fcler, Jugendliche und Erwachsene am 6. Februar 2010 im Langlaufzentrum. Die Veranstaltung wurde er\u00f6ffnet durch das Einzelrennen der Sch\u00fcler und Jugendlichen, die einen Rundkurs von ca. 800 Metern zur\u00fcckzulegen hatten. Anschlie\u00dfend wurden f\u00fcnf Sch\u00fcsse mit ungef\u00e4hrlichen Lasergewehren abgegeben wobei Fehlsch\u00fcsse mit jeweils zehn Strafsekunden geahndet wurden.<br>Anschlie\u00dfend starteten die Staffeln der Waldthurner Vereine; hier galt es den gesamten Rundkurs schnellstm\u00f6glich und ohne Fehlsch\u00fcsse zu absolvieren. Es zeigte sich, dass ein fehlerfreies Schie\u00dfen den Grundstein f\u00fcr eine Platzierung im vorderen Bereich legte; es war n\u00e4mlich f\u00fcr jeden Fehlschuss eine Strafrunde die Folge. Ein Highlight war das Rennen der drei Waldthurner B\u00fcrgermeister, die nach erfolgtem Lauf ebenfalls den Schie\u00dfstand ansteuerten. Die Zuschauer waren begeistert von der kurzweiligen Veranstaltung, die in jedem Fall wiederholt werden soll.<\/p>\n<\/div>\n\n\n\n\n\n\n\n<p class=\"has-text-align-center has-large-font-size\"><strong><em>2009   3. April  Skitour Arber <\/em><\/strong><\/p>\n\n\n\n<div class=\"wp-block-group alignwide is-nowrap is-layout-flex wp-container-core-group-is-layout-6c531013 wp-block-group-is-layout-flex\">\n<figure class=\"wp-block-image size-large\"><img loading=\"lazy\" decoding=\"async\" width=\"614\" height=\"461\" src=\"https:\/\/owv-sc-waldthurn.de\/wp-content\/uploads\/2024\/10\/2003a-4.jpg\" alt=\"\" class=\"wp-image-3044\" srcset=\"https:\/\/owv-sc-waldthurn.de\/wp-content\/uploads\/2024\/10\/2003a-4.jpg 614w, https:\/\/owv-sc-waldthurn.de\/wp-content\/uploads\/2024\/10\/2003a-4-300x225.jpg 300w\" sizes=\"auto, (max-width: 614px) 100vw, 614px\" \/><\/figure>\n\n\n\n<figure class=\"wp-block-image size-large\"><img loading=\"lazy\" decoding=\"async\" width=\"614\" height=\"461\" src=\"https:\/\/owv-sc-waldthurn.de\/wp-content\/uploads\/2024\/10\/2003a-5.jpg\" alt=\"\" class=\"wp-image-3045\" srcset=\"https:\/\/owv-sc-waldthurn.de\/wp-content\/uploads\/2024\/10\/2003a-5.jpg 614w, https:\/\/owv-sc-waldthurn.de\/wp-content\/uploads\/2024\/10\/2003a-5-300x225.jpg 300w\" sizes=\"auto, (max-width: 614px) 100vw, 614px\" \/><\/figure>\n<\/div>\n\n\n\n<div class=\"wp-block-group alignwide is-layout-flow wp-block-group-is-layout-flow\">\n<p><br>Die Skitour verlief im Bayerischen Wald, beginnend vom Eck bei Arrach \u00fcber die Auerhahnh\u00f6henloipe \u00fcber Schareben bis zum Arbergipfel. Mit dabei waren die Skifreunde Manfred Holbaum aus Waldthurn und Franz Pretzl aus Premberg und ein altbekannter Langlaufveteran, Helmut Schneider, aus Waldm\u00fcnchen.<\/p>\n<\/div>\n\n\n\n<div class=\"wp-block-group alignwide is-nowrap is-layout-flex wp-container-core-group-is-layout-6c531013 wp-block-group-is-layout-flex\">\n<figure class=\"wp-block-image size-full is-resized\"><img loading=\"lazy\" decoding=\"async\" width=\"614\" height=\"461\" src=\"https:\/\/owv-sc-waldthurn.de\/wp-content\/uploads\/2024\/10\/2003a-3.jpg\" alt=\"\" class=\"wp-image-3043\" style=\"width:491px;height:auto\" srcset=\"https:\/\/owv-sc-waldthurn.de\/wp-content\/uploads\/2024\/10\/2003a-3.jpg 614w, https:\/\/owv-sc-waldthurn.de\/wp-content\/uploads\/2024\/10\/2003a-3-300x225.jpg 300w\" sizes=\"auto, (max-width: 614px) 100vw, 614px\" \/><\/figure>\n\n\n\n<figure class=\"wp-block-image size-full is-resized\"><img loading=\"lazy\" decoding=\"async\" width=\"614\" height=\"461\" src=\"https:\/\/owv-sc-waldthurn.de\/wp-content\/uploads\/2024\/10\/2003b-1-1.jpg\" alt=\"\" class=\"wp-image-3047\" style=\"width:505px;height:auto\" srcset=\"https:\/\/owv-sc-waldthurn.de\/wp-content\/uploads\/2024\/10\/2003b-1-1.jpg 614w, https:\/\/owv-sc-waldthurn.de\/wp-content\/uploads\/2024\/10\/2003b-1-1-300x225.jpg 300w\" sizes=\"auto, (max-width: 614px) 100vw, 614px\" \/><\/figure>\n<\/div>\n\n\n\n<p><\/p>\n\n\n\n<p class=\"has-large-font-size\">&#8230;.. <strong><em>immer am Laufenden 2000 bis 20<\/em><\/strong><em><strong>22<\/strong><\/em><\/p>\n\n\n\n<p>Bilder:<\/p>\n\n\n\n\n\n\n\n<p><\/p>\n\n\n\n<p><\/p>\n\n\n\n<p class=\"has-text-align-center has-large-font-size\"><strong><em>2009<\/em><\/strong> <strong><em>Freundschaftsmarathon <\/em><\/strong><\/p>\n\n\n\n<div class=\"wp-block-group alignwide is-layout-flow wp-block-group-is-layout-flow\">\n<p>Doris Ertl, Johanna Gr\u00fcnauer, Irmi und Eduard Schober haben beim 3. Freundschaftsmarathon Weiden \u2013 Amberg wieder mit Erfolg teilgenommen.<br>Nachdem die beiden Skiclub-L\u00e4uferinnen Doris und Johanna bereits beim ersten und zweiten Freundschaftsmarathon ( Amberg \u2013 Weiden ) 2006 im Halbmarathon \u2013 Lauf (beide in ihren Altersklassen jeweils den 3. Platz) und mit der Staffelmannschaft im Jahr 2007 (2. Platz der Mixed \u2013 Staffel) erfolgreiche Pl\u00e4tze erreichten, erk\u00e4mpften sie sich dieses mal in der RUN and BIKE \u2013 Disziplin (42,2 km Weiden \u2013 Amberg) mit einer Zeit von 3 h 29 min. den hervorragenden 3. Platz in der Damen \u2013 Team Wertung.<br>F\u00fcr die ebenfalls f\u00fcr den Skiclub Waldthurn gestarteten L\u00e4ufer Irmi und Edi war es bereits die zweite RUN and BIKE Teilnahme dieser Megaveranstaltung (Edi war auch einer der vier Staffell\u00e4ufer).Mit einer Endzeit von 2 h 56 min. behauptete das Ehepaar Schober in der Mixed Team Wertung, nachdem sie schon einmal den zweiten Platz erlangten, den begehrten 1. Platz f\u00fcr sich.<br>RUN and BIKE d. h. : zwei L\u00e4ufer und ein Rad (zwei Damen oder zwei Herren oder eine Dame und ein Herr) starten gemeinsam , k\u00f6nnen und d\u00fcrfen so oft sie wollen wechseln (d.h. eine oder einer radelt , der oder die andere l\u00e4uft) bleiben aber w\u00e4hrend der 42,2 km Strecke zusammen und kommen gemeinsam ans Ziel .<\/p>\n<\/div>\n\n\n\n<div class=\"wp-block-group is-nowrap is-layout-flex wp-container-core-group-is-layout-6c531013 wp-block-group-is-layout-flex\">\n<figure class=\"wp-block-image size-large is-resized\" style=\"margin-top:var(--wp--preset--spacing--10);margin-right:var(--wp--preset--spacing--20);margin-bottom:var(--wp--preset--spacing--10);margin-left:var(--wp--preset--spacing--20)\"><img loading=\"lazy\" decoding=\"async\" width=\"765\" height=\"1024\" src=\"https:\/\/owv-sc-waldthurn.de\/wp-content\/uploads\/2024\/10\/2009-j-Freundschaftsmarathon-Weiden-Amberg-FRun-and-bike-765x1024.jpg\" alt=\"\" class=\"wp-image-4280\" style=\"width:317px;height:auto\" srcset=\"https:\/\/owv-sc-waldthurn.de\/wp-content\/uploads\/2024\/10\/2009-j-Freundschaftsmarathon-Weiden-Amberg-FRun-and-bike-765x1024.jpg 765w, https:\/\/owv-sc-waldthurn.de\/wp-content\/uploads\/2024\/10\/2009-j-Freundschaftsmarathon-Weiden-Amberg-FRun-and-bike-224x300.jpg 224w, https:\/\/owv-sc-waldthurn.de\/wp-content\/uploads\/2024\/10\/2009-j-Freundschaftsmarathon-Weiden-Amberg-FRun-and-bike-768x1027.jpg 768w, https:\/\/owv-sc-waldthurn.de\/wp-content\/uploads\/2024\/10\/2009-j-Freundschaftsmarathon-Weiden-Amberg-FRun-and-bike.jpg 897w\" sizes=\"auto, (max-width: 765px) 100vw, 765px\" \/><\/figure>\n\n\n\n<figure class=\"wp-block-image size-full is-resized\" style=\"margin-top:var(--wp--preset--spacing--10);margin-right:var(--wp--preset--spacing--20);margin-bottom:var(--wp--preset--spacing--10);margin-left:var(--wp--preset--spacing--20)\"><img loading=\"lazy\" decoding=\"async\" width=\"414\" height=\"532\" src=\"https:\/\/owv-sc-waldthurn.de\/wp-content\/uploads\/2024\/10\/2009f-3-1.jpg\" alt=\"\" class=\"wp-image-4281\" style=\"width:320px;height:auto\" srcset=\"https:\/\/owv-sc-waldthurn.de\/wp-content\/uploads\/2024\/10\/2009f-3-1.jpg 414w, https:\/\/owv-sc-waldthurn.de\/wp-content\/uploads\/2024\/10\/2009f-3-1-233x300.jpg 233w\" sizes=\"auto, (max-width: 414px) 100vw, 414px\" \/><\/figure>\n<\/div>\n\n\n\n<div class=\"wp-block-group alignwide is-nowrap is-layout-flex wp-container-core-group-is-layout-6c531013 wp-block-group-is-layout-flex\">\n<figure class=\"wp-block-image size-full is-resized\"><img loading=\"lazy\" decoding=\"async\" width=\"380\" height=\"507\" src=\"https:\/\/owv-sc-waldthurn.de\/wp-content\/uploads\/2024\/10\/Silvesterlauf.jpg\" alt=\"\" class=\"wp-image-4345\" style=\"width:441px;height:auto\" srcset=\"https:\/\/owv-sc-waldthurn.de\/wp-content\/uploads\/2024\/10\/Silvesterlauf.jpg 380w, https:\/\/owv-sc-waldthurn.de\/wp-content\/uploads\/2024\/10\/Silvesterlauf-225x300.jpg 225w\" sizes=\"auto, (max-width: 380px) 100vw, 380px\" \/><\/figure>\n\n\n\n<p>Teilnahme am 19. Amberger Silvesterlauf<br>Doris Ertl und Johanna Gr\u00fcnauer starteten mit den insgesamt 46 Damen in die 5 km lange Strecke.<br>Doris durchlief als 14. L\u00e4uferin und Johanna als 18. L\u00e4uferin die Ziellinie. In ihren Alterklassen erreichten die beiden gute Platzierungen.<br>Doris Ertl kam in der W35 Klasse auf den 5. Platz und Johanna Gr\u00fcnauer erreichte in der W45 den 3. Platz.<\/p>\n<\/div>\n\n\n\n<p class=\"has-large-font-size\">                <strong><em>2007  Amberg &#8211; Weiden<\/em><\/strong><\/p>\n\n\n\n<div class=\"wp-block-group is-content-justification-right is-nowrap is-layout-flex wp-container-core-group-is-layout-17124a9a wp-block-group-is-layout-flex\">\n<figure class=\"wp-block-image size-large is-resized\"><img loading=\"lazy\" decoding=\"async\" width=\"1024\" height=\"768\" src=\"https:\/\/owv-sc-waldthurn.de\/wp-content\/uploads\/2024\/10\/2007a-1-1-1024x768.jpg\" alt=\"\" class=\"wp-image-4874\" style=\"width:588px;height:auto\" srcset=\"https:\/\/owv-sc-waldthurn.de\/wp-content\/uploads\/2024\/10\/2007a-1-1-1024x768.jpg 1024w, https:\/\/owv-sc-waldthurn.de\/wp-content\/uploads\/2024\/10\/2007a-1-1-300x225.jpg 300w, https:\/\/owv-sc-waldthurn.de\/wp-content\/uploads\/2024\/10\/2007a-1-1-768x576.jpg 768w, https:\/\/owv-sc-waldthurn.de\/wp-content\/uploads\/2024\/10\/2007a-1-1.jpg 1200w\" sizes=\"auto, (max-width: 1024px) 100vw, 1024px\" \/><\/figure>\n<\/div>\n\n\n\n<div class=\"wp-block-group alignwide is-nowrap is-layout-flex wp-container-core-group-is-layout-6c531013 wp-block-group-is-layout-flex\">\n<figure class=\"wp-block-image size-large\"><img loading=\"lazy\" decoding=\"async\" width=\"1024\" height=\"786\" src=\"https:\/\/owv-sc-waldthurn.de\/wp-content\/uploads\/2024\/10\/2006-Freundscahfsr-1024x786.jpg\" alt=\"\" class=\"wp-image-4284\" srcset=\"https:\/\/owv-sc-waldthurn.de\/wp-content\/uploads\/2024\/10\/2006-Freundscahfsr-1024x786.jpg 1024w, https:\/\/owv-sc-waldthurn.de\/wp-content\/uploads\/2024\/10\/2006-Freundscahfsr-300x230.jpg 300w, https:\/\/owv-sc-waldthurn.de\/wp-content\/uploads\/2024\/10\/2006-Freundscahfsr-768x589.jpg 768w, https:\/\/owv-sc-waldthurn.de\/wp-content\/uploads\/2024\/10\/2006-Freundscahfsr.jpg 1135w\" sizes=\"auto, (max-width: 1024px) 100vw, 1024px\" \/><\/figure>\n\n\n\n<p class=\"has-text-align-center has-large-font-size\"><strong><em>2006<\/em><\/strong><\/p>\n\n\n\n<p class=\"has-large-font-size\"><strong><em>1. Freundschaftsmarathon<\/em><\/strong>   <strong><em>Amberg-Weiden<\/em><\/strong><\/p>\n<\/div>\n\n\n\n<div class=\"wp-block-group alignwide is-layout-flow wp-block-group-is-layout-flow\">\n<p><\/p>\n\n\n\n<p><\/p>\n<\/div>\n\n\n\n<figure class=\"wp-block-image size-large is-resized\"><img loading=\"lazy\" decoding=\"async\" width=\"1024\" height=\"227\" src=\"https:\/\/owv-sc-waldthurn.de\/wp-content\/uploads\/2024\/11\/2004-Maerz-Text-1024x227.jpg\" alt=\"\" class=\"wp-image-6519\" style=\"width:683px;height:auto\" srcset=\"https:\/\/owv-sc-waldthurn.de\/wp-content\/uploads\/2024\/11\/2004-Maerz-Text-1024x227.jpg 1024w, https:\/\/owv-sc-waldthurn.de\/wp-content\/uploads\/2024\/11\/2004-Maerz-Text-300x67.jpg 300w, https:\/\/owv-sc-waldthurn.de\/wp-content\/uploads\/2024\/11\/2004-Maerz-Text-768x170.jpg 768w, https:\/\/owv-sc-waldthurn.de\/wp-content\/uploads\/2024\/11\/2004-Maerz-Text.jpg 1200w\" sizes=\"auto, (max-width: 1024px) 100vw, 1024px\" \/><\/figure>\n\n\n\n<div class=\"wp-block-group alignwide is-nowrap is-layout-flex wp-container-core-group-is-layout-6c531013 wp-block-group-is-layout-flex\">\n<figure class=\"wp-block-image size-large is-resized\"><img loading=\"lazy\" decoding=\"async\" width=\"1024\" height=\"637\" src=\"https:\/\/owv-sc-waldthurn.de\/wp-content\/uploads\/2024\/11\/2004-1024x637.jpg\" alt=\"\" class=\"wp-image-6516\" style=\"width:587px;height:auto\" srcset=\"https:\/\/owv-sc-waldthurn.de\/wp-content\/uploads\/2024\/11\/2004-1024x637.jpg 1024w, https:\/\/owv-sc-waldthurn.de\/wp-content\/uploads\/2024\/11\/2004-300x187.jpg 300w, https:\/\/owv-sc-waldthurn.de\/wp-content\/uploads\/2024\/11\/2004-768x478.jpg 768w, https:\/\/owv-sc-waldthurn.de\/wp-content\/uploads\/2024\/11\/2004.jpg 1200w\" sizes=\"auto, (max-width: 1024px) 100vw, 1024px\" \/><\/figure>\n\n\n\n<figure class=\"wp-block-image size-large is-resized\"><img loading=\"lazy\" decoding=\"async\" width=\"1024\" height=\"507\" src=\"https:\/\/owv-sc-waldthurn.de\/wp-content\/uploads\/2024\/11\/2004-2-1024x507.jpg\" alt=\"\" class=\"wp-image-6517\" style=\"width:671px;height:auto\" srcset=\"https:\/\/owv-sc-waldthurn.de\/wp-content\/uploads\/2024\/11\/2004-2-1024x507.jpg 1024w, https:\/\/owv-sc-waldthurn.de\/wp-content\/uploads\/2024\/11\/2004-2-300x149.jpg 300w, https:\/\/owv-sc-waldthurn.de\/wp-content\/uploads\/2024\/11\/2004-2-768x380.jpg 768w, https:\/\/owv-sc-waldthurn.de\/wp-content\/uploads\/2024\/11\/2004-2.jpg 1200w\" sizes=\"auto, (max-width: 1024px) 100vw, 1024px\" \/><\/figure>\n<\/div>\n\n\n\n<p class=\"has-text-align-center has-large-font-size\"><strong><em>2000  <\/em><\/strong><\/p>\n\n\n\n<p class=\"has-text-align-center\"><strong><em>Beachtliche Leistungen haben die Damen vom Skiclub Waldthurn beim <\/em><\/strong><\/p>\n\n\n\n<p class=\"has-text-align-center\"><strong><em>11. Amberger Silvesterlauf vollbracht.<\/em><\/strong><\/p>\n\n\n\n<div class=\"wp-block-group alignwide is-layout-flow wp-block-group-is-layout-flow\">\n<p>Nachdem Doris Ertl nach einer Babypause wieder mit an den Start gehen konnte, stand der Stellung einer schlagkr\u00e4ftigen Mannschaft zusammen mit Johanna Gr\u00fcnauer und Irmgard Schober bei dieser Veranstaltung nichts mehr im Wege . Das Team belegte bei diesem Lauf, der quer durch Amberg f\u00fchrte und bei dem 5 km zu laufen waren, den beachtlichen 3. Platz. Zu dieser Bewertung erfolgten auch noch die top Platzierungen in den Altersklassen. Damit konnten Irmgard Schober und Johanna Gr\u00fcnauer an die Erfolge vom OVL Cup , sowie beim Run &amp; Fun &#8211; Cup Tirschenreuth &#8211; hier belegten die beiden L\u00e4uferinnen in ihren Klassen den ersten Platz &#8211; ankn\u00fcpfen<\/p>\n<\/div>\n\n\n\n<div class=\"wp-block-group alignwide is-nowrap is-layout-flex wp-container-core-group-is-layout-6c531013 wp-block-group-is-layout-flex\">\n<figure class=\"wp-block-image size-large is-resized\"><img loading=\"lazy\" decoding=\"async\" width=\"881\" height=\"613\" src=\"https:\/\/owv-sc-waldthurn.de\/wp-content\/uploads\/2024\/10\/2000-c-Silvesterlauf-2000-1.bmp\" alt=\"\" class=\"wp-image-5390\" style=\"width:642px;height:auto\" srcset=\"https:\/\/owv-sc-waldthurn.de\/wp-content\/uploads\/2024\/10\/2000-c-Silvesterlauf-2000-1.bmp 881w, https:\/\/owv-sc-waldthurn.de\/wp-content\/uploads\/2024\/10\/2000-c-Silvesterlauf-2000-1-300x209.jpg 300w, https:\/\/owv-sc-waldthurn.de\/wp-content\/uploads\/2024\/10\/2000-c-Silvesterlauf-2000-1-768x534.jpg 768w\" sizes=\"auto, (max-width: 881px) 100vw, 881px\" \/><\/figure>\n<\/div>\n\n\n\n<figure class=\"wp-block-image size-large\"><img loading=\"lazy\" decoding=\"async\" width=\"1024\" height=\"710\" src=\"https:\/\/owv-sc-waldthurn.de\/wp-content\/uploads\/2024\/11\/2000-Skigymn-1-1024x710.jpg\" alt=\"\" class=\"wp-image-7292\" srcset=\"https:\/\/owv-sc-waldthurn.de\/wp-content\/uploads\/2024\/11\/2000-Skigymn-1-1024x710.jpg 1024w, https:\/\/owv-sc-waldthurn.de\/wp-content\/uploads\/2024\/11\/2000-Skigymn-1-300x208.jpg 300w, https:\/\/owv-sc-waldthurn.de\/wp-content\/uploads\/2024\/11\/2000-Skigymn-1-768x532.jpg 768w, https:\/\/owv-sc-waldthurn.de\/wp-content\/uploads\/2024\/11\/2000-Skigymn-1.jpg 1200w\" sizes=\"auto, (max-width: 1024px) 100vw, 1024px\" \/><\/figure>\n\n\n\n<p class=\"has-x-large-font-size\"><strong><em>Aus der Vereinschronik<\/em><\/strong><\/p>\n\n\n\n<p class=\"has-large-font-size\">                           <strong><em>Lang is her<\/em><\/strong><\/p>\n\n\n\n\n\n\n\n<div class=\"wp-block-group is-nowrap is-layout-flex wp-container-core-group-is-layout-6c531013 wp-block-group-is-layout-flex\">\n<div class=\"wp-block-group is-layout-flow wp-block-group-is-layout-flow\">\n<p class=\"has-text-align-left\"><\/p>\n\n\n\n<p class=\"has-text-align-left\"><strong><em> Langlaufstaffel  <\/em><\/strong>1968 <strong><em>Bild links<\/em><\/strong><\/p>\n<\/div>\n<\/div>\n\n\n\n<p class=\"has-text-align-left\"><strong><em>Troidl Franz  &#8211;  Kick Johann ( da Igl ) &#8211; Gr\u00fcnauer Johann<\/em><\/strong><\/p>\n\n\n\n<div class=\"wp-block-group alignwide is-nowrap is-layout-flex wp-container-core-group-is-layout-6c531013 wp-block-group-is-layout-flex\">\n<figure class=\"wp-block-image size-full is-resized has-custom-border\"><img loading=\"lazy\" decoding=\"async\" width=\"662\" height=\"833\" src=\"https:\/\/owv-sc-waldthurn.de\/wp-content\/uploads\/2024\/10\/1966-Johann-Langlauf.jpg\" alt=\"\" class=\"has-border-color has-base-2-border-color wp-image-5441\" style=\"border-width:11px;width:683px;height:auto\" srcset=\"https:\/\/owv-sc-waldthurn.de\/wp-content\/uploads\/2024\/10\/1966-Johann-Langlauf.jpg 662w, https:\/\/owv-sc-waldthurn.de\/wp-content\/uploads\/2024\/10\/1966-Johann-Langlauf-238x300.jpg 238w\" sizes=\"auto, (max-width: 662px) 100vw, 662px\" \/><\/figure>\n\n\n\n<figure class=\"wp-block-image size-large is-resized has-custom-border\" style=\"margin-right:var(--wp--preset--spacing--50);margin-left:var(--wp--preset--spacing--50)\"><img loading=\"lazy\" decoding=\"async\" width=\"1024\" height=\"597\" src=\"https:\/\/owv-sc-waldthurn.de\/wp-content\/uploads\/2024\/11\/1960-1024x597.jpg\" alt=\"\" class=\"has-border-color has-base-2-border-color wp-image-6692\" style=\"border-width:15px;width:1220px;height:auto\" srcset=\"https:\/\/owv-sc-waldthurn.de\/wp-content\/uploads\/2024\/11\/1960-1024x597.jpg 1024w, https:\/\/owv-sc-waldthurn.de\/wp-content\/uploads\/2024\/11\/1960-300x175.jpg 300w, https:\/\/owv-sc-waldthurn.de\/wp-content\/uploads\/2024\/11\/1960-768x448.jpg 768w, https:\/\/owv-sc-waldthurn.de\/wp-content\/uploads\/2024\/11\/1960.jpg 1200w\" sizes=\"auto, (max-width: 1024px) 100vw, 1024px\" \/><\/figure>\n<\/div>\n","protected":false},"excerpt":{"rendered":"<p>2022 Letzter Landkreisstaffellauf 2019 M\u00fcnchen Marathon Gro\u00dfes Lauffestival in der Landeshauptstadt M\u00fcnchen (13.10.2019 Bericht und Bilder Roman Bauer)Nicht entgehen lie\u00dfen sich Swen Arnold, Christian Steiner und Niclas Krapf, drei aktive L\u00e4ufer des OWV\/Skiclub Waldthurn, den international hochgradig besetzten Marathon in der Landeshauptstadt M\u00fcnchen. Mehr als 22.000 Teilnehmer aus \u00fcber 50 Nationen gingen am Sonntag, 13. [&hellip;]<\/p>\n","protected":false},"author":2,"featured_media":0,"parent":9912,"menu_order":1,"comment_status":"closed","ping_status":"closed","template":"","meta":{"footnotes":""},"folder":[],"class_list":["post-1889","page","type-page","status-publish","hentry"],"_links":{"self":[{"href":"https:\/\/owv-sc-waldthurn.de\/index.php?rest_route=\/wp\/v2\/pages\/1889","targetHints":{"allow":["GET"]}}],"collection":[{"href":"https:\/\/owv-sc-waldthurn.de\/index.php?rest_route=\/wp\/v2\/pages"}],"about":[{"href":"https:\/\/owv-sc-waldthurn.de\/index.php?rest_route=\/wp\/v2\/types\/page"}],"author":[{"embeddable":true,"href":"https:\/\/owv-sc-waldthurn.de\/index.php?rest_route=\/wp\/v2\/users\/2"}],"replies":[{"embeddable":true,"href":"https:\/\/owv-sc-waldthurn.de\/index.php?rest_route=%2Fwp%2Fv2%2Fcomments&post=1889"}],"version-history":[{"count":113,"href":"https:\/\/owv-sc-waldthurn.de\/index.php?rest_route=\/wp\/v2\/pages\/1889\/revisions"}],"predecessor-version":[{"id":10340,"href":"https:\/\/owv-sc-waldthurn.de\/index.php?rest_route=\/wp\/v2\/pages\/1889\/revisions\/10340"}],"up":[{"embeddable":true,"href":"https:\/\/owv-sc-waldthurn.de\/index.php?rest_route=\/wp\/v2\/pages\/9912"}],"wp:attachment":[{"href":"https:\/\/owv-sc-waldthurn.de\/index.php?rest_route=%2Fwp%2Fv2%2Fmedia&parent=1889"}],"wp:term":[{"taxonomy":"folder","embeddable":true,"href":"https:\/\/owv-sc-waldthurn.de\/index.php?rest_route=%2Fwp%2Fv2%2Ffolder&post=1889"}],"curies":[{"name":"wp","href":"https:\/\/api.w.org\/{rel}","templated":true}]}}