{"id":2,"date":"2024-09-04T15:47:40","date_gmt":"2024-09-04T15:47:40","guid":{"rendered":"https:\/\/owv-sc-waldthurn.de\/?page_id=2"},"modified":"2026-04-13T12:44:48","modified_gmt":"2026-04-13T12:44:48","slug":"vereinsleben","status":"publish","type":"page","link":"https:\/\/owv-sc-waldthurn.de\/?page_id=2","title":{"rendered":"Blick zur\u00fcck 2025-2024"},"content":{"rendered":"\n<p><\/p>\n\n\n\n<p class=\"has-x-large-font-size\"><\/p>\n\n\n\n<div class=\"wp-block-group alignwide has-global-padding is-layout-constrained wp-block-group-is-layout-constrained\">\n<div class=\"wp-block-group alignwide has-global-padding is-layout-constrained wp-block-group-is-layout-constrained\">\n<div class=\"wp-block-group alignwide is-layout-flow wp-block-group-is-layout-flow\">\n<p class=\"has-large-font-size\"><strong>19.<\/strong> <strong>Dezember <\/strong>&#8211; <strong>Flei\u00dfige Helfer im OWV Heimatmuseum<\/strong><\/p>\n<\/div>\n\n\n\n<p><\/p>\n<\/div>\n<\/div>\n\n\n\n<div class=\"wp-block-group alignwide is-layout-flow wp-block-group-is-layout-flow\">\n<p>Jedes Jahr im Advent treffen sich viele ehrenamtliche Helfer im Heimatmuseum des Oberpf\u00e4lzer Waldverein Waldthurn um den traditionellen \u201eChristbaum aus der guten alten Zeit\u201c zu schm\u00fccken. Sabine Arlt, Heidi Klos und Monika Bauer opfern viel Freizeit und verzieren den Weihnachtsbaum mit selbstgebackenen Zuckerst\u00fcckeln, goldfarbenen N\u00fcssen und handgebastelten Strohsternen. Mehr als 200 \u00c4pfel werden um den Stamm gewickelt. Am Stiel eines jeden einzelnen Apfel muss vorab ein roter Faden befestigt werden. F\u00fcr die Weihnachtsausstellung betreibt Waltraud K\u00fchnhauser viel Aufwand. Die sch\u00f6nen &#8211; zum Teil altert\u00fcmlichen &#8211; Leihgaben vom Stadtarchiv Weiden m\u00fcssen in den Glasvitrinen passend integriert werden. Alle R\u00e4ume erstrahlen in weihnachtlichem Glanz. Der Duft von Tanne und frischem Moos erstreckt sich \u00fcber die gesamte Etage. Nachdem das Moos in der Dauerkrippenausstellung mittlerweile seine gr\u00fcne Farbe verloren hat, entschlossen sich Werner Pankotsch, Helmut Glaser und Erwin Klotz das mittlerweile blasse Moos auszutauschen. Die original Oberpf\u00e4lzer Heimatkrippe mit orientalischer Stadt, die S\u00fcdtiroler Krippe und der Rosenkranzweg zum Fahrenberg mit der Wallfahrtskirche erstrahlt nun wieder, dank der r\u00fchrigen Heimatfreunde, in neuem frischen Gewand. Das Heimatmuseum ist vom ersten Weihnachtsfeiertag bis zum 06. Januar 2026 von 09.00 Uhr bis 17.00 Uhr t\u00e4glich ge\u00f6ffnet.<\/p>\n<\/div>\n\n\n\n<div class=\"wp-block-group alignwide is-nowrap is-layout-flex wp-container-core-group-is-layout-6c531013 wp-block-group-is-layout-flex\">\n<figure class=\"wp-block-image size-large\"><img loading=\"lazy\" decoding=\"async\" width=\"858\" height=\"1024\" src=\"https:\/\/owv-sc-waldthurn.de\/wp-content\/uploads\/2025\/12\/Foto-Krippe-Moos-2025-858x1024.jpg\" alt=\"\" class=\"wp-image-9671\" srcset=\"https:\/\/owv-sc-waldthurn.de\/wp-content\/uploads\/2025\/12\/Foto-Krippe-Moos-2025-858x1024.jpg 858w, https:\/\/owv-sc-waldthurn.de\/wp-content\/uploads\/2025\/12\/Foto-Krippe-Moos-2025-251x300.jpg 251w, https:\/\/owv-sc-waldthurn.de\/wp-content\/uploads\/2025\/12\/Foto-Krippe-Moos-2025-768x917.jpg 768w, https:\/\/owv-sc-waldthurn.de\/wp-content\/uploads\/2025\/12\/Foto-Krippe-Moos-2025.jpg 1005w\" sizes=\"auto, (max-width: 858px) 100vw, 858px\" \/><\/figure>\n\n\n\n<figure class=\"wp-block-image size-large\"><img loading=\"lazy\" decoding=\"async\" width=\"1024\" height=\"753\" src=\"https:\/\/owv-sc-waldthurn.de\/wp-content\/uploads\/2025\/12\/Christbaum-2025-1024x753.jpg\" alt=\"\" class=\"wp-image-9673\" srcset=\"https:\/\/owv-sc-waldthurn.de\/wp-content\/uploads\/2025\/12\/Christbaum-2025-1024x753.jpg 1024w, https:\/\/owv-sc-waldthurn.de\/wp-content\/uploads\/2025\/12\/Christbaum-2025-300x221.jpg 300w, https:\/\/owv-sc-waldthurn.de\/wp-content\/uploads\/2025\/12\/Christbaum-2025-768x565.jpg 768w, https:\/\/owv-sc-waldthurn.de\/wp-content\/uploads\/2025\/12\/Christbaum-2025.jpg 1200w\" sizes=\"auto, (max-width: 1024px) 100vw, 1024px\" \/><\/figure>\n\n\n\n<figure class=\"wp-block-image size-large\"><img loading=\"lazy\" decoding=\"async\" width=\"768\" height=\"1024\" src=\"https:\/\/owv-sc-waldthurn.de\/wp-content\/uploads\/2025\/12\/Weihnachtsausstellung-2025-768x1024.jpg\" alt=\"\" class=\"wp-image-9672\" srcset=\"https:\/\/owv-sc-waldthurn.de\/wp-content\/uploads\/2025\/12\/Weihnachtsausstellung-2025-768x1024.jpg 768w, https:\/\/owv-sc-waldthurn.de\/wp-content\/uploads\/2025\/12\/Weihnachtsausstellung-2025-225x300.jpg 225w, https:\/\/owv-sc-waldthurn.de\/wp-content\/uploads\/2025\/12\/Weihnachtsausstellung-2025.jpg 900w\" sizes=\"auto, (max-width: 768px) 100vw, 768px\" \/><\/figure>\n<\/div>\n\n\n\n<p class=\"has-large-font-size\"><strong>Sonntag 14. Dezember<\/strong> &#8211;<strong> 3. Advent<\/strong><\/p>\n\n\n\n<div class=\"wp-block-group alignwide is-layout-flow wp-block-group-is-layout-flow\">\n<p>Bei widrigen Witterungsverh\u00e4ltnissen beging der Oberpf\u00e4lzer Waldverein Waldthurn am dritten Adventssonntag die allj\u00e4hrliche Waldweihnacht. Trotz nebeligen Bedingungen trafen sich viele Familien mit Kindern beim Pfarrheim und zogen gemeinsam \u2013 unter der F\u00fchrung von Helmut Glaser \u2013 mit Fackeln und Laternen zur idyllisch gelegenen Bruder-Klaus-Kapelle. Die OWV-Helfer hatten das Areal mit Feuerst\u00e4mmen, Windlichtern, brennenden Feuers\u00e4ulen, Kerzen und Laternen in eine romantische, vorweihnachtliche Atmosph\u00e4re dekoriert. Eine Bl\u00e4sergruppe der Trachtenkapelle unter der Leitung von Sepp Pflaum sen., die CantiKids mit Manuela Gr\u00fcnauer und erstmals der gemischte Chor TonArt, sangen und spielten Weihnachts- und Adventsweisen.<br>Stimmungsvoll wurden Weihnachtslieder intoniert. Bei \u201eHerbei oh ihr Gl\u00e4ubigen\u201c, \u201eAdvent is a Leuchtn\u201c, \u201eEs wird scho glei Dumpa\u201c, Drau\u00dfen ist dunkel\u201c, \u201eBald ist Weihnachtszeit\u201c, S\u00fc\u00dfer die Glocken nie klingen\u201c, \u201eZ\u00fcnd ein Licht an\u201c und \u201e\u00dcberall leuchten die Kerzen\u201c herrschte eine ruhige und harmonische Atmosph\u00e4re. Barbara und Paulus Frischholz hatten im Vorfeld die Bruder-Klaus-Kapelle in ein w\u00fcrdevolles, kleines sakrales Gotteshaus verwandelt. Mit dem Andachtsjodler, der gemeinsam gesungen wurde, endete die Waldweihnacht. Die OWV Vorsitzenden Heiko Glaser und Dominik Klos dankten allen Musikanten und Interpreten f\u00fcr die musikalischen Darbietungen. Der warme Gl\u00fchwein und Kinderpunsch, zubereitet von den OWV-Damen, fand rei\u00dfenden Absatz.<\/p>\n<\/div>\n\n\n\n<div class=\"wp-block-group alignwide is-nowrap is-layout-flex wp-container-core-group-is-layout-6c531013 wp-block-group-is-layout-flex\">\n<figure class=\"wp-block-image size-large\"><img loading=\"lazy\" decoding=\"async\" width=\"1024\" height=\"576\" src=\"https:\/\/owv-sc-waldthurn.de\/wp-content\/uploads\/2025\/12\/20251214_180835-1024x576.jpg\" alt=\"\" class=\"wp-image-9666\" srcset=\"https:\/\/owv-sc-waldthurn.de\/wp-content\/uploads\/2025\/12\/20251214_180835-1024x576.jpg 1024w, https:\/\/owv-sc-waldthurn.de\/wp-content\/uploads\/2025\/12\/20251214_180835-300x169.jpg 300w, https:\/\/owv-sc-waldthurn.de\/wp-content\/uploads\/2025\/12\/20251214_180835-768x432.jpg 768w, https:\/\/owv-sc-waldthurn.de\/wp-content\/uploads\/2025\/12\/20251214_180835.jpg 1200w\" sizes=\"auto, (max-width: 1024px) 100vw, 1024px\" \/><\/figure>\n\n\n\n<figure class=\"wp-block-image size-large\"><img loading=\"lazy\" decoding=\"async\" width=\"1024\" height=\"576\" src=\"https:\/\/owv-sc-waldthurn.de\/wp-content\/uploads\/2025\/12\/20251214_175756-1024x576.jpg\" alt=\"\" class=\"wp-image-9667\" srcset=\"https:\/\/owv-sc-waldthurn.de\/wp-content\/uploads\/2025\/12\/20251214_175756-1024x576.jpg 1024w, https:\/\/owv-sc-waldthurn.de\/wp-content\/uploads\/2025\/12\/20251214_175756-300x169.jpg 300w, https:\/\/owv-sc-waldthurn.de\/wp-content\/uploads\/2025\/12\/20251214_175756-768x432.jpg 768w, https:\/\/owv-sc-waldthurn.de\/wp-content\/uploads\/2025\/12\/20251214_175756.jpg 1200w\" sizes=\"auto, (max-width: 1024px) 100vw, 1024px\" \/><\/figure>\n\n\n\n<figure class=\"wp-block-image size-large\"><img loading=\"lazy\" decoding=\"async\" width=\"1024\" height=\"576\" src=\"https:\/\/owv-sc-waldthurn.de\/wp-content\/uploads\/2025\/12\/20251214_180032-1024x576.jpg\" alt=\"\" class=\"wp-image-9668\" srcset=\"https:\/\/owv-sc-waldthurn.de\/wp-content\/uploads\/2025\/12\/20251214_180032-1024x576.jpg 1024w, https:\/\/owv-sc-waldthurn.de\/wp-content\/uploads\/2025\/12\/20251214_180032-300x169.jpg 300w, https:\/\/owv-sc-waldthurn.de\/wp-content\/uploads\/2025\/12\/20251214_180032-768x432.jpg 768w, https:\/\/owv-sc-waldthurn.de\/wp-content\/uploads\/2025\/12\/20251214_180032.jpg 1200w\" sizes=\"auto, (max-width: 1024px) 100vw, 1024px\" \/><\/figure>\n<\/div>\n\n\n\n<div class=\"wp-block-group alignwide is-layout-flow wp-block-group-is-layout-flow\">\n<p class=\"has-medium-font-size\"><\/p>\n\n\n\n<p class=\"has-large-font-size\"> <strong>Samstag 29. November<\/strong>&#8211; <strong>Christbaum am Marktplatz<\/strong><\/p>\n\n\n\n<p class=\"has-medium-font-size\"><br>Traditionell zum ersten Advent stellt der OWV Waldthurn einen Christbaum am Marktplatz beim Kriegerdenkmal auf. Susanne Fischer aus Waldthurn stiftete eine sch\u00f6n gewachsene Tanne, welche mit zahlreichen Lichterketten das bevorstehende Weihnachtsfest ank\u00fcndigt. Dieter Malzer organisierte zahlreiche Helfer. Die OWV-Vorsitzenden Heiko Glaser und Dominik Klos dankten insbesondere Thomas Riedl von der Firma Holzbau Riedl f\u00fcr die Bereitstellung des Autokranes, sowie Franz-Josef Beimler f\u00fcr den Transport zum Marktplatz. Bei eisigen und winterlichen Temperaturen war der Weihnachtsbaum rasch aufgestellt. Nach getaner Arbeit spendierten Agnes und Hans-J\u00fcrgen Bergler von der Metzgerei Bergler &#8211; wie in jedem Jahr &#8211; eine ausgiebige Brotzeit.<br>Roman Bauer<\/p>\n<\/div>\n\n\n\n<p><\/p>\n\n\n\n<figure class=\"wp-block-image size-large\"><img loading=\"lazy\" decoding=\"async\" width=\"861\" height=\"1024\" src=\"https:\/\/owv-sc-waldthurn.de\/wp-content\/uploads\/2025\/12\/Foto-Christbaum-Marktplatz-2025-861x1024.jpg\" alt=\"\" class=\"wp-image-9601\" srcset=\"https:\/\/owv-sc-waldthurn.de\/wp-content\/uploads\/2025\/12\/Foto-Christbaum-Marktplatz-2025-861x1024.jpg 861w, https:\/\/owv-sc-waldthurn.de\/wp-content\/uploads\/2025\/12\/Foto-Christbaum-Marktplatz-2025-252x300.jpg 252w, https:\/\/owv-sc-waldthurn.de\/wp-content\/uploads\/2025\/12\/Foto-Christbaum-Marktplatz-2025-768x913.jpg 768w, https:\/\/owv-sc-waldthurn.de\/wp-content\/uploads\/2025\/12\/Foto-Christbaum-Marktplatz-2025.jpg 1009w\" sizes=\"auto, (max-width: 861px) 100vw, 861px\" \/><\/figure>\n\n\n\n<p class=\"has-text-align-center has-large-font-size\"><strong>13. November  &#8211; Jahreshauptversammlung  mit Neuwahlen <\/strong><\/p>\n\n\n\n<div class=\"wp-block-group alignwide is-layout-flow wp-block-group-is-layout-flow\">\n<p class=\"has-text-align-left\"><br>Von Tanja Pflaum<br>Zur Jahreshauptversammlung des OWV Waldthurn konnte Vorsitzender Roman Bauer neben B\u00fcrgermeister Josef Beimler, 3. B\u00fcrgermeister Hans-Peter Reil und einigen Marktr\u00e4ten zahlreiche Mitglieder im Gasthaus \u201eSchwarzer Adler\u201c begr\u00fc\u00dfen. Zun\u00e4chst gedachte man den in diesem Jahr verstorbenen Mitgliedern Gerlinde F\u00fcrnrohr, Johann Frischholz, Herwig Meier, Franz Kramlinger, Max Schuirer, Thomas Waldhier, Max Stahl, Michael H\u00fcttner, Heinz Bergmann, Sieghard Reber, Max Sollfrank und Heinz Greim. Anschlie\u00dfend blickte Bauer zur\u00fcck auf ein ereignisreiches Jahr des 464 Mitglieder starken Vereins. \u201eIn diesem Jahr konnten wir viele Mitglieder aufnehmen\u201c, so Roman Bauer. Mit Thomas Hupfauf, Stephanie Ziegler, Marina Daubenmerkl, Rita Feiler, Femi Lehner, Fritz M\u00fchling, Moritz Pflaum, Frieda Sch\u00f6nberger, Franz Hanauer, Leonie W\u00fcst, Paul Burger, Vincent Hilburger, Julian Dahr und Georg Bocka begr\u00fc\u00dft der OWV 14 neue Mitglieder.<br><strong>Bauer berichtete in seinem R\u00fcckblick <\/strong>\u00fcber f\u00fcnf Ausschusssitzungen und vier Vereinsabende sowie vom \u201eChristbaum f\u00fcr alle\u201c, einer Nachtwanderung, der Waldweihnacht und der gut besuchten Krippenausstellung Anfang des Jahres. \u201eDie Schneelage war miserabel\u201c, merkte er zum vergangenen Winter an \u2013 Langlauf war leider nicht m\u00f6glich. Die Skih\u00fctte \u00f6ffnete an vier Sonntagen f\u00fcr Kaffee und Kuchen und wurde auch gerne f\u00fcr private Veranstaltungen angemietet. Rama Dama, Aufstellung des Maibaums, Sitzungen mit dem HAK, die Teilnahme am B\u00fcrgerfest sowie verschiedene Arbeitsdienste, das Ferienprogramm, ein zweit\u00e4giger Ausflug nach Stuttgart ins Musical \u201eTarzan\u201c und der Kirchweihkaffee im Oktober zeigten die Vielzahl der Aktivit\u00e4ten auf. Zwischendurch durfte man vielen Mitgliedern zu einem runden Geburtstag gratulieren. Bauer bedankte sich bei allen, die sich in irgendeiner Art und Weise am Vereinsleben beteiligt hatten \u2013 ob f\u00fcr die Pflege der Homepage, das Verteilen der \u201eArnika\u201c, die Pflege der Wanderwege, Arbeiten an der Skih\u00fctte oder das Schreiben von Berichten. \u201eOhne den vielen Helfern, auch den unauff\u00e4lligen im Hintergrund, ohne deren wertvollen Dienste w\u00e4re unser Vereinsleben so nicht m\u00f6glich\u201c, betonte der Vorsitzende. Ein gro\u00dfer Dank ging an alle Ausschussmitglieder, insbesondere Heiko Glaser und Dominik Klos, f\u00fcr die gro\u00dfartige Unterst\u00fctzung. \u201eNur durch den \u00fcberragenden Zusammenhalt aller, k\u00f6nnen die zahlreichen Aktivit\u00e4ten des Vereinsjahres bew\u00e4ltigt werden\u201c, merkte Bauer abschlie\u00dfend an.<br><br><\/p>\n<\/div>\n\n\n\n<div class=\"wp-block-group alignwide is-layout-flow wp-block-group-is-layout-flow\">\n<figure class=\"wp-block-gallery has-nested-images columns-default is-cropped wp-block-gallery-1 is-layout-flex wp-block-gallery-is-layout-flex\">\n<figure class=\"wp-block-image size-large\"><img loading=\"lazy\" decoding=\"async\" width=\"1024\" height=\"631\" data-id=\"9563\" src=\"https:\/\/owv-sc-waldthurn.de\/wp-content\/uploads\/2025\/11\/Roman-c-1024x631.jpg\" alt=\"\" class=\"wp-image-9563\" srcset=\"https:\/\/owv-sc-waldthurn.de\/wp-content\/uploads\/2025\/11\/Roman-c-1024x631.jpg 1024w, https:\/\/owv-sc-waldthurn.de\/wp-content\/uploads\/2025\/11\/Roman-c-300x185.jpg 300w, https:\/\/owv-sc-waldthurn.de\/wp-content\/uploads\/2025\/11\/Roman-c-768x474.jpg 768w, https:\/\/owv-sc-waldthurn.de\/wp-content\/uploads\/2025\/11\/Roman-c.jpg 1200w\" sizes=\"auto, (max-width: 1024px) 100vw, 1024px\" \/><\/figure>\n\n\n\n<figure class=\"wp-block-image size-large is-resized\"><img loading=\"lazy\" decoding=\"async\" width=\"1024\" height=\"684\" data-id=\"9571\" src=\"https:\/\/owv-sc-waldthurn.de\/wp-content\/uploads\/2025\/11\/Buergermeister-1024x684.jpg\" alt=\"\" class=\"wp-image-9571\" style=\"width:660px;height:auto\" srcset=\"https:\/\/owv-sc-waldthurn.de\/wp-content\/uploads\/2025\/11\/Buergermeister-1024x684.jpg 1024w, https:\/\/owv-sc-waldthurn.de\/wp-content\/uploads\/2025\/11\/Buergermeister-300x200.jpg 300w, https:\/\/owv-sc-waldthurn.de\/wp-content\/uploads\/2025\/11\/Buergermeister-768x513.jpg 768w, https:\/\/owv-sc-waldthurn.de\/wp-content\/uploads\/2025\/11\/Buergermeister.jpg 1200w\" sizes=\"auto, (max-width: 1024px) 100vw, 1024px\" \/><\/figure>\n<\/figure>\n<\/div>\n\n\n\n<div class=\"wp-block-group alignwide is-layout-flow wp-block-group-is-layout-flow\">\n<p><br><br>Kassenberichte<br><strong>Die Kassenberichte von Antje Seer (Hauptverein) und Horst Pleyer (Skiclub)<\/strong> waren detailliert und boten einen sehr zufriedenstellenden Kassenstand. Beide f\u00fchrten die wichtigsten Einnahmen und Ausgaben im Einzelnen auf. Kassenpr\u00fcfer Michael Steiner, der mit Sabine Arlt und Hans-J\u00fcrgen Bergler die Kassen gepr\u00fcft hatte, bescheinigte beiden Kassieren eine vorbildliche Kassenf\u00fchrung. Einstimmig erteilte die Versammlung die Entlastung der Kassiere und der gesamten Vorstandschaft.<\/p>\n<\/div>\n\n\n\n<div class=\"wp-block-group alignwide is-layout-flow wp-block-group-is-layout-flow\">\n<p><strong>R\u00fcckblick der Seniorenwandergruppe<\/strong><br>Helmut Gollwitzer berichtete \u00fcber das Jahr der Seniorenwandergruppe, die bei 14 Wanderungen rund 97 Kilometer zur\u00fcckgelegt hat. \u201eWir werden alle \u00e4lter, daher werden die Strecken k\u00fcrzer und daf\u00fcr die Zeit im Wirtshaus l\u00e4nger\u201c, merkte er augenzwinkernd an. Am 27. M\u00e4rz sei man in die Wandersaison gestartet, so Gollwitzer. Durchschnittlich beteiligten sich 12 Wanderer. Gollwitzer dankte allen Wanderf\u00fchrern. Abschlie\u00dfend gab er bekannt, dass \u00fcber die rund 140 Marterln im Gemeindegebiet ein Buch in Arbeit ist, das man eventuell zusammen mit dem HAK der \u00d6ffentlichkeit bei einer Buchvorstellung pr\u00e4sentieren will.<br><strong>R\u00fcckblick der Damengymnastikgruppe<\/strong><br>Sehr detailliert und humorvoll fiel der Jahresr\u00fcckblick von Johanna Gr\u00fcnauer aus. Sie erz\u00e4hlte von der winterlichen Fitnessgymnastik, die zahlreich angenommen wird, einer adventlichen Stunde und maskierten Turnerinnen. Im April gab es eine Abschlusswanderung rund um die Flossenb\u00fcrger Burg und den Gaisweiher. Im Mai startete die \u201eSmovey Walking Gruppe\u201c. Die \u201eWalker\u201c trafen sich regelm\u00e4\u00dfig, um mit den sportlichen Ringen die Natur der Umgebung zu erkunden \u2013 dabei kam auch der \u201eSmalltalk\u201c nicht zu kurz, wie Gr\u00fcnauer erw\u00e4hnte. Die j\u00e4hrliche Radltour fiel leider ins Wasser, aber am Kirchweihmontag unternahmen sechs Damen eine 12 Kilometer lange Wanderung am Glasschleiferweg. \u201eSpa\u00df und Fitness sind wichtig f\u00fcr ein gesundes Wohlbefinden \u2013 denn, was du deinem K\u00f6rper in jungen Jahren Gutes tust, das dankt er dir einmal im h\u00f6heren Alter\u201c, merkte Gr\u00fcnauer abschlie\u00dfend an.<br><strong>Eltern-Kind-Turnen<\/strong><br>Gro\u00dfen Anklang findet das Eltern-Kind-Turnen auch \u00fcber die Ortsgrenzen hinaus, berichtete Barbara Stahl. 15 bis 20 Kinder ab einem Jahr bis zum Besuch der Krippe oder des Kindergartens besuchen das w\u00f6chentliche Turnen. Die Kinder k\u00f6nnen sich dort an verschiedenen Stationen ausprobieren, soziale Kontakte kn\u00fcpfen und Spa\u00df haben. Ganz wichtig ist, dass die Kinder an erster Stelle stehen und die Eltern mit den Kindern aktiv sind, betonte Stahl.<\/p>\n\n\n\n<p><\/p>\n<\/div>\n\n\n\n<div class=\"wp-block-group alignwide is-layout-flow wp-block-group-is-layout-flow\">\n<p><strong>Neuwahl<\/strong><br>Im Anschluss an die Jahresberichte erfolgten die Neuwahlen, die B\u00fcrgermeister Josef Beimler souver\u00e4n, kurz und knackig durchf\u00fchrte und folgendes Ergebnis erbrachten:<br>Die drei gleichberechtigten Vorsitzenden bleiben Roman Bauer, Heiko Glaser und Dominik Klos. Antje Seer wurde als Kassier im Amt best\u00e4tigt. Die schriftlichen Arbeiten f\u00fchrt weiterhin Bernhard R. Karl aus. Als Beisitzer wurden Sabine Arlt, Thomas Arnold, Sonja B\u00e4umler, Monika Bauer, Thomas Bauer, Josef Beimler, Hans-J\u00fcrgen Bergler, Matthias Bergler, Kerstin Duric, J\u00fcrgen F\u00f6rster, Christian Gallitzend\u00f6rfer, Helmut Glaser, Helmut Gollwitzer, Johanna Gr\u00fcnauer, Kristina Gr\u00fcnauer, Wolfgang Kick, Roman Klos, Erwin Klotz, Martin M\u00e4ckl, Petra M\u00fcller, Max M\u00fcllner, Mario Pflaum, Horst Pleyer, Petra Reil, Matthias Scheck, Konrad Seibert, Christian Steiner, Dr. Michael Troidl, Christian V\u00f6lkl gew\u00e4hlt. Roman Bauer dankte Erik Resene, der aus privaten Gr\u00fcnden aus der Riege der Beisitzer ausscheidet.<\/p>\n<\/div>\n\n\n\n<div class=\"wp-block-group alignwide is-layout-flow wp-block-group-is-layout-flow\">\n<figure class=\"wp-block-image aligncenter size-full is-resized\"><img loading=\"lazy\" decoding=\"async\" width=\"1200\" height=\"720\" src=\"https:\/\/owv-sc-waldthurn.de\/wp-content\/uploads\/2025\/11\/DSC_0049Neumitglieder.jpg\" alt=\"\" class=\"wp-image-9576\" style=\"aspect-ratio:1.666719064386318;width:656px;height:auto\" srcset=\"https:\/\/owv-sc-waldthurn.de\/wp-content\/uploads\/2025\/11\/DSC_0049Neumitglieder.jpg 1200w, https:\/\/owv-sc-waldthurn.de\/wp-content\/uploads\/2025\/11\/DSC_0049Neumitglieder-300x180.jpg 300w, https:\/\/owv-sc-waldthurn.de\/wp-content\/uploads\/2025\/11\/DSC_0049Neumitglieder-1024x614.jpg 1024w, https:\/\/owv-sc-waldthurn.de\/wp-content\/uploads\/2025\/11\/DSC_0049Neumitglieder-768x461.jpg 768w\" sizes=\"auto, (max-width: 1200px) 100vw, 1200px\" \/><\/figure>\n\n\n\n<p><strong><br>Dank an Vorsitzenden Roman Bauer<\/strong><br>Nach den erfolgreichen Neuwahlen dankten Heiko Glaser und Dominik Klos ihrem Vorstandkollegen Roman Bauer f\u00fcr seinen unerm\u00fcdlichen Einsatz und seine Arbeit f\u00fcr den Oberpf\u00e4lzer Waldverein Waldthurn.<br>Gru\u00dfwort des B\u00fcrgermeisters<br>In seinem Gru\u00dfwort betonte B\u00fcrgermeister Josef Beimler, dass beim OWV Brauchtumspflege und Naturverbundenheit hochgehalten wird. \u201eEs ist wichtig, solche Vereine zu haben\u201c, betonte er \u2013 alles ist mit unerm\u00fcdlicher ehrenamtlicher Arbeit verbunden. Er dankte f\u00fcr die Pflege der \u201eAush\u00e4ngeschilder\u201c wie das Museum, die Skih\u00fctte oder die Loipen \u2013 wenn es mal wieder Schnee gibt. Etwas wehm\u00fctig stellte er abschlie\u00dfend fest, dass er das letzte Mal als B\u00fcrgermeister an der Jahreshauptversammlung teilnimmt.<\/p>\n<\/div>\n\n\n\n<figure class=\"wp-block-gallery alignwide has-nested-images columns-default is-cropped wp-block-gallery-2 is-layout-flex wp-block-gallery-is-layout-flex\">\n<figure class=\"wp-block-image size-large is-resized\"><img loading=\"lazy\" decoding=\"async\" width=\"1024\" height=\"794\" data-id=\"9573\" src=\"https:\/\/owv-sc-waldthurn.de\/wp-content\/uploads\/2025\/11\/Roman-v-1024x794.jpg\" alt=\"\" class=\"wp-image-9573\" style=\"width:567px;height:auto\" srcset=\"https:\/\/owv-sc-waldthurn.de\/wp-content\/uploads\/2025\/11\/Roman-v-1024x794.jpg 1024w, https:\/\/owv-sc-waldthurn.de\/wp-content\/uploads\/2025\/11\/Roman-v-300x233.jpg 300w, https:\/\/owv-sc-waldthurn.de\/wp-content\/uploads\/2025\/11\/Roman-v-768x595.jpg 768w, https:\/\/owv-sc-waldthurn.de\/wp-content\/uploads\/2025\/11\/Roman-v.jpg 1200w\" sizes=\"auto, (max-width: 1024px) 100vw, 1024px\" \/><\/figure>\n\n\n\n<figure class=\"wp-block-image size-large is-resized\"><img loading=\"lazy\" decoding=\"async\" width=\"1024\" height=\"684\" data-id=\"9572\" src=\"https:\/\/owv-sc-waldthurn.de\/wp-content\/uploads\/2025\/11\/Roman-b-1024x684.jpg\" alt=\"\" class=\"wp-image-9572\" style=\"width:466px;height:auto\" srcset=\"https:\/\/owv-sc-waldthurn.de\/wp-content\/uploads\/2025\/11\/Roman-b-1024x684.jpg 1024w, https:\/\/owv-sc-waldthurn.de\/wp-content\/uploads\/2025\/11\/Roman-b-300x200.jpg 300w, https:\/\/owv-sc-waldthurn.de\/wp-content\/uploads\/2025\/11\/Roman-b-768x513.jpg 768w, https:\/\/owv-sc-waldthurn.de\/wp-content\/uploads\/2025\/11\/Roman-b.jpg 1200w\" sizes=\"auto, (max-width: 1024px) 100vw, 1024px\" \/><\/figure>\n<\/figure>\n\n\n\n<div class=\"wp-block-group alignwide is-layout-flow wp-block-group-is-layout-flow\">\n<p><strong>Neues Ehrenmitglied f\u00fcr den Oberpf\u00e4lzer Waldverein<\/strong><br>Die Jahreshauptversammlung bot den richtigen Rahmen f\u00fcr eine besondere Ehrung die Vorsitzender Roman Bauer am vergangenen Donnerstagabend vornahm. \u201eIch m\u00f6chte heute ein Mitglied ehren, das schon viele Posten in unserem Verein inne hatte\u201c, begann Bauer seine Laudatio. Das Mitglied war viele Jahre als \u00dcbungsleiter im Einsatz, war aktiver Langl\u00e4ufer, war bei Wanderungen dabei, spurte die Loipen und ist seit einigen Jahren \u201eChef\u201c der OWV-Schnitzer, z\u00e4hlte der Vorsitzende auf. Die Rede war von <strong>Erwin Klotz<\/strong>, der unter gro\u00dfem Beifall zum Ehrenmitglied ernannt wurde und damit sichtlich nicht gerechnet hatte.<\/p>\n\n\n\n<p><\/p>\n<\/div>\n\n\n\n<div class=\"wp-block-group alignwide has-global-padding is-layout-constrained wp-block-group-is-layout-constrained\">\n<div class=\"wp-block-group alignwide is-nowrap is-layout-flex wp-container-core-group-is-layout-6c531013 wp-block-group-is-layout-flex\">\n<div class=\"wp-block-group has-global-padding is-layout-constrained wp-block-group-is-layout-constrained\">\n<figure class=\"wp-block-image alignwide size-large\"><img loading=\"lazy\" decoding=\"async\" width=\"1024\" height=\"586\" src=\"https:\/\/owv-sc-waldthurn.de\/wp-content\/uploads\/2025\/11\/Erwin-c-1024x586.jpg\" alt=\"\" class=\"wp-image-9565\" srcset=\"https:\/\/owv-sc-waldthurn.de\/wp-content\/uploads\/2025\/11\/Erwin-c-1024x586.jpg 1024w, https:\/\/owv-sc-waldthurn.de\/wp-content\/uploads\/2025\/11\/Erwin-c-300x172.jpg 300w, https:\/\/owv-sc-waldthurn.de\/wp-content\/uploads\/2025\/11\/Erwin-c-768x440.jpg 768w, https:\/\/owv-sc-waldthurn.de\/wp-content\/uploads\/2025\/11\/Erwin-c.jpg 1200w\" sizes=\"auto, (max-width: 1024px) 100vw, 1024px\" \/><\/figure>\n<\/div>\n\n\n\n<div class=\"wp-block-group is-layout-flow wp-block-group-is-layout-flow\">\n<figure class=\"wp-block-image size-large\"><img loading=\"lazy\" decoding=\"async\" width=\"1024\" height=\"960\" src=\"https:\/\/owv-sc-waldthurn.de\/wp-content\/uploads\/2025\/11\/Ehrung-Erwin-1024x960.jpg\" alt=\"\" class=\"wp-image-9566\" srcset=\"https:\/\/owv-sc-waldthurn.de\/wp-content\/uploads\/2025\/11\/Ehrung-Erwin-1024x960.jpg 1024w, https:\/\/owv-sc-waldthurn.de\/wp-content\/uploads\/2025\/11\/Ehrung-Erwin-300x281.jpg 300w, https:\/\/owv-sc-waldthurn.de\/wp-content\/uploads\/2025\/11\/Ehrung-Erwin-768x720.jpg 768w, https:\/\/owv-sc-waldthurn.de\/wp-content\/uploads\/2025\/11\/Ehrung-Erwin.jpg 1200w\" sizes=\"auto, (max-width: 1024px) 100vw, 1024px\" \/><\/figure>\n<\/div>\n<\/div>\n<\/div>\n\n\n\n<div class=\"wp-block-group alignwide is-layout-flow wp-block-group-is-layout-flow\">\n<p>Einen Blumenstrau\u00df und a Genusskistl gab es au\u00dferdem f\u00fcr <strong>Johanna Gr\u00fcnauer<\/strong>, die seit fast 30 Jahren die Damengruppe leitet \u2013 im Winter mit w\u00f6chentlicher Fitnessgymnastik, im Sommer mit den \u201eSmovey Walking\u201c-Ringen. Au\u00dferdem organisiert sie mehrt\u00e4gige Fahrradtouren und Wanderungen. Mit Florian Gr\u00fcnauer aktualisiert sie au\u00dferdem die Homepage des Verein<\/p>\n<\/div>\n\n\n\n<div class=\"wp-block-group alignwide is-layout-flow wp-block-group-is-layout-flow\">\n<div class=\"wp-block-group is-nowrap is-layout-flex wp-container-core-group-is-layout-6c531013 wp-block-group-is-layout-flex\">\n<figure class=\"wp-block-image size-large\"><img loading=\"lazy\" decoding=\"async\" width=\"1024\" height=\"588\" src=\"https:\/\/owv-sc-waldthurn.de\/wp-content\/uploads\/2025\/11\/Johanna-b-1024x588.jpg\" alt=\"\" class=\"wp-image-9568\" srcset=\"https:\/\/owv-sc-waldthurn.de\/wp-content\/uploads\/2025\/11\/Johanna-b-1024x588.jpg 1024w, https:\/\/owv-sc-waldthurn.de\/wp-content\/uploads\/2025\/11\/Johanna-b-300x172.jpg 300w, https:\/\/owv-sc-waldthurn.de\/wp-content\/uploads\/2025\/11\/Johanna-b-768x441.jpg 768w, https:\/\/owv-sc-waldthurn.de\/wp-content\/uploads\/2025\/11\/Johanna-b.jpg 1200w\" sizes=\"auto, (max-width: 1024px) 100vw, 1024px\" \/><\/figure>\n\n\n\n<div class=\"wp-block-group is-layout-flow wp-block-group-is-layout-flow\">\n<figure class=\"wp-block-image size-large\"><img loading=\"lazy\" decoding=\"async\" width=\"1024\" height=\"499\" src=\"https:\/\/owv-sc-waldthurn.de\/wp-content\/uploads\/2025\/11\/Johanna-1024x499.jpg\" alt=\"\" class=\"wp-image-9567\" srcset=\"https:\/\/owv-sc-waldthurn.de\/wp-content\/uploads\/2025\/11\/Johanna-1024x499.jpg 1024w, https:\/\/owv-sc-waldthurn.de\/wp-content\/uploads\/2025\/11\/Johanna-300x146.jpg 300w, https:\/\/owv-sc-waldthurn.de\/wp-content\/uploads\/2025\/11\/Johanna-768x374.jpg 768w, https:\/\/owv-sc-waldthurn.de\/wp-content\/uploads\/2025\/11\/Johanna.jpg 1200w\" sizes=\"auto, (max-width: 1024px) 100vw, 1024px\" \/><\/figure>\n<\/div>\n<\/div>\n<\/div>\n\n\n\n<figure class=\"wp-block-image alignwide size-large\"><img loading=\"lazy\" decoding=\"async\" width=\"1024\" height=\"579\" src=\"https:\/\/owv-sc-waldthurn.de\/wp-content\/uploads\/2025\/11\/Ehrung-1024x579.jpg\" alt=\"\" class=\"wp-image-9579\" srcset=\"https:\/\/owv-sc-waldthurn.de\/wp-content\/uploads\/2025\/11\/Ehrung-1024x579.jpg 1024w, https:\/\/owv-sc-waldthurn.de\/wp-content\/uploads\/2025\/11\/Ehrung-300x170.jpg 300w, https:\/\/owv-sc-waldthurn.de\/wp-content\/uploads\/2025\/11\/Ehrung-768x434.jpg 768w, https:\/\/owv-sc-waldthurn.de\/wp-content\/uploads\/2025\/11\/Ehrung.jpg 1200w\" sizes=\"auto, (max-width: 1024px) 100vw, 1024px\" \/><\/figure>\n\n\n\n<p><\/p>\n\n\n\n<p><\/p>\n\n\n\n<p><\/p>\n\n\n\n<p><\/p>\n\n\n\n<div class=\"wp-block-group is-nowrap is-layout-flex wp-container-core-group-is-layout-6c531013 wp-block-group-is-layout-flex\">\n<p class=\"has-text-align-center has-large-font-size\"><strong>19. Oktober Kirchweih-Kaffeenachmittag in der OWV Skih\u00fctte<\/strong><\/p>\n\n\n\n<figure data-wp-context=\"{&quot;imageId&quot;:&quot;69f4222893438&quot;}\" data-wp-interactive=\"core\/image\" data-wp-key=\"69f4222893438\" class=\"wp-block-image size-large is-resized wp-lightbox-container\"><img loading=\"lazy\" decoding=\"async\" width=\"599\" height=\"1024\" data-wp-class--hide=\"state.isContentHidden\" data-wp-class--show=\"state.isContentVisible\" data-wp-init=\"callbacks.setButtonStyles\" data-wp-on--click=\"actions.showLightbox\" data-wp-on--load=\"callbacks.setButtonStyles\" data-wp-on-window--resize=\"callbacks.setButtonStyles\" src=\"https:\/\/owv-sc-waldthurn.de\/wp-content\/uploads\/2025\/10\/Screenshot_20251019_113028_WhatsApp-599x1024.jpg\" alt=\"\" class=\"wp-image-9452\" style=\"width:349px;height:auto\" srcset=\"https:\/\/owv-sc-waldthurn.de\/wp-content\/uploads\/2025\/10\/Screenshot_20251019_113028_WhatsApp-599x1024.jpg 599w, https:\/\/owv-sc-waldthurn.de\/wp-content\/uploads\/2025\/10\/Screenshot_20251019_113028_WhatsApp-176x300.jpg 176w, https:\/\/owv-sc-waldthurn.de\/wp-content\/uploads\/2025\/10\/Screenshot_20251019_113028_WhatsApp.jpg 702w\" sizes=\"auto, (max-width: 599px) 100vw, 599px\" \/><button\n\t\t\tclass=\"lightbox-trigger\"\n\t\t\ttype=\"button\"\n\t\t\taria-haspopup=\"dialog\"\n\t\t\taria-label=\"Vergr\u00f6\u00dfern\"\n\t\t\tdata-wp-init=\"callbacks.initTriggerButton\"\n\t\t\tdata-wp-on--click=\"actions.showLightbox\"\n\t\t\tdata-wp-style--right=\"state.imageButtonRight\"\n\t\t\tdata-wp-style--top=\"state.imageButtonTop\"\n\t\t>\n\t\t\t<svg xmlns=\"http:\/\/www.w3.org\/2000\/svg\" width=\"12\" height=\"12\" fill=\"none\" viewBox=\"0 0 12 12\">\n\t\t\t\t<path fill=\"#fff\" d=\"M2 0a2 2 0 0 0-2 2v2h1.5V2a.5.5 0 0 1 .5-.5h2V0H2Zm2 10.5H2a.5.5 0 0 1-.5-.5V8H0v2a2 2 0 0 0 2 2h2v-1.5ZM8 12v-1.5h2a.5.5 0 0 0 .5-.5V8H12v2a2 2 0 0 1-2 2H8Zm2-12a2 2 0 0 1 2 2v2h-1.5V2a.5.5 0 0 0-.5-.5H8V0h2Z\" \/>\n\t\t\t<\/svg>\n\t\t<\/button><\/figure>\n<\/div>\n\n\n\n<figure data-wp-context=\"{&quot;imageId&quot;:&quot;69f422289389d&quot;}\" data-wp-interactive=\"core\/image\" data-wp-key=\"69f422289389d\" class=\"wp-block-image size-large wp-lightbox-container\"><img loading=\"lazy\" decoding=\"async\" width=\"1024\" height=\"389\" data-wp-class--hide=\"state.isContentHidden\" data-wp-class--show=\"state.isContentVisible\" data-wp-init=\"callbacks.setButtonStyles\" data-wp-on--click=\"actions.showLightbox\" data-wp-on--load=\"callbacks.setButtonStyles\" data-wp-on-window--resize=\"callbacks.setButtonStyles\" src=\"https:\/\/owv-sc-waldthurn.de\/wp-content\/uploads\/2025\/10\/20251019_131425-1024x389.jpg\" alt=\"\" class=\"wp-image-9445\" srcset=\"https:\/\/owv-sc-waldthurn.de\/wp-content\/uploads\/2025\/10\/20251019_131425-1024x389.jpg 1024w, https:\/\/owv-sc-waldthurn.de\/wp-content\/uploads\/2025\/10\/20251019_131425-300x114.jpg 300w, https:\/\/owv-sc-waldthurn.de\/wp-content\/uploads\/2025\/10\/20251019_131425-768x292.jpg 768w, https:\/\/owv-sc-waldthurn.de\/wp-content\/uploads\/2025\/10\/20251019_131425.jpg 1200w\" sizes=\"auto, (max-width: 1024px) 100vw, 1024px\" \/><button\n\t\t\tclass=\"lightbox-trigger\"\n\t\t\ttype=\"button\"\n\t\t\taria-haspopup=\"dialog\"\n\t\t\taria-label=\"Vergr\u00f6\u00dfern\"\n\t\t\tdata-wp-init=\"callbacks.initTriggerButton\"\n\t\t\tdata-wp-on--click=\"actions.showLightbox\"\n\t\t\tdata-wp-style--right=\"state.imageButtonRight\"\n\t\t\tdata-wp-style--top=\"state.imageButtonTop\"\n\t\t>\n\t\t\t<svg xmlns=\"http:\/\/www.w3.org\/2000\/svg\" width=\"12\" height=\"12\" fill=\"none\" viewBox=\"0 0 12 12\">\n\t\t\t\t<path fill=\"#fff\" d=\"M2 0a2 2 0 0 0-2 2v2h1.5V2a.5.5 0 0 1 .5-.5h2V0H2Zm2 10.5H2a.5.5 0 0 1-.5-.5V8H0v2a2 2 0 0 0 2 2h2v-1.5ZM8 12v-1.5h2a.5.5 0 0 0 .5-.5V8H12v2a2 2 0 0 1-2 2H8Zm2-12a2 2 0 0 1 2 2v2h-1.5V2a.5.5 0 0 0-.5-.5H8V0h2Z\" \/>\n\t\t\t<\/svg>\n\t\t<\/button><\/figure>\n\n\n\n<div class=\"wp-block-group alignwide is-nowrap is-layout-flex wp-container-core-group-is-layout-6c531013 wp-block-group-is-layout-flex\">\n<figure class=\"wp-block-image size-large is-resized wp-container-content-69bc4bdf\"><img loading=\"lazy\" decoding=\"async\" width=\"797\" height=\"1024\" src=\"https:\/\/owv-sc-waldthurn.de\/wp-content\/uploads\/2025\/10\/20251019_150006-797x1024.jpg\" alt=\"\" class=\"wp-image-9448\" style=\"width:180px;height:auto\" srcset=\"https:\/\/owv-sc-waldthurn.de\/wp-content\/uploads\/2025\/10\/20251019_150006-797x1024.jpg 797w, https:\/\/owv-sc-waldthurn.de\/wp-content\/uploads\/2025\/10\/20251019_150006-234x300.jpg 234w, https:\/\/owv-sc-waldthurn.de\/wp-content\/uploads\/2025\/10\/20251019_150006-768x987.jpg 768w, https:\/\/owv-sc-waldthurn.de\/wp-content\/uploads\/2025\/10\/20251019_150006.jpg 934w\" sizes=\"auto, (max-width: 797px) 100vw, 797px\" \/><\/figure>\n\n\n\n<figure class=\"wp-block-image size-large is-resized\" style=\"margin-top:0;margin-bottom:0\"><img loading=\"lazy\" decoding=\"async\" width=\"1024\" height=\"534\" src=\"https:\/\/owv-sc-waldthurn.de\/wp-content\/uploads\/2025\/10\/20251019_161346-1024x534.jpg\" alt=\"\" class=\"wp-image-9447\" style=\"width:447px;height:auto\" srcset=\"https:\/\/owv-sc-waldthurn.de\/wp-content\/uploads\/2025\/10\/20251019_161346-1024x534.jpg 1024w, https:\/\/owv-sc-waldthurn.de\/wp-content\/uploads\/2025\/10\/20251019_161346-300x157.jpg 300w, https:\/\/owv-sc-waldthurn.de\/wp-content\/uploads\/2025\/10\/20251019_161346-768x401.jpg 768w, https:\/\/owv-sc-waldthurn.de\/wp-content\/uploads\/2025\/10\/20251019_161346.jpg 1200w\" sizes=\"auto, (max-width: 1024px) 100vw, 1024px\" \/><\/figure>\n\n\n\n<figure class=\"wp-block-image size-large is-resized wp-container-content-e29552f7\"><img loading=\"lazy\" decoding=\"async\" width=\"1024\" height=\"462\" src=\"https:\/\/owv-sc-waldthurn.de\/wp-content\/uploads\/2025\/10\/20251019_150126-1024x462.jpg\" alt=\"\" class=\"wp-image-9450\" style=\"width:474px;height:auto\" srcset=\"https:\/\/owv-sc-waldthurn.de\/wp-content\/uploads\/2025\/10\/20251019_150126-1024x462.jpg 1024w, https:\/\/owv-sc-waldthurn.de\/wp-content\/uploads\/2025\/10\/20251019_150126-300x135.jpg 300w, https:\/\/owv-sc-waldthurn.de\/wp-content\/uploads\/2025\/10\/20251019_150126-768x346.jpg 768w, https:\/\/owv-sc-waldthurn.de\/wp-content\/uploads\/2025\/10\/20251019_150126.jpg 1200w\" sizes=\"auto, (max-width: 1024px) 100vw, 1024px\" \/><\/figure>\n\n\n\n<figure class=\"wp-block-image size-large is-resized wp-container-content-e29552f7\"><img loading=\"lazy\" decoding=\"async\" width=\"1024\" height=\"841\" src=\"https:\/\/owv-sc-waldthurn.de\/wp-content\/uploads\/2025\/10\/20251019_150159b-1024x841.jpg\" alt=\"\" class=\"wp-image-9446\" style=\"width:240px;height:auto\" srcset=\"https:\/\/owv-sc-waldthurn.de\/wp-content\/uploads\/2025\/10\/20251019_150159b-1024x841.jpg 1024w, https:\/\/owv-sc-waldthurn.de\/wp-content\/uploads\/2025\/10\/20251019_150159b-300x247.jpg 300w, https:\/\/owv-sc-waldthurn.de\/wp-content\/uploads\/2025\/10\/20251019_150159b-768x631.jpg 768w, https:\/\/owv-sc-waldthurn.de\/wp-content\/uploads\/2025\/10\/20251019_150159b.jpg 1200w\" sizes=\"auto, (max-width: 1024px) 100vw, 1024px\" \/><\/figure>\n\n\n\n<div class=\"wp-block-group is-layout-grid wp-container-core-group-is-layout-478b6e6b wp-block-group-is-layout-grid\"><\/div>\n<\/div>\n\n\n\n<p class=\"has-text-align-center has-large-font-size\"><strong>September<\/strong><\/p>\n\n\n\n<p class=\"has-text-align-center has-large-font-size\"><strong>Zuwachs f\u00fcrs Heimatmuseum<\/strong><\/p>\n\n\n\n<figure class=\"wp-block-gallery alignwide has-nested-images columns-default is-cropped wp-block-gallery-3 is-layout-flex wp-block-gallery-is-layout-flex\">\n<figure class=\"wp-block-image size-large\"><img loading=\"lazy\" decoding=\"async\" width=\"1015\" height=\"1024\" data-id=\"9402\" src=\"https:\/\/owv-sc-waldthurn.de\/wp-content\/uploads\/2025\/09\/IMG-20250908-WA0013-1015x1024.jpg\" alt=\"\" class=\"wp-image-9402\" srcset=\"https:\/\/owv-sc-waldthurn.de\/wp-content\/uploads\/2025\/09\/IMG-20250908-WA0013-1015x1024.jpg 1015w, https:\/\/owv-sc-waldthurn.de\/wp-content\/uploads\/2025\/09\/IMG-20250908-WA0013-297x300.jpg 297w, https:\/\/owv-sc-waldthurn.de\/wp-content\/uploads\/2025\/09\/IMG-20250908-WA0013-150x150.jpg 150w, https:\/\/owv-sc-waldthurn.de\/wp-content\/uploads\/2025\/09\/IMG-20250908-WA0013-768x775.jpg 768w, https:\/\/owv-sc-waldthurn.de\/wp-content\/uploads\/2025\/09\/IMG-20250908-WA0013.jpg 1189w\" sizes=\"auto, (max-width: 1015px) 100vw, 1015px\" \/><\/figure>\n\n\n\n<figure class=\"wp-block-image size-large\"><img loading=\"lazy\" decoding=\"async\" width=\"1024\" height=\"860\" data-id=\"9404\" src=\"https:\/\/owv-sc-waldthurn.de\/wp-content\/uploads\/2025\/09\/IMG-20250908-WA0015-e1758545654491-1024x860.jpg\" alt=\"\" class=\"wp-image-9404\" srcset=\"https:\/\/owv-sc-waldthurn.de\/wp-content\/uploads\/2025\/09\/IMG-20250908-WA0015-e1758545654491-1024x860.jpg 1024w, https:\/\/owv-sc-waldthurn.de\/wp-content\/uploads\/2025\/09\/IMG-20250908-WA0015-e1758545654491-300x252.jpg 300w, https:\/\/owv-sc-waldthurn.de\/wp-content\/uploads\/2025\/09\/IMG-20250908-WA0015-e1758545654491-768x645.jpg 768w, https:\/\/owv-sc-waldthurn.de\/wp-content\/uploads\/2025\/09\/IMG-20250908-WA0015-e1758545654491.jpg 1072w\" sizes=\"auto, (max-width: 1024px) 100vw, 1024px\" \/><\/figure>\n<\/figure>\n\n\n\n<div class=\"wp-block-columns alignwide is-layout-flex wp-container-core-columns-is-layout-28f84493 wp-block-columns-is-layout-flex\">\n<div class=\"wp-block-column is-layout-flow wp-block-column-is-layout-flow\" style=\"flex-basis:100%\">\n<p class=\"has-text-align-center has-large-font-size\"><strong>30.\/31.August  &#8211; OWV Damen nicht nur sportlich aktiv <\/strong><\/p>\n\n\n\n<p class=\"has-text-align-center has-large-font-size\"><strong>\u2013 Kulturreise nach Stuttgart<\/strong><\/p>\n<\/div>\n<\/div>\n\n\n\n<div class=\"wp-block-group alignwide is-layout-flow wp-block-group-is-layout-flow\">\n<p class=\"has-text-align-center has-medium-font-size\"><\/p>\n\n\n\n<figure class=\"wp-block-image size-large\"><img loading=\"lazy\" decoding=\"async\" width=\"1024\" height=\"630\" src=\"https:\/\/owv-sc-waldthurn.de\/wp-content\/uploads\/2025\/09\/Stage-Palladium-Theater-1024x630.jpg\" alt=\"\" class=\"wp-image-9365\" srcset=\"https:\/\/owv-sc-waldthurn.de\/wp-content\/uploads\/2025\/09\/Stage-Palladium-Theater-1024x630.jpg 1024w, https:\/\/owv-sc-waldthurn.de\/wp-content\/uploads\/2025\/09\/Stage-Palladium-Theater-300x185.jpg 300w, https:\/\/owv-sc-waldthurn.de\/wp-content\/uploads\/2025\/09\/Stage-Palladium-Theater-768x472.jpg 768w, https:\/\/owv-sc-waldthurn.de\/wp-content\/uploads\/2025\/09\/Stage-Palladium-Theater.jpg 1200w\" sizes=\"auto, (max-width: 1024px) 100vw, 1024px\" \/><\/figure>\n\n\n\n<p><br>Am letzten Wochenende im August machten sich sechs OWV Damen auf den Weg nach Stuttgart zum Musical Tarzan.<br>Johanna Gr\u00fcnauer, Sabine Arlt, Petra M\u00fcller, Antje Seer, Sonja B\u00e4umler und Monika Bauer, alle seit vielen Jahren aktive Vorstandsmitglieder im OWV Waldthurn, besuchten das Disney Musical Tarzan im Stage Palladium Theater in der Baden-W\u00fcrtembergischen Hauptstadt. Erstmals im Jahr 2013 aufgef\u00fchrt entwickelte es sich zu einem der beliebtesten Musicals in Stuttgart \u00fcberhaupt. Hautnah durfte die Auff\u00fchrung mit atemberaubender Luftakrobatik und Musik von Phil Collins miterlebt werden. Das Popgenie war bereits f\u00fcr die Songs des gleichnamigen Disney Films verantwortlich. Mit dem Hit \u201eYou`ll be in my heart\u201c wurde er mit einem Grammy und einem Oscar ausgezeichnet. Bei dem Mythos um Tarzan handelt es sich um eine Liebesgeschichte zwischen Tarzan, der allein unter Menschenaffen mitten im Dschungel aufw\u00e4chst und Jane, eine junge h\u00fcbsche Frau, die in der Zivilisation lebt. F\u00fcr die perfekte Organisation zeigte sich Johanna Gr\u00fcnauer verantwortlich. Nach der Vorstellung musste selbstverst\u00e4ndlich dem Nachtleben in Stuttgart ein Besuch abgestattet werden, was der lustigen Truppe viel Spa\u00df bereitete. F\u00fcr das kommende Jahr wurde bereits ein weiterer Ausflug geplant.<\/p>\n<\/div>\n\n\n\n<div class=\"wp-block-group alignwide is-nowrap is-layout-flex wp-container-core-group-is-layout-6c531013 wp-block-group-is-layout-flex\">\n<figure class=\"wp-block-image size-large is-resized\"><img loading=\"lazy\" decoding=\"async\" width=\"1024\" height=\"1024\" src=\"https:\/\/owv-sc-waldthurn.de\/wp-content\/uploads\/2025\/09\/Anreise-1024x1024.jpg\" alt=\"\" class=\"wp-image-9370\" style=\"width:399px;height:auto\" srcset=\"https:\/\/owv-sc-waldthurn.de\/wp-content\/uploads\/2025\/09\/Anreise-1024x1024.jpg 1024w, https:\/\/owv-sc-waldthurn.de\/wp-content\/uploads\/2025\/09\/Anreise-300x300.jpg 300w, https:\/\/owv-sc-waldthurn.de\/wp-content\/uploads\/2025\/09\/Anreise-150x150.jpg 150w, https:\/\/owv-sc-waldthurn.de\/wp-content\/uploads\/2025\/09\/Anreise-768x768.jpg 768w, https:\/\/owv-sc-waldthurn.de\/wp-content\/uploads\/2025\/09\/Anreise.jpg 1200w\" sizes=\"auto, (max-width: 1024px) 100vw, 1024px\" \/><\/figure>\n\n\n\n<figure class=\"wp-block-image size-large is-resized\"><img loading=\"lazy\" decoding=\"async\" width=\"1024\" height=\"1024\" src=\"https:\/\/owv-sc-waldthurn.de\/wp-content\/uploads\/2025\/09\/Tarzan-1024x1024.jpg\" alt=\"\" class=\"wp-image-9372\" style=\"width:385px;height:auto\" srcset=\"https:\/\/owv-sc-waldthurn.de\/wp-content\/uploads\/2025\/09\/Tarzan-1024x1024.jpg 1024w, https:\/\/owv-sc-waldthurn.de\/wp-content\/uploads\/2025\/09\/Tarzan-300x300.jpg 300w, https:\/\/owv-sc-waldthurn.de\/wp-content\/uploads\/2025\/09\/Tarzan-150x150.jpg 150w, https:\/\/owv-sc-waldthurn.de\/wp-content\/uploads\/2025\/09\/Tarzan-768x768.jpg 768w, https:\/\/owv-sc-waldthurn.de\/wp-content\/uploads\/2025\/09\/Tarzan.jpg 1200w\" sizes=\"auto, (max-width: 1024px) 100vw, 1024px\" \/><\/figure>\n\n\n\n<figure class=\"wp-block-image size-large is-resized\"><img loading=\"lazy\" decoding=\"async\" width=\"1024\" height=\"1024\" src=\"https:\/\/owv-sc-waldthurn.de\/wp-content\/uploads\/2025\/09\/Pause-1024x1024.jpg\" alt=\"\" class=\"wp-image-9371\" style=\"width:413px;height:auto\" srcset=\"https:\/\/owv-sc-waldthurn.de\/wp-content\/uploads\/2025\/09\/Pause-1024x1024.jpg 1024w, https:\/\/owv-sc-waldthurn.de\/wp-content\/uploads\/2025\/09\/Pause-300x300.jpg 300w, https:\/\/owv-sc-waldthurn.de\/wp-content\/uploads\/2025\/09\/Pause-150x150.jpg 150w, https:\/\/owv-sc-waldthurn.de\/wp-content\/uploads\/2025\/09\/Pause-768x768.jpg 768w, https:\/\/owv-sc-waldthurn.de\/wp-content\/uploads\/2025\/09\/Pause.jpg 1200w\" sizes=\"auto, (max-width: 1024px) 100vw, 1024px\" \/><\/figure>\n<\/div>\n\n\n\n<p><\/p>\n\n\n\n<div class=\"wp-block-group is-nowrap is-layout-flex wp-container-core-group-is-layout-6c531013 wp-block-group-is-layout-flex\">\n<p><\/p>\n\n\n\n<p class=\"has-large-font-size\"><strong>Kinder<\/strong> &#8211; <strong>Ferienprogramm OWV Waldthurn<\/strong><\/p>\n\n\n\n<p><\/p>\n<\/div>\n\n\n\n<figure class=\"wp-block-image aligncenter size-large\"><img loading=\"lazy\" decoding=\"async\" width=\"1024\" height=\"647\" src=\"https:\/\/owv-sc-waldthurn.de\/wp-content\/uploads\/2025\/09\/IMG-20250829-WA0004-1024x647.jpg\" alt=\"\" class=\"wp-image-9359\" srcset=\"https:\/\/owv-sc-waldthurn.de\/wp-content\/uploads\/2025\/09\/IMG-20250829-WA0004-1024x647.jpg 1024w, https:\/\/owv-sc-waldthurn.de\/wp-content\/uploads\/2025\/09\/IMG-20250829-WA0004-300x190.jpg 300w, https:\/\/owv-sc-waldthurn.de\/wp-content\/uploads\/2025\/09\/IMG-20250829-WA0004-768x485.jpg 768w, https:\/\/owv-sc-waldthurn.de\/wp-content\/uploads\/2025\/09\/IMG-20250829-WA0004.jpg 1200w\" sizes=\"auto, (max-width: 1024px) 100vw, 1024px\" \/><\/figure>\n\n\n\n<div class=\"wp-block-group alignwide is-layout-flow wp-block-group-is-layout-flow\">\n<p><br>Beim allj\u00e4hrlichen Kinderferienprogramm der Marktgemeinde Waldthurn beteiligte sich auch in diesem Jahr wieder der Oberpf\u00e4lzer Waldverein.<br>Am 29. August machten sich die 15 angemeldeten Ferienkinder mit den Begleitern Johanna Gr\u00fcnauer, Petra M\u00fcller, Sabine Arlt, Kristina Gr\u00fcnauer, Horst Pleyer und Roman Bauer auf den Weg nach Weiden ins Studio zum Lokalradiosender \u201eRadio Ramasuri\u201c, von wo aus auch \u201eRadio Galaxy\u201c gesendet wird.<br>Empfangen wurde die Gruppe vom bekannten Moderator Markus Pleyer, der den Kindern anfangs erkl\u00e4rte, wie der Betrieb in einem lokalen Radiosender abl\u00e4uft und einen \u00dcberblick \u00fcber die R\u00e4umlichkeiten, Sendezeiten und Aufgaben von Ramasuri gab.<br>Gegr\u00fcndet im Jahr 1990 sendet Ramasuri nunmehr seit 35 Jahren aktuelle Nachrichten, Musik und Servicemeldungen. Der Name Ramasuri kommt aus dem Bayerischen und bedeutet \u201eDurcheinander\u201c.<br>Im Gegensatz zu den \u201e\u00d6ffentlich Rechtlichen\u201c finanziert sich ein Lokalsender ausschlie\u00dflich \u00fcber Werbeeinahmen. Zu jeder vollen und halben Stunde werden Nachrichten aus aller Welt live gesendet, danach der Wetterbericht f\u00fcr die Oberpfalz und die Servicemeldungen f\u00fcr die Region. Zusammen mit Moderator Jens Stenglein durften die interessierten Kinder das um 15 Uhr miterleben und h\u00f6rten danach noch ein Live-Interview.<br>Nach einer Stunde verabschiedete sich die Gruppe mit einer original Ramasuri-Tasche um im Albersriether Generationenpark den Nachmittag mit Getr\u00e4nken und Naschereien ausklingen zu lassen.<br>Roman Bauer<\/p>\n<\/div>\n\n\n\n<div class=\"wp-block-group alignwide is-nowrap is-layout-flex wp-container-core-group-is-layout-6c531013 wp-block-group-is-layout-flex\">\n<figure class=\"wp-block-image size-large is-resized\"><img loading=\"lazy\" decoding=\"async\" width=\"768\" height=\"1024\" src=\"https:\/\/owv-sc-waldthurn.de\/wp-content\/uploads\/2025\/09\/IMG-20250829-WA0011-768x1024.jpg\" alt=\"\" class=\"wp-image-9358\" style=\"width:361px;height:auto\" srcset=\"https:\/\/owv-sc-waldthurn.de\/wp-content\/uploads\/2025\/09\/IMG-20250829-WA0011-768x1024.jpg 768w, https:\/\/owv-sc-waldthurn.de\/wp-content\/uploads\/2025\/09\/IMG-20250829-WA0011-225x300.jpg 225w, https:\/\/owv-sc-waldthurn.de\/wp-content\/uploads\/2025\/09\/IMG-20250829-WA0011.jpg 900w\" sizes=\"auto, (max-width: 768px) 100vw, 768px\" \/><\/figure>\n\n\n\n<figure class=\"wp-block-image size-large is-resized\"><img loading=\"lazy\" decoding=\"async\" width=\"1024\" height=\"736\" src=\"https:\/\/owv-sc-waldthurn.de\/wp-content\/uploads\/2025\/09\/IMG-20250829-WA0003-1024x736.jpg\" alt=\"\" class=\"wp-image-9378\" style=\"width:511px;height:auto\" srcset=\"https:\/\/owv-sc-waldthurn.de\/wp-content\/uploads\/2025\/09\/IMG-20250829-WA0003-1024x736.jpg 1024w, https:\/\/owv-sc-waldthurn.de\/wp-content\/uploads\/2025\/09\/IMG-20250829-WA0003-300x216.jpg 300w, https:\/\/owv-sc-waldthurn.de\/wp-content\/uploads\/2025\/09\/IMG-20250829-WA0003-768x552.jpg 768w, https:\/\/owv-sc-waldthurn.de\/wp-content\/uploads\/2025\/09\/IMG-20250829-WA0003.jpg 1200w\" sizes=\"auto, (max-width: 1024px) 100vw, 1024px\" \/><\/figure>\n<\/div>\n\n\n\n<p><\/p>\n\n\n\n<p><\/p>\n\n\n\n<p class=\"has-large-font-size\"><strong>B\u00fcrgerfest <\/strong><\/p>\n\n\n\n<div class=\"wp-block-group alignwide is-layout-flow wp-block-group-is-layout-flow\">\n<div class=\"wp-block-group is-layout-flow wp-block-group-is-layout-flow\">\n<div class=\"wp-block-group is-layout-flow wp-block-group-is-layout-flow\">\n<figure class=\"wp-block-gallery has-nested-images columns-default wp-block-gallery-4 is-layout-flex wp-block-gallery-is-layout-flex\">\n<figure class=\"wp-block-image size-large\"><img loading=\"lazy\" decoding=\"async\" width=\"1024\" height=\"793\" data-id=\"9185\" src=\"https:\/\/owv-sc-waldthurn.de\/wp-content\/uploads\/2025\/07\/2025-07-12-Buergerfest-1024x793.jpg\" alt=\"\" class=\"wp-image-9185\" srcset=\"https:\/\/owv-sc-waldthurn.de\/wp-content\/uploads\/2025\/07\/2025-07-12-Buergerfest-1024x793.jpg 1024w, https:\/\/owv-sc-waldthurn.de\/wp-content\/uploads\/2025\/07\/2025-07-12-Buergerfest-300x232.jpg 300w, https:\/\/owv-sc-waldthurn.de\/wp-content\/uploads\/2025\/07\/2025-07-12-Buergerfest-768x595.jpg 768w, https:\/\/owv-sc-waldthurn.de\/wp-content\/uploads\/2025\/07\/2025-07-12-Buergerfest.jpg 1057w\" sizes=\"auto, (max-width: 1024px) 100vw, 1024px\" \/><figcaption class=\"wp-element-caption\">Vorbereitungen<\/figcaption><\/figure>\n\n\n\n<figure class=\"wp-block-image size-large is-resized\"><img loading=\"lazy\" decoding=\"async\" width=\"576\" height=\"1024\" data-id=\"9186\" src=\"https:\/\/owv-sc-waldthurn.de\/wp-content\/uploads\/2025\/07\/2025-07-13-Buergerfest-576x1024.jpg\" alt=\"\" class=\"wp-image-9186\" style=\"width:555px;height:auto\" srcset=\"https:\/\/owv-sc-waldthurn.de\/wp-content\/uploads\/2025\/07\/2025-07-13-Buergerfest-576x1024.jpg 576w, https:\/\/owv-sc-waldthurn.de\/wp-content\/uploads\/2025\/07\/2025-07-13-Buergerfest-169x300.jpg 169w, https:\/\/owv-sc-waldthurn.de\/wp-content\/uploads\/2025\/07\/2025-07-13-Buergerfest.jpg 675w\" sizes=\"auto, (max-width: 576px) 100vw, 576px\" \/><\/figure>\n\n\n\n<figure class=\"wp-block-image size-large is-style-default\"><img loading=\"lazy\" decoding=\"async\" width=\"1024\" height=\"683\" data-id=\"9219\" src=\"https:\/\/owv-sc-waldthurn.de\/wp-content\/uploads\/2025\/07\/Buergerfest-Team-1024x683.jpg\" alt=\"\" class=\"wp-image-9219\" srcset=\"https:\/\/owv-sc-waldthurn.de\/wp-content\/uploads\/2025\/07\/Buergerfest-Team-1024x683.jpg 1024w, https:\/\/owv-sc-waldthurn.de\/wp-content\/uploads\/2025\/07\/Buergerfest-Team-300x200.jpg 300w, https:\/\/owv-sc-waldthurn.de\/wp-content\/uploads\/2025\/07\/Buergerfest-Team-768x512.jpg 768w, https:\/\/owv-sc-waldthurn.de\/wp-content\/uploads\/2025\/07\/Buergerfest-Team.jpg 1200w\" sizes=\"auto, (max-width: 1024px) 100vw, 1024px\" \/><\/figure>\n<\/figure>\n<\/div>\n<\/div>\n<\/div>\n\n\n\n<p class=\"has-text-align-center has-large-font-size\"><strong>OWV Waldthurn renoviert Feldkreuze, Marterl und Ruheb\u00e4nke<\/strong><\/p>\n\n\n\n<p><\/p>\n\n\n\n<div class=\"wp-block-group has-global-padding is-layout-constrained wp-block-group-is-layout-constrained\">\n<div class=\"wp-block-group is-nowrap is-layout-flex wp-container-core-group-is-layout-6c531013 wp-block-group-is-layout-flex\"><\/div>\n<\/div>\n\n\n\n<div class=\"wp-block-group alignwide is-content-justification-center is-nowrap is-layout-flex wp-container-core-group-is-layout-23441af8 wp-block-group-is-layout-flex\">\n<figure class=\"wp-block-image size-large is-resized\"><img loading=\"lazy\" decoding=\"async\" width=\"1024\" height=\"1024\" src=\"https:\/\/owv-sc-waldthurn.de\/wp-content\/uploads\/2025\/07\/Bankerl-Zur-Schoenen-Aussicht-1024x1024.jpg\" alt=\"\" class=\"wp-image-9234\" style=\"width:446px;height:auto\" srcset=\"https:\/\/owv-sc-waldthurn.de\/wp-content\/uploads\/2025\/07\/Bankerl-Zur-Schoenen-Aussicht-1024x1024.jpg 1024w, https:\/\/owv-sc-waldthurn.de\/wp-content\/uploads\/2025\/07\/Bankerl-Zur-Schoenen-Aussicht-300x300.jpg 300w, https:\/\/owv-sc-waldthurn.de\/wp-content\/uploads\/2025\/07\/Bankerl-Zur-Schoenen-Aussicht-150x150.jpg 150w, https:\/\/owv-sc-waldthurn.de\/wp-content\/uploads\/2025\/07\/Bankerl-Zur-Schoenen-Aussicht-768x768.jpg 768w, https:\/\/owv-sc-waldthurn.de\/wp-content\/uploads\/2025\/07\/Bankerl-Zur-Schoenen-Aussicht.jpg 1200w\" sizes=\"auto, (max-width: 1024px) 100vw, 1024px\" \/><\/figure>\n\n\n\n<p class=\"has-text-align-center has-large-font-size\"><strong>Bankerl &#8220; Zur Sch\u00f6nen Aussicht &#8222;<\/strong><\/p>\n<\/div>\n\n\n\n<div class=\"wp-block-group alignwide is-nowrap is-layout-flex wp-container-core-group-is-layout-6c531013 wp-block-group-is-layout-flex\">\n<figure class=\"wp-block-image size-large is-resized\"><img loading=\"lazy\" decoding=\"async\" width=\"768\" height=\"1024\" src=\"https:\/\/owv-sc-waldthurn.de\/wp-content\/uploads\/2025\/07\/Foto-Marterl-Sportplatz-768x1024.jpg\" alt=\"\" class=\"wp-image-8937\" style=\"width:333px;height:auto\" srcset=\"https:\/\/owv-sc-waldthurn.de\/wp-content\/uploads\/2025\/07\/Foto-Marterl-Sportplatz-768x1024.jpg 768w, https:\/\/owv-sc-waldthurn.de\/wp-content\/uploads\/2025\/07\/Foto-Marterl-Sportplatz-225x300.jpg 225w, https:\/\/owv-sc-waldthurn.de\/wp-content\/uploads\/2025\/07\/Foto-Marterl-Sportplatz.jpg 900w\" sizes=\"auto, (max-width: 768px) 100vw, 768px\" \/><\/figure>\n\n\n\n<figure class=\"wp-block-image size-large is-resized\"><img loading=\"lazy\" decoding=\"async\" width=\"1024\" height=\"576\" src=\"https:\/\/owv-sc-waldthurn.de\/wp-content\/uploads\/2025\/07\/Foto-Segnung-Marterl-Fahrenbergstrasse-1024x576.jpg\" alt=\"\" class=\"wp-image-8939\" style=\"width:686px;height:auto\" srcset=\"https:\/\/owv-sc-waldthurn.de\/wp-content\/uploads\/2025\/07\/Foto-Segnung-Marterl-Fahrenbergstrasse-1024x576.jpg 1024w, https:\/\/owv-sc-waldthurn.de\/wp-content\/uploads\/2025\/07\/Foto-Segnung-Marterl-Fahrenbergstrasse-300x169.jpg 300w, https:\/\/owv-sc-waldthurn.de\/wp-content\/uploads\/2025\/07\/Foto-Segnung-Marterl-Fahrenbergstrasse-768x432.jpg 768w, https:\/\/owv-sc-waldthurn.de\/wp-content\/uploads\/2025\/07\/Foto-Segnung-Marterl-Fahrenbergstrasse.jpg 1200w\" sizes=\"auto, (max-width: 1024px) 100vw, 1024px\" \/><\/figure>\n\n\n\n<figure class=\"wp-block-image size-large is-resized\"><img loading=\"lazy\" decoding=\"async\" width=\"768\" height=\"1024\" src=\"https:\/\/owv-sc-waldthurn.de\/wp-content\/uploads\/2025\/07\/Foto-Marterl-Fahrenbergstrasse-768x1024.jpg\" alt=\"\" class=\"wp-image-8936\" style=\"width:315px;height:auto\" srcset=\"https:\/\/owv-sc-waldthurn.de\/wp-content\/uploads\/2025\/07\/Foto-Marterl-Fahrenbergstrasse-768x1024.jpg 768w, https:\/\/owv-sc-waldthurn.de\/wp-content\/uploads\/2025\/07\/Foto-Marterl-Fahrenbergstrasse-225x300.jpg 225w, https:\/\/owv-sc-waldthurn.de\/wp-content\/uploads\/2025\/07\/Foto-Marterl-Fahrenbergstrasse.jpg 900w\" sizes=\"auto, (max-width: 768px) 100vw, 768px\" \/><\/figure>\n<\/div>\n\n\n\n<div class=\"wp-block-group alignwide is-layout-flow wp-block-group-is-layout-flow\">\n<p class=\"has-small-font-size\"><br>Heimat- und Brauchtumspflege sind beim OWV Waldthurn ganz oben angesiedelt. Seit vielen Jahren befanden sich die Granitmarterl an der Fahrenbergstra\u00dfe, gegen\u00fcber der Gollwitzer-Kapelle und das Marterl am Parkplatz beim Sportplatz in einem schlechten und erb\u00e4rmlichen Zustand. In Zusammenarbeit mit dem Bauhof des Marktes Waldthurn renovierten Helmut und Heiko Glaser, sowie Helmut Gollwitzer in m\u00fchevoller Handarbeit die zwei Marterl, welche durch die Witterung arg in Mitleidenschaft gezogen wurden.<br>Leider konnte nicht mehr alles original repariert werden. Die Mitarbeiter des Bauhofs \u00fcbernahmen mit Hilfe eines Hochdruckreinigers die Arbeiten an den Granits\u00e4ulen. Helmut und Heiko Glaser entfernten die verrosteten Blechtafeln und erneuerten diese durch Aluminiumtafeln. Helmut Gollwitzer fertigte und druckte die Motivtafeln, welche dann in einem Spezialverfahren aufgeklebt wurden und k\u00fcnftig absolut witterungsunabh\u00e4ngig sind. Bei der Friedenswallfahrt zur Himmelmutter auf den Fahrenberg segnete Pfarrer Norbert G\u00f6tz spontan und unkompliziert das neue Marterl am Fu\u00dfe des neuen Baugebietes beim Hirmesb\u00fchl.<br>Als n\u00e4chste gr\u00f6\u00dfere Ma\u00dfnahme wird das gro\u00dfe Kreuz bei der Skih\u00fctte in Angriff genommen. Hierbei handelt es sich um ein Metallkreuz, das komplett abgeschliffen und neu aufgebaut wird. Weitere Renovierungen folgen, sodass in absehbarer Zeit alle Feldkreuze und Marterl, welche nicht in Privatbesitz sind, in neuem Glanz erstrahlen.<br>Ebenso uneigenn\u00fctzig sind wieder die beiden \u201eRuhebank- K\u00fcmmerer\u201c Helmut Glaser und Wolfgang Bergmann unterwegs. An den beiden Holzb\u00e4nken am Hirmesb\u00fchlkreuz waren ebenfalls die Spuren der Jahreszeiten zu erkennen. Die Holzlatten mit Unterkonstruktion wurden komplett erneuert und gestrichen, so dass der Wanderer und Spazierg\u00e4nger wieder gem\u00fctlich eine Rast einlegen kann.<br>Vielen Dank an die wertvollen, ehrenamtlichen Arbeiten zur Versch\u00f6nerung unserer wundersch\u00f6nen Oberpf\u00e4lzer Heimat.<br>Roman Bauer<\/p>\n\n\n\n<figure class=\"wp-block-image size-large is-resized\"><img loading=\"lazy\" decoding=\"async\" width=\"768\" height=\"1024\" src=\"https:\/\/owv-sc-waldthurn.de\/wp-content\/uploads\/2025\/07\/Foto-Ruhebaenke-Hirmesbuehl-768x1024.jpg\" alt=\"\" class=\"wp-image-8938\" style=\"width:483px;height:auto\" srcset=\"https:\/\/owv-sc-waldthurn.de\/wp-content\/uploads\/2025\/07\/Foto-Ruhebaenke-Hirmesbuehl-768x1024.jpg 768w, https:\/\/owv-sc-waldthurn.de\/wp-content\/uploads\/2025\/07\/Foto-Ruhebaenke-Hirmesbuehl-225x300.jpg 225w, https:\/\/owv-sc-waldthurn.de\/wp-content\/uploads\/2025\/07\/Foto-Ruhebaenke-Hirmesbuehl.jpg 900w\" sizes=\"auto, (max-width: 768px) 100vw, 768px\" \/><\/figure>\n<\/div>\n\n\n\n<p class=\"has-large-font-size\">30. April<\/p>\n\n\n\n<div class=\"wp-block-group alignwide is-layout-flow wp-block-group-is-layout-flow\">\n<p>Traditionell stellt am Vorabend des 1. Mai der Oberpf\u00e4lzer Waldverein Waldthurn den Maibaum auf. Dieser soll den Fr\u00fchling und die sonnige Jahreszeit ank\u00fcndigen.<br>Bei idealen sommerlichen Temperaturen transportierte Konrad Seibert am Nachmittag des 30. April mit seinem Traktor den Fr\u00fchjahrsboten vom Schulgel\u00e4nde zur Ortsmitte. Auf den letzten Metern durften die zahlreich gespannt warteten Kinder mitfahren.<br>Nachdem die drei Kr\u00e4nze und der Gipfel, verziert mit wei\u00dfen und blauen B\u00e4ndern, acht Zunfttafel und das OWV-Schild angebracht waren, begr\u00fc\u00dften Vorsitzenden Heiko Glaser, Dominik Klos und Roman Bauer alle G\u00e4ste und Zuschauer, besonders Pfarrer Norbert G\u00f6tz und B\u00fcrgermeister Josef Beimler. Sein Dank ging an die Helfer des OWV, der Feuerwehr, der Firma Holzbau Riedl und der Trachtenkapelle. Ein besonderer Dank ging an die Bediensteten des Bauhofs, die immer ein offenes Ohr und eine helfende Hand f\u00fcr unerwartet auftretende Probleme haben. Ebenso an die Familie Kleber f\u00fcr die allj\u00e4hrliche \u00dcberlassung der R\u00e4umlichkeiten. Pfarrer Norbert G\u00f6tz \u00fcbernahm das Vater unser verbunden mit einem Gebet zur Himmelmutter vom Fahrenberg. Mit dem Kran von Thomas Riedl war der Maibaum rasch aufgestellt. Die Trachtenkapelle Waldthurn spielte dazu bayerisch-b\u00f6hmische Musikst\u00fccke.<br>Nach getaner Arbeit sa\u00dfen viele Besucher noch lange beieinander und lie\u00dfen sich ein k\u00fchles Bier und k\u00f6stliche Bratw\u00fcrste schmecken.<br>Roman Bauer<\/p>\n\n\n\n<p class=\"has-large-font-size\"><strong><em>Maibaumevent<\/em><\/strong><\/p>\n\n\n\n<p><\/p>\n<\/div>\n\n\n\n\n\n\n\n<div class=\"wp-block-group alignfull is-layout-flow wp-block-group-is-layout-flow\">\n<div class=\"wp-block-group is-content-justification-center is-nowrap is-layout-flex wp-container-core-group-is-layout-23441af8 wp-block-group-is-layout-flex\">\n<p class=\"has-text-align-center has-medium-font-size\">Heute Nacht sind alle Hexen los, die Stimmung ist total famos!<\/p>\n\n\n\n<figure class=\"wp-block-image size-large is-resized\"><img loading=\"lazy\" decoding=\"async\" width=\"1024\" height=\"809\" src=\"https:\/\/owv-sc-waldthurn.de\/wp-content\/uploads\/2025\/05\/Walpurgisnacht-b-1024x809.jpg\" alt=\"\" class=\"wp-image-8894\" style=\"width:295px;height:auto\" srcset=\"https:\/\/owv-sc-waldthurn.de\/wp-content\/uploads\/2025\/05\/Walpurgisnacht-b-1024x809.jpg 1024w, https:\/\/owv-sc-waldthurn.de\/wp-content\/uploads\/2025\/05\/Walpurgisnacht-b-300x237.jpg 300w, https:\/\/owv-sc-waldthurn.de\/wp-content\/uploads\/2025\/05\/Walpurgisnacht-b-768x606.jpg 768w, https:\/\/owv-sc-waldthurn.de\/wp-content\/uploads\/2025\/05\/Walpurgisnacht-b.jpg 1079w\" sizes=\"auto, (max-width: 1024px) 100vw, 1024px\" \/><\/figure>\n\n\n\n<p class=\"has-medium-font-size\">Es rauscht und zischt, es lacht und kracht, willkommen in der Hexennacht ! \ud83d\ude42<\/p>\n<\/div>\n<\/div>\n\n\n\n<p><\/p>\n\n\n\n<p class=\"has-text-align-center has-large-font-size\"><strong><em>Rama Dama <\/em><\/strong>&#8211; <strong><em>der Natur zuliebe<\/em><\/strong><\/p>\n\n\n\n<div class=\"wp-block-columns alignwide is-layout-flex wp-container-core-columns-is-layout-28f84493 wp-block-columns-is-layout-flex\">\n<div class=\"wp-block-column is-layout-flow wp-block-column-is-layout-flow\" style=\"flex-basis:100%\">\n<figure class=\"wp-block-gallery alignwide has-nested-images columns-default wp-block-gallery-5 is-layout-flex wp-block-gallery-is-layout-flex\">\n<figure class=\"wp-block-image size-large\"><img loading=\"lazy\" decoding=\"async\" width=\"992\" height=\"1024\" data-id=\"8829\" src=\"https:\/\/owv-sc-waldthurn.de\/wp-content\/uploads\/2025\/04\/IMG-20250415-WA0000-992x1024.jpg\" alt=\"\" class=\"wp-image-8829\" srcset=\"https:\/\/owv-sc-waldthurn.de\/wp-content\/uploads\/2025\/04\/IMG-20250415-WA0000-992x1024.jpg 992w, https:\/\/owv-sc-waldthurn.de\/wp-content\/uploads\/2025\/04\/IMG-20250415-WA0000-291x300.jpg 291w, https:\/\/owv-sc-waldthurn.de\/wp-content\/uploads\/2025\/04\/IMG-20250415-WA0000-768x793.jpg 768w, https:\/\/owv-sc-waldthurn.de\/wp-content\/uploads\/2025\/04\/IMG-20250415-WA0000.jpg 1162w\" sizes=\"auto, (max-width: 992px) 100vw, 992px\" \/><\/figure>\n\n\n\n<figure class=\"wp-block-image size-large\"><img loading=\"lazy\" decoding=\"async\" width=\"1024\" height=\"603\" data-id=\"8878\" src=\"https:\/\/owv-sc-waldthurn.de\/wp-content\/uploads\/2025\/04\/20250429_093159-1024x603.jpg\" alt=\"\" class=\"wp-image-8878\" srcset=\"https:\/\/owv-sc-waldthurn.de\/wp-content\/uploads\/2025\/04\/20250429_093159-1024x603.jpg 1024w, https:\/\/owv-sc-waldthurn.de\/wp-content\/uploads\/2025\/04\/20250429_093159-300x177.jpg 300w, https:\/\/owv-sc-waldthurn.de\/wp-content\/uploads\/2025\/04\/20250429_093159-768x452.jpg 768w, https:\/\/owv-sc-waldthurn.de\/wp-content\/uploads\/2025\/04\/20250429_093159.jpg 1200w\" sizes=\"auto, (max-width: 1024px) 100vw, 1024px\" \/><\/figure>\n<\/figure>\n<\/div>\n<\/div>\n\n\n\n<p class=\"has-text-align-center has-large-font-size\"><strong><em>Offene Skih\u00fctte an 5 Sonntagen<\/em><\/strong><\/p>\n\n\n\n<div class=\"wp-block-group alignwide is-layout-flow wp-block-group-is-layout-flow\">\n<p class=\"has-text-align-center has-large-font-size\"><strong><em>Kaffeenachmittage mit selbst gebackenen Torten und Kuchen<\/em><\/strong><\/p>\n\n\n\n<p><strong><em>23.M\u00e4rz  &#8211; Familien Christian Steiner, Horst Pleyer und Michael Steiner<\/em><\/strong><\/p>\n\n\n\n<div class=\"wp-block-group is-content-justification-center is-nowrap is-layout-flex wp-container-core-group-is-layout-23441af8 wp-block-group-is-layout-flex\">\n<figure class=\"wp-block-image size-large is-resized\"><img loading=\"lazy\" decoding=\"async\" width=\"766\" height=\"1024\" src=\"https:\/\/owv-sc-waldthurn.de\/wp-content\/uploads\/2025\/03\/Screenshot_20250317_201252_WhatsApp-766x1024.jpg\" alt=\"\" class=\"wp-image-8759\" style=\"width:402px;height:auto\" srcset=\"https:\/\/owv-sc-waldthurn.de\/wp-content\/uploads\/2025\/03\/Screenshot_20250317_201252_WhatsApp-766x1024.jpg 766w, https:\/\/owv-sc-waldthurn.de\/wp-content\/uploads\/2025\/03\/Screenshot_20250317_201252_WhatsApp-225x300.jpg 225w, https:\/\/owv-sc-waldthurn.de\/wp-content\/uploads\/2025\/03\/Screenshot_20250317_201252_WhatsApp-768x1026.jpg 768w, https:\/\/owv-sc-waldthurn.de\/wp-content\/uploads\/2025\/03\/Screenshot_20250317_201252_WhatsApp.jpg 898w\" sizes=\"auto, (max-width: 766px) 100vw, 766px\" \/><\/figure>\n\n\n\n<figure class=\"wp-block-image size-large is-resized\"><img loading=\"lazy\" decoding=\"async\" width=\"1024\" height=\"905\" src=\"https:\/\/owv-sc-waldthurn.de\/wp-content\/uploads\/2025\/03\/IMG-20250328-WA0000-1024x905.jpg\" alt=\"\" class=\"wp-image-8757\" style=\"width:586px;height:auto\" srcset=\"https:\/\/owv-sc-waldthurn.de\/wp-content\/uploads\/2025\/03\/IMG-20250328-WA0000-1024x905.jpg 1024w, https:\/\/owv-sc-waldthurn.de\/wp-content\/uploads\/2025\/03\/IMG-20250328-WA0000-300x265.jpg 300w, https:\/\/owv-sc-waldthurn.de\/wp-content\/uploads\/2025\/03\/IMG-20250328-WA0000-768x678.jpg 768w, https:\/\/owv-sc-waldthurn.de\/wp-content\/uploads\/2025\/03\/IMG-20250328-WA0000.jpg 1200w\" sizes=\"auto, (max-width: 1024px) 100vw, 1024px\" \/><\/figure>\n\n\n\n<figure class=\"wp-block-image size-large is-resized\"><img loading=\"lazy\" decoding=\"async\" width=\"1024\" height=\"705\" src=\"https:\/\/owv-sc-waldthurn.de\/wp-content\/uploads\/2025\/03\/IMG-20250328-WA0001-1024x705.jpg\" alt=\"\" class=\"wp-image-8758\" style=\"width:715px;height:auto\" srcset=\"https:\/\/owv-sc-waldthurn.de\/wp-content\/uploads\/2025\/03\/IMG-20250328-WA0001-1024x705.jpg 1024w, https:\/\/owv-sc-waldthurn.de\/wp-content\/uploads\/2025\/03\/IMG-20250328-WA0001-300x207.jpg 300w, https:\/\/owv-sc-waldthurn.de\/wp-content\/uploads\/2025\/03\/IMG-20250328-WA0001-768x529.jpg 768w, https:\/\/owv-sc-waldthurn.de\/wp-content\/uploads\/2025\/03\/IMG-20250328-WA0001.jpg 1200w\" sizes=\"auto, (max-width: 1024px) 100vw, 1024px\" \/><\/figure>\n<\/div>\n<\/div>\n\n\n\n<p><strong><em>9. M\u00e4rz &#8211; Familien M\u00fcller Petra, V\u00f6lkl Christian und M\u00e4ckl Martin<\/em><\/strong><\/p>\n\n\n\n<div class=\"wp-block-group alignwide is-nowrap is-layout-flex wp-container-core-group-is-layout-6c531013 wp-block-group-is-layout-flex\">\n<figure class=\"wp-block-image size-large is-resized\"><img loading=\"lazy\" decoding=\"async\" width=\"1024\" height=\"1024\" src=\"https:\/\/owv-sc-waldthurn.de\/wp-content\/uploads\/2025\/03\/20250310_155422-1024x1024.jpg\" alt=\"\" class=\"wp-image-8746\" style=\"width:228px;height:auto\" srcset=\"https:\/\/owv-sc-waldthurn.de\/wp-content\/uploads\/2025\/03\/20250310_155422-1024x1024.jpg 1024w, https:\/\/owv-sc-waldthurn.de\/wp-content\/uploads\/2025\/03\/20250310_155422-300x300.jpg 300w, https:\/\/owv-sc-waldthurn.de\/wp-content\/uploads\/2025\/03\/20250310_155422-150x150.jpg 150w, https:\/\/owv-sc-waldthurn.de\/wp-content\/uploads\/2025\/03\/20250310_155422-768x768.jpg 768w, https:\/\/owv-sc-waldthurn.de\/wp-content\/uploads\/2025\/03\/20250310_155422.jpg 1200w\" sizes=\"auto, (max-width: 1024px) 100vw, 1024px\" \/><\/figure>\n\n\n\n<figure class=\"wp-block-image size-large is-resized has-custom-border\"><img loading=\"lazy\" decoding=\"async\" width=\"742\" height=\"1024\" src=\"https:\/\/owv-sc-waldthurn.de\/wp-content\/uploads\/2025\/03\/IMG-20250308-WA0000-742x1024.jpg\" alt=\"\" class=\"has-border-color has-contrast-border-color wp-image-8749\" style=\"border-width:12px;width:252px;height:auto\" srcset=\"https:\/\/owv-sc-waldthurn.de\/wp-content\/uploads\/2025\/03\/IMG-20250308-WA0000-742x1024.jpg 742w, https:\/\/owv-sc-waldthurn.de\/wp-content\/uploads\/2025\/03\/IMG-20250308-WA0000-218x300.jpg 218w, https:\/\/owv-sc-waldthurn.de\/wp-content\/uploads\/2025\/03\/IMG-20250308-WA0000-768x1059.jpg 768w, https:\/\/owv-sc-waldthurn.de\/wp-content\/uploads\/2025\/03\/IMG-20250308-WA0000.jpg 870w\" sizes=\"auto, (max-width: 742px) 100vw, 742px\" \/><\/figure>\n\n\n\n<figure class=\"wp-block-image size-large is-resized\"><img loading=\"lazy\" decoding=\"async\" width=\"1024\" height=\"461\" src=\"https:\/\/owv-sc-waldthurn.de\/wp-content\/uploads\/2025\/03\/IMG-20250309-WA0005-1024x461.jpg\" alt=\"\" class=\"wp-image-8748\" style=\"width:553px;height:auto\" srcset=\"https:\/\/owv-sc-waldthurn.de\/wp-content\/uploads\/2025\/03\/IMG-20250309-WA0005-1024x461.jpg 1024w, https:\/\/owv-sc-waldthurn.de\/wp-content\/uploads\/2025\/03\/IMG-20250309-WA0005-300x135.jpg 300w, https:\/\/owv-sc-waldthurn.de\/wp-content\/uploads\/2025\/03\/IMG-20250309-WA0005-768x346.jpg 768w, https:\/\/owv-sc-waldthurn.de\/wp-content\/uploads\/2025\/03\/IMG-20250309-WA0005.jpg 1200w\" sizes=\"auto, (max-width: 1024px) 100vw, 1024px\" \/><\/figure>\n\n\n\n<figure class=\"wp-block-image size-large is-resized\"><img loading=\"lazy\" decoding=\"async\" width=\"1019\" height=\"1024\" src=\"https:\/\/owv-sc-waldthurn.de\/wp-content\/uploads\/2025\/03\/a-1019x1024.jpg\" alt=\"\" class=\"wp-image-8747\" style=\"width:317px;height:auto\" srcset=\"https:\/\/owv-sc-waldthurn.de\/wp-content\/uploads\/2025\/03\/a-1019x1024.jpg 1019w, https:\/\/owv-sc-waldthurn.de\/wp-content\/uploads\/2025\/03\/a-300x300.jpg 300w, https:\/\/owv-sc-waldthurn.de\/wp-content\/uploads\/2025\/03\/a-150x150.jpg 150w, https:\/\/owv-sc-waldthurn.de\/wp-content\/uploads\/2025\/03\/a-768x772.jpg 768w, https:\/\/owv-sc-waldthurn.de\/wp-content\/uploads\/2025\/03\/a.jpg 1194w\" sizes=\"auto, (max-width: 1019px) 100vw, 1019px\" \/><\/figure>\n<\/div>\n\n\n\n<p><strong><em>16. Februar &#8211; Familien Glaser Heiko und Helmut und Bauer Thomas<\/em><\/strong><\/p>\n\n\n\n<div class=\"wp-block-group alignwide is-nowrap is-layout-flex wp-container-core-group-is-layout-6c531013 wp-block-group-is-layout-flex\">\n<figure class=\"wp-block-image size-large is-resized has-custom-border\"><img loading=\"lazy\" decoding=\"async\" width=\"942\" height=\"1024\" src=\"https:\/\/owv-sc-waldthurn.de\/wp-content\/uploads\/2025\/02\/Screenshot_20250217_105515_WhatsAp-942x1024.jpg\" alt=\"\" class=\"has-border-color has-contrast-2-border-color wp-image-8706\" style=\"border-width:12px;width:363px;height:auto\" srcset=\"https:\/\/owv-sc-waldthurn.de\/wp-content\/uploads\/2025\/02\/Screenshot_20250217_105515_WhatsAp-942x1024.jpg 942w, https:\/\/owv-sc-waldthurn.de\/wp-content\/uploads\/2025\/02\/Screenshot_20250217_105515_WhatsAp-276x300.jpg 276w, https:\/\/owv-sc-waldthurn.de\/wp-content\/uploads\/2025\/02\/Screenshot_20250217_105515_WhatsAp-768x835.jpg 768w, https:\/\/owv-sc-waldthurn.de\/wp-content\/uploads\/2025\/02\/Screenshot_20250217_105515_WhatsAp.jpg 1080w\" sizes=\"auto, (max-width: 942px) 100vw, 942px\" \/><\/figure>\n\n\n\n<figure class=\"wp-block-image size-large is-resized has-custom-border\"><img loading=\"lazy\" decoding=\"async\" width=\"1024\" height=\"363\" src=\"https:\/\/owv-sc-waldthurn.de\/wp-content\/uploads\/2025\/02\/Torten-und-Kuchen-16.-Februar-2025-1024x363.jpg\" alt=\"\" class=\"has-border-color has-contrast-3-border-color wp-image-8703\" style=\"border-width:6px;width:894px;height:auto\" srcset=\"https:\/\/owv-sc-waldthurn.de\/wp-content\/uploads\/2025\/02\/Torten-und-Kuchen-16.-Februar-2025-1024x363.jpg 1024w, https:\/\/owv-sc-waldthurn.de\/wp-content\/uploads\/2025\/02\/Torten-und-Kuchen-16.-Februar-2025-300x106.jpg 300w, https:\/\/owv-sc-waldthurn.de\/wp-content\/uploads\/2025\/02\/Torten-und-Kuchen-16.-Februar-2025-768x272.jpg 768w, https:\/\/owv-sc-waldthurn.de\/wp-content\/uploads\/2025\/02\/Torten-und-Kuchen-16.-Februar-2025.jpg 1200w\" sizes=\"auto, (max-width: 1024px) 100vw, 1024px\" \/><\/figure>\n\n\n\n<figure class=\"wp-block-image size-large is-resized has-custom-border\"><img loading=\"lazy\" decoding=\"async\" width=\"770\" height=\"1024\" src=\"https:\/\/owv-sc-waldthurn.de\/wp-content\/uploads\/2025\/02\/affeenachmitag-16.-Februar-25-770x1024.jpg\" alt=\"\" class=\"has-border-color has-contrast-3-border-color wp-image-8704\" style=\"border-width:6px;width:222px;height:auto\" srcset=\"https:\/\/owv-sc-waldthurn.de\/wp-content\/uploads\/2025\/02\/affeenachmitag-16.-Februar-25-770x1024.jpg 770w, https:\/\/owv-sc-waldthurn.de\/wp-content\/uploads\/2025\/02\/affeenachmitag-16.-Februar-25-226x300.jpg 226w, https:\/\/owv-sc-waldthurn.de\/wp-content\/uploads\/2025\/02\/affeenachmitag-16.-Februar-25-768x1022.jpg 768w, https:\/\/owv-sc-waldthurn.de\/wp-content\/uploads\/2025\/02\/affeenachmitag-16.-Februar-25.jpg 902w\" sizes=\"auto, (max-width: 770px) 100vw, 770px\" \/><\/figure>\n<\/div>\n\n\n\n<div class=\"wp-block-group alignfull is-layout-flow wp-block-group-is-layout-flow\">\n<p class=\"has-text-align-center has-medium-font-size\"><strong><em>2. Februar &#8211; Familien Arnold Josef und Gr\u00fcnauer Johanna und Kristina<\/em><\/strong><\/p>\n\n\n\n<div class=\"wp-block-group is-content-justification-center is-nowrap is-layout-flex wp-container-core-group-is-layout-23441af8 wp-block-group-is-layout-flex\">\n<figure class=\"wp-block-image size-large is-resized has-custom-border\"><img loading=\"lazy\" decoding=\"async\" width=\"819\" height=\"1024\" src=\"https:\/\/owv-sc-waldthurn.de\/wp-content\/uploads\/2025\/02\/IMG-20250203-WA0001-819x1024.jpg\" alt=\"\" class=\"has-border-color has-contrast-3-border-color wp-image-8639\" style=\"border-width:11px;width:739px;height:auto\" srcset=\"https:\/\/owv-sc-waldthurn.de\/wp-content\/uploads\/2025\/02\/IMG-20250203-WA0001-819x1024.jpg 819w, https:\/\/owv-sc-waldthurn.de\/wp-content\/uploads\/2025\/02\/IMG-20250203-WA0001-240x300.jpg 240w, https:\/\/owv-sc-waldthurn.de\/wp-content\/uploads\/2025\/02\/IMG-20250203-WA0001-768x960.jpg 768w, https:\/\/owv-sc-waldthurn.de\/wp-content\/uploads\/2025\/02\/IMG-20250203-WA0001.jpg 960w\" sizes=\"auto, (max-width: 819px) 100vw, 819px\" \/><\/figure>\n\n\n\n<figure class=\"wp-block-image size-full is-resized has-custom-border\"><img loading=\"lazy\" decoding=\"async\" width=\"1073\" height=\"886\" src=\"https:\/\/owv-sc-waldthurn.de\/wp-content\/uploads\/2025\/02\/Kaffeekarte-2.-Februar-2025.jpg\" alt=\"\" class=\"has-border-color has-contrast-3-border-color wp-image-8716\" style=\"border-width:11px;width:741px;height:auto\" srcset=\"https:\/\/owv-sc-waldthurn.de\/wp-content\/uploads\/2025\/02\/Kaffeekarte-2.-Februar-2025.jpg 1073w, https:\/\/owv-sc-waldthurn.de\/wp-content\/uploads\/2025\/02\/Kaffeekarte-2.-Februar-2025-300x248.jpg 300w, https:\/\/owv-sc-waldthurn.de\/wp-content\/uploads\/2025\/02\/Kaffeekarte-2.-Februar-2025-1024x846.jpg 1024w, https:\/\/owv-sc-waldthurn.de\/wp-content\/uploads\/2025\/02\/Kaffeekarte-2.-Februar-2025-768x634.jpg 768w\" sizes=\"auto, (max-width: 1073px) 100vw, 1073px\" \/><\/figure>\n\n\n\n<figure class=\"wp-block-image size-full is-resized has-custom-border\"><img loading=\"lazy\" decoding=\"async\" width=\"913\" height=\"621\" src=\"https:\/\/owv-sc-waldthurn.de\/wp-content\/uploads\/2025\/02\/Kaffeekarte-getraenke.jpg\" alt=\"\" class=\"has-border-color has-contrast-3-border-color wp-image-8717\" style=\"border-width:9px;width:713px;height:auto\" srcset=\"https:\/\/owv-sc-waldthurn.de\/wp-content\/uploads\/2025\/02\/Kaffeekarte-getraenke.jpg 913w, https:\/\/owv-sc-waldthurn.de\/wp-content\/uploads\/2025\/02\/Kaffeekarte-getraenke-300x204.jpg 300w, https:\/\/owv-sc-waldthurn.de\/wp-content\/uploads\/2025\/02\/Kaffeekarte-getraenke-768x522.jpg 768w\" sizes=\"auto, (max-width: 913px) 100vw, 913px\" \/><\/figure>\n\n\n\n<figure class=\"wp-block-image size-large is-resized has-custom-border\"><img loading=\"lazy\" decoding=\"async\" width=\"1024\" height=\"371\" src=\"https:\/\/owv-sc-waldthurn.de\/wp-content\/uploads\/2025\/02\/20250202_131746ue-1024x371.jpg\" alt=\"\" class=\"has-border-color has-contrast-3-border-color wp-image-8651\" style=\"border-width:9px;width:1450px;height:auto\" srcset=\"https:\/\/owv-sc-waldthurn.de\/wp-content\/uploads\/2025\/02\/20250202_131746ue-1024x371.jpg 1024w, https:\/\/owv-sc-waldthurn.de\/wp-content\/uploads\/2025\/02\/20250202_131746ue-300x109.jpg 300w, https:\/\/owv-sc-waldthurn.de\/wp-content\/uploads\/2025\/02\/20250202_131746ue-768x278.jpg 768w, https:\/\/owv-sc-waldthurn.de\/wp-content\/uploads\/2025\/02\/20250202_131746ue.jpg 1200w\" sizes=\"auto, (max-width: 1024px) 100vw, 1024px\" \/><\/figure>\n<\/div>\n<\/div>\n\n\n\n<div class=\"wp-block-group alignwide is-layout-flow wp-block-group-is-layout-flow\">\n<div class=\"wp-block-group alignwide is-layout-flow wp-block-group-is-layout-flow\">\n<p class=\"has-text-align-center has-medium-font-size\"><strong><em>19. Januar &#8211; Familien Bauer Roman und Klos Dominik<\/em><\/strong><\/p>\n<\/div>\n\n\n\n<div class=\"wp-block-group alignwide is-nowrap is-layout-flex wp-container-core-group-is-layout-6c531013 wp-block-group-is-layout-flex\">\n<figure class=\"wp-block-image size-large is-resized has-custom-border\"><img loading=\"lazy\" decoding=\"async\" width=\"883\" height=\"1024\" src=\"https:\/\/owv-sc-waldthurn.de\/wp-content\/uploads\/2025\/02\/2025-19-Jan-Kaffeenachmittag-1-883x1024.jpg\" alt=\"\" class=\"has-border-color has-contrast-3-border-color wp-image-8634\" style=\"border-width:11px;width:324px;height:auto\" srcset=\"https:\/\/owv-sc-waldthurn.de\/wp-content\/uploads\/2025\/02\/2025-19-Jan-Kaffeenachmittag-1-883x1024.jpg 883w, https:\/\/owv-sc-waldthurn.de\/wp-content\/uploads\/2025\/02\/2025-19-Jan-Kaffeenachmittag-1-259x300.jpg 259w, https:\/\/owv-sc-waldthurn.de\/wp-content\/uploads\/2025\/02\/2025-19-Jan-Kaffeenachmittag-1-768x890.jpg 768w, https:\/\/owv-sc-waldthurn.de\/wp-content\/uploads\/2025\/02\/2025-19-Jan-Kaffeenachmittag-1.jpg 1035w\" sizes=\"auto, (max-width: 883px) 100vw, 883px\" \/><\/figure>\n\n\n\n<figure class=\"wp-block-image size-large is-resized has-custom-border\"><img loading=\"lazy\" decoding=\"async\" width=\"802\" height=\"1024\" src=\"https:\/\/owv-sc-waldthurn.de\/wp-content\/uploads\/2025\/01\/2025-19-Jan-Kaffeenachmittag-2-802x1024.jpg\" alt=\"\" class=\"has-border-color has-contrast-3-border-color wp-image-8582\" style=\"border-width:6px;width:228px;height:auto\" srcset=\"https:\/\/owv-sc-waldthurn.de\/wp-content\/uploads\/2025\/01\/2025-19-Jan-Kaffeenachmittag-2-802x1024.jpg 802w, https:\/\/owv-sc-waldthurn.de\/wp-content\/uploads\/2025\/01\/2025-19-Jan-Kaffeenachmittag-2-235x300.jpg 235w, https:\/\/owv-sc-waldthurn.de\/wp-content\/uploads\/2025\/01\/2025-19-Jan-Kaffeenachmittag-2-768x980.jpg 768w, https:\/\/owv-sc-waldthurn.de\/wp-content\/uploads\/2025\/01\/2025-19-Jan-Kaffeenachmittag-2.jpg 940w\" sizes=\"auto, (max-width: 802px) 100vw, 802px\" \/><\/figure>\n\n\n\n<figure class=\"wp-block-image size-large is-resized has-custom-border\"><img loading=\"lazy\" decoding=\"async\" width=\"748\" height=\"1024\" src=\"https:\/\/owv-sc-waldthurn.de\/wp-content\/uploads\/2025\/02\/Torten-und-Kuchen-19.-Jan-2025-748x1024.jpg\" alt=\"\" class=\"has-border-color has-contrast-3-border-color wp-image-8709\" style=\"border-width:14px;width:298px;height:auto\" srcset=\"https:\/\/owv-sc-waldthurn.de\/wp-content\/uploads\/2025\/02\/Torten-und-Kuchen-19.-Jan-2025-748x1024.jpg 748w, https:\/\/owv-sc-waldthurn.de\/wp-content\/uploads\/2025\/02\/Torten-und-Kuchen-19.-Jan-2025-219x300.jpg 219w, https:\/\/owv-sc-waldthurn.de\/wp-content\/uploads\/2025\/02\/Torten-und-Kuchen-19.-Jan-2025-768x1052.jpg 768w, https:\/\/owv-sc-waldthurn.de\/wp-content\/uploads\/2025\/02\/Torten-und-Kuchen-19.-Jan-2025.jpg 876w\" sizes=\"auto, (max-width: 748px) 100vw, 748px\" \/><\/figure>\n\n\n\n<figure class=\"wp-block-image size-large is-resized has-custom-border\"><img loading=\"lazy\" decoding=\"async\" width=\"747\" height=\"1024\" src=\"https:\/\/owv-sc-waldthurn.de\/wp-content\/uploads\/2025\/01\/2025-19-Jan-Kaffeenachmittag-3a-747x1024.jpg\" alt=\"\" class=\"has-border-color has-contrast-3-border-color wp-image-8583\" style=\"border-width:8px;width:304px;height:auto\" srcset=\"https:\/\/owv-sc-waldthurn.de\/wp-content\/uploads\/2025\/01\/2025-19-Jan-Kaffeenachmittag-3a-747x1024.jpg 747w, https:\/\/owv-sc-waldthurn.de\/wp-content\/uploads\/2025\/01\/2025-19-Jan-Kaffeenachmittag-3a-219x300.jpg 219w, https:\/\/owv-sc-waldthurn.de\/wp-content\/uploads\/2025\/01\/2025-19-Jan-Kaffeenachmittag-3a-768x1053.jpg 768w, https:\/\/owv-sc-waldthurn.de\/wp-content\/uploads\/2025\/01\/2025-19-Jan-Kaffeenachmittag-3a.jpg 875w\" sizes=\"auto, (max-width: 747px) 100vw, 747px\" \/><\/figure>\n<\/div>\n<\/div>\n\n\n\n<p><\/p>\n\n\n\n<p class=\"has-large-font-size\"><em><strong>Weihnachtsr\u00e4tsel <\/strong><\/em><\/p>\n\n\n\n<div class=\"wp-block-group alignwide is-nowrap is-layout-flex wp-container-core-group-is-layout-6c531013 wp-block-group-is-layout-flex\">\n<figure class=\"wp-block-image size-large is-resized has-custom-border\"><img loading=\"lazy\" decoding=\"async\" width=\"1024\" height=\"648\" src=\"https:\/\/owv-sc-waldthurn.de\/wp-content\/uploads\/2025\/01\/IMG-20250106-WA0003-1024x648.jpg\" alt=\"\" class=\"has-border-color has-contrast-3-border-color wp-image-8536\" style=\"width:668px;height:auto\" srcset=\"https:\/\/owv-sc-waldthurn.de\/wp-content\/uploads\/2025\/01\/IMG-20250106-WA0003-1024x648.jpg 1024w, https:\/\/owv-sc-waldthurn.de\/wp-content\/uploads\/2025\/01\/IMG-20250106-WA0003-300x190.jpg 300w, https:\/\/owv-sc-waldthurn.de\/wp-content\/uploads\/2025\/01\/IMG-20250106-WA0003-768x486.jpg 768w, https:\/\/owv-sc-waldthurn.de\/wp-content\/uploads\/2025\/01\/IMG-20250106-WA0003.jpg 1200w\" sizes=\"auto, (max-width: 1024px) 100vw, 1024px\" \/><\/figure>\n\n\n\n<figure class=\"wp-block-image size-large is-resized has-custom-border\" style=\"margin-right:var(--wp--preset--spacing--10);margin-left:var(--wp--preset--spacing--10)\"><img loading=\"lazy\" decoding=\"async\" width=\"1024\" height=\"738\" src=\"https:\/\/owv-sc-waldthurn.de\/wp-content\/uploads\/2025\/01\/a-1024x738.jpg\" alt=\"\" class=\"has-border-color has-contrast-3-border-color wp-image-8535\" style=\"width:611px;height:auto\" srcset=\"https:\/\/owv-sc-waldthurn.de\/wp-content\/uploads\/2025\/01\/a-1024x738.jpg 1024w, https:\/\/owv-sc-waldthurn.de\/wp-content\/uploads\/2025\/01\/a-300x216.jpg 300w, https:\/\/owv-sc-waldthurn.de\/wp-content\/uploads\/2025\/01\/a-768x554.jpg 768w, https:\/\/owv-sc-waldthurn.de\/wp-content\/uploads\/2025\/01\/a.jpg 1200w\" sizes=\"auto, (max-width: 1024px) 100vw, 1024px\" \/><\/figure>\n<\/div>\n\n\n\n<div class=\"wp-block-group alignwide is-layout-flow wp-block-group-is-layout-flow\">\n<p class=\"has-text-align-center has-large-font-size\"><strong><em>Frohe Weihnachten und einen guten Rutsch ins Neue Jahr<\/em><\/strong><\/p>\n<\/div>\n\n\n\n<figure class=\"wp-block-image alignwide size-large has-custom-border\" style=\"margin-right:var(--wp--preset--spacing--10);margin-left:var(--wp--preset--spacing--10)\"><img loading=\"lazy\" decoding=\"async\" width=\"1024\" height=\"759\" src=\"https:\/\/owv-sc-waldthurn.de\/wp-content\/uploads\/2024\/12\/20241221_104540-1024x759.jpg\" alt=\"\" class=\"has-border-color wp-image-8417\" style=\"border-color:#965924;border-width:20px\" srcset=\"https:\/\/owv-sc-waldthurn.de\/wp-content\/uploads\/2024\/12\/20241221_104540-1024x759.jpg 1024w, https:\/\/owv-sc-waldthurn.de\/wp-content\/uploads\/2024\/12\/20241221_104540-300x223.jpg 300w, https:\/\/owv-sc-waldthurn.de\/wp-content\/uploads\/2024\/12\/20241221_104540-768x570.jpg 768w, https:\/\/owv-sc-waldthurn.de\/wp-content\/uploads\/2024\/12\/20241221_104540.jpg 1200w\" sizes=\"auto, (max-width: 1024px) 100vw, 1024px\" \/><\/figure>\n\n\n\n<div class=\"wp-block-group alignwide is-nowrap is-layout-flex wp-container-core-group-is-layout-6c531013 wp-block-group-is-layout-flex\">\n<div class=\"wp-block-group alignwide is-layout-flow wp-block-group-is-layout-flow\">\n<p class=\"has-text-align-center has-large-font-size\"><strong><em>Vereinsjahr  2024<\/em><\/strong><\/p>\n\n\n\n<div class=\"wp-block-group is-nowrap is-layout-flex wp-container-core-group-is-layout-6c531013 wp-block-group-is-layout-flex\">\n<figure class=\"wp-block-image size-large is-resized\"><img loading=\"lazy\" decoding=\"async\" width=\"615\" height=\"1024\" src=\"https:\/\/owv-sc-waldthurn.de\/wp-content\/uploads\/2024\/12\/20241215_182649-1-615x1024.jpg\" alt=\"\" class=\"wp-image-8413\" style=\"width:276px;height:auto\" srcset=\"https:\/\/owv-sc-waldthurn.de\/wp-content\/uploads\/2024\/12\/20241215_182649-1-615x1024.jpg 615w, https:\/\/owv-sc-waldthurn.de\/wp-content\/uploads\/2024\/12\/20241215_182649-1-180x300.jpg 180w, https:\/\/owv-sc-waldthurn.de\/wp-content\/uploads\/2024\/12\/20241215_182649-1.jpg 721w\" sizes=\"auto, (max-width: 615px) 100vw, 615px\" \/><\/figure>\n\n\n\n<p class=\"has-text-align-center has-large-font-size\"><strong><em>15. Dezember<\/em><\/strong><\/p>\n\n\n\n<p class=\"has-text-align-center has-large-font-size\"><strong><em>OWV Waldweihnacht bei der Bruder-Klaus-Kapelle<\/em><\/strong><\/p>\n\n\n\n<figure class=\"wp-block-image aligncenter size-full is-resized\"><img loading=\"lazy\" decoding=\"async\" width=\"288\" height=\"640\" src=\"https:\/\/owv-sc-waldthurn.de\/wp-content\/uploads\/2024\/12\/2024-gif.gif\" alt=\"\" class=\"wp-image-8321\" style=\"width:178px;height:auto\"\/><\/figure>\n<\/div>\n\n\n\n<p><br>Bei ungem\u00fctlichen winterlichen Bedingungen wurde am 3. Adventssonntag die Waldweihnacht abgehalten. Helmut Glaser f\u00fchrte die Fu\u00dfwanderer vom Pfarrheim zur Bruder-Klaus-Kapelle. Zahlreiche OWV-Helfer verwandelten das Areal mit Feuerst\u00e4mmen, Fackeln, Windlichtern, Laternen und Kerzen in ein Meer von Lichtern und Lagerfeuer. Eine Bl\u00e4sergruppe der Trachtenkapelle unter der Leitung von Sepp Pflaum er\u00f6ffnete mit dem sch\u00f6nen altbayerischen Adventslied \u201ees wird scho glei dumpa\u201c die Waldweihnacht. Abwechselnd sangen und spielten der Kinder- und Jugendchor von Manuela Gr\u00fcnauer Weihnachts- und Adventsweisen. Mit \u201eEs ist f\u00fcr uns eine Zeit angekommen\u201c, \u201eStern \u00fcber Bethlehem\u201c und \u201eWir w\u00fcnschen euch Frohe Weihnacht\u201c erfreuten die jungen Stimmen die zahlreichen Besucher. Die Bl\u00e4ser intonierten \u201eAlle Jahre wieder\u201c, \u201eHerbei oh ihr Gl\u00e4ubigen\u201c und \u201eTochter Zion\u201c. Horst Pleyer trug passende, nachdenkliche und heitere Weihnachtsgeschichten, mit den Titeln: \u201eEine ganz winzig kleine Weihnachtsgeschichte\u201c, \u201eVersuchen sie\u00b4s mal dr\u00fcben\u201c und \u201eDie staade Zeit\u201c, vor. Mit dem \u201eAndachtsjodler\u201c, der gemeinsam gesungen wurde, endete die besinnliche Waldweihnacht. Trotz k\u00fchler Temperaturen fanden viele Zuh\u00f6rer den Weg zur Bruder-Klaus-Kapelle. Der warme Gl\u00fchwein und Kinderpunsch fand rei\u00dfenden Absatz<br>Roman Bauer<\/p>\n\n\n\n<p><\/p>\n\n\n\n<div class=\"wp-block-group is-content-justification-space-between is-nowrap is-layout-flex wp-container-core-group-is-layout-cb46ffcb wp-block-group-is-layout-flex\">\n<figure class=\"wp-block-image size-large is-resized\"><img loading=\"lazy\" decoding=\"async\" width=\"1024\" height=\"624\" src=\"https:\/\/owv-sc-waldthurn.de\/wp-content\/uploads\/2024\/12\/20241215_180404-1a-1-1024x624.jpg\" alt=\"\" class=\"wp-image-8323\" style=\"width:776px;height:auto\" srcset=\"https:\/\/owv-sc-waldthurn.de\/wp-content\/uploads\/2024\/12\/20241215_180404-1a-1-1024x624.jpg 1024w, https:\/\/owv-sc-waldthurn.de\/wp-content\/uploads\/2024\/12\/20241215_180404-1a-1-300x183.jpg 300w, https:\/\/owv-sc-waldthurn.de\/wp-content\/uploads\/2024\/12\/20241215_180404-1a-1-768x468.jpg 768w, https:\/\/owv-sc-waldthurn.de\/wp-content\/uploads\/2024\/12\/20241215_180404-1a-1.jpg 1200w\" sizes=\"auto, (max-width: 1024px) 100vw, 1024px\" \/><\/figure>\n\n\n\n<figure class=\"wp-block-image size-large is-resized\"><img loading=\"lazy\" decoding=\"async\" width=\"643\" height=\"1024\" src=\"https:\/\/owv-sc-waldthurn.de\/wp-content\/uploads\/2024\/12\/20241215_182724-1a-643x1024.jpg\" alt=\"\" class=\"wp-image-8372\" style=\"width:225px;height:auto\" srcset=\"https:\/\/owv-sc-waldthurn.de\/wp-content\/uploads\/2024\/12\/20241215_182724-1a-643x1024.jpg 643w, https:\/\/owv-sc-waldthurn.de\/wp-content\/uploads\/2024\/12\/20241215_182724-1a-189x300.jpg 189w, https:\/\/owv-sc-waldthurn.de\/wp-content\/uploads\/2024\/12\/20241215_182724-1a.jpg 754w\" sizes=\"auto, (max-width: 643px) 100vw, 643px\" \/><\/figure>\n\n\n\n<figure class=\"wp-block-image size-large is-resized\"><img loading=\"lazy\" decoding=\"async\" width=\"703\" height=\"1024\" src=\"https:\/\/owv-sc-waldthurn.de\/wp-content\/uploads\/2024\/12\/20241215_174815-1-703x1024.jpg\" alt=\"\" class=\"wp-image-8310\" style=\"width:298px;height:auto\" srcset=\"https:\/\/owv-sc-waldthurn.de\/wp-content\/uploads\/2024\/12\/20241215_174815-1-703x1024.jpg 703w, https:\/\/owv-sc-waldthurn.de\/wp-content\/uploads\/2024\/12\/20241215_174815-1-206x300.jpg 206w, https:\/\/owv-sc-waldthurn.de\/wp-content\/uploads\/2024\/12\/20241215_174815-1-768x1118.jpg 768w, https:\/\/owv-sc-waldthurn.de\/wp-content\/uploads\/2024\/12\/20241215_174815-1.jpg 824w\" sizes=\"auto, (max-width: 703px) 100vw, 703px\" \/><\/figure>\n\n\n\n<figure class=\"wp-block-image size-large is-resized\"><img loading=\"lazy\" decoding=\"async\" width=\"801\" height=\"1024\" src=\"https:\/\/owv-sc-waldthurn.de\/wp-content\/uploads\/2024\/12\/20241215_181049-1a-801x1024.jpg\" alt=\"\" class=\"wp-image-8305\" style=\"width:296px;height:auto\" srcset=\"https:\/\/owv-sc-waldthurn.de\/wp-content\/uploads\/2024\/12\/20241215_181049-1a-801x1024.jpg 801w, https:\/\/owv-sc-waldthurn.de\/wp-content\/uploads\/2024\/12\/20241215_181049-1a-235x300.jpg 235w, https:\/\/owv-sc-waldthurn.de\/wp-content\/uploads\/2024\/12\/20241215_181049-1a-768x981.jpg 768w, https:\/\/owv-sc-waldthurn.de\/wp-content\/uploads\/2024\/12\/20241215_181049-1a.jpg 939w\" sizes=\"auto, (max-width: 801px) 100vw, 801px\" \/><\/figure>\n\n\n\n<figure class=\"wp-block-image size-large is-resized\"><img loading=\"lazy\" decoding=\"async\" width=\"1024\" height=\"462\" src=\"https:\/\/owv-sc-waldthurn.de\/wp-content\/uploads\/2024\/12\/20241215_180208-1-1024x462.jpg\" alt=\"\" class=\"wp-image-8311\" style=\"width:882px;height:auto\" srcset=\"https:\/\/owv-sc-waldthurn.de\/wp-content\/uploads\/2024\/12\/20241215_180208-1-1024x462.jpg 1024w, https:\/\/owv-sc-waldthurn.de\/wp-content\/uploads\/2024\/12\/20241215_180208-1-300x135.jpg 300w, https:\/\/owv-sc-waldthurn.de\/wp-content\/uploads\/2024\/12\/20241215_180208-1-768x346.jpg 768w, https:\/\/owv-sc-waldthurn.de\/wp-content\/uploads\/2024\/12\/20241215_180208-1.jpg 1200w\" sizes=\"auto, (max-width: 1024px) 100vw, 1024px\" \/><\/figure>\n<\/div>\n<\/div>\n\n\n\n<div class=\"wp-block-group is-nowrap is-layout-flex wp-container-core-group-is-layout-6c531013 wp-block-group-is-layout-flex\"><\/div>\n<\/div>\n\n\n\n<div class=\"wp-block-group alignfull is-nowrap is-layout-flex wp-container-core-group-is-layout-6c531013 wp-block-group-is-layout-flex\">\n<figure class=\"wp-block-image size-large is-resized\"><img loading=\"lazy\" decoding=\"async\" width=\"1024\" height=\"644\" src=\"https:\/\/owv-sc-waldthurn.de\/wp-content\/uploads\/2024\/12\/20241215_182715-1-1024x644.jpg\" alt=\"\" class=\"wp-image-8307\" style=\"width:568px;height:auto\" srcset=\"https:\/\/owv-sc-waldthurn.de\/wp-content\/uploads\/2024\/12\/20241215_182715-1-1024x644.jpg 1024w, https:\/\/owv-sc-waldthurn.de\/wp-content\/uploads\/2024\/12\/20241215_182715-1-300x189.jpg 300w, https:\/\/owv-sc-waldthurn.de\/wp-content\/uploads\/2024\/12\/20241215_182715-1-768x483.jpg 768w, https:\/\/owv-sc-waldthurn.de\/wp-content\/uploads\/2024\/12\/20241215_182715-1.jpg 1200w\" sizes=\"auto, (max-width: 1024px) 100vw, 1024px\" \/><\/figure>\n\n\n\n<figure class=\"wp-block-image size-large is-resized\"><img loading=\"lazy\" decoding=\"async\" width=\"1024\" height=\"604\" src=\"https:\/\/owv-sc-waldthurn.de\/wp-content\/uploads\/2024\/12\/20241215_180503a-1024x604.jpg\" alt=\"\" class=\"wp-image-8324\" style=\"width:598px;height:auto\" srcset=\"https:\/\/owv-sc-waldthurn.de\/wp-content\/uploads\/2024\/12\/20241215_180503a-1024x604.jpg 1024w, https:\/\/owv-sc-waldthurn.de\/wp-content\/uploads\/2024\/12\/20241215_180503a-300x177.jpg 300w, https:\/\/owv-sc-waldthurn.de\/wp-content\/uploads\/2024\/12\/20241215_180503a-768x453.jpg 768w, https:\/\/owv-sc-waldthurn.de\/wp-content\/uploads\/2024\/12\/20241215_180503a.jpg 1200w\" sizes=\"auto, (max-width: 1024px) 100vw, 1024px\" \/><\/figure>\n\n\n\n<figure class=\"wp-block-image size-large is-resized\"><img loading=\"lazy\" decoding=\"async\" width=\"520\" height=\"1024\" src=\"https:\/\/owv-sc-waldthurn.de\/wp-content\/uploads\/2024\/12\/20241215_180506-1-520x1024.jpg\" alt=\"\" class=\"wp-image-8304\" style=\"width:209px;height:auto\" srcset=\"https:\/\/owv-sc-waldthurn.de\/wp-content\/uploads\/2024\/12\/20241215_180506-1-520x1024.jpg 520w, https:\/\/owv-sc-waldthurn.de\/wp-content\/uploads\/2024\/12\/20241215_180506-1-152x300.jpg 152w, https:\/\/owv-sc-waldthurn.de\/wp-content\/uploads\/2024\/12\/20241215_180506-1.jpg 609w\" sizes=\"auto, (max-width: 520px) 100vw, 520px\" \/><\/figure>\n\n\n\n<figure class=\"wp-block-image size-large is-resized\"><img loading=\"lazy\" decoding=\"async\" width=\"1024\" height=\"620\" src=\"https:\/\/owv-sc-waldthurn.de\/wp-content\/uploads\/2024\/12\/20241215_175918-1024x620.jpg\" alt=\"\" class=\"wp-image-8331\" style=\"width:631px;height:auto\" srcset=\"https:\/\/owv-sc-waldthurn.de\/wp-content\/uploads\/2024\/12\/20241215_175918-1024x620.jpg 1024w, https:\/\/owv-sc-waldthurn.de\/wp-content\/uploads\/2024\/12\/20241215_175918-300x182.jpg 300w, https:\/\/owv-sc-waldthurn.de\/wp-content\/uploads\/2024\/12\/20241215_175918-768x465.jpg 768w, https:\/\/owv-sc-waldthurn.de\/wp-content\/uploads\/2024\/12\/20241215_175918.jpg 1200w\" sizes=\"auto, (max-width: 1024px) 100vw, 1024px\" \/><\/figure>\n<\/div>\n\n\n\n<div class=\"wp-block-group alignwide is-layout-flow wp-block-group-is-layout-flow\">\n<div class=\"wp-block-group is-nowrap is-layout-flex wp-container-core-group-is-layout-6c531013 wp-block-group-is-layout-flex\">\n<p class=\"has-text-align-center has-large-font-size\"><strong><em>Weihnachtsvorbereitungen im Heimatmuseum<\/em><\/strong><\/p>\n\n\n\n<figure class=\"wp-block-image aligncenter size-large is-resized\"><img loading=\"lazy\" decoding=\"async\" width=\"768\" height=\"1024\" src=\"https:\/\/owv-sc-waldthurn.de\/wp-content\/uploads\/2024\/12\/2024-Museum-Advent-2-768x1024.jpg\" alt=\"\" class=\"wp-image-8293\" style=\"width:434px;height:auto\" srcset=\"https:\/\/owv-sc-waldthurn.de\/wp-content\/uploads\/2024\/12\/2024-Museum-Advent-2-768x1024.jpg 768w, https:\/\/owv-sc-waldthurn.de\/wp-content\/uploads\/2024\/12\/2024-Museum-Advent-2-225x300.jpg 225w, https:\/\/owv-sc-waldthurn.de\/wp-content\/uploads\/2024\/12\/2024-Museum-Advent-2.jpg 900w\" sizes=\"auto, (max-width: 768px) 100vw, 768px\" \/><\/figure>\n<\/div>\n\n\n\n<p><strong><em>29. November <\/em><\/strong><\/p>\n\n\n\n<p class=\"has-text-align-center\"><strong><em>Adventwanderung nach Hammerm\u00fchle zur Einkehr ins Br\u00e4uh\u00e4usl mit Zwischenstopp an der OWV\/Skiclub H\u00fctte<\/em><\/strong><\/p>\n\n\n\n<div class=\"wp-block-group is-nowrap is-layout-flex wp-container-core-group-is-layout-6c531013 wp-block-group-is-layout-flex\">\n<figure class=\"wp-block-image size-large is-resized\"><img loading=\"lazy\" decoding=\"async\" width=\"1024\" height=\"450\" src=\"https:\/\/owv-sc-waldthurn.de\/wp-content\/uploads\/2024\/12\/2024-11-29-1024x450.jpg\" alt=\"\" class=\"wp-image-8183\" style=\"width:575px;height:auto\" srcset=\"https:\/\/owv-sc-waldthurn.de\/wp-content\/uploads\/2024\/12\/2024-11-29-1024x450.jpg 1024w, https:\/\/owv-sc-waldthurn.de\/wp-content\/uploads\/2024\/12\/2024-11-29-300x132.jpg 300w, https:\/\/owv-sc-waldthurn.de\/wp-content\/uploads\/2024\/12\/2024-11-29-768x337.jpg 768w, https:\/\/owv-sc-waldthurn.de\/wp-content\/uploads\/2024\/12\/2024-11-29.jpg 1200w\" sizes=\"auto, (max-width: 1024px) 100vw, 1024px\" \/><\/figure>\n\n\n\n<figure class=\"wp-block-image size-large is-resized\"><img loading=\"lazy\" decoding=\"async\" width=\"537\" height=\"1024\" src=\"https:\/\/owv-sc-waldthurn.de\/wp-content\/uploads\/2024\/12\/20241129_a-537x1024.jpg\" alt=\"\" class=\"wp-image-8184\" style=\"width:189px;height:auto\" srcset=\"https:\/\/owv-sc-waldthurn.de\/wp-content\/uploads\/2024\/12\/20241129_a-537x1024.jpg 537w, https:\/\/owv-sc-waldthurn.de\/wp-content\/uploads\/2024\/12\/20241129_a-157x300.jpg 157w, https:\/\/owv-sc-waldthurn.de\/wp-content\/uploads\/2024\/12\/20241129_a.jpg 629w\" sizes=\"auto, (max-width: 537px) 100vw, 537px\" \/><\/figure>\n\n\n\n<figure class=\"wp-block-image size-large is-resized\"><img loading=\"lazy\" decoding=\"async\" width=\"1024\" height=\"578\" src=\"https:\/\/owv-sc-waldthurn.de\/wp-content\/uploads\/2024\/12\/20241129_b-1024x578.jpg\" alt=\"\" class=\"wp-image-8185\" style=\"width:477px;height:auto\" srcset=\"https:\/\/owv-sc-waldthurn.de\/wp-content\/uploads\/2024\/12\/20241129_b-1024x578.jpg 1024w, https:\/\/owv-sc-waldthurn.de\/wp-content\/uploads\/2024\/12\/20241129_b-300x169.jpg 300w, https:\/\/owv-sc-waldthurn.de\/wp-content\/uploads\/2024\/12\/20241129_b-768x433.jpg 768w, https:\/\/owv-sc-waldthurn.de\/wp-content\/uploads\/2024\/12\/20241129_b.jpg 1200w\" sizes=\"auto, (max-width: 1024px) 100vw, 1024px\" \/><\/figure>\n<\/div>\n\n\n\n<p class=\"has-text-align-center has-large-font-size\"><strong><em>23.<\/em><\/strong> <strong><em>November  &#8211; Samstag<\/em><\/strong><\/p>\n\n\n\n<p class=\"has-text-align-center\"><strong><em>Bald ist es wieder soweit &#8211; die sch\u00f6ne Adventszeit<\/em><\/strong><\/p>\n\n\n\n<p>Christbaum am Marktplatz<br>Traditionell zum ersten Advent stellt der OWV Waldthurn einen Christbaum am Marktplatz beim Kriegerdenkmal auf. Die Siedlergemeinschaft Waldthurn stiftete eine wundersch\u00f6n gewachsene Tanne, welche mit zahlreichen Lichterketten das bevorstehende Weihnachtsfest ank\u00fcndigt. Dieter Malzer organisierte zahlreiche Helfer. Die OWV-Vorsitzenden Heiko Glaser und Dominik Klos dankten insbesondere Thomas Riedl von der Firma Holzbau Riedl sowie Franz-Josef Beimler f\u00fcr den Transport. Nach getaner Arbeit wartete bereits die Pfarrhaush\u00e4lterin Elisabeth Kodalle mit Zwiebelkuchen und fl\u00fcssiger Nahrung. Die Metzgerei Bergler spendierte wie in jedem Jahr eine ausgiebige Brotzeit.<br>Roman Bauer<\/p>\n\n\n\n<div class=\"wp-block-group is-content-justification-center is-nowrap is-layout-flex wp-container-core-group-is-layout-23441af8 wp-block-group-is-layout-flex\">\n<figure class=\"wp-block-image size-large is-resized\"><img loading=\"lazy\" decoding=\"async\" width=\"1024\" height=\"576\" src=\"https:\/\/owv-sc-waldthurn.de\/wp-content\/uploads\/2024\/11\/a-1024x576.jpg\" alt=\"\" class=\"wp-image-8121\" style=\"width:463px;height:auto\" srcset=\"https:\/\/owv-sc-waldthurn.de\/wp-content\/uploads\/2024\/11\/a-1024x576.jpg 1024w, https:\/\/owv-sc-waldthurn.de\/wp-content\/uploads\/2024\/11\/a-300x169.jpg 300w, https:\/\/owv-sc-waldthurn.de\/wp-content\/uploads\/2024\/11\/a-768x432.jpg 768w, https:\/\/owv-sc-waldthurn.de\/wp-content\/uploads\/2024\/11\/a.jpg 1200w\" sizes=\"auto, (max-width: 1024px) 100vw, 1024px\" \/><\/figure>\n\n\n\n<figure class=\"wp-block-image size-large is-resized\"><img loading=\"lazy\" decoding=\"async\" width=\"1024\" height=\"576\" src=\"https:\/\/owv-sc-waldthurn.de\/wp-content\/uploads\/2024\/11\/b-1024x576.jpg\" alt=\"\" class=\"wp-image-8122\" style=\"width:435px;height:auto\" srcset=\"https:\/\/owv-sc-waldthurn.de\/wp-content\/uploads\/2024\/11\/b-1024x576.jpg 1024w, https:\/\/owv-sc-waldthurn.de\/wp-content\/uploads\/2024\/11\/b-300x169.jpg 300w, https:\/\/owv-sc-waldthurn.de\/wp-content\/uploads\/2024\/11\/b-768x432.jpg 768w, https:\/\/owv-sc-waldthurn.de\/wp-content\/uploads\/2024\/11\/b.jpg 1200w\" sizes=\"auto, (max-width: 1024px) 100vw, 1024px\" \/><\/figure>\n\n\n\n<figure class=\"wp-block-image size-large is-resized\"><img loading=\"lazy\" decoding=\"async\" width=\"1024\" height=\"576\" src=\"https:\/\/owv-sc-waldthurn.de\/wp-content\/uploads\/2024\/11\/c-1024x576.jpg\" alt=\"\" class=\"wp-image-8123\" style=\"width:441px;height:auto\" srcset=\"https:\/\/owv-sc-waldthurn.de\/wp-content\/uploads\/2024\/11\/c-1024x576.jpg 1024w, https:\/\/owv-sc-waldthurn.de\/wp-content\/uploads\/2024\/11\/c-300x169.jpg 300w, https:\/\/owv-sc-waldthurn.de\/wp-content\/uploads\/2024\/11\/c-768x432.jpg 768w, https:\/\/owv-sc-waldthurn.de\/wp-content\/uploads\/2024\/11\/c.jpg 1200w\" sizes=\"auto, (max-width: 1024px) 100vw, 1024px\" \/><\/figure>\n<\/div>\n<\/div>\n\n\n\n<div class=\"wp-block-group alignwide is-nowrap is-layout-flex wp-container-core-group-is-layout-6c531013 wp-block-group-is-layout-flex\">\n<figure class=\"wp-block-image size-large is-resized\"><img loading=\"lazy\" decoding=\"async\" width=\"1024\" height=\"576\" src=\"https:\/\/owv-sc-waldthurn.de\/wp-content\/uploads\/2024\/11\/cc-1024x576.jpg\" alt=\"\" class=\"wp-image-8124\" style=\"width:421px;height:auto\" srcset=\"https:\/\/owv-sc-waldthurn.de\/wp-content\/uploads\/2024\/11\/cc-1024x576.jpg 1024w, https:\/\/owv-sc-waldthurn.de\/wp-content\/uploads\/2024\/11\/cc-300x169.jpg 300w, https:\/\/owv-sc-waldthurn.de\/wp-content\/uploads\/2024\/11\/cc-768x432.jpg 768w, https:\/\/owv-sc-waldthurn.de\/wp-content\/uploads\/2024\/11\/cc.jpg 1200w\" sizes=\"auto, (max-width: 1024px) 100vw, 1024px\" \/><\/figure>\n\n\n\n<figure class=\"wp-block-image size-large is-resized\"><img loading=\"lazy\" decoding=\"async\" width=\"1024\" height=\"576\" src=\"https:\/\/owv-sc-waldthurn.de\/wp-content\/uploads\/2024\/11\/d-1024x576.jpg\" alt=\"\" class=\"wp-image-8125\" style=\"width:389px;height:auto\" srcset=\"https:\/\/owv-sc-waldthurn.de\/wp-content\/uploads\/2024\/11\/d-1024x576.jpg 1024w, https:\/\/owv-sc-waldthurn.de\/wp-content\/uploads\/2024\/11\/d-300x169.jpg 300w, https:\/\/owv-sc-waldthurn.de\/wp-content\/uploads\/2024\/11\/d-768x432.jpg 768w, https:\/\/owv-sc-waldthurn.de\/wp-content\/uploads\/2024\/11\/d.jpg 1200w\" sizes=\"auto, (max-width: 1024px) 100vw, 1024px\" \/><\/figure>\n\n\n\n<figure class=\"wp-block-image size-large is-resized\"><img loading=\"lazy\" decoding=\"async\" width=\"1024\" height=\"576\" src=\"https:\/\/owv-sc-waldthurn.de\/wp-content\/uploads\/2024\/11\/e-1024x576.jpg\" alt=\"\" class=\"wp-image-8126\" style=\"width:389px;height:auto\" srcset=\"https:\/\/owv-sc-waldthurn.de\/wp-content\/uploads\/2024\/11\/e-1024x576.jpg 1024w, https:\/\/owv-sc-waldthurn.de\/wp-content\/uploads\/2024\/11\/e-300x169.jpg 300w, https:\/\/owv-sc-waldthurn.de\/wp-content\/uploads\/2024\/11\/e-768x432.jpg 768w, https:\/\/owv-sc-waldthurn.de\/wp-content\/uploads\/2024\/11\/e.jpg 1200w\" sizes=\"auto, (max-width: 1024px) 100vw, 1024px\" \/><\/figure>\n<\/div>\n\n\n\n<div class=\"wp-block-cover\" style=\"min-height:465px;aspect-ratio:unset;\"><span aria-hidden=\"true\" class=\"wp-block-cover__background has-background-dim\"><\/span><div class=\"wp-block-cover__inner-container is-layout-flow wp-block-cover-is-layout-flow\">\n<div class=\"wp-block-group is-layout-flow wp-block-group-is-layout-flow\">\n<figure class=\"wp-block-image\"><img loading=\"lazy\" decoding=\"async\" width=\"969\" height=\"1024\" src=\"https:\/\/owv-sc-waldthurn.de\/wp-content\/uploads\/2024\/11\/f-969x1024.jpg\" alt=\"\" class=\"wp-image-8127\" srcset=\"https:\/\/owv-sc-waldthurn.de\/wp-content\/uploads\/2024\/11\/f-969x1024.jpg 969w, https:\/\/owv-sc-waldthurn.de\/wp-content\/uploads\/2024\/11\/f-284x300.jpg 284w, https:\/\/owv-sc-waldthurn.de\/wp-content\/uploads\/2024\/11\/f-768x812.jpg 768w, https:\/\/owv-sc-waldthurn.de\/wp-content\/uploads\/2024\/11\/f.jpg 1135w\" sizes=\"auto, (max-width: 969px) 100vw, 969px\" \/><\/figure>\n<\/div>\n<\/div><\/div>\n\n\n\n<div class=\"wp-block-group alignwide is-layout-flow wp-block-group-is-layout-flow\">\n<p class=\"has-text-align-center\"><strong><em>Sch\u00f6ne Traditionen  <\/em><\/strong>&#8211; <em style=\"font-weight: bold;\">nach getaner Arbeit<\/em>, <strong><em>ein herzliches Vergelts Gott f\u00fcr die gro\u00dfz\u00fcgigen Verk\u00f6stigungen <\/em><\/strong><\/p>\n<\/div>\n\n\n\n<div class=\"wp-block-group alignwide is-nowrap is-layout-flex wp-container-core-group-is-layout-6c531013 wp-block-group-is-layout-flex\">\n<figure class=\"wp-block-image size-large is-resized\"><img loading=\"lazy\" decoding=\"async\" width=\"1024\" height=\"705\" src=\"https:\/\/owv-sc-waldthurn.de\/wp-content\/uploads\/2024\/11\/IMG-20241123-WA0030-1024x705.jpg\" alt=\"\" class=\"wp-image-8139\" style=\"width:344px;height:auto\" srcset=\"https:\/\/owv-sc-waldthurn.de\/wp-content\/uploads\/2024\/11\/IMG-20241123-WA0030-1024x705.jpg 1024w, https:\/\/owv-sc-waldthurn.de\/wp-content\/uploads\/2024\/11\/IMG-20241123-WA0030-300x207.jpg 300w, https:\/\/owv-sc-waldthurn.de\/wp-content\/uploads\/2024\/11\/IMG-20241123-WA0030-768x529.jpg 768w, https:\/\/owv-sc-waldthurn.de\/wp-content\/uploads\/2024\/11\/IMG-20241123-WA0030.jpg 1147w\" sizes=\"auto, (max-width: 1024px) 100vw, 1024px\" \/><\/figure>\n\n\n\n<figure class=\"wp-block-image size-large is-resized\"><img loading=\"lazy\" decoding=\"async\" width=\"1024\" height=\"970\" src=\"https:\/\/owv-sc-waldthurn.de\/wp-content\/uploads\/2024\/11\/IMG-20241123-WA0032-1024x970.jpg\" alt=\"\" class=\"wp-image-8141\" style=\"width:372px;height:auto\" srcset=\"https:\/\/owv-sc-waldthurn.de\/wp-content\/uploads\/2024\/11\/IMG-20241123-WA0032-1024x970.jpg 1024w, https:\/\/owv-sc-waldthurn.de\/wp-content\/uploads\/2024\/11\/IMG-20241123-WA0032-300x284.jpg 300w, https:\/\/owv-sc-waldthurn.de\/wp-content\/uploads\/2024\/11\/IMG-20241123-WA0032-768x728.jpg 768w, https:\/\/owv-sc-waldthurn.de\/wp-content\/uploads\/2024\/11\/IMG-20241123-WA0032.jpg 1200w\" sizes=\"auto, (max-width: 1024px) 100vw, 1024px\" \/><\/figure>\n\n\n\n<figure class=\"wp-block-image size-full is-resized\"><img loading=\"lazy\" decoding=\"async\" width=\"885\" height=\"575\" src=\"https:\/\/owv-sc-waldthurn.de\/wp-content\/uploads\/2024\/11\/IMG-20241123-WA0028.jpg\" alt=\"\" class=\"wp-image-8137\" style=\"width:300px;height:auto\" srcset=\"https:\/\/owv-sc-waldthurn.de\/wp-content\/uploads\/2024\/11\/IMG-20241123-WA0028.jpg 885w, https:\/\/owv-sc-waldthurn.de\/wp-content\/uploads\/2024\/11\/IMG-20241123-WA0028-300x195.jpg 300w, https:\/\/owv-sc-waldthurn.de\/wp-content\/uploads\/2024\/11\/IMG-20241123-WA0028-768x499.jpg 768w\" sizes=\"auto, (max-width: 885px) 100vw, 885px\" \/><\/figure>\n\n\n\n<figure class=\"wp-block-image size-large is-resized\"><img loading=\"lazy\" decoding=\"async\" width=\"1024\" height=\"665\" src=\"https:\/\/owv-sc-waldthurn.de\/wp-content\/uploads\/2024\/11\/IMG-20241123-WA0029-1024x665.jpg\" alt=\"\" class=\"wp-image-8138\" style=\"width:346px;height:auto\" srcset=\"https:\/\/owv-sc-waldthurn.de\/wp-content\/uploads\/2024\/11\/IMG-20241123-WA0029-1024x665.jpg 1024w, https:\/\/owv-sc-waldthurn.de\/wp-content\/uploads\/2024\/11\/IMG-20241123-WA0029-300x195.jpg 300w, https:\/\/owv-sc-waldthurn.de\/wp-content\/uploads\/2024\/11\/IMG-20241123-WA0029-768x498.jpg 768w, https:\/\/owv-sc-waldthurn.de\/wp-content\/uploads\/2024\/11\/IMG-20241123-WA0029.jpg 1117w\" sizes=\"auto, (max-width: 1024px) 100vw, 1024px\" \/><\/figure>\n<\/div>\n\n\n\n<div class=\"wp-block-group alignwide is-layout-flow wp-block-group-is-layout-flow\">\n<p class=\"has-text-align-center has-large-font-size\"><strong><em>14. November<\/em><\/strong> &#8211; <strong><em>Jahreshauptversammlung mit Ehrungen<\/em><\/strong><\/p>\n\n\n\n<p><br>Zur Jahreshauptversammlung des Oberpf\u00e4lzer Waldverein Waldthurn begr\u00fc\u00dften die Vorsitzenden Heiko Glaser, Dominik Klos und Roman Bauer zahlreiche Mitglieder im Gasthaus zum \u201eMaler Michl\u201c. Besonders freuten sie sich \u00fcber die Anwesenheit von B\u00fcrgermeister Josef Beimler, Ehrenmitglied Ludwig Kleber und die ehemaligen Vorsitzenden bzw. Spartenleiter Petra Reil, Werner Pankotsch, Hape Reil und Wolfgang Golla.<br>In seinem Jahresr\u00fcckblick konnte Bauer von zahlreichen Aktivit\u00e4ten berichten. Derzeit geh\u00f6ren dem Verein 463 Mitglieder an. 16 Personen sind im vergangenen Jahr dem OWV beigetreten. Sechs Ausschusssitzungen wurden abgehalten. Die sieben Vereinsabende, welche von Helmut Gollwitzer, Christian Steiner, Georg Schmidbauer, Hermann Weig, Angelina Wallmayer, Werner Pankotsch und Bastian B\u00e4umler gestaltet wurden, waren sehr gut besucht. Die Adventswanderung zur Kegelbahn \u201eTriff Nix\u201c nach Altenstadt fand gro\u00dfe Resonanz. Ebenso die vier Kaffeenachmittage in der Skih\u00fctte. Wegen fehlender Schneemengen war ein Langlaufbetrieb leider nicht m\u00f6glich. Am Vorabend des ersten Mai wurde wieder ein Maibaum aufgestellt. Beim \u201eTag der offenen Gartent\u00fcr\u201c in Albersrieth und beim allj\u00e4hrlichen B\u00fcrgerfest fanden Bratw\u00fcrste, Flammkuchen und Pizza rei\u00dfenden Absatz. Heiko Glaser organisierte mehrere Arbeitsdienste an der Skih\u00fctte und am Schnabelbrunnen. Am Kinderferienprogramm der Marktgemeinde beteiligte sich der OWV mit einer Fahrradtour nach Altenstadt zur Esel- und Alpaka Farm. Ein Musikantentreffen und eine Besichtigung der Burg in Burgtreswitz rundeten die zahlreichen Aktivit\u00e4ten ab. Roman Bauer dankte allen, die sich in den OWV einbringen und wertvolle Freizeit opfern. Johanna Gr\u00fcnauer berichtete \u00fcber die Unternehmungen der Damengruppe und Helmut Gollwitzer gab einen umfassenden R\u00fcckblick zur Seniorenwandergruppe. Seit Anfang November treffen sich die Schnitzer unter der F\u00fchrung von Erwin Klotz jeden Montag im Werkraum der Grundschule. Die Kassiere Antje Seer und Horst Pleyer erstatteten sehr zufriedenstellende Kassenberichte.<br>F\u00fcr 25-j\u00e4hrige Mitgliedschaft wurden geehrt: Karina Bodensteiner, Irmgard G\u00f6tz, Gertraud und Franz Kramlinger, Annemarie Reber, Irmgard Schober, Anneliese Unger, Sieglinde und Josef Zielbauer.<br>40 Jahre: Richard Arnold, Evi Beimler, Angela Bergmann, Michaela Bock-Lindner, Maria Golla, Heidi Klos, Johann Lukas, Dieter Malzer, Elisabeth Pflaum, Beate und Franz Striegl, Waltraud Troidl, Karl V\u00f6lkl, Maria Wagner, Josef Wallner<br>50 Jahre: Wolfgang Bergmann, Reinhold Feiler, Manfred Holbaum, Reinhold Scheck, Johann Frischholz, Franz Pflaum, Josef Riedl, Michael V\u00f6lkl<br>60 Jahre: Josef B\u00e4umler<br>70 Jahre: Franz Kick<br>In seinem Grru\u00dfwort lobte B\u00fcrgermeister Josef Beimler den OWV f\u00fcr seinen Einsatz zur Heimat- und Brauchtumspflege.<\/p>\n\n\n\n<p>Roman Bauer<\/p>\n\n\n\n<div class=\"wp-block-group is-content-justification-center is-nowrap is-layout-flex wp-container-core-group-is-layout-23441af8 wp-block-group-is-layout-flex\">\n<figure class=\"wp-block-image size-large is-resized\"><img loading=\"lazy\" decoding=\"async\" width=\"1024\" height=\"515\" src=\"https:\/\/owv-sc-waldthurn.de\/wp-content\/uploads\/2024\/11\/IMG20241114204107-1024x515.jpg\" alt=\"\" class=\"wp-image-8153\" style=\"width:439px;height:auto\" srcset=\"https:\/\/owv-sc-waldthurn.de\/wp-content\/uploads\/2024\/11\/IMG20241114204107-1024x515.jpg 1024w, https:\/\/owv-sc-waldthurn.de\/wp-content\/uploads\/2024\/11\/IMG20241114204107-300x151.jpg 300w, https:\/\/owv-sc-waldthurn.de\/wp-content\/uploads\/2024\/11\/IMG20241114204107-768x387.jpg 768w, https:\/\/owv-sc-waldthurn.de\/wp-content\/uploads\/2024\/11\/IMG20241114204107.jpg 1200w\" sizes=\"auto, (max-width: 1024px) 100vw, 1024px\" \/><\/figure>\n\n\n\n<figure class=\"wp-block-image size-large is-resized\"><img loading=\"lazy\" decoding=\"async\" width=\"1015\" height=\"1024\" src=\"https:\/\/owv-sc-waldthurn.de\/wp-content\/uploads\/2024\/11\/20241114_201225-1015x1024.jpg\" alt=\"\" class=\"wp-image-8151\" style=\"width:281px;height:auto\" srcset=\"https:\/\/owv-sc-waldthurn.de\/wp-content\/uploads\/2024\/11\/20241114_201225-1015x1024.jpg 1015w, https:\/\/owv-sc-waldthurn.de\/wp-content\/uploads\/2024\/11\/20241114_201225-298x300.jpg 298w, https:\/\/owv-sc-waldthurn.de\/wp-content\/uploads\/2024\/11\/20241114_201225-150x150.jpg 150w, https:\/\/owv-sc-waldthurn.de\/wp-content\/uploads\/2024\/11\/20241114_201225-768x774.jpg 768w, https:\/\/owv-sc-waldthurn.de\/wp-content\/uploads\/2024\/11\/20241114_201225.jpg 1190w\" sizes=\"auto, (max-width: 1015px) 100vw, 1015px\" \/><\/figure>\n\n\n\n<figure class=\"wp-block-image size-large is-resized\"><img loading=\"lazy\" decoding=\"async\" width=\"1024\" height=\"886\" src=\"https:\/\/owv-sc-waldthurn.de\/wp-content\/uploads\/2024\/11\/IMG20241114204342-1024x886.jpg\" alt=\"\" class=\"wp-image-8154\" style=\"width:309px;height:auto\" srcset=\"https:\/\/owv-sc-waldthurn.de\/wp-content\/uploads\/2024\/11\/IMG20241114204342-1024x886.jpg 1024w, https:\/\/owv-sc-waldthurn.de\/wp-content\/uploads\/2024\/11\/IMG20241114204342-300x260.jpg 300w, https:\/\/owv-sc-waldthurn.de\/wp-content\/uploads\/2024\/11\/IMG20241114204342-768x664.jpg 768w, https:\/\/owv-sc-waldthurn.de\/wp-content\/uploads\/2024\/11\/IMG20241114204342.jpg 1200w\" sizes=\"auto, (max-width: 1024px) 100vw, 1024px\" \/><\/figure>\n\n\n\n<figure class=\"wp-block-image size-large is-resized\"><img loading=\"lazy\" decoding=\"async\" width=\"1024\" height=\"442\" src=\"https:\/\/owv-sc-waldthurn.de\/wp-content\/uploads\/2024\/11\/IMG20241114205057-1024x442.jpg\" alt=\"\" class=\"wp-image-8155\" style=\"width:542px;height:auto\" srcset=\"https:\/\/owv-sc-waldthurn.de\/wp-content\/uploads\/2024\/11\/IMG20241114205057-1024x442.jpg 1024w, https:\/\/owv-sc-waldthurn.de\/wp-content\/uploads\/2024\/11\/IMG20241114205057-300x130.jpg 300w, https:\/\/owv-sc-waldthurn.de\/wp-content\/uploads\/2024\/11\/IMG20241114205057-768x332.jpg 768w, https:\/\/owv-sc-waldthurn.de\/wp-content\/uploads\/2024\/11\/IMG20241114205057.jpg 1200w\" sizes=\"auto, (max-width: 1024px) 100vw, 1024px\" \/><\/figure>\n<\/div>\n\n\n\n<figure class=\"wp-block-image aligncenter size-large is-resized\"><img loading=\"lazy\" decoding=\"async\" width=\"1024\" height=\"513\" src=\"https:\/\/owv-sc-waldthurn.de\/wp-content\/uploads\/2024\/11\/20241114_210101-1024x513.jpg\" alt=\"\" class=\"wp-image-8152\" style=\"width:930px;height:auto\" srcset=\"https:\/\/owv-sc-waldthurn.de\/wp-content\/uploads\/2024\/11\/20241114_210101-1024x513.jpg 1024w, https:\/\/owv-sc-waldthurn.de\/wp-content\/uploads\/2024\/11\/20241114_210101-300x150.jpg 300w, https:\/\/owv-sc-waldthurn.de\/wp-content\/uploads\/2024\/11\/20241114_210101-768x385.jpg 768w, https:\/\/owv-sc-waldthurn.de\/wp-content\/uploads\/2024\/11\/20241114_210101.jpg 1200w\" sizes=\"auto, (max-width: 1024px) 100vw, 1024px\" \/><\/figure>\n\n\n\n<p class=\"has-text-align-center has-x-large-font-size\">15. <strong><em>Oktober<\/em><\/strong>  &#8211;  <strong><em>Physiozeit Waldthurn spendet Westen<\/em><\/strong><\/p>\n\n\n\n<p><br>Eine gro\u00dfz\u00fcgige Spende \u00fcberreichte Thomas Bauer, Inhaber der Physiozeit Waldthurn, an die Vertreter des Oberpf\u00e4lzer Waldverein.<br>Seit vielen Jahrzehnten k\u00fcmmert sich der OWV nicht nur um Heimat- und Brauchtumspflege in Waldthurn und Umgebung, sondern pflegt auch den Sport mit den verschiedenen Abteilungen. Nachdem Thomas Bauer seit einigen Jahren aktiv beim OWV mitarbeitet, war dies ein willkommener Anlass f\u00fcr ihn, sportliche Westen f\u00fcr die gesamte Vorstandschaft zu sponsern.<br>Gro\u00df war die Freude bei den Verantwortlichen bei der \u00dcbergabe in den R\u00e4umen der Physiozeit Waldthurn. Heiko Glaser hatte die schwarzen Westen mit dem Aufdruck von OWV und Physiozeit organisiert. Im Namen des OWV dankten Heiko Glaser und Dominik Klos f\u00fcr die gro\u00dfz\u00fcgige Spende im Wert von 2.000,00 Euro. Auch B\u00fcrgermeister Josef Beimler freute sich \u00fcber die nicht allt\u00e4gliche Zuwendung.<br>Roman Bauer<\/p>\n\n\n\n<figure class=\"wp-block-image size-large\"><img loading=\"lazy\" decoding=\"async\" width=\"1024\" height=\"601\" src=\"https:\/\/owv-sc-waldthurn.de\/wp-content\/uploads\/2024\/10\/IMG-20241015-WA0001-1024x601.jpg\" alt=\"\" class=\"wp-image-4001\" srcset=\"https:\/\/owv-sc-waldthurn.de\/wp-content\/uploads\/2024\/10\/IMG-20241015-WA0001-1024x601.jpg 1024w, https:\/\/owv-sc-waldthurn.de\/wp-content\/uploads\/2024\/10\/IMG-20241015-WA0001-300x176.jpg 300w, https:\/\/owv-sc-waldthurn.de\/wp-content\/uploads\/2024\/10\/IMG-20241015-WA0001-768x451.jpg 768w, https:\/\/owv-sc-waldthurn.de\/wp-content\/uploads\/2024\/10\/IMG-20241015-WA0001.jpg 1200w\" sizes=\"auto, (max-width: 1024px) 100vw, 1024px\" \/><\/figure>\n<\/div>\n\n\n\n<p><\/p>\n\n\n\n<div class=\"wp-block-group alignwide is-layout-flow wp-block-group-is-layout-flow\">\n<p class=\"has-text-align-center has-large-font-size\"><strong><em>11. Oktober  &#8211;  OWV Waldthurn erobert die Burg in Burgtreswitz<\/em><\/strong><\/p>\n\n\n\n<div class=\"wp-block-group is-nowrap is-layout-flex wp-container-core-group-is-layout-6c531013 wp-block-group-is-layout-flex\">\n<figure class=\"wp-block-image size-large is-resized\"><img loading=\"lazy\" decoding=\"async\" width=\"1024\" height=\"576\" src=\"https:\/\/owv-sc-waldthurn.de\/wp-content\/uploads\/2024\/10\/20241011_171821-1024x576.jpg\" alt=\"\" class=\"wp-image-5701\" style=\"width:388px;height:auto\" srcset=\"https:\/\/owv-sc-waldthurn.de\/wp-content\/uploads\/2024\/10\/20241011_171821-1024x576.jpg 1024w, https:\/\/owv-sc-waldthurn.de\/wp-content\/uploads\/2024\/10\/20241011_171821-300x169.jpg 300w, https:\/\/owv-sc-waldthurn.de\/wp-content\/uploads\/2024\/10\/20241011_171821-768x432.jpg 768w, https:\/\/owv-sc-waldthurn.de\/wp-content\/uploads\/2024\/10\/20241011_171821.jpg 1200w\" sizes=\"auto, (max-width: 1024px) 100vw, 1024px\" \/><\/figure>\n\n\n\n<figure class=\"wp-block-image size-large is-resized\"><img loading=\"lazy\" decoding=\"async\" width=\"1024\" height=\"576\" src=\"https:\/\/owv-sc-waldthurn.de\/wp-content\/uploads\/2024\/11\/20241011_173156-1-1024x576.jpg\" alt=\"\" class=\"wp-image-6860\" style=\"width:417px;height:auto\" srcset=\"https:\/\/owv-sc-waldthurn.de\/wp-content\/uploads\/2024\/11\/20241011_173156-1-1024x576.jpg 1024w, https:\/\/owv-sc-waldthurn.de\/wp-content\/uploads\/2024\/11\/20241011_173156-1-300x169.jpg 300w, https:\/\/owv-sc-waldthurn.de\/wp-content\/uploads\/2024\/11\/20241011_173156-1-768x432.jpg 768w, https:\/\/owv-sc-waldthurn.de\/wp-content\/uploads\/2024\/11\/20241011_173156-1.jpg 1200w\" sizes=\"auto, (max-width: 1024px) 100vw, 1024px\" \/><\/figure>\n\n\n\n<figure class=\"wp-block-image size-large is-resized\"><img loading=\"lazy\" decoding=\"async\" width=\"1024\" height=\"576\" src=\"https:\/\/owv-sc-waldthurn.de\/wp-content\/uploads\/2024\/11\/20241011_174247-1024x576.jpg\" alt=\"\" class=\"wp-image-6861\" style=\"width:388px;height:auto\" srcset=\"https:\/\/owv-sc-waldthurn.de\/wp-content\/uploads\/2024\/11\/20241011_174247-1024x576.jpg 1024w, https:\/\/owv-sc-waldthurn.de\/wp-content\/uploads\/2024\/11\/20241011_174247-300x169.jpg 300w, https:\/\/owv-sc-waldthurn.de\/wp-content\/uploads\/2024\/11\/20241011_174247-768x432.jpg 768w, https:\/\/owv-sc-waldthurn.de\/wp-content\/uploads\/2024\/11\/20241011_174247.jpg 1200w\" sizes=\"auto, (max-width: 1024px) 100vw, 1024px\" \/><\/figure>\n\n\n\n<figure class=\"wp-block-image size-large is-resized\"><img loading=\"lazy\" decoding=\"async\" width=\"1024\" height=\"576\" src=\"https:\/\/owv-sc-waldthurn.de\/wp-content\/uploads\/2024\/11\/20241011_180138-1024x576.jpg\" alt=\"\" class=\"wp-image-6868\" style=\"width:441px;height:auto\" srcset=\"https:\/\/owv-sc-waldthurn.de\/wp-content\/uploads\/2024\/11\/20241011_180138-1024x576.jpg 1024w, https:\/\/owv-sc-waldthurn.de\/wp-content\/uploads\/2024\/11\/20241011_180138-300x169.jpg 300w, https:\/\/owv-sc-waldthurn.de\/wp-content\/uploads\/2024\/11\/20241011_180138-768x432.jpg 768w, https:\/\/owv-sc-waldthurn.de\/wp-content\/uploads\/2024\/11\/20241011_180138.jpg 1200w\" sizes=\"auto, (max-width: 1024px) 100vw, 1024px\" \/><\/figure>\n\n\n\n<figure class=\"wp-block-image size-large is-resized\"><img loading=\"lazy\" decoding=\"async\" width=\"631\" height=\"1024\" src=\"https:\/\/owv-sc-waldthurn.de\/wp-content\/uploads\/2024\/11\/20241011_182152-631x1024.jpg\" alt=\"\" class=\"wp-image-6869\" style=\"width:258px;height:auto\" srcset=\"https:\/\/owv-sc-waldthurn.de\/wp-content\/uploads\/2024\/11\/20241011_182152-631x1024.jpg 631w, https:\/\/owv-sc-waldthurn.de\/wp-content\/uploads\/2024\/11\/20241011_182152-185x300.jpg 185w, https:\/\/owv-sc-waldthurn.de\/wp-content\/uploads\/2024\/11\/20241011_182152.jpg 740w\" sizes=\"auto, (max-width: 631px) 100vw, 631px\" \/><\/figure>\n<\/div>\n<\/div>\n\n\n\n<div class=\"wp-block-group alignwide is-layout-flow wp-block-group-is-layout-flow\">\n<p><br>Eine gro\u00dfe Abordnung des Oberpf\u00e4lzer Waldverein Waldthurn besichtigte die Schlossanlage in Burgtreswitz. Peter Garreis empfing die Delegation und erl\u00e4uterte fachkundig die Geschichte des historischen Geb\u00e4udes.<br>Erbaut wurde die Burg Treswitz im 12. Jahrhundert von den Grafen von Sulzbach und erstmals urkundlich erw\u00e4hnt im Jahr 1218. Im 30-j\u00e4hrigen Krieg wurde die mittelalterliche Burganlage weitgehend niedergebrannt. In der Folgezeit erfolgte der Wiederaufbau als Schloss und Pflegeamtssitz. Im Laufe der Jahrhunderte waren mehrere Besitzerwechsel zu verzeichnen und die Burganlage wurde zuletzt als landwirtschaftlicher Betrieb, Gastwirtschaft und Brauerei genutzt. Schlie\u00dflich erwarb 1983 der Markt Moosbach das gesamte Areal, wobei sich das Schloss in einem desolaten Zustand befand. Nach der Gr\u00fcndung eines F\u00f6rdervereins \u201eSchloss Burgtreswitz\u201c begannen umfangreiche Sanierungsabreiten, die bis zum jetzigen Zeitpunkt noch nicht abgeschlossen sind. Sehr lobenswert erw\u00e4hnte der Vorsitzende Peter Garreis die Zusammenarbeit mit den staatlichen F\u00f6rderstellen und dem Markt Moosbach. In insgesamt 55.000 ehrenamtlichen Arbeitsstunden wurde dieser Kraftakt geschultert. Ma\u00dfgeblichen Anteil hatten die \u201eBurgtreswitzer Schlossgeister\u201c, welche die unterschiedlichsten handwerklichen T\u00e4tigkeiten in Eigenregie ausf\u00fchrten.<br>Aktuell werden die R\u00e4umlichkeiten f\u00fcr Theaterauff\u00fchrungen, Konzerte und verschiedene Festlichkeiten genutzt. Zu besichtigen sind die detailgetreu restaurierten Zimmer. Im integrierten Heimatmuseum befinden sich die ehemalige Amtsstube des Pflegers, eine Schusterei, B\u00fcrstenmacherei, ein Jagd- und Fischereimuseum.<br>Nach der hochinteressanten F\u00fchrung durch die alten Gem\u00e4uer empfing der stellvertretende Vorsitzende Thomas Hupfauf mit seinen Helfern die G\u00e4ste in der Burgsch\u00e4nke. Bei einer ausgiebigen Brotzeit und k\u00fchlen Getr\u00e4nken von der Moosbacher Brauerei fand der Ausflug in die Nachbargemeinde ein sch\u00f6nes Ende. Selbst mit 88 Jahren lie\u00df es sich einer der noch lebenden \u201eSchlossgeister\u201c nicht nehmen, pers\u00f6nlich mit anwesend zu sein um aus seinem gro\u00dfen Erfahrungsschatz so manch heitere Geschichte von sich zu geben.<br>Roman Bauer<\/p>\n<\/div>\n\n\n\n<div class=\"wp-block-group alignwide is-nowrap is-layout-flex wp-container-core-group-is-layout-6c531013 wp-block-group-is-layout-flex\">\n<div class=\"wp-block-group has-global-padding is-layout-constrained wp-block-group-is-layout-constrained\">\n<p class=\"has-text-align-center has-large-font-size\"><strong><em> <br>21. September Musikantentreffen beim  K\u00fchnhauser<\/em><\/strong><\/p>\n<\/div>\n<\/div>\n\n\n\n<div class=\"wp-block-group alignwide is-layout-flow wp-block-group-is-layout-flow\">\n<div class=\"wp-block-group is-nowrap is-layout-flex wp-container-core-group-is-layout-6c531013 wp-block-group-is-layout-flex\">\n<figure class=\"wp-block-image size-large is-resized\"><img loading=\"lazy\" decoding=\"async\" width=\"724\" height=\"1024\" src=\"https:\/\/owv-sc-waldthurn.de\/wp-content\/uploads\/2024\/09\/IMG-20240915-WA0001-724x1024.jpg\" alt=\"\" class=\"wp-image-443\" style=\"width:212px;height:auto\" srcset=\"https:\/\/owv-sc-waldthurn.de\/wp-content\/uploads\/2024\/09\/IMG-20240915-WA0001-724x1024.jpg 724w, https:\/\/owv-sc-waldthurn.de\/wp-content\/uploads\/2024\/09\/IMG-20240915-WA0001-212x300.jpg 212w, https:\/\/owv-sc-waldthurn.de\/wp-content\/uploads\/2024\/09\/IMG-20240915-WA0001-768x1087.jpg 768w, https:\/\/owv-sc-waldthurn.de\/wp-content\/uploads\/2024\/09\/IMG-20240915-WA0001.jpg 848w\" sizes=\"auto, (max-width: 724px) 100vw, 724px\" \/><\/figure>\n\n\n\n<figure class=\"wp-block-image size-large is-resized\"><img loading=\"lazy\" decoding=\"async\" width=\"1024\" height=\"734\" src=\"https:\/\/owv-sc-waldthurn.de\/wp-content\/uploads\/2024\/10\/IMG-20240922-WA0012-1024x734.jpg\" alt=\"\" class=\"wp-image-1816\" style=\"width:497px;height:auto\" srcset=\"https:\/\/owv-sc-waldthurn.de\/wp-content\/uploads\/2024\/10\/IMG-20240922-WA0012-1024x734.jpg 1024w, https:\/\/owv-sc-waldthurn.de\/wp-content\/uploads\/2024\/10\/IMG-20240922-WA0012-300x215.jpg 300w, https:\/\/owv-sc-waldthurn.de\/wp-content\/uploads\/2024\/10\/IMG-20240922-WA0012-768x550.jpg 768w, https:\/\/owv-sc-waldthurn.de\/wp-content\/uploads\/2024\/10\/IMG-20240922-WA0012.jpg 1200w\" sizes=\"auto, (max-width: 1024px) 100vw, 1024px\" \/><\/figure>\n\n\n\n<figure class=\"wp-block-image size-large is-resized\"><img loading=\"lazy\" decoding=\"async\" width=\"1024\" height=\"776\" src=\"https:\/\/owv-sc-waldthurn.de\/wp-content\/uploads\/2024\/10\/IMG-20240922-WA0006-1024x776.jpg\" alt=\"\" class=\"wp-image-1812\" style=\"width:538px;height:auto\" srcset=\"https:\/\/owv-sc-waldthurn.de\/wp-content\/uploads\/2024\/10\/IMG-20240922-WA0006-1024x776.jpg 1024w, https:\/\/owv-sc-waldthurn.de\/wp-content\/uploads\/2024\/10\/IMG-20240922-WA0006-300x227.jpg 300w, https:\/\/owv-sc-waldthurn.de\/wp-content\/uploads\/2024\/10\/IMG-20240922-WA0006-768x582.jpg 768w, https:\/\/owv-sc-waldthurn.de\/wp-content\/uploads\/2024\/10\/IMG-20240922-WA0006.jpg 1200w\" sizes=\"auto, (max-width: 1024px) 100vw, 1024px\" \/><\/figure>\n<\/div>\n\n\n\n<p>Eine musikalische Veranstaltung \u00fcber \u201cLandkultur Waldthurn\u201c findet im historischen K\u00fchnhausersaal gro\u00dfen Anklang.<\/p>\n\n\n\n<p>Der Oberpf\u00e4lzer Waldverein organisierte zusammen mit Hans-Peter Reil ein Musikantentreffen im Gasthaus \u201ezum Schwarzen Adler\u201c. Sehr zufrieden mit dem Besuch waren die Vorsitzenden Dominik Klos und Roman Bauer. Vor einem begeisterten Publikum<br>spielten und sangen verschiedene Musikgruppen professionell auf. Den Reigen er\u00f6ffnete die neu formierte Gruppe \u201eBlechg<code>misch\u201c (Hannah Reil, Manuela Gr\u00fcnauer, Richard Wagner, Max Hochwarth, Robert Kraus, Felix Griesbach, Sepp Pflaum sen., Rudi Salomon, Georg Kleber und Hans-Peter Reil). Nach der schmissigen \u201eSlavonicka Polka\u201c folgten zwei St\u00fccke von Altmeister Ernst Mosch mit \u201eWir sind Kinder von der Eger\u201c und \u201eMondschein an der Eger\u201c. Sofort wurde jedem klar, dass es sich hier um versierte Musikanten handelt, denen bayerisch-b\u00f6hmische Musik am Herzen liegt. Weiter ging es im Programm mit den \u201eZwoa Schneidig<\/code>n\u201c (Christian M\u00fcller und Michael Wild). Zwischen den Gesangsst\u00fccken wurden die gut gelaunten Zuh\u00f6rer mit Geschichten vom \u201eSchnupftabak\u201c, \u201eder Schusterlehrling bei der Gesellenpr\u00fcfung\u201c, oder den \u201eKrampfoudern\u201c bestens unterhalten und die Lachmuskeln stark strapaziert. Unerreicht originell die Vortragsweise und Mimik der beiden Vollblutmusikanten.<br>Ein Heimspiel hatten die f\u00fcnf \u201eHulzstoussboum\u201c (Andreas Holfelner, Max Steiner, Jonas Kraus, Konsti Stahl und Julian Bauer) aus Waldthurn. Mit der \u201eLeichten Kavallerie\u201c \u00fcber die \u201eVogelwiese\u201c und \u201eRosamunde\u201c sorgte das lustige Quintett f\u00fcr beste Stimmung. Mit \u201eGeh zapf dei Fassl a\u201c und einem St\u00fcck von Glenn Miller konnten die jungen Musikanten ihre Vielseitigkeit darbieten.<br>Mit einer Zugabe von allen Musikanten wurde gemeinsam die \u201eFuchsgraben Polka\u201c, \u201eB\u00f6hmische Liebe\u201c, \u201eLand Tirol\u201c und \u201eDer B\u00f6hmische Traum\u201c perfekt dargeboten.<\/p>\n\n\n\n<div class=\"wp-block-group is-nowrap is-layout-flex wp-container-core-group-is-layout-6c531013 wp-block-group-is-layout-flex\">\n<figure class=\"wp-block-image size-large is-resized\"><img loading=\"lazy\" decoding=\"async\" width=\"1024\" height=\"756\" src=\"https:\/\/owv-sc-waldthurn.de\/wp-content\/uploads\/2024\/09\/IMG-20240922-WA0009-1-1024x756.jpg\" alt=\"\" class=\"wp-image-1058\" style=\"width:494px;height:auto\" srcset=\"https:\/\/owv-sc-waldthurn.de\/wp-content\/uploads\/2024\/09\/IMG-20240922-WA0009-1-1024x756.jpg 1024w, https:\/\/owv-sc-waldthurn.de\/wp-content\/uploads\/2024\/09\/IMG-20240922-WA0009-1-300x222.jpg 300w, https:\/\/owv-sc-waldthurn.de\/wp-content\/uploads\/2024\/09\/IMG-20240922-WA0009-1-768x567.jpg 768w, https:\/\/owv-sc-waldthurn.de\/wp-content\/uploads\/2024\/09\/IMG-20240922-WA0009-1.jpg 1200w\" sizes=\"auto, (max-width: 1024px) 100vw, 1024px\" \/><\/figure>\n\n\n\n<figure class=\"wp-block-image size-large is-resized\"><img loading=\"lazy\" decoding=\"async\" width=\"1016\" height=\"1024\" src=\"https:\/\/owv-sc-waldthurn.de\/wp-content\/uploads\/2024\/10\/IMG-20240922-WA0011-1016x1024.jpg\" alt=\"\" class=\"wp-image-1814\" style=\"width:453px;height:auto\" srcset=\"https:\/\/owv-sc-waldthurn.de\/wp-content\/uploads\/2024\/10\/IMG-20240922-WA0011-1016x1024.jpg 1016w, https:\/\/owv-sc-waldthurn.de\/wp-content\/uploads\/2024\/10\/IMG-20240922-WA0011-298x300.jpg 298w, https:\/\/owv-sc-waldthurn.de\/wp-content\/uploads\/2024\/10\/IMG-20240922-WA0011-150x150.jpg 150w, https:\/\/owv-sc-waldthurn.de\/wp-content\/uploads\/2024\/10\/IMG-20240922-WA0011-768x774.jpg 768w, https:\/\/owv-sc-waldthurn.de\/wp-content\/uploads\/2024\/10\/IMG-20240922-WA0011.jpg 1191w\" sizes=\"auto, (max-width: 1016px) 100vw, 1016px\" \/><\/figure>\n\n\n\n<figure class=\"wp-block-image size-large is-resized\"><img loading=\"lazy\" decoding=\"async\" width=\"768\" height=\"1024\" src=\"https:\/\/owv-sc-waldthurn.de\/wp-content\/uploads\/2024\/10\/IMG-20240922-WA0010-768x1024.jpg\" alt=\"\" class=\"wp-image-1813\" style=\"width:440px;height:auto\" srcset=\"https:\/\/owv-sc-waldthurn.de\/wp-content\/uploads\/2024\/10\/IMG-20240922-WA0010-768x1024.jpg 768w, https:\/\/owv-sc-waldthurn.de\/wp-content\/uploads\/2024\/10\/IMG-20240922-WA0010-225x300.jpg 225w, https:\/\/owv-sc-waldthurn.de\/wp-content\/uploads\/2024\/10\/IMG-20240922-WA0010.jpg 900w\" sizes=\"auto, (max-width: 768px) 100vw, 768px\" \/><\/figure>\n<\/div>\n\n\n\n<div class=\"wp-block-group is-nowrap is-layout-flex wp-container-core-group-is-layout-6c531013 wp-block-group-is-layout-flex\">\n<figure class=\"wp-block-image size-large is-resized\"><img loading=\"lazy\" decoding=\"async\" width=\"985\" height=\"1024\" src=\"https:\/\/owv-sc-waldthurn.de\/wp-content\/uploads\/2024\/10\/2024-Musikantenabend-7-985x1024.jpg\" alt=\"\" class=\"wp-image-6167\" style=\"width:398px;height:auto\" srcset=\"https:\/\/owv-sc-waldthurn.de\/wp-content\/uploads\/2024\/10\/2024-Musikantenabend-7-985x1024.jpg 985w, https:\/\/owv-sc-waldthurn.de\/wp-content\/uploads\/2024\/10\/2024-Musikantenabend-7-288x300.jpg 288w, https:\/\/owv-sc-waldthurn.de\/wp-content\/uploads\/2024\/10\/2024-Musikantenabend-7-768x799.jpg 768w, https:\/\/owv-sc-waldthurn.de\/wp-content\/uploads\/2024\/10\/2024-Musikantenabend-7.jpg 1022w\" sizes=\"auto, (max-width: 985px) 100vw, 985px\" \/><\/figure>\n\n\n\n<figure class=\"wp-block-image size-large is-resized\"><img loading=\"lazy\" decoding=\"async\" width=\"1024\" height=\"768\" src=\"https:\/\/owv-sc-waldthurn.de\/wp-content\/uploads\/2024\/10\/IMG-20240922-WA0014-1024x768.jpg\" alt=\"\" class=\"wp-image-1817\" style=\"object-fit:cover;width:421px;height:auto\" srcset=\"https:\/\/owv-sc-waldthurn.de\/wp-content\/uploads\/2024\/10\/IMG-20240922-WA0014-1024x768.jpg 1024w, https:\/\/owv-sc-waldthurn.de\/wp-content\/uploads\/2024\/10\/IMG-20240922-WA0014-300x225.jpg 300w, https:\/\/owv-sc-waldthurn.de\/wp-content\/uploads\/2024\/10\/IMG-20240922-WA0014-768x576.jpg 768w, https:\/\/owv-sc-waldthurn.de\/wp-content\/uploads\/2024\/10\/IMG-20240922-WA0014.jpg 1200w\" sizes=\"auto, (max-width: 1024px) 100vw, 1024px\" \/><\/figure>\n\n\n\n<figure class=\"wp-block-image size-large is-resized\"><img loading=\"lazy\" decoding=\"async\" width=\"1024\" height=\"407\" src=\"https:\/\/owv-sc-waldthurn.de\/wp-content\/uploads\/2024\/10\/2024-Musikantenabend-4-1024x407.jpg\" alt=\"\" class=\"wp-image-6169\" style=\"width:676px;height:auto\" srcset=\"https:\/\/owv-sc-waldthurn.de\/wp-content\/uploads\/2024\/10\/2024-Musikantenabend-4-1024x407.jpg 1024w, https:\/\/owv-sc-waldthurn.de\/wp-content\/uploads\/2024\/10\/2024-Musikantenabend-4-300x119.jpg 300w, https:\/\/owv-sc-waldthurn.de\/wp-content\/uploads\/2024\/10\/2024-Musikantenabend-4-768x305.jpg 768w, https:\/\/owv-sc-waldthurn.de\/wp-content\/uploads\/2024\/10\/2024-Musikantenabend-4.jpg 1200w\" sizes=\"auto, (max-width: 1024px) 100vw, 1024px\" \/><\/figure>\n\n\n\n<figure class=\"wp-block-image size-large is-resized\"><img loading=\"lazy\" decoding=\"async\" width=\"875\" height=\"1024\" src=\"https:\/\/owv-sc-waldthurn.de\/wp-content\/uploads\/2024\/10\/IMG-20240922-WA0013-875x1024.jpg\" alt=\"\" class=\"wp-image-1815\" style=\"object-fit:cover;width:463px;height:auto\" srcset=\"https:\/\/owv-sc-waldthurn.de\/wp-content\/uploads\/2024\/10\/IMG-20240922-WA0013-875x1024.jpg 875w, https:\/\/owv-sc-waldthurn.de\/wp-content\/uploads\/2024\/10\/IMG-20240922-WA0013-256x300.jpg 256w, https:\/\/owv-sc-waldthurn.de\/wp-content\/uploads\/2024\/10\/IMG-20240922-WA0013-768x899.jpg 768w, https:\/\/owv-sc-waldthurn.de\/wp-content\/uploads\/2024\/10\/IMG-20240922-WA0013.jpg 1025w\" sizes=\"auto, (max-width: 875px) 100vw, 875px\" \/><\/figure>\n<\/div>\n\n\n\n<p class=\"has-text-align-center has-large-font-size\"><strong><em>Museumszuwachs<\/em><\/strong><\/p>\n\n\n\n<figure class=\"wp-block-image aligncenter size-large is-resized has-custom-border\"><img loading=\"lazy\" decoding=\"async\" width=\"768\" height=\"1024\" src=\"https:\/\/owv-sc-waldthurn.de\/wp-content\/uploads\/2024\/09\/IMG-20240914-WA0000-768x1024.jpg\" alt=\"\" class=\"wp-image-1054\" style=\"border-width:1px;object-fit:cover;width:383px;height:auto\" srcset=\"https:\/\/owv-sc-waldthurn.de\/wp-content\/uploads\/2024\/09\/IMG-20240914-WA0000-768x1024.jpg 768w, https:\/\/owv-sc-waldthurn.de\/wp-content\/uploads\/2024\/09\/IMG-20240914-WA0000-225x300.jpg 225w, https:\/\/owv-sc-waldthurn.de\/wp-content\/uploads\/2024\/09\/IMG-20240914-WA0000.jpg 900w\" sizes=\"auto, (max-width: 768px) 100vw, 768px\" \/><\/figure>\n<\/div>\n\n\n\n<p class=\"has-text-align-center has-x-large-font-size\">23.<strong><em>August <\/em><\/strong>&#8211; <em><strong>Kinderferienprogramm<\/strong><\/em><\/p>\n\n\n\n<figure class=\"wp-block-image aligncenter size-large is-resized\"><img loading=\"lazy\" decoding=\"async\" width=\"1024\" height=\"635\" src=\"https:\/\/owv-sc-waldthurn.de\/wp-content\/uploads\/2024\/09\/IMG-20240823-WA0018-1024x635.jpg\" alt=\"\" class=\"wp-image-410\" style=\"width:727px;height:auto\" srcset=\"https:\/\/owv-sc-waldthurn.de\/wp-content\/uploads\/2024\/09\/IMG-20240823-WA0018-1024x635.jpg 1024w, https:\/\/owv-sc-waldthurn.de\/wp-content\/uploads\/2024\/09\/IMG-20240823-WA0018-300x186.jpg 300w, https:\/\/owv-sc-waldthurn.de\/wp-content\/uploads\/2024\/09\/IMG-20240823-WA0018-768x476.jpg 768w, https:\/\/owv-sc-waldthurn.de\/wp-content\/uploads\/2024\/09\/IMG-20240823-WA0018.jpg 1200w\" sizes=\"auto, (max-width: 1024px) 100vw, 1024px\" \/><\/figure>\n\n\n\n<div class=\"wp-block-group alignwide is-layout-flow wp-block-group-is-layout-flow\">\n<p>Der Oberpf\u00e4lzer Waldverein beteiligte sich wieder am Kinderferienprogramm der Marktgemeinde Waldthurn. Startpunkt war der Sportplatz, von wo aus es mit dem Fahrrad zum Schwarzenbach ging. Nach einer Rast an der Kreuzung nach Altenstadt bei Vohenstrau\u00df, besuchte die Gruppe die Alpaka-Farm von Evi B\u00e4umler Scheink\u00f6nig. Dort wurden die 20 Kinder von sieben Alpakas empfangen. Zuvor konnten sie zehn verschiedene H\u00fchnerarten und die Hasen Pauli und Finni begutachten.<br>Die ausgebildete Erzieherin und Heilp\u00e4dagogin erkl\u00e4rte den Kindern viel \u00fcber ihre Alpakas. Sie stammen urspr\u00fcnglich aus S\u00fcdamerika und aus ihrem Fell werden Stirnb\u00e4nder, M\u00fctzen, Schals, Seifen und Schuhsohlen hergestellt. Sie sind Distanztiere und kommen nur zum Kuscheln, wenn sie es m\u00f6chten. Sie k\u00f6nnen gelegentlich spucken, was aber sehr selten vorkommt. Der Unterschied zwischen einem Lama und einem Alpaka wurde ebenfalls erkl\u00e4rt. Ein Lama hat Bananenohren und ein Alpaka Spitzohren.<br>Der H\u00f6hepunkt war der Spaziergang mit den Alpakas Nero und Levander. Nach einer Verpflegungsrast durfte jedes Kind ein Miniaturholzalpaka basteln und mitnehmen. Vor der R\u00fcckfahrt gab es noch ein Eis. Die OWV-Mitglieder Johanna Gr\u00fcnauer, Petra M\u00fcller, Kristina Gr\u00fcnauer, Monika Bauer, Horst Pleyer und Roman Bauer waren begeistert von den disziplinierten Kindern.<\/p>\n<\/div>\n\n\n\n<div class=\"wp-block-group alignwide is-layout-flow wp-block-group-is-layout-flow\">\n<div class=\"wp-block-group is-nowrap is-layout-flex wp-container-core-group-is-layout-6c531013 wp-block-group-is-layout-flex\">\n<figure class=\"wp-block-image size-full is-resized wp-container-content-69bc4bdf\"><img loading=\"lazy\" decoding=\"async\" width=\"801\" height=\"1200\" src=\"https:\/\/owv-sc-waldthurn.de\/wp-content\/uploads\/2024\/09\/20240823_141656.jpg\" alt=\"\" class=\"wp-image-228\" style=\"width:278px;height:auto\" srcset=\"https:\/\/owv-sc-waldthurn.de\/wp-content\/uploads\/2024\/09\/20240823_141656.jpg 801w, https:\/\/owv-sc-waldthurn.de\/wp-content\/uploads\/2024\/09\/20240823_141656-200x300.jpg 200w, https:\/\/owv-sc-waldthurn.de\/wp-content\/uploads\/2024\/09\/20240823_141656-684x1024.jpg 684w, https:\/\/owv-sc-waldthurn.de\/wp-content\/uploads\/2024\/09\/20240823_141656-768x1151.jpg 768w\" sizes=\"auto, (max-width: 801px) 100vw, 801px\" \/><\/figure>\n\n\n\n<figure class=\"wp-block-image size-full is-resized\"><img loading=\"lazy\" decoding=\"async\" width=\"911\" height=\"1200\" src=\"https:\/\/owv-sc-waldthurn.de\/wp-content\/uploads\/2024\/09\/20240823_154336.jpg\" alt=\"\" class=\"wp-image-411\" style=\"width:244px;height:auto\" srcset=\"https:\/\/owv-sc-waldthurn.de\/wp-content\/uploads\/2024\/09\/20240823_154336.jpg 911w, https:\/\/owv-sc-waldthurn.de\/wp-content\/uploads\/2024\/09\/20240823_154336-228x300.jpg 228w, https:\/\/owv-sc-waldthurn.de\/wp-content\/uploads\/2024\/09\/20240823_154336-777x1024.jpg 777w, https:\/\/owv-sc-waldthurn.de\/wp-content\/uploads\/2024\/09\/20240823_154336-768x1012.jpg 768w\" sizes=\"auto, (max-width: 911px) 100vw, 911px\" \/><\/figure>\n\n\n\n<figure class=\"wp-block-image size-full is-resized wp-container-content-69bc4bdf\"><img loading=\"lazy\" decoding=\"async\" width=\"1200\" height=\"900\" src=\"https:\/\/owv-sc-waldthurn.de\/wp-content\/uploads\/2024\/09\/IMG-20240823-WA0005.jpg\" alt=\"\" class=\"wp-image-226\" style=\"width:387px;height:auto\" srcset=\"https:\/\/owv-sc-waldthurn.de\/wp-content\/uploads\/2024\/09\/IMG-20240823-WA0005.jpg 1200w, https:\/\/owv-sc-waldthurn.de\/wp-content\/uploads\/2024\/09\/IMG-20240823-WA0005-300x225.jpg 300w, https:\/\/owv-sc-waldthurn.de\/wp-content\/uploads\/2024\/09\/IMG-20240823-WA0005-1024x768.jpg 1024w, https:\/\/owv-sc-waldthurn.de\/wp-content\/uploads\/2024\/09\/IMG-20240823-WA0005-768x576.jpg 768w\" sizes=\"auto, (max-width: 1200px) 100vw, 1200px\" \/><\/figure>\n\n\n\n<figure class=\"wp-block-image aligncenter size-large is-resized is-style-default wp-container-content-69bc4bdf\"><img loading=\"lazy\" decoding=\"async\" width=\"916\" height=\"1024\" src=\"https:\/\/owv-sc-waldthurn.de\/wp-content\/uploads\/2024\/10\/IMG-20240823-WA0033-916x1024.jpg\" alt=\"\" class=\"wp-image-6141\" style=\"width:258px;height:auto\" srcset=\"https:\/\/owv-sc-waldthurn.de\/wp-content\/uploads\/2024\/10\/IMG-20240823-WA0033-916x1024.jpg 916w, https:\/\/owv-sc-waldthurn.de\/wp-content\/uploads\/2024\/10\/IMG-20240823-WA0033-269x300.jpg 269w, https:\/\/owv-sc-waldthurn.de\/wp-content\/uploads\/2024\/10\/IMG-20240823-WA0033-768x858.jpg 768w, https:\/\/owv-sc-waldthurn.de\/wp-content\/uploads\/2024\/10\/IMG-20240823-WA0033.jpg 1074w\" sizes=\"auto, (max-width: 916px) 100vw, 916px\" \/><\/figure>\n\n\n\n<figure class=\"wp-block-image size-large is-resized wp-container-content-69bc4bdf\"><img loading=\"lazy\" decoding=\"async\" width=\"1024\" height=\"538\" src=\"https:\/\/owv-sc-waldthurn.de\/wp-content\/uploads\/2024\/10\/20240823_164011-1024x538.jpg\" alt=\"\" class=\"wp-image-2280\" style=\"width:499px;height:auto\" srcset=\"https:\/\/owv-sc-waldthurn.de\/wp-content\/uploads\/2024\/10\/20240823_164011-1024x538.jpg 1024w, https:\/\/owv-sc-waldthurn.de\/wp-content\/uploads\/2024\/10\/20240823_164011-300x158.jpg 300w, https:\/\/owv-sc-waldthurn.de\/wp-content\/uploads\/2024\/10\/20240823_164011-768x404.jpg 768w, https:\/\/owv-sc-waldthurn.de\/wp-content\/uploads\/2024\/10\/20240823_164011.jpg 1200w\" sizes=\"auto, (max-width: 1024px) 100vw, 1024px\" \/><\/figure>\n<\/div>\n\n\n\n<div class=\"wp-block-columns is-layout-flex wp-container-core-columns-is-layout-28f84493 wp-block-columns-is-layout-flex\">\n<div class=\"wp-block-column is-layout-flow wp-block-column-is-layout-flow\" style=\"flex-basis:50%\">\n<p class=\"has-text-align-center has-large-font-size\"><strong><em> 14. Juli <\/em><\/strong> &#8211; <strong><em>B\u00fcrgerfest<\/em><\/strong><\/p>\n<\/div>\n\n\n\n<div class=\"wp-block-column is-layout-flow wp-block-column-is-layout-flow\" style=\"flex-basis:50%\"><\/div>\n<\/div>\n\n\n\n<div class=\"wp-block-group is-nowrap is-layout-flex wp-container-core-group-is-layout-6c531013 wp-block-group-is-layout-flex\">\n<figure class=\"wp-block-image size-large is-resized\"><img loading=\"lazy\" decoding=\"async\" width=\"1008\" height=\"1024\" src=\"https:\/\/owv-sc-waldthurn.de\/wp-content\/uploads\/2024\/09\/IMG-20240714-WA0009-1008x1024.jpg\" alt=\"\" class=\"wp-image-860\" style=\"width:324px;height:auto\" srcset=\"https:\/\/owv-sc-waldthurn.de\/wp-content\/uploads\/2024\/09\/IMG-20240714-WA0009-1008x1024.jpg 1008w, https:\/\/owv-sc-waldthurn.de\/wp-content\/uploads\/2024\/09\/IMG-20240714-WA0009-295x300.jpg 295w, https:\/\/owv-sc-waldthurn.de\/wp-content\/uploads\/2024\/09\/IMG-20240714-WA0009-768x780.jpg 768w, https:\/\/owv-sc-waldthurn.de\/wp-content\/uploads\/2024\/09\/IMG-20240714-WA0009.jpg 1181w\" sizes=\"auto, (max-width: 1008px) 100vw, 1008px\" \/><\/figure>\n\n\n\n<figure class=\"wp-block-image size-large is-resized\"><img loading=\"lazy\" decoding=\"async\" width=\"1005\" height=\"1024\" src=\"https:\/\/owv-sc-waldthurn.de\/wp-content\/uploads\/2024\/11\/IMG-20240714-WA0004-1005x1024.jpg\" alt=\"\" class=\"wp-image-6874\" style=\"width:337px;height:auto\" srcset=\"https:\/\/owv-sc-waldthurn.de\/wp-content\/uploads\/2024\/11\/IMG-20240714-WA0004-1005x1024.jpg 1005w, https:\/\/owv-sc-waldthurn.de\/wp-content\/uploads\/2024\/11\/IMG-20240714-WA0004-295x300.jpg 295w, https:\/\/owv-sc-waldthurn.de\/wp-content\/uploads\/2024\/11\/IMG-20240714-WA0004-768x782.jpg 768w, https:\/\/owv-sc-waldthurn.de\/wp-content\/uploads\/2024\/11\/IMG-20240714-WA0004.jpg 1178w\" sizes=\"auto, (max-width: 1005px) 100vw, 1005px\" \/><\/figure>\n\n\n\n<figure class=\"wp-block-image size-full is-resized\"><img loading=\"lazy\" decoding=\"async\" width=\"939\" height=\"618\" src=\"https:\/\/owv-sc-waldthurn.de\/wp-content\/uploads\/2024\/11\/IMG-20240714-WA0003.jpg\" alt=\"\" class=\"wp-image-6879\" style=\"width:354px;height:auto\" srcset=\"https:\/\/owv-sc-waldthurn.de\/wp-content\/uploads\/2024\/11\/IMG-20240714-WA0003.jpg 939w, https:\/\/owv-sc-waldthurn.de\/wp-content\/uploads\/2024\/11\/IMG-20240714-WA0003-300x197.jpg 300w, https:\/\/owv-sc-waldthurn.de\/wp-content\/uploads\/2024\/11\/IMG-20240714-WA0003-768x505.jpg 768w\" sizes=\"auto, (max-width: 939px) 100vw, 939px\" \/><\/figure>\n\n\n\n<figure class=\"wp-block-image aligncenter size-large is-resized\"><img loading=\"lazy\" decoding=\"async\" width=\"768\" height=\"1024\" src=\"https:\/\/owv-sc-waldthurn.de\/wp-content\/uploads\/2024\/09\/IMG-20240714-WA0002-768x1024.jpg\" alt=\"\" class=\"wp-image-857\" style=\"width:328px;height:auto\" srcset=\"https:\/\/owv-sc-waldthurn.de\/wp-content\/uploads\/2024\/09\/IMG-20240714-WA0002-768x1024.jpg 768w, https:\/\/owv-sc-waldthurn.de\/wp-content\/uploads\/2024\/09\/IMG-20240714-WA0002-225x300.jpg 225w, https:\/\/owv-sc-waldthurn.de\/wp-content\/uploads\/2024\/09\/IMG-20240714-WA0002.jpg 900w\" sizes=\"auto, (max-width: 768px) 100vw, 768px\" \/><\/figure>\n<\/div>\n\n\n\n<div class=\"wp-block-group is-nowrap is-layout-flex wp-container-core-group-is-layout-6c531013 wp-block-group-is-layout-flex\">\n<figure class=\"wp-block-image size-large is-resized\"><img loading=\"lazy\" decoding=\"async\" width=\"911\" height=\"1024\" src=\"https:\/\/owv-sc-waldthurn.de\/wp-content\/uploads\/2024\/11\/IMG-20240714-WA0005-911x1024.jpg\" alt=\"\" class=\"wp-image-6875\" style=\"width:322px;height:auto\" srcset=\"https:\/\/owv-sc-waldthurn.de\/wp-content\/uploads\/2024\/11\/IMG-20240714-WA0005-911x1024.jpg 911w, https:\/\/owv-sc-waldthurn.de\/wp-content\/uploads\/2024\/11\/IMG-20240714-WA0005-267x300.jpg 267w, https:\/\/owv-sc-waldthurn.de\/wp-content\/uploads\/2024\/11\/IMG-20240714-WA0005-768x864.jpg 768w, https:\/\/owv-sc-waldthurn.de\/wp-content\/uploads\/2024\/11\/IMG-20240714-WA0005.jpg 1067w\" sizes=\"auto, (max-width: 911px) 100vw, 911px\" \/><\/figure>\n\n\n\n<figure class=\"wp-block-image size-large is-resized\"><img loading=\"lazy\" decoding=\"async\" width=\"569\" height=\"1024\" src=\"https:\/\/owv-sc-waldthurn.de\/wp-content\/uploads\/2024\/10\/2024-Buergerfest-1-569x1024.jpg\" alt=\"\" class=\"wp-image-2327\" style=\"width:166px;height:auto\" srcset=\"https:\/\/owv-sc-waldthurn.de\/wp-content\/uploads\/2024\/10\/2024-Buergerfest-1-569x1024.jpg 569w, https:\/\/owv-sc-waldthurn.de\/wp-content\/uploads\/2024\/10\/2024-Buergerfest-1-167x300.jpg 167w, https:\/\/owv-sc-waldthurn.de\/wp-content\/uploads\/2024\/10\/2024-Buergerfest-1.jpg 667w\" sizes=\"auto, (max-width: 569px) 100vw, 569px\" \/><\/figure>\n\n\n\n<figure class=\"wp-block-image size-large is-resized\"><img loading=\"lazy\" decoding=\"async\" width=\"905\" height=\"1024\" src=\"https:\/\/owv-sc-waldthurn.de\/wp-content\/uploads\/2024\/11\/IMG-20240714-WA0013-905x1024.jpg\" alt=\"\" class=\"wp-image-6876\" style=\"width:310px;height:auto\" srcset=\"https:\/\/owv-sc-waldthurn.de\/wp-content\/uploads\/2024\/11\/IMG-20240714-WA0013-905x1024.jpg 905w, https:\/\/owv-sc-waldthurn.de\/wp-content\/uploads\/2024\/11\/IMG-20240714-WA0013-265x300.jpg 265w, https:\/\/owv-sc-waldthurn.de\/wp-content\/uploads\/2024\/11\/IMG-20240714-WA0013-768x869.jpg 768w, https:\/\/owv-sc-waldthurn.de\/wp-content\/uploads\/2024\/11\/IMG-20240714-WA0013.jpg 1060w\" sizes=\"auto, (max-width: 905px) 100vw, 905px\" \/><\/figure>\n\n\n\n<figure class=\"wp-block-image size-large is-resized\"><img loading=\"lazy\" decoding=\"async\" width=\"677\" height=\"1024\" src=\"https:\/\/owv-sc-waldthurn.de\/wp-content\/uploads\/2024\/11\/IMG-20240714-WA0014-677x1024.jpg\" alt=\"\" class=\"wp-image-6877\" style=\"width:273px;height:auto\" srcset=\"https:\/\/owv-sc-waldthurn.de\/wp-content\/uploads\/2024\/11\/IMG-20240714-WA0014-677x1024.jpg 677w, https:\/\/owv-sc-waldthurn.de\/wp-content\/uploads\/2024\/11\/IMG-20240714-WA0014-198x300.jpg 198w, https:\/\/owv-sc-waldthurn.de\/wp-content\/uploads\/2024\/11\/IMG-20240714-WA0014-768x1162.jpg 768w, https:\/\/owv-sc-waldthurn.de\/wp-content\/uploads\/2024\/11\/IMG-20240714-WA0014.jpg 793w\" sizes=\"auto, (max-width: 677px) 100vw, 677px\" \/><\/figure>\n<\/div>\n\n\n\n<p class=\"has-large-font-size\"><strong><em>30 Juni &#8211; Tag der offenen G\u00e4rten in Albersrieth <\/em><\/strong><\/p>\n\n\n\n<p class=\"has-large-font-size\">OWV Waldthurn mit Grillstand dabei <\/p>\n\n\n\n<p>                                                       keine Nachwuchssorgen beim Waldthurner OWV <\/p>\n\n\n\n<div class=\"wp-block-group is-nowrap is-layout-flex wp-container-core-group-is-layout-6c531013 wp-block-group-is-layout-flex\">\n<figure class=\"wp-block-image size-large is-resized\"><img loading=\"lazy\" decoding=\"async\" width=\"1024\" height=\"474\" src=\"https:\/\/owv-sc-waldthurn.de\/wp-content\/uploads\/2024\/11\/IMG-20240630-WA0029-1024x474.jpg\" alt=\"\" class=\"wp-image-7522\" style=\"width:433px;height:auto\" srcset=\"https:\/\/owv-sc-waldthurn.de\/wp-content\/uploads\/2024\/11\/IMG-20240630-WA0029-1024x474.jpg 1024w, https:\/\/owv-sc-waldthurn.de\/wp-content\/uploads\/2024\/11\/IMG-20240630-WA0029-300x139.jpg 300w, https:\/\/owv-sc-waldthurn.de\/wp-content\/uploads\/2024\/11\/IMG-20240630-WA0029-768x356.jpg 768w, https:\/\/owv-sc-waldthurn.de\/wp-content\/uploads\/2024\/11\/IMG-20240630-WA0029.jpg 1200w\" sizes=\"auto, (max-width: 1024px) 100vw, 1024px\" \/><\/figure>\n\n\n\n<figure class=\"wp-block-image size-large is-resized\"><img loading=\"lazy\" decoding=\"async\" width=\"1024\" height=\"576\" src=\"https:\/\/owv-sc-waldthurn.de\/wp-content\/uploads\/2024\/11\/20240630_162822-1024x576.jpg\" alt=\"\" class=\"wp-image-7521\" style=\"width:365px;height:auto\" srcset=\"https:\/\/owv-sc-waldthurn.de\/wp-content\/uploads\/2024\/11\/20240630_162822-1024x576.jpg 1024w, https:\/\/owv-sc-waldthurn.de\/wp-content\/uploads\/2024\/11\/20240630_162822-300x169.jpg 300w, https:\/\/owv-sc-waldthurn.de\/wp-content\/uploads\/2024\/11\/20240630_162822-768x432.jpg 768w, https:\/\/owv-sc-waldthurn.de\/wp-content\/uploads\/2024\/11\/20240630_162822.jpg 1200w\" sizes=\"auto, (max-width: 1024px) 100vw, 1024px\" \/><\/figure>\n\n\n\n<figure class=\"wp-block-image size-large is-resized\"><img loading=\"lazy\" decoding=\"async\" width=\"1024\" height=\"637\" src=\"https:\/\/owv-sc-waldthurn.de\/wp-content\/uploads\/2024\/11\/2024-06-30_160304-1024x637.jpg\" alt=\"\" class=\"wp-image-7520\" style=\"width:336px;height:auto\" srcset=\"https:\/\/owv-sc-waldthurn.de\/wp-content\/uploads\/2024\/11\/2024-06-30_160304-1024x637.jpg 1024w, https:\/\/owv-sc-waldthurn.de\/wp-content\/uploads\/2024\/11\/2024-06-30_160304-300x187.jpg 300w, https:\/\/owv-sc-waldthurn.de\/wp-content\/uploads\/2024\/11\/2024-06-30_160304-768x478.jpg 768w, https:\/\/owv-sc-waldthurn.de\/wp-content\/uploads\/2024\/11\/2024-06-30_160304.jpg 1200w\" sizes=\"auto, (max-width: 1024px) 100vw, 1024px\" \/><\/figure>\n<\/div>\n\n\n\n<p class=\"has-text-align-center has-large-font-size\">8.\/9. <strong><em>Juni<\/em><\/strong> &#8211; <strong><em>Goldsteigwanderung<\/em><\/strong><\/p>\n\n\n\n<figure class=\"wp-block-image aligncenter size-large is-resized\"><img loading=\"lazy\" decoding=\"async\" width=\"1024\" height=\"707\" src=\"https:\/\/owv-sc-waldthurn.de\/wp-content\/uploads\/2024\/09\/2024-06-10-Goldsteig-1-1024x707.jpg\" alt=\"\" class=\"wp-image-954\" style=\"width:616px;height:auto\" srcset=\"https:\/\/owv-sc-waldthurn.de\/wp-content\/uploads\/2024\/09\/2024-06-10-Goldsteig-1-1024x707.jpg 1024w, https:\/\/owv-sc-waldthurn.de\/wp-content\/uploads\/2024\/09\/2024-06-10-Goldsteig-1-300x207.jpg 300w, https:\/\/owv-sc-waldthurn.de\/wp-content\/uploads\/2024\/09\/2024-06-10-Goldsteig-1-768x531.jpg 768w, https:\/\/owv-sc-waldthurn.de\/wp-content\/uploads\/2024\/09\/2024-06-10-Goldsteig-1.jpg 1200w\" sizes=\"auto, (max-width: 1024px) 100vw, 1024px\" \/><\/figure>\n\n\n\n<p>15 Wanderfreunde des OWV Waldthurn machten sich am Samstag, 08. Juni auf den Weg in den Bayerischen Wald, um zwei weitere Etappen des Goldsteig Premium Wanderweges in Angriff zu nehmen.<br>Fr\u00fch am Morgen ging es von Oberfrauenwald zu den Weilern Neustift, Lindb\u00fcchl, Freudensee und zum gleichnamigen Badesee. Weiter durch wundersch\u00f6ne Fluren wurde Hauzenberg erreicht. Der Weg im Staffelbachtal f\u00fchrte zum Stadtpark, unterhalb des Stadtzentrums liegt hier eine sehr sch\u00f6ne und angenehme Passage. Nach einer ausgiebigen Brotzeit ging es gut gest\u00e4rkt weiter durch den Park, vorbei an einem Aussichtsturm, der an die Figur des \u201ePinocchio\u201c erinnert. Nach wenigen Kilometern wurde Kellberg erreicht, das Etappenziel des ersten Tages.<\/p>\n\n\n\n<div class=\"wp-block-group is-content-justification-center is-nowrap is-layout-flex wp-container-core-group-is-layout-23441af8 wp-block-group-is-layout-flex\">\n<figure class=\"wp-block-image size-large is-resized\"><img loading=\"lazy\" decoding=\"async\" width=\"1024\" height=\"1022\" src=\"https:\/\/owv-sc-waldthurn.de\/wp-content\/uploads\/2024\/10\/Goldsteig-a-1024x1022.jpg\" alt=\"\" class=\"wp-image-5711\" style=\"width:479px;height:auto\" srcset=\"https:\/\/owv-sc-waldthurn.de\/wp-content\/uploads\/2024\/10\/Goldsteig-a-1024x1022.jpg 1024w, https:\/\/owv-sc-waldthurn.de\/wp-content\/uploads\/2024\/10\/Goldsteig-a-300x300.jpg 300w, https:\/\/owv-sc-waldthurn.de\/wp-content\/uploads\/2024\/10\/Goldsteig-a-150x150.jpg 150w, https:\/\/owv-sc-waldthurn.de\/wp-content\/uploads\/2024\/10\/Goldsteig-a-768x767.jpg 768w, https:\/\/owv-sc-waldthurn.de\/wp-content\/uploads\/2024\/10\/Goldsteig-a.jpg 1080w\" sizes=\"auto, (max-width: 1024px) 100vw, 1024px\" \/><\/figure>\n\n\n\n<figure class=\"wp-block-image is-resized has-custom-border\"><img loading=\"lazy\" decoding=\"async\" width=\"1200\" height=\"821\" src=\"https:\/\/owv-sc-waldthurn.de\/wp-content\/uploads\/2024\/11\/IMG-20240609-WA0053.jpg\" alt=\"\" class=\"has-border-color has-contrast-2-border-color wp-image-6888\" style=\"border-width:9px;width:493px;height:auto\" srcset=\"https:\/\/owv-sc-waldthurn.de\/wp-content\/uploads\/2024\/11\/IMG-20240609-WA0053.jpg 1200w, https:\/\/owv-sc-waldthurn.de\/wp-content\/uploads\/2024\/11\/IMG-20240609-WA0053-300x205.jpg 300w, https:\/\/owv-sc-waldthurn.de\/wp-content\/uploads\/2024\/11\/IMG-20240609-WA0053-1024x701.jpg 1024w, https:\/\/owv-sc-waldthurn.de\/wp-content\/uploads\/2024\/11\/IMG-20240609-WA0053-768x525.jpg 768w\" sizes=\"auto, (max-width: 1200px) 100vw, 1200px\" \/><\/figure>\n\n\n\n<figure class=\"wp-block-image size-large is-resized\"><img loading=\"lazy\" decoding=\"async\" width=\"1024\" height=\"1019\" src=\"https:\/\/owv-sc-waldthurn.de\/wp-content\/uploads\/2024\/10\/Goldsteig-1024x1019.jpg\" alt=\"\" class=\"wp-image-5712\" style=\"width:450px;height:auto\" srcset=\"https:\/\/owv-sc-waldthurn.de\/wp-content\/uploads\/2024\/10\/Goldsteig-1024x1019.jpg 1024w, https:\/\/owv-sc-waldthurn.de\/wp-content\/uploads\/2024\/10\/Goldsteig-300x300.jpg 300w, https:\/\/owv-sc-waldthurn.de\/wp-content\/uploads\/2024\/10\/Goldsteig-150x150.jpg 150w, https:\/\/owv-sc-waldthurn.de\/wp-content\/uploads\/2024\/10\/Goldsteig-768x764.jpg 768w, https:\/\/owv-sc-waldthurn.de\/wp-content\/uploads\/2024\/10\/Goldsteig.jpg 1080w\" sizes=\"auto, (max-width: 1024px) 100vw, 1024px\" \/><\/figure>\n<\/div>\n\n\n\n<p>Nach einer feuchtfr\u00f6hlichen und kurzen Nacht, ging es am Sonntag von Kellberg bis nach Schm\u00f6lz, zur ehemaligen Papierm\u00fchle. Nach einem kurzen Gebet an der dortigen Kapelle wanderte die Gruppe den Berg hoch bis kurz vor Zw\u00f6lfling. Vorbei an den Eggersdorfer Teichen, folgte \u00fcber einen Feldweg der Weg hoch zur Ortschaft Eggersdorf. Ein sch\u00f6ner, naturbelassener Feld- und Waldweg brachte uns zur Grafenm\u00fchle, wo es eines der besten Holzofenbrote gibt. Gegen Mittag war das Langstreckenziel Passau zu sehen, das Ziel des zweiten Tages. An beiden Tagen wurden 30 Kilometer, in zum Teil schwierigem Gel\u00e4nde, bew\u00e4ltigt. Wegen der angespannten Hochwasserlage wurde von einem Besuch der historischen Altstadt abgesehen.<\/p>\n\n\n\n<p>Die Metzgerei Bergler spendierte, wie in den vorherigen Jahren, eine mehr als \u00fcppige Brotzeit.<\/p>\n\n\n\n<p>Mit diesen beiden Etappen wurde die Nordvariante des Goldsteig-Premium-Wanderweges abgeschlossen. Insgesamt wurden von Marktredwitz bis Passau 412 Kilometer zur\u00fcckgelegt. Die jeweiligen Strecken sind zwischen 9 und 28 Kilometer lang. Die h\u00f6chste Erhebung war der Aufstieg zum Gro\u00dfen Arber mit knapp 1.456 Meter.<\/p>\n\n\n\n<p>Bericht: Roman Bauer<\/p>\n\n\n\n<p class=\"has-text-align-center has-large-font-size\">OWV Waldthurn renoviert Feldkreuze<\/p>\n\n\n\n<figure class=\"wp-block-image alignleft size-large is-resized\"><img loading=\"lazy\" decoding=\"async\" width=\"576\" height=\"768\" src=\"https:\/\/owv-sc-waldthurn.de\/wp-content\/uploads\/2024\/09\/2024-AprilFeldkreuz.jpg\" alt=\"\" class=\"wp-image-950\" style=\"width:329px;height:auto\" srcset=\"https:\/\/owv-sc-waldthurn.de\/wp-content\/uploads\/2024\/09\/2024-AprilFeldkreuz.jpg 576w, https:\/\/owv-sc-waldthurn.de\/wp-content\/uploads\/2024\/09\/2024-AprilFeldkreuz-225x300.jpg 225w\" sizes=\"auto, (max-width: 576px) 100vw, 576px\" \/><\/figure>\n\n\n\n<p><br>Heimat- und Brauchtumspflege sind beim OWV Waldthurn ganz oben angesiedelt. Seit vielen Jahren befand sich ein Feldkreuz beim fr\u00fcheren Wiedenb\u00fchlh\u00e4uschen in einem schlechten und erb\u00e4rmlichen Zustand. Der Vorsitzende des OWV Waldthurn, Heiko Glaser und sein Vater Helmut, renovierten in m\u00fchevoller Arbeit das Feldkreuz, welches durch die Witterung arg in Mitleidenschaft gezogen wurde.<br>Leider konnte nicht mehr alles original repariert werden, da alle Holzteile morsch waren. Das Dach und das komplette Vierkantholz musste neu angefertigt werden. Die Herrgottfigur war ziemlich gut erhalten, diese musste lediglich gestrichen, lackiert und eine neue Scheibe im Geh\u00e4use eingebaut werden. Heiko Glaser \u00fcbernahm die Holzarbeiten und Helmut erledigte das Streichen und Lackieren. Nach getaner Arbeit konnte das wundersch\u00f6n restaurierte Kreuz an alter Stelle im Wiedenb\u00fchl wieder aufgestellt werden.<br>Urspr\u00fcnglich hatte Theo Kres im Jahr 1954 das Feldkreuz errichtet. Als Grund berichtete das bereits verstorbene Waldthurner Original und r\u00fchrige OWV Mitglied, dass er im Sommer jenes Jahres zusammen mit Berta Magerer (B\u00e4umler), einer Freundin seiner Mutter, am Wiedenb\u00fchl Schwarzbeeren sammelte. Wegen einem Gewitter suchten beide Schutz unter einer Buche. Direkt neben dieser m\u00e4chtigen Buche schlug der Blitz ein. Wie durch ein Wunder blieben gl\u00fccklicherweise die Beerensammler unverletzt. Bereits im Jahr 1907 ereignete sich an gleicher Stelle ein tragisches Ungl\u00fcck, bei dem eine Frau ums Leben kam.<br>Aus Dankbarkeit errichtete Theo Kres vor nunmehr 70 Jahren dieses Feldkreuz, welches als Schutz vor Blitz und Donner diente. Dank Helmut und Heiko Glaser d\u00fcrfen vorbeiziehende Naturliebhaber hier innehalten und im stillen Gebet verweilen.<br>Roman Bauer<\/p>\n<\/div>\n\n\n\n<p class=\"has-x-large-font-size\">30. <strong><em>April <\/em><\/strong>  &#8211; <strong><em>Maibaum<\/em><\/strong> <\/p>\n\n\n\n<p>Bilder:    <\/p>\n\n\n\n<p><\/p>\n\n\n\n<div class=\"wp-block-group alignwide is-content-justification-left is-nowrap is-layout-flex wp-container-core-group-is-layout-fc9f69e7 wp-block-group-is-layout-flex\">\n<div class=\"wp-block-group alignwide is-layout-flow wp-block-group-is-layout-flow\">\n<p class=\"has-text-align-center has-x-large-font-size\"><em><strong>Osterzeit<\/strong><\/em><\/p>\n\n\n\n<div class=\"wp-block-group is-nowrap is-layout-flex wp-container-core-group-is-layout-6c531013 wp-block-group-is-layout-flex\">\n<figure class=\"wp-block-image size-large is-resized\"><img loading=\"lazy\" decoding=\"async\" width=\"1024\" height=\"878\" src=\"https:\/\/owv-sc-waldthurn.de\/wp-content\/uploads\/2024\/09\/2024-Ostern-2-1024x878.jpg\" alt=\"\" class=\"wp-image-1002\" style=\"width:374px;height:auto\" srcset=\"https:\/\/owv-sc-waldthurn.de\/wp-content\/uploads\/2024\/09\/2024-Ostern-2-1024x878.jpg 1024w, https:\/\/owv-sc-waldthurn.de\/wp-content\/uploads\/2024\/09\/2024-Ostern-2-300x257.jpg 300w, https:\/\/owv-sc-waldthurn.de\/wp-content\/uploads\/2024\/09\/2024-Ostern-2-768x659.jpg 768w, https:\/\/owv-sc-waldthurn.de\/wp-content\/uploads\/2024\/09\/2024-Ostern-2.jpg 1200w\" sizes=\"auto, (max-width: 1024px) 100vw, 1024px\" \/><\/figure>\n\n\n\n<figure class=\"wp-block-image size-large is-resized\"><img loading=\"lazy\" decoding=\"async\" width=\"1024\" height=\"841\" src=\"https:\/\/owv-sc-waldthurn.de\/wp-content\/uploads\/2024\/09\/2024-Ostern-1-1-1024x841.jpg\" alt=\"\" class=\"wp-image-1001\" style=\"width:368px;height:auto\" srcset=\"https:\/\/owv-sc-waldthurn.de\/wp-content\/uploads\/2024\/09\/2024-Ostern-1-1-1024x841.jpg 1024w, https:\/\/owv-sc-waldthurn.de\/wp-content\/uploads\/2024\/09\/2024-Ostern-1-1-300x246.jpg 300w, https:\/\/owv-sc-waldthurn.de\/wp-content\/uploads\/2024\/09\/2024-Ostern-1-1-768x630.jpg 768w, https:\/\/owv-sc-waldthurn.de\/wp-content\/uploads\/2024\/09\/2024-Ostern-1-1.jpg 1200w\" sizes=\"auto, (max-width: 1024px) 100vw, 1024px\" \/><\/figure>\n\n\n\n<figure class=\"wp-block-image alignleft size-large is-resized\"><img loading=\"lazy\" decoding=\"async\" width=\"768\" height=\"1024\" src=\"https:\/\/owv-sc-waldthurn.de\/wp-content\/uploads\/2024\/09\/2024-Osterbrunnen-aktuell-768x1024.jpg\" alt=\"\" class=\"wp-image-998\" style=\"width:303px;height:auto\" srcset=\"https:\/\/owv-sc-waldthurn.de\/wp-content\/uploads\/2024\/09\/2024-Osterbrunnen-aktuell-768x1024.jpg 768w, https:\/\/owv-sc-waldthurn.de\/wp-content\/uploads\/2024\/09\/2024-Osterbrunnen-aktuell-225x300.jpg 225w, https:\/\/owv-sc-waldthurn.de\/wp-content\/uploads\/2024\/09\/2024-Osterbrunnen-aktuell.jpg 900w\" sizes=\"auto, (max-width: 768px) 100vw, 768px\" \/><\/figure>\n\n\n\n<p><strong><em>Osterbrunnen<\/em><\/strong><\/p>\n<\/div>\n\n\n\n<p>Osterausstellung im Heimatmuseum<br>Klein, aber fein \u2013 unter diesem Motto gestaltete sich die Osterausstellung im Heimatmuseum beim Rathaus in Waldthurn.<br>Bereits am Vorplatz beim historischen Lobkowitzschloss f\u00e4llt der sch\u00f6n geschm\u00fcckte Osterbrunnen ins Auge. Zwei Wochen vor dem Osterfest wird der Lobkowitzbrunnen mit mehr als f\u00fcnfhundert bunten Ostereiern und Schleifen verziert. Das Holzkreuz auf der Krone stellt symbolisch den tiefen katholischen Glauben des b\u00f6hmischen F\u00fcrstenhauses dar.<br>Im Museum stellte der Flossenb\u00fcrger OWV Vorsitzende Helmut Erndt seine<br>Osterpostkarten Sammlung zur Verf\u00fcgung. Die \u00e4lteste Karte stammt aus dem Jahr 1915. Diese Postkarten wurden damals mit der Hand gezeichnet und sp\u00e4ter nachkoloriert.<br>\u201eVesel\u00e9 Velikonoce\u201c (Frohe Ostern) steht auf vielen gut erhaltenen Osterkarten, welche aus dem Nachbarland Tschechien versandt wurden.<br>Selbst die Exemplare in altdeutscher Schrift sind in einem tadellosen Zustand und bewundernswert.<br>Leider werden in der heutigen digitalen Zeit nur noch wenige Ansichtskarten auf dem Postweg verschickt, umso gr\u00f6\u00dfer ist die Freude \u00fcber die Postkarten aus vergangenen Zeiten.<\/p>\n\n\n\n<p class=\"has-text-align-center has-large-font-size\"><em><strong>RamaDama im  April<\/strong><\/em><\/p>\n\n\n\n<div class=\"wp-block-group is-nowrap is-layout-flex wp-container-core-group-is-layout-6c531013 wp-block-group-is-layout-flex\">\n<div class=\"wp-block-group is-content-justification-center is-nowrap is-layout-flex wp-container-core-group-is-layout-23441af8 wp-block-group-is-layout-flex\">\n<figure class=\"wp-block-image aligncenter size-large is-resized\"><img loading=\"lazy\" decoding=\"async\" width=\"768\" height=\"1024\" src=\"https:\/\/owv-sc-waldthurn.de\/wp-content\/uploads\/2024\/09\/2024-Ramadama-768x1024.jpg\" alt=\"\" class=\"wp-image-964\" style=\"width:482px;height:auto\" srcset=\"https:\/\/owv-sc-waldthurn.de\/wp-content\/uploads\/2024\/09\/2024-Ramadama-768x1024.jpg 768w, https:\/\/owv-sc-waldthurn.de\/wp-content\/uploads\/2024\/09\/2024-Ramadama-225x300.jpg 225w, https:\/\/owv-sc-waldthurn.de\/wp-content\/uploads\/2024\/09\/2024-Ramadama.jpg 900w\" sizes=\"auto, (max-width: 768px) 100vw, 768px\" \/><\/figure>\n<\/div>\n\n\n\n<p class=\"has-text-align-left\"><br>Die Pflege von Heimat und Natur ist eine der Hauptaufgaben des Oberpf\u00e4lzer Waldverein Waldthurn. Wie seit mittlerweile vielen Jahren beteiligten sich die Mitglieder an der \u201eRama Dama\u201c Aktion des Landkreises Neustadt an der Waldnaab.<br>Angef\u00fchrt von Konrad Seibert mit seinem Traktor r\u00fcckte der Vorsitzende Heiko Glaser mit seinen Helfern Sophia und Martin M\u00e4ckl, Horst Pleyer, Helmut Glaser und Roman Bauer aus, um die Fluren und Stra\u00dfengr\u00e4ben ausgehend vom Sportplatz bis zum Fu\u00dfe des Fahrenberg, das Gebiet zum Steinb\u00fchl \u00fcber den Hirmesb\u00fchl bis zu den Totenbrettern von unerlaubten M\u00fcll zu s\u00e4ubern. Leider gibt es immer noch einige Umwelts\u00fcnder, die illegal den privaten Unrat ablagern. Erfreulich ist jedoch, dass deutlich weniger anfiel als in den vergangenen Jahren.<br>Bei der Sammelstelle am Bauhof wurden die angesammelten Flaschen, Dosen, Plastikt\u00fcten, Hundet\u00fcten und vieles mehr ordnungsgem\u00e4\u00df entsorgt.<br>Roman Bauer<\/p>\n<\/div>\n\n\n\n<p class=\"has-text-align-center has-large-font-size\"><strong><em>R\u00fcckblick auf die vergangenen 7 \u00f6ffentlichen Vereinsabende der Wintermonate November 2023 bis M\u00e4rz 2024 , deren Themen nicht unterschiedlicher sein konnten.<\/em><\/strong><\/p>\n\n\n\n<p><br>Von einer abenteuerlichen Reise in Jordanien und der weltbekannten Ruinenst\u00e4tte Petra, eines umfangreichen Einblicks in ein freiwilliges soziales Jahr in Bolivien oder einen Abstecher ins sonnige Katalonien. Es wurden exzellente und informative Vortr\u00e4ge abgehalten.<br>Ebenso gab es heimische Vortr\u00e4ge. Von kulturellen adventlichen Geschichten, \u00fcber einen ausschweifenden R\u00fcckblick des OWV-Vereinsjahres 2023 bis hin zu einem R\u00fcckblick auf das legend\u00e4re Heimatfest 2017 und einem ausklingenden bayerischen Abend mit z\u00fcnftiger Musik war alles dabei. An dieser Stelle ein herzliches Vergelt`s Gott an die Referenten, Musiker und Helfer.<br>Damit geht der OWV in Sachen Vereinsabenden in die wohlverdiente \u201c Sommerpause (Dominik Klos)<\/p>\n<\/div>\n<\/div>\n\n\n\n<p> Bilder:             <\/p>\n\n\n\n<p><\/p>\n\n\n\n<div class=\"wp-block-group is-content-justification-center is-nowrap is-layout-flex wp-container-core-group-is-layout-23441af8 wp-block-group-is-layout-flex\">\n<div class=\"wp-block-group alignwide is-layout-flow wp-block-group-is-layout-flow\">\n<p class=\"has-text-align-center has-x-large-font-size wp-container-content-e29552f7\">10. <strong><em>Februar<\/em><\/strong>  &#8211; <strong><em>OWV\/FSV Sportlerfasching <\/em><\/strong><\/p>\n\n\n\n<p class=\"has-text-align-center\"><\/p>\n\n\n\n<p class=\"has-text-align-center has-x-large-font-size\"><strong><em>  Dez\/ Januar<\/em><\/strong> &#8211; <strong><em>Weihnachts- und<\/em><\/strong> <strong><em>Krippenausstellung <\/em><\/strong><\/p>\n\n\n\n<p class=\"has-text-align-center has-large-font-size\"><strong><em>im Heimatmuseum<\/em><\/strong><\/p>\n\n\n\n<div class=\"wp-block-group is-nowrap is-layout-flex wp-container-core-group-is-layout-6c531013 wp-block-group-is-layout-flex\">\n<figure class=\"wp-block-image size-full is-resized\"><img loading=\"lazy\" decoding=\"async\" width=\"826\" height=\"619\" src=\"https:\/\/owv-sc-waldthurn.de\/wp-content\/uploads\/2024\/09\/Weinachten-2017.pdf.jpg\" alt=\"\" class=\"wp-image-843\" style=\"width:552px;height:auto\" srcset=\"https:\/\/owv-sc-waldthurn.de\/wp-content\/uploads\/2024\/09\/Weinachten-2017.pdf.jpg 826w, https:\/\/owv-sc-waldthurn.de\/wp-content\/uploads\/2024\/09\/Weinachten-2017.pdf-300x225.jpg 300w, https:\/\/owv-sc-waldthurn.de\/wp-content\/uploads\/2024\/09\/Weinachten-2017.pdf-768x576.jpg 768w\" sizes=\"auto, (max-width: 826px) 100vw, 826px\" \/><\/figure>\n\n\n\n<p>25. Dezember 2023  bis 7. Januar2024 &#8211; 9.00 Uhr bis 17.00 Uhr<\/p>\n<\/div>\n<\/div>\n<\/div>\n\n\n\n<div class=\"wp-block-group alignwide is-nowrap is-layout-flex wp-container-core-group-is-layout-6c531013 wp-block-group-is-layout-flex\">\n<figure class=\"wp-block-image size-large is-resized\"><img loading=\"lazy\" decoding=\"async\" width=\"1024\" height=\"522\" src=\"https:\/\/owv-sc-waldthurn.de\/wp-content\/uploads\/2024\/10\/20241031_110432-1024x522.jpg\" alt=\"\" class=\"wp-image-6156\" style=\"width:428px;height:auto\" srcset=\"https:\/\/owv-sc-waldthurn.de\/wp-content\/uploads\/2024\/10\/20241031_110432-1024x522.jpg 1024w, https:\/\/owv-sc-waldthurn.de\/wp-content\/uploads\/2024\/10\/20241031_110432-300x153.jpg 300w, https:\/\/owv-sc-waldthurn.de\/wp-content\/uploads\/2024\/10\/20241031_110432-768x392.jpg 768w, https:\/\/owv-sc-waldthurn.de\/wp-content\/uploads\/2024\/10\/20241031_110432.jpg 1200w\" sizes=\"auto, (max-width: 1024px) 100vw, 1024px\" \/><\/figure>\n\n\n\n<figure class=\"wp-block-image size-large is-resized\"><img loading=\"lazy\" decoding=\"async\" width=\"643\" height=\"1024\" src=\"https:\/\/owv-sc-waldthurn.de\/wp-content\/uploads\/2024\/10\/20241031_110808-643x1024.jpg\" alt=\"\" class=\"wp-image-6157\" style=\"width:177px;height:auto\" srcset=\"https:\/\/owv-sc-waldthurn.de\/wp-content\/uploads\/2024\/10\/20241031_110808-643x1024.jpg 643w, https:\/\/owv-sc-waldthurn.de\/wp-content\/uploads\/2024\/10\/20241031_110808-188x300.jpg 188w, https:\/\/owv-sc-waldthurn.de\/wp-content\/uploads\/2024\/10\/20241031_110808.jpg 753w\" sizes=\"auto, (max-width: 643px) 100vw, 643px\" \/><\/figure>\n\n\n\n<figure class=\"wp-block-image size-large is-resized\"><img loading=\"lazy\" decoding=\"async\" width=\"1024\" height=\"505\" src=\"https:\/\/owv-sc-waldthurn.de\/wp-content\/uploads\/2024\/10\/20241031_110456-1024x505.jpg\" alt=\"\" class=\"wp-image-6155\" style=\"width:439px;height:auto\" srcset=\"https:\/\/owv-sc-waldthurn.de\/wp-content\/uploads\/2024\/10\/20241031_110456-1024x505.jpg 1024w, https:\/\/owv-sc-waldthurn.de\/wp-content\/uploads\/2024\/10\/20241031_110456-300x148.jpg 300w, https:\/\/owv-sc-waldthurn.de\/wp-content\/uploads\/2024\/10\/20241031_110456-768x379.jpg 768w, https:\/\/owv-sc-waldthurn.de\/wp-content\/uploads\/2024\/10\/20241031_110456.jpg 1200w\" sizes=\"auto, (max-width: 1024px) 100vw, 1024px\" \/><\/figure>\n<\/div>\n\n\n\n<div class=\"wp-block-group alignwide is-layout-flow wp-block-group-is-layout-flow\">\n<p><\/p>\n<\/div>\n","protected":false},"excerpt":{"rendered":"<p>19. Dezember &#8211; Flei\u00dfige Helfer im OWV Heimatmuseum Jedes Jahr im Advent treffen sich viele ehrenamtliche Helfer im Heimatmuseum des Oberpf\u00e4lzer Waldverein Waldthurn um den traditionellen \u201eChristbaum aus der guten alten Zeit\u201c zu schm\u00fccken. Sabine Arlt, Heidi Klos und Monika Bauer opfern viel Freizeit und verzieren den Weihnachtsbaum mit selbstgebackenen Zuckerst\u00fcckeln, goldfarbenen N\u00fcssen und handgebastelten [&hellip;]<\/p>\n","protected":false},"author":1,"featured_media":0,"parent":9724,"menu_order":-2,"comment_status":"closed","ping_status":"closed","template":"","meta":{"footnotes":""},"folder":[],"class_list":["post-2","page","type-page","status-publish","hentry"],"_links":{"self":[{"href":"https:\/\/owv-sc-waldthurn.de\/index.php?rest_route=\/wp\/v2\/pages\/2","targetHints":{"allow":["GET"]}}],"collection":[{"href":"https:\/\/owv-sc-waldthurn.de\/index.php?rest_route=\/wp\/v2\/pages"}],"about":[{"href":"https:\/\/owv-sc-waldthurn.de\/index.php?rest_route=\/wp\/v2\/types\/page"}],"author":[{"embeddable":true,"href":"https:\/\/owv-sc-waldthurn.de\/index.php?rest_route=\/wp\/v2\/users\/1"}],"replies":[{"embeddable":true,"href":"https:\/\/owv-sc-waldthurn.de\/index.php?rest_route=%2Fwp%2Fv2%2Fcomments&post=2"}],"version-history":[{"count":341,"href":"https:\/\/owv-sc-waldthurn.de\/index.php?rest_route=\/wp\/v2\/pages\/2\/revisions"}],"predecessor-version":[{"id":10306,"href":"https:\/\/owv-sc-waldthurn.de\/index.php?rest_route=\/wp\/v2\/pages\/2\/revisions\/10306"}],"up":[{"embeddable":true,"href":"https:\/\/owv-sc-waldthurn.de\/index.php?rest_route=\/wp\/v2\/pages\/9724"}],"wp:attachment":[{"href":"https:\/\/owv-sc-waldthurn.de\/index.php?rest_route=%2Fwp%2Fv2%2Fmedia&parent=2"}],"wp:term":[{"taxonomy":"folder","embeddable":true,"href":"https:\/\/owv-sc-waldthurn.de\/index.php?rest_route=%2Fwp%2Fv2%2Ffolder&post=2"}],"curies":[{"name":"wp","href":"https:\/\/api.w.org\/{rel}","templated":true}]}}