{"id":4092,"date":"2024-10-17T11:26:45","date_gmt":"2024-10-17T11:26:45","guid":{"rendered":"https:\/\/owv-sc-waldthurn.de\/?page_id=4092"},"modified":"2026-04-24T12:10:08","modified_gmt":"2026-04-24T12:10:08","slug":"wanderfreunde-2","status":"publish","type":"page","link":"https:\/\/owv-sc-waldthurn.de\/?page_id=4092","title":{"rendered":"Auf Wanderschaft"},"content":{"rendered":"\n<div class=\"wp-block-group alignwide is-layout-flow wp-block-group-is-layout-flow\">\n<p class=\"has-large-font-size\"><strong>Sonntag 12. April &#8211; OWV Wanderung nach St. \u00d6tzen<\/strong> <\/p>\n<\/div>\n\n\n\n<figure class=\"wp-block-video\"><video height=\"900\" style=\"aspect-ratio: 1600 \/ 900;\" width=\"1600\" controls src=\"https:\/\/owv-sc-waldthurn.de\/wp-content\/uploads\/2026\/04\/OWV-Wanderung-nach-St.-Oetzen.webm\"><\/video><\/figure>\n\n\n\n<p><\/p>\n\n\n\n<p><\/p>\n\n\n\n<p><\/p>\n\n\n\n<p><strong><em>2023 <\/em><\/strong>     <strong><em>Zoiglwanderung<\/em><\/strong> nach Windischeschenbach<\/p>\n\n\n\n<div class=\"wp-block-group alignwide is-nowrap is-layout-flex wp-container-core-group-is-layout-6c531013 wp-block-group-is-layout-flex\">\n<p>Bei bestem Wanderwetter trafen sich am Sonntag, 01. Oktober, elf OWV-Wanderer in der Ortsmitte von Waldthurn und machten sich auf den Weg in die oberpf\u00e4lzer Zoiglhauptstadt nach Windischenbach. Der Vorsitzende Heiko Glaser hatte die Wanderung organisiert.<br>Um 09.00 Uhr ging es los von Waldthurn nach Ottenrieth und weiter \u00fcber den Bocklradweg nach Flo\u00df bis Geilersreuth. Von dort f\u00fchrte der Weg durch die herrlichen Fluren nach P\u00fcchersreuth. Beim Spielplatz am Ortsbeginn hatte Nina Glaser eine Brotzeitstation aufgebaut. Nach der \u00fcppigen mittaglichen St\u00e4rkung ging es weiter \u00fcber die Wallfahrtskirche St. Quirin in Richtung Wurz. Vorbei an den ber\u00fchmten Islandpferden beim Lippert-Hof marschierten die Wanderer kurz durch das idyllische Waldnaabtal nach Windischenbach in die Wolframstube. Am fr\u00fchen Nachmittag war schlie\u00dflich das Ziel erreicht. Bei Zoiglbier und heimischen Spezialit\u00e4ten sa\u00df die gesellige Truppe noch lange in gem\u00fctlicher Runde beisammen.<br>Herzlichen Dank an Heiko Glaser f\u00fcr die musterg\u00fcltige Vorbereitung der sch\u00f6nen Tour.<\/p>\n<\/div>\n\n\n\n<div class=\"wp-block-group alignwide is-layout-flow wp-block-group-is-layout-flow\">\n<p>Roman Bauer<\/p>\n<\/div>\n\n\n\n<figure class=\"wp-block-image size-full\"><img loading=\"lazy\" decoding=\"async\" width=\"515\" height=\"281\" src=\"https:\/\/owv-sc-waldthurn.de\/wp-content\/uploads\/2024\/10\/image-3.jpg\" alt=\"\" class=\"wp-image-4176\" srcset=\"https:\/\/owv-sc-waldthurn.de\/wp-content\/uploads\/2024\/10\/image-3.jpg 515w, https:\/\/owv-sc-waldthurn.de\/wp-content\/uploads\/2024\/10\/image-3-300x164.jpg 300w\" sizes=\"auto, (max-width: 515px) 100vw, 515px\" \/><\/figure>\n\n\n\n\n\n\n\n<p><\/p>\n\n\n\n<div class=\"wp-block-group alignwide is-layout-flow wp-block-group-is-layout-flow\">\n<p>                                          <strong><em>2019  <\/em><\/strong>  <strong><em>Zoiglwanderung <\/em><\/strong> am 23. Juni  <br>Bei optimalen \u00e4u\u00dferen Bedingungen trafen sich 16 Wanderfreunde am Samstag, 22. Juni zur Zoiglwanderung von Waldthurn nach Eslarn. Heiko Glaser hatte die Organisation musterg\u00fcltig \u00fcbernommen. Auf urigen, teils steinigen, aber auch Wald- und Wiesenwegen ging es vom Sportplatz in Waldthurn \u00fcber den Schwarzenbach nach Pleystein. Im Rosenquarzst\u00e4dtchen wurde die erste Trinkpause eingelegt. Weiter f\u00fchrte der Weg auf der Bockeltrasse nach Lohma. Hier warteten bereits Renate Glaser und Daniela G\u00f6tz mit einer deftigen Brotzeit, selbst gebackenen Nussecken und nat\u00fcrlich \u201efl\u00fcssiger Erg\u00e4nzungsnahrung\u201c. Gut gest\u00e4rkt ging es weiter durch die herrliche oberpf\u00e4lzer Landschaft, durch Wiesenauen und sch\u00f6n gelegenen Weilern und Kleinoden. Nach gut vier Stunden Wanderzeit war dann das Ziel in Eslarn erreicht. In einer urigen Zoiglstube lie\u00dfen die OWV-Wanderfreunde den Nachmittag in gem\u00fctlicher Runde ausklingen, wobei nat\u00fcrlich Pl\u00e4ne f\u00fcr k\u00fcnftige Unternehmungen geschmiedet wurden. Vielen Dank an Heiko Glaser f\u00fcr die perfekte Vorbereitung und Durchf\u00fchrung der sch\u00f6nen Zoiglwanderung. Ebenso an die Metzgerei Bergler f\u00fcr die mehr als \u00fcppige Brotzeit. <\/p>\n\n\n\n<p>Roman Bauer<\/p>\n<\/div>\n\n\n\n<p><\/p>\n\n\n\n<p><\/p>\n\n\n\n<p class=\"has-large-font-size\"><strong><em>2011 <\/em><\/strong>2. Januar Winterwanderung<\/p>\n\n\n\n<div class=\"wp-block-group alignwide is-layout-flow wp-block-group-is-layout-flow\">\n<p><br>Am Sonntag, 02.11.2011 um 13.30 Uhr wanderten zahlreiche OWV-Mitglieder von Waldthurn \u00fcber die Skih\u00fctte nach Neuenhammer. Werner Pankotsch organisierte die Wanderung. Wegen der massiven Schneeverh\u00e4ltnisse musste der Weg \u00fcber die Staatsstra\u00dfe gew\u00e4hlt werden. Ein Marsch durch den verschneiten Wald w\u00e4re zu beschwerlich, insbesondere f\u00fcr die teilnehmenden Kinder, gewesen. Im Gasthaus Mauerer (Hammerwirt) empfing der Georgenberger B\u00fcrgermeister Johann Maurer die Gruppe. Nach einer St\u00e4rkung mit Kaffee und selbstgebackenen Kuchen, gestiftet von Evi Reil und Martina Pankotsch, machten sich die OWV\u00b4ler auf den R\u00fcckweg nach Waldthurn. Nat\u00fcrlich durfte ein Einkehrschwung in der Skih\u00fctte bei H\u00fcttenwirt Konrad Seibert nicht fehlen. Bei dunkler Nacht ging es dann flotten Schrittes zur\u00fcck nach Waldthurn<\/p>\n<\/div>\n\n\n\n<div class=\"wp-block-group alignwide is-nowrap is-layout-flex wp-container-core-group-is-layout-6c531013 wp-block-group-is-layout-flex\">\n<figure class=\"wp-block-image size-large is-resized\"><img loading=\"lazy\" decoding=\"async\" width=\"389\" height=\"292\" src=\"https:\/\/owv-sc-waldthurn.de\/wp-content\/uploads\/2024\/11\/IMG_1649.jpg\" alt=\"\" class=\"wp-image-6503\" style=\"width:310px;height:auto\" srcset=\"https:\/\/owv-sc-waldthurn.de\/wp-content\/uploads\/2024\/11\/IMG_1649.jpg 389w, https:\/\/owv-sc-waldthurn.de\/wp-content\/uploads\/2024\/11\/IMG_1649-300x225.jpg 300w\" sizes=\"auto, (max-width: 389px) 100vw, 389px\" \/><\/figure>\n\n\n\n<figure class=\"wp-block-image size-large is-resized\"><img loading=\"lazy\" decoding=\"async\" width=\"389\" height=\"292\" src=\"https:\/\/owv-sc-waldthurn.de\/wp-content\/uploads\/2024\/11\/IMG_1651.jpg\" alt=\"\" class=\"wp-image-6506\" style=\"width:261px;height:auto\" srcset=\"https:\/\/owv-sc-waldthurn.de\/wp-content\/uploads\/2024\/11\/IMG_1651.jpg 389w, https:\/\/owv-sc-waldthurn.de\/wp-content\/uploads\/2024\/11\/IMG_1651-300x225.jpg 300w\" sizes=\"auto, (max-width: 389px) 100vw, 389px\" \/><\/figure>\n\n\n\n<figure class=\"wp-block-image size-full is-resized\"><img loading=\"lazy\" decoding=\"async\" width=\"219\" height=\"292\" src=\"https:\/\/owv-sc-waldthurn.de\/wp-content\/uploads\/2024\/11\/IMG_1654.jpg\" alt=\"\" class=\"wp-image-6504\" style=\"width:224px;height:auto\"\/><\/figure>\n\n\n\n<figure class=\"wp-block-image size-full is-resized\"><img loading=\"lazy\" decoding=\"async\" width=\"301\" height=\"194\" src=\"https:\/\/owv-sc-waldthurn.de\/wp-content\/uploads\/2024\/11\/IMG_1658.jpg\" alt=\"\" class=\"wp-image-6509\" style=\"width:377px;height:auto\"\/><\/figure>\n\n\n\n<figure class=\"wp-block-image size-full is-resized\"><img loading=\"lazy\" decoding=\"async\" width=\"382\" height=\"223\" src=\"https:\/\/owv-sc-waldthurn.de\/wp-content\/uploads\/2024\/11\/IMG_1659.jpg\" alt=\"\" class=\"wp-image-6510\" style=\"width:384px;height:auto\" srcset=\"https:\/\/owv-sc-waldthurn.de\/wp-content\/uploads\/2024\/11\/IMG_1659.jpg 382w, https:\/\/owv-sc-waldthurn.de\/wp-content\/uploads\/2024\/11\/IMG_1659-300x175.jpg 300w\" sizes=\"auto, (max-width: 382px) 100vw, 382px\" \/><\/figure>\n<\/div>\n\n\n\n<p><strong><em>2005 Oktober  Kaitersberg<\/em><\/strong><\/p>\n\n\n\n<p><\/p>\n\n\n\n<div class=\"wp-block-group alignwide is-nowrap is-layout-flex wp-container-core-group-is-layout-6c531013 wp-block-group-is-layout-flex\">\n<figure class=\"wp-block-image size-large is-resized\"><img loading=\"lazy\" decoding=\"async\" width=\"1024\" height=\"683\" src=\"https:\/\/owv-sc-waldthurn.de\/wp-content\/uploads\/2024\/10\/2005-OWV-Wanderer-1024x683.jpg\" alt=\"\" class=\"wp-image-5443\" style=\"width:621px;height:auto\" srcset=\"https:\/\/owv-sc-waldthurn.de\/wp-content\/uploads\/2024\/10\/2005-OWV-Wanderer-1024x683.jpg 1024w, https:\/\/owv-sc-waldthurn.de\/wp-content\/uploads\/2024\/10\/2005-OWV-Wanderer-300x200.jpg 300w, https:\/\/owv-sc-waldthurn.de\/wp-content\/uploads\/2024\/10\/2005-OWV-Wanderer-768x512.jpg 768w, https:\/\/owv-sc-waldthurn.de\/wp-content\/uploads\/2024\/10\/2005-OWV-Wanderer.jpg 1200w\" sizes=\"auto, (max-width: 1024px) 100vw, 1024px\" \/><\/figure>\n\n\n\n<figure class=\"wp-block-image size-large is-resized\"><img loading=\"lazy\" decoding=\"async\" width=\"1024\" height=\"683\" src=\"https:\/\/owv-sc-waldthurn.de\/wp-content\/uploads\/2024\/10\/2005-OWV-Wanderer-2005-27.-10-1024x683.jpg\" alt=\"\" class=\"wp-image-5442\" style=\"width:589px;height:auto\" srcset=\"https:\/\/owv-sc-waldthurn.de\/wp-content\/uploads\/2024\/10\/2005-OWV-Wanderer-2005-27.-10-1024x683.jpg 1024w, https:\/\/owv-sc-waldthurn.de\/wp-content\/uploads\/2024\/10\/2005-OWV-Wanderer-2005-27.-10-300x200.jpg 300w, https:\/\/owv-sc-waldthurn.de\/wp-content\/uploads\/2024\/10\/2005-OWV-Wanderer-2005-27.-10-768x512.jpg 768w, https:\/\/owv-sc-waldthurn.de\/wp-content\/uploads\/2024\/10\/2005-OWV-Wanderer-2005-27.-10.jpg 1200w\" sizes=\"auto, (max-width: 1024px) 100vw, 1024px\" \/><\/figure>\n<\/div>\n\n\n\n<div class=\"wp-block-group alignwide is-nowrap is-layout-flex wp-container-core-group-is-layout-6c531013 wp-block-group-is-layout-flex\">\n<figure class=\"wp-block-image size-large is-resized\"><img loading=\"lazy\" decoding=\"async\" width=\"1024\" height=\"719\" src=\"https:\/\/owv-sc-waldthurn.de\/wp-content\/uploads\/2024\/11\/2001-1024x719.jpg\" alt=\"\" class=\"wp-image-6499\" style=\"width:621px;height:auto\" srcset=\"https:\/\/owv-sc-waldthurn.de\/wp-content\/uploads\/2024\/11\/2001-1024x719.jpg 1024w, https:\/\/owv-sc-waldthurn.de\/wp-content\/uploads\/2024\/11\/2001-300x211.jpg 300w, https:\/\/owv-sc-waldthurn.de\/wp-content\/uploads\/2024\/11\/2001-768x540.jpg 768w, https:\/\/owv-sc-waldthurn.de\/wp-content\/uploads\/2024\/11\/2001.jpg 1200w\" sizes=\"auto, (max-width: 1024px) 100vw, 1024px\" \/><\/figure>\n\n\n\n<figure class=\"wp-block-image size-large is-resized\"><img loading=\"lazy\" decoding=\"async\" width=\"1024\" height=\"819\" src=\"https:\/\/owv-sc-waldthurn.de\/wp-content\/uploads\/2024\/11\/2003-1024x819.jpg\" alt=\"\" class=\"wp-image-6500\" style=\"width:566px;height:auto\" srcset=\"https:\/\/owv-sc-waldthurn.de\/wp-content\/uploads\/2024\/11\/2003-1024x819.jpg 1024w, https:\/\/owv-sc-waldthurn.de\/wp-content\/uploads\/2024\/11\/2003-300x240.jpg 300w, https:\/\/owv-sc-waldthurn.de\/wp-content\/uploads\/2024\/11\/2003-768x614.jpg 768w, https:\/\/owv-sc-waldthurn.de\/wp-content\/uploads\/2024\/11\/2003.jpg 1200w\" sizes=\"auto, (max-width: 1024px) 100vw, 1024px\" \/><\/figure>\n<\/div>\n\n\n\n<figure class=\"wp-block-image size-large\"><img loading=\"lazy\" decoding=\"async\" width=\"667\" height=\"1024\" src=\"https:\/\/owv-sc-waldthurn.de\/wp-content\/uploads\/2024\/11\/1995-667x1024.jpg\" alt=\"\" class=\"wp-image-6513\" srcset=\"https:\/\/owv-sc-waldthurn.de\/wp-content\/uploads\/2024\/11\/1995-667x1024.jpg 667w, https:\/\/owv-sc-waldthurn.de\/wp-content\/uploads\/2024\/11\/1995-196x300.jpg 196w, https:\/\/owv-sc-waldthurn.de\/wp-content\/uploads\/2024\/11\/1995-768x1179.jpg 768w, https:\/\/owv-sc-waldthurn.de\/wp-content\/uploads\/2024\/11\/1995.jpg 782w\" sizes=\"auto, (max-width: 667px) 100vw, 667px\" \/><\/figure>\n","protected":false},"excerpt":{"rendered":"<p>Sonntag 12. April &#8211; OWV Wanderung nach St. \u00d6tzen 2023 Zoiglwanderung nach Windischeschenbach Bei bestem Wanderwetter trafen sich am Sonntag, 01. Oktober, elf OWV-Wanderer in der Ortsmitte von Waldthurn und machten sich auf den Weg in die oberpf\u00e4lzer Zoiglhauptstadt nach Windischenbach. Der Vorsitzende Heiko Glaser hatte die Wanderung organisiert.Um 09.00 Uhr ging es los von [&hellip;]<\/p>\n","protected":false},"author":2,"featured_media":0,"parent":652,"menu_order":0,"comment_status":"closed","ping_status":"closed","template":"","meta":{"footnotes":""},"folder":[],"class_list":["post-4092","page","type-page","status-publish","hentry"],"_links":{"self":[{"href":"https:\/\/owv-sc-waldthurn.de\/index.php?rest_route=\/wp\/v2\/pages\/4092","targetHints":{"allow":["GET"]}}],"collection":[{"href":"https:\/\/owv-sc-waldthurn.de\/index.php?rest_route=\/wp\/v2\/pages"}],"about":[{"href":"https:\/\/owv-sc-waldthurn.de\/index.php?rest_route=\/wp\/v2\/types\/page"}],"author":[{"embeddable":true,"href":"https:\/\/owv-sc-waldthurn.de\/index.php?rest_route=\/wp\/v2\/users\/2"}],"replies":[{"embeddable":true,"href":"https:\/\/owv-sc-waldthurn.de\/index.php?rest_route=%2Fwp%2Fv2%2Fcomments&post=4092"}],"version-history":[{"count":22,"href":"https:\/\/owv-sc-waldthurn.de\/index.php?rest_route=\/wp\/v2\/pages\/4092\/revisions"}],"predecessor-version":[{"id":10366,"href":"https:\/\/owv-sc-waldthurn.de\/index.php?rest_route=\/wp\/v2\/pages\/4092\/revisions\/10366"}],"up":[{"embeddable":true,"href":"https:\/\/owv-sc-waldthurn.de\/index.php?rest_route=\/wp\/v2\/pages\/652"}],"wp:attachment":[{"href":"https:\/\/owv-sc-waldthurn.de\/index.php?rest_route=%2Fwp%2Fv2%2Fmedia&parent=4092"}],"wp:term":[{"taxonomy":"folder","embeddable":true,"href":"https:\/\/owv-sc-waldthurn.de\/index.php?rest_route=%2Fwp%2Fv2%2Ffolder&post=4092"}],"curies":[{"name":"wp","href":"https:\/\/api.w.org\/{rel}","templated":true}]}}