{"id":42,"date":"2024-09-13T17:13:50","date_gmt":"2024-09-13T17:13:50","guid":{"rendered":"https:\/\/owv-sc-waldthurn.de\/?page_id=42"},"modified":"2026-03-24T11:16:53","modified_gmt":"2026-03-24T11:16:53","slug":"vorstandschaft-2","status":"publish","type":"page","link":"https:\/\/owv-sc-waldthurn.de\/?page_id=42","title":{"rendered":"Vorstandschaft"},"content":{"rendered":"\n<figure class=\"wp-block-image alignwide\"><img decoding=\"async\" src=\"https:\/\/owv-sc-waldthurn.de\/wp-content\/uploads\/2025\/11\/DSC_0032-Kopie-1024x430.jpg\" alt=\"Das aktuelle Bild hat keinen Alternativtext. Der Dateiname ist: DSC_0032-Kopie.jpg\"\/><\/figure>\n\n\n\n<p class=\"has-text-align-center has-large-font-size\"><em><strong>Vorsitzende<\/strong><\/em><\/p>\n\n\n\n<div class=\"wp-block-columns alignwide are-vertically-aligned-center is-layout-flex wp-container-core-columns-is-layout-73da02e9 wp-block-columns-is-layout-flex\" style=\"margin-top:var(--wp--preset--spacing--20);margin-bottom:var(--wp--preset--spacing--20);padding-top:var(--wp--preset--spacing--10);padding-right:0;padding-bottom:var(--wp--preset--spacing--10);padding-left:0\">\n<div class=\"wp-block-column is-vertically-aligned-center is-layout-flow wp-block-column-is-layout-flow\" style=\"flex-basis:33.33%\">\n<div class=\"wp-block-group is-content-justification-center is-nowrap is-layout-flex wp-container-core-group-is-layout-23441af8 wp-block-group-is-layout-flex\">\n<figure class=\"wp-block-image alignright size-full is-resized\"><img loading=\"lazy\" decoding=\"async\" width=\"887\" height=\"1200\" src=\"https:\/\/owv-sc-waldthurn.de\/wp-content\/uploads\/2025\/07\/Roman.jpg\" alt=\"\" class=\"wp-image-8953\" style=\"width:110px\" srcset=\"https:\/\/owv-sc-waldthurn.de\/wp-content\/uploads\/2025\/07\/Roman.jpg 887w, https:\/\/owv-sc-waldthurn.de\/wp-content\/uploads\/2025\/07\/Roman-222x300.jpg 222w, https:\/\/owv-sc-waldthurn.de\/wp-content\/uploads\/2025\/07\/Roman-757x1024.jpg 757w, https:\/\/owv-sc-waldthurn.de\/wp-content\/uploads\/2025\/07\/Roman-768x1039.jpg 768w\" sizes=\"auto, (max-width: 887px) 100vw, 887px\" \/><\/figure>\n\n\n\n<p>Bauer Roman<\/p>\n<\/div>\n<\/div>\n\n\n\n<div class=\"wp-block-column is-vertically-aligned-center is-layout-flow wp-block-column-is-layout-flow\" style=\"flex-basis:33.33%\">\n<div class=\"wp-block-group is-content-justification-center is-nowrap is-layout-flex wp-container-core-group-is-layout-23441af8 wp-block-group-is-layout-flex\">\n<figure class=\"wp-block-image alignright size-full is-resized\"><img loading=\"lazy\" decoding=\"async\" width=\"79\" height=\"102\" src=\"https:\/\/owv-sc-waldthurn.de\/wp-content\/uploads\/2025\/07\/klos_dominik.jpg\" alt=\"\" class=\"wp-image-8969\" style=\"width:110px\"\/><\/figure>\n\n\n\n<p>Klos Dominik<\/p>\n<\/div>\n<\/div>\n\n\n\n<div class=\"wp-block-column is-vertically-aligned-center is-layout-flow wp-block-column-is-layout-flow\" style=\"flex-basis:33.33%\">\n<div class=\"wp-block-group is-content-justification-center is-nowrap is-layout-flex wp-container-core-group-is-layout-23441af8 wp-block-group-is-layout-flex\">\n<figure class=\"wp-block-image alignright size-full is-resized\"><img loading=\"lazy\" decoding=\"async\" width=\"102\" height=\"146\" src=\"https:\/\/owv-sc-waldthurn.de\/wp-content\/uploads\/2025\/07\/glaser_heiko.jpg\" alt=\"\" class=\"wp-image-8975\" style=\"width:110px\"\/><\/figure>\n\n\n\n<p>Glaser Heiko<\/p>\n<\/div>\n<\/div>\n<\/div>\n\n\n\n<hr class=\"wp-block-separator alignwide has-alpha-channel-opacity is-style-wide\"\/>\n\n\n\n<div class=\"wp-block-columns alignwide are-vertically-aligned-center is-layout-flex wp-container-core-columns-is-layout-7e61c78f wp-block-columns-is-layout-flex\" style=\"margin-top:var(--wp--preset--spacing--20);margin-bottom:var(--wp--preset--spacing--20);padding-top:var(--wp--preset--spacing--10);padding-bottom:var(--wp--preset--spacing--10)\">\n<div class=\"wp-block-column is-vertically-aligned-center is-layout-flow wp-block-column-is-layout-flow\" style=\"flex-basis:33.33%\">\n<div class=\"wp-block-group is-content-justification-center is-nowrap is-layout-flex wp-container-core-group-is-layout-23441af8 wp-block-group-is-layout-flex\">\n<div class=\"wp-block-group is-vertical is-layout-flex wp-container-core-group-is-layout-fe9cc265 wp-block-group-is-layout-flex\">\n<p class=\"has-text-align-center\"><strong>Kassiererin<\/strong><\/p>\n\n\n\n<p class=\"has-text-align-center\">Seer Antje<\/p>\n<\/div>\n\n\n\n<figure class=\"wp-block-image alignleft size-full is-resized\"><img loading=\"lazy\" decoding=\"async\" width=\"76\" height=\"94\" src=\"https:\/\/owv-sc-waldthurn.de\/wp-content\/uploads\/2025\/07\/Seer-Antje.jpg\" alt=\"\" class=\"wp-image-8962\" style=\"width:110px\"\/><\/figure>\n<\/div>\n<\/div>\n\n\n\n<div class=\"wp-block-column is-vertically-aligned-center is-layout-flow wp-block-column-is-layout-flow\" style=\"flex-basis:33.33%\">\n<div class=\"wp-block-group is-content-justification-center is-nowrap is-layout-flex wp-container-core-group-is-layout-23441af8 wp-block-group-is-layout-flex\">\n<div class=\"wp-block-group is-vertical is-layout-flex wp-container-core-group-is-layout-fe9cc265 wp-block-group-is-layout-flex\">\n<p class=\"has-text-align-center\"><strong>Schriftf\u00fchrer<\/strong><\/p>\n\n\n\n<p class=\"has-text-align-center\">Karl Bernhard<\/p>\n<\/div>\n\n\n\n<figure class=\"wp-block-image alignleft size-full is-resized\"><img loading=\"lazy\" decoding=\"async\" width=\"76\" height=\"95\" src=\"https:\/\/owv-sc-waldthurn.de\/wp-content\/uploads\/2025\/07\/karl-bernhard.jpg\" alt=\"\" class=\"wp-image-8967\" style=\"width:110px\"\/><\/figure>\n<\/div>\n<\/div>\n\n\n\n<div class=\"wp-block-column is-vertically-aligned-center is-layout-flow wp-block-column-is-layout-flow\" style=\"flex-basis:33.33%\">\n<div class=\"wp-block-group is-content-justification-center is-nowrap is-layout-flex wp-container-core-group-is-layout-23441af8 wp-block-group-is-layout-flex\">\n<div class=\"wp-block-group is-vertical is-layout-flex wp-container-core-group-is-layout-fe9cc265 wp-block-group-is-layout-flex\">\n<p class=\"has-text-align-center\"><strong>Kassier Skiclub<\/strong><\/p>\n\n\n\n<p class=\"has-text-align-center\">Pleyer Horst<\/p>\n<\/div>\n\n\n\n<figure class=\"wp-block-image alignleft size-full is-resized\"><img loading=\"lazy\" decoding=\"async\" width=\"71\" height=\"95\" src=\"https:\/\/owv-sc-waldthurn.de\/wp-content\/uploads\/2025\/07\/pelyer-horst.jpg\" alt=\"\" class=\"wp-image-8960\" style=\"width:110px\"\/><\/figure>\n<\/div>\n<\/div>\n<\/div>\n\n\n\n<div style=\"height:50px\" aria-hidden=\"true\" class=\"wp-block-spacer\"><\/div>\n\n\n\n<p class=\"has-text-align-center has-large-font-size\">   <strong><em>Beisitzer<\/em><\/strong><\/p>\n\n\n\n<h2 class=\"wp-block-heading alignwide has-medium-font-size\"><strong> <\/strong> <strong>Kassenpr\u00fcfer\/ in<\/strong><\/h2>\n\n\n\n<div class=\"wp-block-columns alignwide is-layout-flex wp-container-core-columns-is-layout-28f84493 wp-block-columns-is-layout-flex\">\n<div class=\"wp-block-column is-layout-flow wp-block-column-is-layout-flow\" style=\"flex-basis:33.33%\">\n<div class=\"wp-block-group is-vertical is-layout-flex wp-container-core-group-is-layout-fe9cc265 wp-block-group-is-layout-flex\">\n<div class=\"wp-block-group is-nowrap is-layout-flex wp-container-core-group-is-layout-6c531013 wp-block-group-is-layout-flex\">\n<figure class=\"wp-block-image size-full is-resized\"><img loading=\"lazy\" decoding=\"async\" width=\"83\" height=\"104\" src=\"https:\/\/owv-sc-waldthurn.de\/wp-content\/uploads\/2025\/07\/bergler-jh.jpg\" alt=\"\" class=\"wp-image-8971\" style=\"aspect-ratio:3\/4;object-fit:cover;width:100px\"\/><figcaption class=\"wp-element-caption\">OLYMPUS DIGITAL CAMERA<\/figcaption><\/figure>\n\n\n\n<p class=\"has-text-align-center\">Bergler Hans J\u00fcrgen<\/p>\n<\/div>\n\n\n\n<div class=\"wp-block-group is-nowrap is-layout-flex wp-container-core-group-is-layout-6c531013 wp-block-group-is-layout-flex\">\n<figure class=\"wp-block-image size-medium is-resized\"><img loading=\"lazy\" decoding=\"async\" width=\"262\" height=\"300\" src=\"https:\/\/owv-sc-waldthurn.de\/wp-content\/uploads\/2025\/07\/Johanna-262x300.jpg\" alt=\"\" class=\"wp-image-8977\" style=\"aspect-ratio:3\/4;object-fit:cover;width:100px\" srcset=\"https:\/\/owv-sc-waldthurn.de\/wp-content\/uploads\/2025\/07\/Johanna-262x300.jpg 262w, https:\/\/owv-sc-waldthurn.de\/wp-content\/uploads\/2025\/07\/Johanna.jpg 314w\" sizes=\"auto, (max-width: 262px) 100vw, 262px\" \/><\/figure>\n\n\n\n<div class=\"wp-block-group is-vertical is-layout-flex wp-container-core-group-is-layout-fe9cc265 wp-block-group-is-layout-flex\">\n<p>Gr\u00fcnauer Johanna<\/p>\n\n\n\n<p>Damensportleiterin<\/p>\n<\/div>\n<\/div>\n\n\n\n<div class=\"wp-block-group is-nowrap is-layout-flex wp-container-core-group-is-layout-6c531013 wp-block-group-is-layout-flex\">\n<figure class=\"wp-block-image size-full is-resized\"><img loading=\"lazy\" decoding=\"async\" width=\"67\" height=\"95\" src=\"https:\/\/owv-sc-waldthurn.de\/wp-content\/uploads\/2025\/07\/seibert-konrad.jpg\" alt=\"\" class=\"wp-image-8963\" style=\"aspect-ratio:3\/4;object-fit:cover;width:100px\"\/><\/figure>\n\n\n\n<p>Seibert Konrad Naturschutzbeauftragter<\/p>\n<\/div>\n\n\n\n<div class=\"wp-block-group is-nowrap is-layout-flex wp-container-core-group-is-layout-6c531013 wp-block-group-is-layout-flex\">\n<figure class=\"wp-block-image size-medium is-resized\"><img loading=\"lazy\" decoding=\"async\" width=\"220\" height=\"300\" src=\"https:\/\/owv-sc-waldthurn.de\/wp-content\/uploads\/2025\/07\/Arnold-Josef-220x300.jpg\" alt=\"\" class=\"wp-image-8980\" style=\"aspect-ratio:3\/4;object-fit:cover;width:100px\" srcset=\"https:\/\/owv-sc-waldthurn.de\/wp-content\/uploads\/2025\/07\/Arnold-Josef-220x300.jpg 220w, https:\/\/owv-sc-waldthurn.de\/wp-content\/uploads\/2025\/07\/Arnold-Josef.jpg 700w\" sizes=\"auto, (max-width: 220px) 100vw, 220px\" \/><\/figure>\n\n\n\n<p class=\"has-text-align-center\">Arnold Josef<\/p>\n<\/div>\n\n\n\n<div class=\"wp-block-group is-nowrap is-layout-flex wp-container-core-group-is-layout-6c531013 wp-block-group-is-layout-flex\">\n<figure class=\"wp-block-image size-medium is-resized\"><img loading=\"lazy\" decoding=\"async\" width=\"233\" height=\"300\" src=\"https:\/\/owv-sc-waldthurn.de\/wp-content\/uploads\/2025\/07\/Sonja-233x300.jpg\" alt=\"\" class=\"wp-image-8981\" style=\"aspect-ratio:3\/4;object-fit:cover;width:100px\" srcset=\"https:\/\/owv-sc-waldthurn.de\/wp-content\/uploads\/2025\/07\/Sonja-233x300.jpg 233w, https:\/\/owv-sc-waldthurn.de\/wp-content\/uploads\/2025\/07\/Sonja-794x1024.jpg 794w, https:\/\/owv-sc-waldthurn.de\/wp-content\/uploads\/2025\/07\/Sonja-768x990.jpg 768w, https:\/\/owv-sc-waldthurn.de\/wp-content\/uploads\/2025\/07\/Sonja.jpg 809w\" sizes=\"auto, (max-width: 233px) 100vw, 233px\" \/><\/figure>\n\n\n\n<p class=\"has-text-align-center\">B\u00e4umler Sonja<\/p>\n<\/div>\n\n\n\n<div class=\"wp-block-group is-nowrap is-layout-flex wp-container-core-group-is-layout-6c531013 wp-block-group-is-layout-flex\">\n<figure class=\"wp-block-image size-medium is-resized\"><img loading=\"lazy\" decoding=\"async\" width=\"227\" height=\"300\" src=\"https:\/\/owv-sc-waldthurn.de\/wp-content\/uploads\/2025\/07\/Muellner-Max-227x300.jpg\" alt=\"\" class=\"wp-image-8983\" style=\"aspect-ratio:3\/4;object-fit:cover;width:100px\" srcset=\"https:\/\/owv-sc-waldthurn.de\/wp-content\/uploads\/2025\/07\/Muellner-Max-227x300.jpg 227w, https:\/\/owv-sc-waldthurn.de\/wp-content\/uploads\/2025\/07\/Muellner-Max-776x1024.jpg 776w, https:\/\/owv-sc-waldthurn.de\/wp-content\/uploads\/2025\/07\/Muellner-Max-768x1014.jpg 768w, https:\/\/owv-sc-waldthurn.de\/wp-content\/uploads\/2025\/07\/Muellner-Max.jpg 785w\" sizes=\"auto, (max-width: 227px) 100vw, 227px\" \/><\/figure>\n\n\n\n<p class=\"has-text-align-center\">M\u00fcllner Max<\/p>\n<\/div>\n\n\n\n<div class=\"wp-block-group is-nowrap is-layout-flex wp-container-core-group-is-layout-6c531013 wp-block-group-is-layout-flex\">\n<figure class=\"wp-block-image size-full is-resized\"><img loading=\"lazy\" decoding=\"async\" width=\"58\" height=\"82\" src=\"https:\/\/owv-sc-waldthurn.de\/wp-content\/uploads\/2025\/07\/beimler_josef.jpg\" alt=\"\" class=\"wp-image-9147\" style=\"aspect-ratio:3\/4;object-fit:cover;width:100px\"\/><\/figure>\n\n\n\n<p class=\"has-text-align-center\">Beimler Josef<\/p>\n<\/div>\n\n\n\n<div class=\"wp-block-group is-nowrap is-layout-flex wp-container-core-group-is-layout-6c531013 wp-block-group-is-layout-flex\">\n<figure class=\"wp-block-image size-medium is-resized\"><img loading=\"lazy\" decoding=\"async\" width=\"228\" height=\"300\" src=\"https:\/\/owv-sc-waldthurn.de\/wp-content\/uploads\/2025\/07\/Matthias-228x300.jpg\" alt=\"\" class=\"wp-image-8987\" style=\"aspect-ratio:3\/4;object-fit:cover;width:100px\" srcset=\"https:\/\/owv-sc-waldthurn.de\/wp-content\/uploads\/2025\/07\/Matthias-228x300.jpg 228w, https:\/\/owv-sc-waldthurn.de\/wp-content\/uploads\/2025\/07\/Matthias-779x1024.jpg 779w, https:\/\/owv-sc-waldthurn.de\/wp-content\/uploads\/2025\/07\/Matthias-768x1009.jpg 768w, https:\/\/owv-sc-waldthurn.de\/wp-content\/uploads\/2025\/07\/Matthias.jpg 913w\" sizes=\"auto, (max-width: 228px) 100vw, 228px\" \/><\/figure>\n\n\n\n<p class=\"has-text-align-center\">Bergler Matthias<\/p>\n<\/div>\n\n\n\n<div class=\"wp-block-group is-nowrap is-layout-flex wp-container-core-group-is-layout-6c531013 wp-block-group-is-layout-flex\">\n<figure class=\"wp-block-image size-full is-resized\"><img loading=\"lazy\" decoding=\"async\" width=\"59\" height=\"80\" src=\"https:\/\/owv-sc-waldthurn.de\/wp-content\/uploads\/2025\/07\/gallitzendoerfer-christian.jpg\" alt=\"\" class=\"wp-image-8964\" style=\"aspect-ratio:3\/4;object-fit:cover;width:100px\"\/><\/figure>\n\n\n\n<p class=\"has-text-align-center\">Gallitzend\u00f6rfer Christian<\/p>\n<\/div>\n\n\n\n<div class=\"wp-block-group is-nowrap is-layout-flex wp-container-core-group-is-layout-6c531013 wp-block-group-is-layout-flex\"><\/div>\n\n\n\n<div class=\"wp-block-group is-nowrap is-layout-flex wp-container-core-group-is-layout-6c531013 wp-block-group-is-layout-flex\"><\/div>\n\n\n\n<div class=\"wp-block-group is-nowrap is-layout-flex wp-container-core-group-is-layout-6c531013 wp-block-group-is-layout-flex\">\n<div class=\"wp-block-group is-vertical is-layout-flex wp-container-core-group-is-layout-fe9cc265 wp-block-group-is-layout-flex\"><\/div>\n<\/div>\n\n\n\n<div class=\"wp-block-group is-nowrap is-layout-flex wp-container-core-group-is-layout-6c531013 wp-block-group-is-layout-flex\"><\/div>\n\n\n\n<div class=\"wp-block-group is-nowrap is-layout-flex wp-container-core-group-is-layout-6c531013 wp-block-group-is-layout-flex\"><\/div>\n\n\n\n<div class=\"wp-block-group is-nowrap is-layout-flex wp-container-core-group-is-layout-6c531013 wp-block-group-is-layout-flex\"><\/div>\n\n\n\n<div class=\"wp-block-group is-nowrap is-layout-flex wp-container-core-group-is-layout-6c531013 wp-block-group-is-layout-flex\"><\/div>\n<\/div>\n<\/div>\n\n\n\n<div class=\"wp-block-column is-layout-flow wp-block-column-is-layout-flow\" style=\"flex-basis:33.33%\">\n<div class=\"wp-block-group is-vertical is-layout-flex wp-container-core-group-is-layout-fe9cc265 wp-block-group-is-layout-flex\">\n<div class=\"wp-block-group is-nowrap is-layout-flex wp-container-core-group-is-layout-6c531013 wp-block-group-is-layout-flex\">\n<figure class=\"wp-block-image size-medium is-resized\"><img loading=\"lazy\" decoding=\"async\" width=\"234\" height=\"300\" src=\"https:\/\/owv-sc-waldthurn.de\/wp-content\/uploads\/2025\/07\/Arlt-Sabine-234x300.jpg\" alt=\"\" class=\"wp-image-8976\" style=\"aspect-ratio:3\/4;object-fit:cover;width:100px\" srcset=\"https:\/\/owv-sc-waldthurn.de\/wp-content\/uploads\/2025\/07\/Arlt-Sabine-234x300.jpg 234w, https:\/\/owv-sc-waldthurn.de\/wp-content\/uploads\/2025\/07\/Arlt-Sabine-798x1024.jpg 798w, https:\/\/owv-sc-waldthurn.de\/wp-content\/uploads\/2025\/07\/Arlt-Sabine-768x986.jpg 768w, https:\/\/owv-sc-waldthurn.de\/wp-content\/uploads\/2025\/07\/Arlt-Sabine.jpg 864w\" sizes=\"auto, (max-width: 234px) 100vw, 234px\" \/><\/figure>\n\n\n\n<p class=\"has-text-align-center\">Arlt Sabine<\/p>\n<\/div>\n\n\n\n<div class=\"wp-block-group is-nowrap is-layout-flex wp-container-core-group-is-layout-6c531013 wp-block-group-is-layout-flex\">\n<figure class=\"wp-block-image size-full is-resized\"><img loading=\"lazy\" decoding=\"async\" width=\"86\" height=\"101\" src=\"https:\/\/owv-sc-waldthurn.de\/wp-content\/uploads\/2025\/07\/Klotz-Erwin.jpg\" alt=\"\" class=\"wp-image-8958\" style=\"aspect-ratio:3\/4;object-fit:cover;width:100px\"\/><\/figure>\n\n\n\n<div class=\"wp-block-group is-vertical is-layout-flex wp-container-core-group-is-layout-fe9cc265 wp-block-group-is-layout-flex\">\n<p class=\"has-text-align-center\">Klotz Erwin <\/p>\n\n\n\n<p class=\"has-text-align-center\">Schnitzgruppe<\/p>\n<\/div>\n<\/div>\n\n\n\n<div class=\"wp-block-group is-nowrap is-layout-flex wp-container-core-group-is-layout-6c531013 wp-block-group-is-layout-flex\">\n<figure class=\"wp-block-image size-medium is-resized\"><img loading=\"lazy\" decoding=\"async\" width=\"236\" height=\"300\" src=\"https:\/\/owv-sc-waldthurn.de\/wp-content\/uploads\/2025\/07\/Monika-236x300.jpg\" alt=\"\" class=\"wp-image-8978\" style=\"aspect-ratio:3\/4;object-fit:cover;width:100px\" srcset=\"https:\/\/owv-sc-waldthurn.de\/wp-content\/uploads\/2025\/07\/Monika-236x300.jpg 236w, https:\/\/owv-sc-waldthurn.de\/wp-content\/uploads\/2025\/07\/Monika-805x1024.jpg 805w, https:\/\/owv-sc-waldthurn.de\/wp-content\/uploads\/2025\/07\/Monika-768x977.jpg 768w, https:\/\/owv-sc-waldthurn.de\/wp-content\/uploads\/2025\/07\/Monika.jpg 943w\" sizes=\"auto, (max-width: 236px) 100vw, 236px\" \/><\/figure>\n\n\n\n<p>Bauer Monika<\/p>\n<\/div>\n\n\n\n<div class=\"wp-block-group is-nowrap is-layout-flex wp-container-core-group-is-layout-6c531013 wp-block-group-is-layout-flex\">\n<figure class=\"wp-block-image size-full is-resized\"><img loading=\"lazy\" decoding=\"async\" width=\"85\" height=\"100\" src=\"https:\/\/owv-sc-waldthurn.de\/wp-content\/uploads\/2025\/07\/glaser-Helmut.jpg\" alt=\"\" class=\"wp-image-8965\" style=\"aspect-ratio:3\/4;object-fit:cover;width:100px\"\/><\/figure>\n\n\n\n<p class=\"has-text-align-center\">Glaser Helmut<\/p>\n<\/div>\n\n\n\n<div class=\"wp-block-group is-nowrap is-layout-flex wp-container-core-group-is-layout-6c531013 wp-block-group-is-layout-flex\">\n<figure class=\"wp-block-image size-medium is-resized\"><img loading=\"lazy\" decoding=\"async\" width=\"222\" height=\"300\" src=\"https:\/\/owv-sc-waldthurn.de\/wp-content\/uploads\/2025\/07\/Mueller-Petra-222x300.jpg\" alt=\"\" class=\"wp-image-8982\" style=\"aspect-ratio:3\/4;object-fit:cover;width:100px\" srcset=\"https:\/\/owv-sc-waldthurn.de\/wp-content\/uploads\/2025\/07\/Mueller-Petra-222x300.jpg 222w, https:\/\/owv-sc-waldthurn.de\/wp-content\/uploads\/2025\/07\/Mueller-Petra.jpg 566w\" sizes=\"auto, (max-width: 222px) 100vw, 222px\" \/><\/figure>\n\n\n\n<p class=\"has-text-align-center\">M\u00fcller Petra<\/p>\n<\/div>\n\n\n\n<div class=\"wp-block-group is-nowrap is-layout-flex wp-container-core-group-is-layout-6c531013 wp-block-group-is-layout-flex\">\n<figure class=\"wp-block-image size-full is-resized\"><img loading=\"lazy\" decoding=\"async\" width=\"59\" height=\"80\" src=\"https:\/\/owv-sc-waldthurn.de\/wp-content\/uploads\/2025\/07\/reil-petra.jpg\" alt=\"\" class=\"wp-image-8961\" style=\"aspect-ratio:0.75;object-fit:cover;width:100px;height:auto\"\/><\/figure>\n\n\n\n<p class=\"has-text-align-center\">Reil Petra<\/p>\n<\/div>\n\n\n\n<div class=\"wp-block-group is-nowrap is-layout-flex wp-container-core-group-is-layout-6c531013 wp-block-group-is-layout-flex\">\n<figure class=\"wp-block-image size-medium is-resized\"><img loading=\"lazy\" decoding=\"async\" width=\"225\" height=\"300\" src=\"https:\/\/owv-sc-waldthurn.de\/wp-content\/uploads\/2025\/07\/Kristina-225x300.jpg\" alt=\"\" class=\"wp-image-8985\" style=\"aspect-ratio:3\/4;object-fit:cover;width:100px\" srcset=\"https:\/\/owv-sc-waldthurn.de\/wp-content\/uploads\/2025\/07\/Kristina-225x300.jpg 225w, https:\/\/owv-sc-waldthurn.de\/wp-content\/uploads\/2025\/07\/Kristina-768x1024.jpg 768w, https:\/\/owv-sc-waldthurn.de\/wp-content\/uploads\/2025\/07\/Kristina.jpg 900w\" sizes=\"auto, (max-width: 225px) 100vw, 225px\" \/><\/figure>\n\n\n\n<p class=\"has-text-align-center\">Gr\u00fcnauer Kristina<\/p>\n<\/div>\n\n\n\n<div class=\"wp-block-group is-nowrap is-layout-flex wp-container-core-group-is-layout-6c531013 wp-block-group-is-layout-flex\">\n<figure class=\"wp-block-image size-full is-resized\"><img loading=\"lazy\" decoding=\"async\" width=\"136\" height=\"168\" src=\"https:\/\/owv-sc-waldthurn.de\/wp-content\/uploads\/2025\/07\/kick_wolfgang.jpg\" alt=\"\" class=\"wp-image-8968\" style=\"aspect-ratio:3\/4;object-fit:cover;width:100px\"\/><\/figure>\n\n\n\n<p>Kick Wolfgang<\/p>\n<\/div>\n\n\n\n<div class=\"wp-block-group is-nowrap is-layout-flex wp-container-core-group-is-layout-6c531013 wp-block-group-is-layout-flex\">\n<p>Klos Roman<\/p>\n<\/div>\n\n\n\n<div class=\"wp-block-group is-nowrap is-layout-flex wp-container-core-group-is-layout-6c531013 wp-block-group-is-layout-flex\">\n<p class=\"has-text-align-center\">Scheck Matthias<\/p>\n<\/div>\n\n\n\n<div class=\"wp-block-group is-nowrap is-layout-flex wp-container-core-group-is-layout-6c531013 wp-block-group-is-layout-flex\">\n<p>Arnold Thomas<\/p>\n<\/div>\n\n\n\n<div class=\"wp-block-group is-nowrap is-layout-flex wp-container-core-group-is-layout-6c531013 wp-block-group-is-layout-flex\">\n<p>F\u00f6rster J\u00fcrgen<\/p>\n<\/div>\n\n\n\n<div class=\"wp-block-group is-nowrap is-layout-flex wp-container-core-group-is-layout-6c531013 wp-block-group-is-layout-flex\"><\/div>\n\n\n\n<div class=\"wp-block-group is-nowrap is-layout-flex wp-container-core-group-is-layout-6c531013 wp-block-group-is-layout-flex\"><\/div>\n\n\n\n<div class=\"wp-block-group is-nowrap is-layout-flex wp-container-core-group-is-layout-6c531013 wp-block-group-is-layout-flex\">\n<div class=\"wp-block-group is-vertical is-layout-flex wp-container-core-group-is-layout-fe9cc265 wp-block-group-is-layout-flex\"><\/div>\n<\/div>\n<\/div>\n<\/div>\n\n\n\n<div class=\"wp-block-column is-layout-flow wp-block-column-is-layout-flow\" style=\"flex-basis:33.33%\">\n<div class=\"wp-block-group is-vertical is-layout-flex wp-container-core-group-is-layout-fe9cc265 wp-block-group-is-layout-flex\">\n<div class=\"wp-block-group is-nowrap is-layout-flex wp-container-core-group-is-layout-6c531013 wp-block-group-is-layout-flex\">\n<figure class=\"wp-block-image size-full is-resized\"><img loading=\"lazy\" decoding=\"async\" width=\"65\" height=\"84\" src=\"https:\/\/owv-sc-waldthurn.de\/wp-content\/uploads\/2025\/07\/steiner-Michael.jpg\" alt=\"\" class=\"wp-image-8956\" style=\"aspect-ratio:3\/4;object-fit:cover;width:100px\"\/><\/figure>\n\n\n\n<p class=\"has-text-align-center\">Steiner Michael<\/p>\n<\/div>\n\n\n\n<div class=\"wp-block-group is-nowrap is-layout-flex wp-container-core-group-is-layout-6c531013 wp-block-group-is-layout-flex\">\n<figure class=\"wp-block-image size-full is-resized\"><img loading=\"lazy\" decoding=\"async\" width=\"91\" height=\"105\" src=\"https:\/\/owv-sc-waldthurn.de\/wp-content\/uploads\/2025\/07\/Gollw.jpg\" alt=\"\" class=\"wp-image-8966\" style=\"aspect-ratio:3\/4;object-fit:cover;width:100px\"\/><\/figure>\n\n\n\n<div class=\"wp-block-group is-vertical is-layout-flex wp-container-core-group-is-layout-fe9cc265 wp-block-group-is-layout-flex\">\n<p class=\"has-text-align-center\">Gollwitzer Helmut<\/p>\n\n\n\n<p class=\"has-text-align-center\">SeniorenWanderwart<\/p>\n<\/div>\n<\/div>\n\n\n\n<div class=\"wp-block-group is-nowrap is-layout-flex wp-container-core-group-is-layout-6c531013 wp-block-group-is-layout-flex\">\n<figure class=\"wp-block-image size-medium is-resized\"><img loading=\"lazy\" decoding=\"async\" width=\"227\" height=\"300\" src=\"https:\/\/owv-sc-waldthurn.de\/wp-content\/uploads\/2025\/07\/Voelkl-Christian-227x300.jpg\" alt=\"\" class=\"wp-image-8979\" style=\"aspect-ratio:3\/4;object-fit:cover;width:100px\" srcset=\"https:\/\/owv-sc-waldthurn.de\/wp-content\/uploads\/2025\/07\/Voelkl-Christian-227x300.jpg 227w, https:\/\/owv-sc-waldthurn.de\/wp-content\/uploads\/2025\/07\/Voelkl-Christian.jpg 735w\" sizes=\"auto, (max-width: 227px) 100vw, 227px\" \/><\/figure>\n\n\n\n<div class=\"wp-block-group is-vertical is-layout-flex wp-container-core-group-is-layout-fe9cc265 wp-block-group-is-layout-flex\">\n<p class=\"has-text-align-center\">V\u00f6lkl Christian<\/p>\n\n\n\n<p class=\"has-text-align-center\">Maschinenwart<\/p>\n<\/div>\n<\/div>\n\n\n\n<div class=\"wp-block-group is-nowrap is-layout-flex wp-container-core-group-is-layout-6c531013 wp-block-group-is-layout-flex\">\n<figure class=\"wp-block-image size-full is-resized\"><img loading=\"lazy\" decoding=\"async\" width=\"75\" height=\"95\" src=\"https:\/\/owv-sc-waldthurn.de\/wp-content\/uploads\/2025\/07\/duric-kerstin.jpg\" alt=\"\" class=\"wp-image-8972\" style=\"aspect-ratio:3\/4;object-fit:cover;width:100px\"\/><figcaption class=\"wp-element-caption\">dav<\/figcaption><\/figure>\n\n\n\n<p class=\"has-text-align-center\">Duric Kerstin<\/p>\n<\/div>\n\n\n\n<div class=\"wp-block-group is-nowrap is-layout-flex wp-container-core-group-is-layout-6c531013 wp-block-group-is-layout-flex\">\n<figure class=\"wp-block-image size-full is-resized\"><img loading=\"lazy\" decoding=\"async\" width=\"92\" height=\"95\" src=\"https:\/\/owv-sc-waldthurn.de\/wp-content\/uploads\/2025\/07\/maekl-martin.jpg\" alt=\"\" class=\"wp-image-8959\" style=\"aspect-ratio:3\/4;object-fit:cover;width:100px\"\/><\/figure>\n\n\n\n<p class=\"has-text-align-center\">M\u00e4ckl Martin<\/p>\n<\/div>\n\n\n\n<div class=\"wp-block-group is-nowrap is-layout-flex wp-container-core-group-is-layout-6c531013 wp-block-group-is-layout-flex\">\n<figure class=\"wp-block-image size-medium is-resized\"><img loading=\"lazy\" decoding=\"async\" width=\"242\" height=\"300\" src=\"https:\/\/owv-sc-waldthurn.de\/wp-content\/uploads\/2025\/07\/Steiner-Christian-242x300.jpg\" alt=\"\" class=\"wp-image-8984\" style=\"aspect-ratio:3\/4;object-fit:cover;width:100px\" srcset=\"https:\/\/owv-sc-waldthurn.de\/wp-content\/uploads\/2025\/07\/Steiner-Christian-242x300.jpg 242w, https:\/\/owv-sc-waldthurn.de\/wp-content\/uploads\/2025\/07\/Steiner-Christian.jpg 754w\" sizes=\"auto, (max-width: 242px) 100vw, 242px\" \/><\/figure>\n\n\n\n<p class=\"has-text-align-center\">Steiner Christian<\/p>\n<\/div>\n\n\n\n<div class=\"wp-block-group is-nowrap is-layout-flex wp-container-core-group-is-layout-6c531013 wp-block-group-is-layout-flex\">\n<figure class=\"wp-block-image size-medium is-resized\"><img loading=\"lazy\" decoding=\"async\" width=\"232\" height=\"300\" src=\"https:\/\/owv-sc-waldthurn.de\/wp-content\/uploads\/2025\/07\/Pflaum-Mario-232x300.jpg\" alt=\"\" class=\"wp-image-8986\" style=\"aspect-ratio:3\/4;object-fit:cover;width:100px\" srcset=\"https:\/\/owv-sc-waldthurn.de\/wp-content\/uploads\/2025\/07\/Pflaum-Mario-232x300.jpg 232w, https:\/\/owv-sc-waldthurn.de\/wp-content\/uploads\/2025\/07\/Pflaum-Mario-768x992.jpg 768w, https:\/\/owv-sc-waldthurn.de\/wp-content\/uploads\/2025\/07\/Pflaum-Mario.jpg 780w\" sizes=\"auto, (max-width: 232px) 100vw, 232px\" \/><\/figure>\n\n\n\n<p class=\"has-text-align-center\">Pflaum Mario<\/p>\n<\/div>\n\n\n\n<div class=\"wp-block-group is-nowrap is-layout-flex wp-container-core-group-is-layout-6c531013 wp-block-group-is-layout-flex\">\n<figure class=\"wp-block-image size-full is-resized\"><img loading=\"lazy\" decoding=\"async\" width=\"85\" height=\"100\" src=\"https:\/\/owv-sc-waldthurn.de\/wp-content\/uploads\/2025\/07\/Troidl-Michael.jpg\" alt=\"\" class=\"wp-image-8957\" style=\"aspect-ratio:0.75;object-fit:cover;width:92px;height:auto\"\/><\/figure>\n\n\n\n<p>Dr.Troidl Michael<\/p>\n<\/div>\n\n\n\n<div class=\"wp-block-group is-nowrap is-layout-flex wp-container-core-group-is-layout-6c531013 wp-block-group-is-layout-flex\">\n<div class=\"wp-block-group is-vertical is-layout-flex wp-container-core-group-is-layout-fe9cc265 wp-block-group-is-layout-flex\">\n<p>BauerThomas <\/p>\n<\/div>\n<\/div>\n\n\n\n<div class=\"wp-block-group is-nowrap is-layout-flex wp-container-core-group-is-layout-6c531013 wp-block-group-is-layout-flex\">\n<div class=\"wp-block-group is-vertical is-layout-flex wp-container-core-group-is-layout-fe9cc265 wp-block-group-is-layout-flex\"><\/div>\n<\/div>\n\n\n\n<div class=\"wp-block-group is-nowrap is-layout-flex wp-container-core-group-is-layout-6c531013 wp-block-group-is-layout-flex\"><\/div>\n<\/div>\n\n\n\n<div class=\"wp-block-group is-nowrap is-layout-flex wp-container-core-group-is-layout-6c531013 wp-block-group-is-layout-flex\"><\/div>\n<\/div>\n<\/div>\n\n\n\n<p class=\"has-large-font-size\"><strong>2022<\/strong>   <strong><em>Jahreshauptversammlungen<\/em><\/strong><\/p>\n\n\n\n<p class=\"has-text-align-center has-large-font-size\"><strong><em>Neuwahlen und<\/em><\/strong> <strong><em>Ehrungen <\/em><\/strong><\/p>\n\n\n\n<figure class=\"wp-block-image size-large\"><img loading=\"lazy\" decoding=\"async\" width=\"1024\" height=\"757\" src=\"https:\/\/owv-sc-waldthurn.de\/wp-content\/uploads\/2024\/10\/2023-Vorst-1024x757.jpg\" alt=\"\" class=\"wp-image-1483\" srcset=\"https:\/\/owv-sc-waldthurn.de\/wp-content\/uploads\/2024\/10\/2023-Vorst-1024x757.jpg 1024w, https:\/\/owv-sc-waldthurn.de\/wp-content\/uploads\/2024\/10\/2023-Vorst-300x222.jpg 300w, https:\/\/owv-sc-waldthurn.de\/wp-content\/uploads\/2024\/10\/2023-Vorst-768x567.jpg 768w, https:\/\/owv-sc-waldthurn.de\/wp-content\/uploads\/2024\/10\/2023-Vorst.jpg 1080w\" sizes=\"auto, (max-width: 1024px) 100vw, 1024px\" \/><\/figure>\n\n\n\n<p><\/p>\n\n\n\n<div class=\"wp-block-group alignwide is-layout-flow wp-block-group-is-layout-flow\">\n<div class=\"wp-block-group is-layout-flow wp-block-group-is-layout-flow\">\n<div class=\"wp-block-group is-content-justification-center is-nowrap is-layout-flex wp-container-core-group-is-layout-bfbbbc10 wp-block-group-is-layout-flex\">\n<figure class=\"wp-block-image size-large is-resized\"><img loading=\"lazy\" decoding=\"async\" width=\"1024\" height=\"655\" src=\"https:\/\/owv-sc-waldthurn.de\/wp-content\/uploads\/2025\/11\/2023-Jahresh-vers-mit-Neuwahlen-a-1024x655.jpg\" alt=\"\" class=\"wp-image-9514\" style=\"width:808px;height:auto\" srcset=\"https:\/\/owv-sc-waldthurn.de\/wp-content\/uploads\/2025\/11\/2023-Jahresh-vers-mit-Neuwahlen-a-1024x655.jpg 1024w, https:\/\/owv-sc-waldthurn.de\/wp-content\/uploads\/2025\/11\/2023-Jahresh-vers-mit-Neuwahlen-a-300x192.jpg 300w, https:\/\/owv-sc-waldthurn.de\/wp-content\/uploads\/2025\/11\/2023-Jahresh-vers-mit-Neuwahlen-a-768x491.jpg 768w, https:\/\/owv-sc-waldthurn.de\/wp-content\/uploads\/2025\/11\/2023-Jahresh-vers-mit-Neuwahlen-a.jpg 1200w\" sizes=\"auto, (max-width: 1024px) 100vw, 1024px\" \/><\/figure>\n\n\n\n<figure class=\"wp-block-image size-large is-resized\"><img loading=\"lazy\" decoding=\"async\" width=\"707\" height=\"1024\" src=\"https:\/\/owv-sc-waldthurn.de\/wp-content\/uploads\/2025\/11\/2023-Jahresh-vers-b-707x1024.jpg\" alt=\"\" class=\"wp-image-9516\" style=\"width:354px;height:auto\" srcset=\"https:\/\/owv-sc-waldthurn.de\/wp-content\/uploads\/2025\/11\/2023-Jahresh-vers-b-707x1024.jpg 707w, https:\/\/owv-sc-waldthurn.de\/wp-content\/uploads\/2025\/11\/2023-Jahresh-vers-b-207x300.jpg 207w, https:\/\/owv-sc-waldthurn.de\/wp-content\/uploads\/2025\/11\/2023-Jahresh-vers-b-768x1112.jpg 768w, https:\/\/owv-sc-waldthurn.de\/wp-content\/uploads\/2025\/11\/2023-Jahresh-vers-b.jpg 829w\" sizes=\"auto, (max-width: 707px) 100vw, 707px\" \/><\/figure>\n<\/div>\n<\/div>\n<\/div>\n\n\n\n<p><\/p>\n\n\n\n<div class=\"wp-block-group alignwide has-small-font-size is-layout-flow wp-block-group-is-layout-flow\">\n<p>                   <strong><em> 8 Neue f\u00fcr den OWV \u2013 Neuwahlen ohne Probleme \u2013 <\/em><\/strong><\/p>\n\n\n\n<figure class=\"wp-block-image aligncenter size-full is-resized\"><img loading=\"lazy\" decoding=\"async\" width=\"794\" height=\"530\" src=\"https:\/\/owv-sc-waldthurn.de\/wp-content\/uploads\/2025\/11\/2019-Vorstand-OWV.jpg\" alt=\"\" class=\"wp-image-9526\" style=\"width:918px;height:auto\" srcset=\"https:\/\/owv-sc-waldthurn.de\/wp-content\/uploads\/2025\/11\/2019-Vorstand-OWV.jpg 794w, https:\/\/owv-sc-waldthurn.de\/wp-content\/uploads\/2025\/11\/2019-Vorstand-OWV-300x200.jpg 300w, https:\/\/owv-sc-waldthurn.de\/wp-content\/uploads\/2025\/11\/2019-Vorstand-OWV-768x513.jpg 768w\" sizes=\"auto, (max-width: 794px) 100vw, 794px\" \/><figcaption class=\"wp-element-caption\">Bild (fvo) Die neue Vorstandschaft des OWV Waldthurn.<\/figcaption><\/figure>\n\n\n\n<p><strong><em>Skiclub im OWV integriert<\/em><\/strong><br><strong><em>(13.10.2019 <\/em><\/strong>Bericht &#8222;Der Neue Tag&#8220; Franz Voelkl)<br>Waldthurn &#8211; Der Oberpf\u00e4lzer Waldverein Waldthurn pulsiert \u2013 bei Jung und Alt!<br>Mit 453 Mitgliedern ist der Oberpf\u00e4lzer Waldverein (OWV) Waldthurn in der Waldthurner Vereinslandschaft eine echte Gr\u00f6\u00dfe. \u201eDen OWV -Skiclub wird es in der bisherigen Form nicht mehr geben\u201c, erkl\u00e4rte OWV-Vorsitzender Roman Bauer. Man werde den bisher eigenst\u00e4ndigen Skiclub fest in den OWV Waldthurn integrieren. Auch deswegen seien einige kleinere Satzungs\u00e4nderung notwendig.<br>Bei den OWV &#8211; Neuwahlen wurde das F\u00fchrungstrio mit Petra Reil, Roman Bauer und Christian Gallitzend\u00f6rfer f\u00fcr weitere zwei Jahre best\u00e4tigt.<br>Antje Seer wird sich weiter um die finanziellen Angelegenheiten des Vereins k\u00fcmmern und die schriftlichen Arbeiten liegen wieder in den H\u00e4nden von Bernhard R. Karl.<br>So wurden nach der Integration des Skiclubs folgende Beisitzer in die OWV-Vorstandschaft gew\u00e4hlt: Sabine Arlt, Josef Arnold, Alois B\u00e4umler, Sonja B\u00e4umler, Monika Bauer, Josef Beimler, Hans-J\u00fcrgen Bergler, Kerstin Duric, Helmut Glaser, Heiko Glaser, Helmut Gollwitzer (Seniorenwanderer-Sprecher), Johanna Gr\u00fcnauer, Stefan Gr\u00fcnauer, Wolfgang Kick, Dominik Klos, Erwin Klotz, Martin M\u00e4ckl, Petra M\u00fcller, Max M\u00fcllner, Mario Pflaum, Horst Pleyer, Erik Resene, Konrad Seibert, Christian Steiner, Dr. Michael Troidl und Christian V\u00f6lkl.<br>Als Kassenpr\u00fcfer fungieren Maria Golla, Michael Steiner und Hans-J\u00fcrgen Bergler.<br>Intern wolle man laut Bauer f\u00fcr den integrierten Skiclub mit Horst Pleyer weiterhin einen Kassier beibehalten, aber auch zuk\u00fcnftig den Posten eines Wander-, Markierungswart, Natur- und Heimatpflegers, Jugend- und Seniorenbeauftragten bestimmen. Bauers T\u00e4tigkeitsbericht war sehr umfangreich und spiegelte die vielf\u00e4ltigen Aktivit\u00e4ten des \u201eWaldvereins\u201c wieder. Im Laufe des vergangenen Jahres seien wieder 18 \u201eNeue\u201c dem OWV beigetreten.<br>Eine der gro\u00dfen Traditionen des Vereins seien die seit vielen Jahrzehnten durchgef\u00fchrten Vereinsabende. Josef Kick und Erwin Klotz organisierten im vergangen Jahr neun \u2013 je Abend kamen zwischen 30-40 Interessierte. Der Sprecher dankte den Referenten Hermann Weig, Georg Schmidbauer, Thomas Anzer, Christian Steiner, Helmut Gollwitzer, Gerti Winter, Markus M\u00fcller und den Skih\u00fcttenmusikanten Bastian B\u00e4umler und Fabian Klotz.<br>Der Vorsitzende berichtete von \u201eChristbaum f\u00fcr alle\u201c am Marktplatz, H\u00fcttenweihnacht in der Skih\u00fctte, Waldweihnacht und Weihnachtsausstellung im Rathaus, Krippenfahrt sowie den \u201eTag des offenen Museums\u201c, bei dem der Besuch im Waldthurner Heimatmuseum \u00fcberw\u00e4ltigend war. Sogar Bischof Rudolf Voderholzer bewunderte im M\u00e4rz das Heimatmuseum mit der Krippenausstellung.<br>Der Skilanglauf war vier Wochen vom 18. Januar bis 17. Februar m\u00f6glich. Werner Beierl, Johann Pflaum, Helmut Glaser und Erwin Klotz \u00fcbernahmen die Betreuung und Bewirtung der Schulkurse. F\u00fcr die perfekten Loipen, was nach den Worten von Bauer eine echte Herkulesaufgabe war, waren Helmut Glaser, Werner Pankotsch und Stefan Gr\u00fcnauer verantwortlich. \u201eHut ab vor eurer Leistung!\u201c<br>Der OWV \u2013 Chef spannte einen weiteren gro\u00dfen Bogen angefangen von der Tagesfahrt nach Kaltenbach, Starkbierfest, Sportlerball, OWV \u2013 Schnitzer, Maibaumaufstellen, Teilnahme am Landjugendfest, Blumenwanderung, Vereinsausflug nach Berlin, B\u00fcrgerfest, Heiko Glasers Zoiglwanderung nach Eslarn, Herbstwanderung, Landkreisstaffellauf bis hin zu Verena Schuchs \u201eDer OWV tanzt\u201c<br>Die Remmelbergerin Erzieherin Ulrike Simmerl berichtete dar\u00fcber, dass sie im Rahmen des \u201eSport nach 1 \u2013 Sport AG\u201c zusammen mit ihrer Kollegin Judith Bodensteiner aus Albersrieth immer donnerstags von 14 bis 15 Uhr unter dem Dach des OWV anbietet. \u201e19 Kinder der Klassen eins bis vier, davon 7 M\u00e4dchen und 12 Buben haben Power in sich und k\u00f6nnen diese bei dieser Bewegungsstunde ausleben\u201c.<br>Der Dank galt auch an Ludwig Kleber mit seinen Helfern f\u00fcr das Erneuern der Ruheb\u00e4nke. Derzeit betreue man 47 Ruheb\u00e4nke. Dem Ski-Club dankte Bauer f\u00fcr die tatkr\u00e4ftige Unterst\u00fctzung, stellvertretend Wolfgang Bergmann und Josef Arnold. Dem Wanderwegeteam, hier an der Spitze Horst Pleyer, f\u00fcr das Erneuern der Markierungen. Christian V\u00f6lkl f\u00fcr die musterg\u00fcltige Wartung der Pistenraupen.<br>Josef Kick berichtete f\u00fcr den verhindert Seniorenwandergruppe \u2013 Sprecher Helmut Gollwitzer. Insgesamt habe man im mittlerweile 15. Jahr des Bestehens, im vergangenen Jahr 17 Wanderungen mit insgesamt 140 Streckenkilometer durchgef\u00fchrt. Im Schnitt waren 18 Seniorenwanderer pro Wanderung unterwegs.<br>Da Johanna Gr\u00fcnauer sich im Urlaub befand, berichtete Bauer stellvertretend kurz \u00fcber die Aktivit\u00e4ten der OWV Skiclubdamen. Von Oktober 2018 bis April 2019 habe man die gut besuchte w\u00f6chentliche Fitnessgymnastik durchgef\u00fchrt. Maskierte Gymnastikstunde, Wanderung, w\u00f6chentliche Radltreffs und die dreit\u00e4gige Radltour auf dem Werra\/Fulda Radweg geh\u00f6rten zum R\u00fcckblick der Skiclubdamen.<br>Das Erbe von Franz Bergler soll weitergef\u00fchrt werden, meinte Bauer weiter. Da beim OWV die Rubrik Heimatforschung etwas auf der Strecke geblieben sei, sei man froh, dass sich nun der Heimatkundliche Arbeitskreis \/HAK) dieser Sache annimmt. Der stellvertretende Vorsitzende des HAK Waldthurn, Josef Forster meinte, der HAK sei keine Konkurrenz zum OWV, man wolle lediglich die Arbeit von Bergler weiterf\u00fchren. \u201eHerzlichen Dank an die Familie von Franz Bergler, die den heimatkundlichen Nachlass an den HAK gegeben haben. Forster erw\u00e4hnte, dass man dabei sei, eine Brosch\u00fcre und zugleich eine Ausstellung hinsichtlich \u201e15 Jahre Partnerschaft mit Hostau\u201c zu erstellen.<br>B\u00fcrgermeister Josef Beimler zeigte sich vom unheimlichen Arbeitspensum des OWV beeindruckt. \u201eDank den Vereinsabenden werde die Wirtshauskultur gef\u00f6rdert.<br>Der alte und neu Vorsitzende Bauer gab die Termine f\u00fcr das Winterhalbjahr bekannt.<br>Der erster Vereinsabend am 21. November findet im Gasthaus Feiler in Spielberg mit Georg Schmidbauer: \u201e70 Jahre OWV\u201c statt. Der Christbaum auf dem Marktplatz werde am 23. November um 09.00 Uhr aufgestellt. H\u00fcttenweihnacht in der Skih\u00fctte ist am Freitag, 06. Dezember, Waldweihnacht am Sonntag, 15. Dezember um 18.00 Uhr bei der Bruder- Klaus-Kapelle. Die Krippenausstellung im Schwesternheim ab 25. Dezember 2019 bis 06. Januar 2020 und Skiausflug ist am Samstag, 08. Februar 2020 nach Kaltenbach im Zillertal<\/p>\n<\/div>\n\n\n\n<div class=\"wp-block-group alignwide has-small-font-size is-layout-flow wp-block-group-is-layout-flow\">\n<p>                                 OWV Waldthurn begr\u00fc\u00dft drei neue Vorstandsmitglieder <br>Drei neue Ausschussmitglieder konnten die Vorsitzenden des OWV Waldthurn, Petra Reil, Christian Gallitzend\u00f6rfer und Roman Bauer bei der Jahreshauptversammlung am 14. November begr\u00fc\u00dfen. Gro\u00df war die Freude \u00fcber die Bereitschaft von Heiko Glaser, Dominik Klos und Wolfgang Kick sich im OWV Waldthurn aktiv zu engagieren. Alle drei verbindet eine intensive Verbundenheit zur oberpf\u00e4lzer Heimat, was die Vorsitzenden deutlich zum Ausdruck brachten.<br>Heiko Glaser und Dominik Klos sind bereits seit vielen Jahren im OWV aktiv. Wolfgang Kick wird k\u00fcnftig das Loipenteam unterst\u00fctzen<\/p>\n<\/div>\n\n\n\n<p><\/p>\n\n\n\n<p class=\"has-text-align-center has-large-font-size\"><strong>Vier Urgesteine gehen<\/strong>(13.10.2019)<\/p>\n\n\n\n<figure class=\"wp-block-image aligncenter size-full is-resized\"><img loading=\"lazy\" decoding=\"async\" width=\"300\" height=\"208\" src=\"https:\/\/owv-sc-waldthurn.de\/wp-content\/uploads\/2025\/07\/2019.jpg\" alt=\"\" class=\"wp-image-8955\" style=\"width:678px;height:auto\"\/><\/figure>\n\n\n\n<p class=\"has-text-align-center has-small-font-size\">Bild: Die drei Vorsitzenden des OWV Waldthurn danken Wolfgang Bergmann (Zweiter von links), Werner Beierl (Dritter von rechts) und Josef Kick (rechts) f\u00fcr jahrzehntelange Arbeit im OWV und Skiclub. Nicht im Bild Manfred Holbaum.<\/p>\n\n\n\n<div class=\"wp-block-group alignwide is-layout-flow wp-block-group-is-layout-flow\">\n<p class=\"has-small-font-size\"> Nach vielen Jahrzehnten aktiver Mitarbeit im OWV &#8211; Skiclub wurden bei der Jahreshauptversammlung des OWV Waldthurn die vier \u201eUrgesteine\u201c Wolfgang Bergmann, Manfred Holbaum, Josef Kick und Werner Beierl aus der Vorstandschaft verabschiedet. In der Jahreshauptversammlung des OWV  wurde beschlossen, den Skiclub in den OWV Waldthurn zu integrieren.<br>\u201eWir werden euch alle in der F\u00fchrungsriege vermissen\u201c, sagte OWV-Chef Roman Bauer. Bergmann war bei jeder Ver\u00e4nderung der Skih\u00fctte dabei. \u201eAn und Umbau, Regale, Spinte, Tische, Eckb\u00e4nke, der Wolfi hat alles gemacht und unz\u00e4hlige Arbeitsstunden beim OWV und Skiclub verbracht\u201c.<\/p>\n<\/div>\n\n\n\n<div class=\"wp-block-group alignwide is-layout-flow wp-block-group-is-layout-flow\">\n<p class=\"has-small-font-size\">Beierl war fr\u00fcher Wanderwart und beim Sevicepersonal der Skih\u00fctte. Unvergesslich laut Bauer die kulinarischen Ausschusssitzungen im Garten des Hobbykochs und Kochbuchautors.<\/p>\n<\/div>\n\n\n\n<div class=\"wp-block-group alignwide is-layout-flow wp-block-group-is-layout-flow\">\n<p class=\"has-small-font-size\">Josef Kick, genannt Lottner Sepp, sei ein richtiges Urgestein des OWV und habe als Streckenposten aber auch Stunden um Stunden als \u201eSchreibarbeiter\u201c vieles geleistet. \u201eWir werden deinen trockenen und hintergr\u00fcndigem Humor bei den Ausschusssitzungen vermissen\u201c, sagte Bauer. Zusammen mit Erwin Klotz wolle Kick aber die Vorbereitungen der OWV-Vereinsabende weiterhin organisieren. \u201eDas Team KK Klotz\/Kick bleibt weiterhin bestehen\u201c.<\/p>\n<\/div>\n\n\n\n<div class=\"wp-block-group alignwide is-layout-flow wp-block-group-is-layout-flow\">\n<p class=\"has-small-font-size\">Der vierte im Bunde, Manfred Holbaum war an diesem Abend verhindert .<\/p>\n\n\n\n<p class=\"has-small-font-size\">Er war viele Jahre als Schriftf\u00fchrer beim Skiclub t\u00e4tig . Sein engagiertes Mitwirken war eine wertvolle Bereicherung f\u00fcr die Sparte Skiclub, vor allem als Ideengeber und Organisator von verschiedenen Sportveranstaltungen ,Langlaufstaffelrennen &#8211; und Crossl\u00e4ufe der Vereine  ,  die an der Skih\u00fctte und im Langlaufgebiet abgehalten wurden .<\/p>\n\n\n\n<p class=\"has-small-font-size\">S\u00e4mtliche \u201eAusscheider\u201c erhielten kleine Geschenke.<\/p>\n<\/div>\n\n\n\n<figure class=\"wp-block-image size-large\"><img loading=\"lazy\" decoding=\"async\" width=\"1024\" height=\"575\" src=\"https:\/\/owv-sc-waldthurn.de\/wp-content\/uploads\/2024\/09\/2017-vorstand-1024x575.jpg\" alt=\"\" class=\"wp-image-580\" srcset=\"https:\/\/owv-sc-waldthurn.de\/wp-content\/uploads\/2024\/09\/2017-vorstand-1024x575.jpg 1024w, https:\/\/owv-sc-waldthurn.de\/wp-content\/uploads\/2024\/09\/2017-vorstand-300x169.jpg 300w, https:\/\/owv-sc-waldthurn.de\/wp-content\/uploads\/2024\/09\/2017-vorstand-768x431.jpg 768w, https:\/\/owv-sc-waldthurn.de\/wp-content\/uploads\/2024\/09\/2017-vorstand.jpg 1200w\" sizes=\"auto, (max-width: 1024px) 100vw, 1024px\" \/><\/figure>\n\n\n\n<div class=\"wp-block-group alignwide is-layout-flow wp-block-group-is-layout-flow\">\n<p class=\"has-small-font-size\">17.11.2017 Franz V\u00f6lkl)<br>OWV- Jahresversammlung<br>Ein Dreigestirn f\u00fchrt den Oberpf\u00e4lzer Waldverein in Waldthurn an. In der Jahreshauptversammlung ziehen sich allerdings zwei Vorsitzende zur\u00fcck.<br>Nachdem Werner Pankotsch vergangene Woche als Spartenleiter des OWV-Skiclubs zur\u00fcckgetreten war gab er in der Zusammenkunft des OWV im vollbesetzten Gasthaus Bergler seinen R\u00fccktritt als einer der drei Vorsitzenden bekannt. Auch Hans-Peter Reil schied auf eigenen Wunsch aus dem bisherigen Dreigestirn aus. Allerdings war der Verein gut vorbereitet. Als gleichberechtigte Vorsitzende w\u00e4hlte die Versammlung neben dem bisherigen Chef Roman Bauer als neue Chefs Petra Reil und Christian Gallitzend\u00f6rfer. Antje Seer wird sich weiter um die finanziellen Angelegenheiten k\u00fcmmern. Die schriftlichen Arbeiten liegen in den H\u00e4nden von Bernhard R. Karl.<br>Als Beisitzer fungieren Alois B\u00e4umler, Josef Beimler, Helmut Gollwitzer (Seniorenwanderer-Sprecher), Helmut Glaser, Josef Kick, Erwin Klotz, Horst Pleyer, Erik Resene, Konrad Seibert, Michael Troidl, Kerstin Duric (neu), Sonja B\u00e4umler (neu) und Martin M\u00e4ckl (neu). Die Kasse pr\u00fcfen Michael Steiner und Hans-J\u00fcrgen Bergler.<br>Bauer freute sich \u00fcber die Neueinsteiger und meinte, dass es nicht besonders schwer gewesen sei, sie f\u00fcr ihre jeweiligen \u00c4mter zu begeistern. &#8222;Wir haben uns verj\u00fcngt und versch\u00f6nert&#8220;, meinte er und hatte die Lacher auf seiner Seite. Sein T\u00e4tigkeitsbericht war sehr umfangreich und spiegelte die vielen Aktivit\u00e4ten des auf mittlerweile 412 Mitglieder gewachsenen OWV wieder.<br>Neu beim gr\u00f6\u00dften Verein der Gemeinde sind Rita Reil, Christa Zilske, Felix Malzer, Felix Kick, Kerstin und Martin Dobmeier, Barbara Janker, Ferdinand Dagner, Nina Lang, Heiko Glaser, Swen Arnold und Paulus Frischholz. Eine der gro\u00dfen Traditionen des Vereins seien die seit vielen Jahrzehnten durchgef\u00fchrten Vereinsabende, die Josef Kick und Erwin Klotz organisieren.<br>Der Sprecher dankte den Referenten Sieghard Reber, Georg Schmidbauer, Albert Lindner, Dr. Nikolaus Globisch, Andrea G\u00f6tz, Hermann Weig, Franz Kramlinger sowie Elisabeth und Rudi Meissner. Ein Erfolg war laut Bauer die Beteiligung am Markttreiben beim Heimatfest. Die Schnitzer waren ebenso vertreten wie Kochbuchautor Werner Beierl. Am Festzug war eine starke Fu\u00dfgruppe unter dem Motto &#8222;Der Anbau und die Ernte der Kartoffel im Wandel der Zeit&#8220; unterwegs. Der sportliche H\u00f6hepunkt war der Landkreisstaffellauf am 16. September. Aktuell gehen die Schnitzer mit Organisator Erwin Klotz seit zwei Wochen wieder ihrem Hobby nach. Bei der zweit\u00e4gigen Ausstellung Ende Dezember vergangenen Jahres in der ehemaligen Sparkasse bewunderten viele Besucher die Krippen.<br>Kassenverwalterin Seer erl\u00e4uterte ein zufriedenstellendes Finanzpolster. F\u00fcr den Skiclub trug Pankotsch zum letzten Mal in seiner Funktion als Spartenleiter die Jahresaktivit\u00e4ten vor. Seniorenwandergruppen-Chef Helmut Gollwitzer referierte \u00fcber 16 Wanderungen mit durchschnittlich knapp 20 Teilnehmern. Sie legten dabei 153 Kilometer zur\u00fcck. Der Dank gelte dem &#8222;Zeitungsmann&#8220; Herwig Maier und &#8222;Kulturwart&#8220; Georg Schmidbauer.<br>B\u00fcrgermeister Josef Beimler bewunderte die vielen Facetten, die der OWV abdecke. &#8222;Ich bin stolz, einen solchen Verein in der Gemeinde zu haben.&#8220; Hinsichtlich des aus dem Vorstand ausscheidenden Pankotsch erw\u00e4hnte Bauer, dass dieser elf Jahre Spartenleiter des Skiclubs und sieben Jahre OWV-Vorsitzender gewesen sei. Dessen R\u00fccktritt sei schon ein kleiner Schock gewesen, man m\u00fcsse aber die Entscheidung respektieren.<br>Hans-Peter Reil war sieben Jahre Vorsitzender, und &#8222;der Mann f\u00fcr die gute Stimmung&#8220;. Sieghard Reber habe nach zehn Jahren Schriftf\u00fchrer seinen R\u00fcckzug fr\u00fchzeitig angek\u00fcndigt, und Andrea G\u00f6tz fungierte sieben Jahre als Beisitzerin.<\/p>\n<\/div>\n\n\n\n<p class=\"has-large-font-size\"><strong><em>2016 November<\/em><\/strong><\/p>\n\n\n\n<div class=\"wp-block-group alignwide is-layout-flow wp-block-group-is-layout-flow\">\n<p class=\"has-small-font-size\"><br>Beim OWV alles im Lot- Jahreshauptversammlung <strong><em>mit Ehrungen<\/em><\/strong><br>(fvo) Der Oberpf\u00e4lzer Waldverein (OWV) ist und bleibt ein aktiver Kulturtr\u00e4ger der Marktgemeinde. Dies zeigten die Berichte des abgelaufenen Vereinsjahres bei der Jahreshauptversammlung im Gasthaus K\u00fchnhauser. Die urige Wirtsstube konnte die vielen OWV<code>ler kaum fassen. \u201eEs macht Spa\u00df f\u00fcr den Oberpf\u00e4lzer Waldverein zu arbeiten!\u201c Diese Feststellung des OWV-Vorsitzenden Roman Bauer zog sich wie ein roter Faden durch den Abend. \u201eMan kann leicht vorangehen, wenn die Mitglieder stets mit Herzblut und Freude bei der Sache sind und den Weg mitgehen\u201c, schw\u00e4rmte Bauer auch im Namen seiner Vorstandskollegen Werner Pankotsch und Hans-Peter Reil. Einleitend gedachten die OWV<\/code>ler der im vergangenen Vereinsjahr verstorbenen Mitglieder. Bauers T\u00e4tigkeitsbericht war sehr umfangreich und spiegelte die vielf\u00e4ltigen Aktivit\u00e4ten des 405 Mitglieder z\u00e4hlenden \u201eWaldvereins\u201c wieder.<br>Neu dabei sind Benedikt Danzer, Daniel Glaser, Florian Rieder, Michael Scheer, Celine Pflaum, Luisa Pflaum, Petra M\u00fcller und Markus Ermer.<br>Besonders dankte der Vorsitzende den Vereinstag\u2013Referenten. \u201eJosef Kick und Erwin Klotz organisierten musterg\u00fcltig die neun Vereinsabende, bei denen im Schnitt 30 bis 40 Interessierte teilnahmen\u201c. Christbaum- und Maibaumaufstellen, Faschingstanz, Reil`s Schmankerlabend, Rama-Dama-Aktion, Fr\u00fchjahrs- und Herbstwanderungen und Ferienprogramm waren Veranstaltungen, die Bauer Revue passieren lie\u00df. Ein H\u00f6hepunkt sei die Weihnachtsausstellung im neuen Rathaus gewesen. Da Franz Bergler aus gesundheitlichen Gr\u00fcnden nicht in der Lage war, die Krippenausstellung vorzubereiten, erkl\u00e4rten sich die aktiven Schnitzer um Erwin Klotz an der Spitze bereit, die Krippe zu pr\u00e4sentieren. Max Gallitzend\u00f6rfer k\u00fcmmerte sich um die Beleuchtung, K\u00fcnstler Dominik Klos brachte die Hintergrundbemalung an und Sabine Arlt sowie Monika Bauer schm\u00fcckten den Christbaum. Erstmals konnte am \u201eTag des offenen Museums\u201c Anfang Januar bei Gl\u00fchwein und Lebkuchen die gelungene Ausstellung besichtigt werden.<br>Bauer bedankte sich bei einer Vielzahl von Mitarbeitern, wie beispielsweise dem Wanderwegteam, die sich um die Erneuerung von Markierungen k\u00fcmmerten. Horst Pleyer hatte die F\u00fchrung von Erwin Klotz \u00fcbernommen. Die Finanzexpertin Antje Seer berichtete \u00fcber den Inhalt der Vereinskasse. \u201eDie Handschrift einer kompetenten B\u00e4nkerin ist unverkennbar\u201c, schw\u00e4rmte Vorsitzender Bauer. Werner Pankotsch zeigte die Aktivit\u00e4ten des angeschlossenen Skiclubs auf. Erwin Klotz wies als Sprecher der mehr als 20 OWV\u2013Schnitzer darauf hin, dass man seit Anfang November beim \u201efiligranen Arbeiten\u201c sei. Bis 7. M\u00e4rz wolle man sich immer montags im Werkraum der Schule treffen. Mittlerweile sei man unter der fachkundigen Anleitung von Anton P\u00f6pperl aus Pleystein in der 6. Schnitzersaison. F\u00fcr das Heimatmuseum wolle man eine zus\u00e4tzliche Krippe schnitzen, die aber erst zu Weihnachten 2017 fertiggestellt sei. Zwischen Weihnachten und Neujahr plane man eine Ausstellung in den R\u00e4umen der ehemaligen Sparkasse. Einzelheiten w\u00fcrden mit den Eigent\u00fcmer Michael Steiner noch besprochen. Helmut Gollwitzer berichtete von den Aktivit\u00e4ten der Seniorenwandergruppe. Bei 16 Wanderungen haben durchschnittlich 16 Wanderer knapp 160 Kilometer Wanderstrecke zur\u00fcckgelegt. Besonders erw\u00e4hnte der Redner die kompetenten Ausf\u00fchrungen des \u201eKulturwartes\u201c Georg Schmidbauer und dankte Herwig Maier f\u00fcr die Weiterleitung der Infos an die Tageszeitung.<br>\u201eWenn ich diese Berichte h\u00f6re, erscheint es mir unglaublich, was der OWV gerade in Sachen Brauchtumspflege leistet\u201c, meinte B\u00fcrgermeister Beimler. Hinsichtlich der Schnitzergruppe sagte er, dass die Gemeinschaft eine echte Attraktion f\u00fcr Waldthurn sei. Abschlie\u00dfend nahmen die drei OWV-Vorsitzenden zusammen mit B\u00fcrgermeister Beimler Ehrungen vor.<br>25 Jahre Mitglied: Sabine Arlt, Alfred Bl\u00f6dt, Josef Frischholz, Ludwig Gmeiner, Michael H\u00fcttner, Marko Klotz, Max Magerer, Isidor Stahl, Jutta Steiner und Michael Weig<br>40 Jahre Mitglied: Herbert B\u00e4umler, Josef Beimler, Bernhard Bergmann, Franz Ertl, Josef Grundler, Bernhard Holfelner, Erwin Klotz, Hans Laubmeier, Herbert Mages, Willibald Rupprecht, Adolf Sollfrank, Paul Stiebitz, Werner Unger, Paul V\u00f6lkl, Richard Wagner, Adolf Weig, Alois Weig, Ernst Weig, Hermann Weig und Franz Wittmann<br>50 Jahre Mitglied: Franz Bergler und Herwig Maier<br>60 Jahre Mitglied: Josef Gallitzend\u00f6rfer, Albert Karl, Karl M\u00fcller und Josef M\u00fcllner<\/p>\n<\/div>\n\n\n\n<figure class=\"wp-block-image aligncenter size-large\"><img loading=\"lazy\" decoding=\"async\" width=\"922\" height=\"518\" src=\"https:\/\/owv-sc-waldthurn.de\/wp-content\/uploads\/2024\/09\/2016-Ehrungen-OWV-Fahrenberg.jpg\" alt=\"\" class=\"wp-image-182\" srcset=\"https:\/\/owv-sc-waldthurn.de\/wp-content\/uploads\/2024\/09\/2016-Ehrungen-OWV-Fahrenberg.jpg 922w, https:\/\/owv-sc-waldthurn.de\/wp-content\/uploads\/2024\/09\/2016-Ehrungen-OWV-Fahrenberg-300x169.jpg 300w, https:\/\/owv-sc-waldthurn.de\/wp-content\/uploads\/2024\/09\/2016-Ehrungen-OWV-Fahrenberg-768x431.jpg 768w\" sizes=\"auto, (max-width: 922px) 100vw, 922px\" \/><figcaption class=\"wp-element-caption\"><strong><em>Bei der OWV &#8211; Jahreshauptversammlung gab es Ehrungen hinsichtlich 25-, 40-, 50- und 60- j\u00e4hriger Mitgliedschaft im OWV Waldthurn.<\/em><\/strong><\/figcaption><\/figure>\n\n\n\n<p class=\"has-text-align-center has-large-font-size\"><strong><em>2015 November<\/em><\/strong><\/p>\n\n\n\n<figure class=\"wp-block-image size-large is-resized\"><img loading=\"lazy\" decoding=\"async\" width=\"598\" height=\"372\" src=\"https:\/\/owv-sc-waldthurn.de\/wp-content\/uploads\/2024\/09\/2015-OWV-fahrenberg-1.jpg\" alt=\"\" class=\"wp-image-1081\" style=\"width:620px;height:auto\" srcset=\"https:\/\/owv-sc-waldthurn.de\/wp-content\/uploads\/2024\/09\/2015-OWV-fahrenberg-1.jpg 598w, https:\/\/owv-sc-waldthurn.de\/wp-content\/uploads\/2024\/09\/2015-OWV-fahrenberg-1-300x187.jpg 300w\" sizes=\"auto, (max-width: 598px) 100vw, 598px\" \/><figcaption class=\"wp-element-caption\"> Die neue Vorstandschaft des OWV Waldthurn.<\/figcaption><\/figure>\n\n\n\n<div class=\"wp-block-group alignwide is-layout-flow wp-block-group-is-layout-flow\">\n<p class=\"has-small-font-size\"> Oberpf\u00e4lzer Waldverein mit Neuwahlen &#8211; 37 Neuaufnahmen &#8211; nun 406 Mitglieder<br> (fvo) Die Erfolgsgeschichte des Oberpf\u00e4lzer Waldverein Waldthurn geht weiter. \u201eNachdem sich 37 neue Mitglieder dem Verein angeschlossen haben, haben wir mit 406 Mitgliedern die 400er Marke gebrochen\u201c, erkl\u00e4rte Vorsitzender Roman Bauer. Bei der Jahreshauptversammlung im Gasthaus Bergler best\u00e4tigten die Mitglieder das \u201eDreigestirn\u201c Roman Bauer, Werner Pankotsch und Hans-Peter Reil als gleichberechtigte Vorsitzende in der F\u00fchrungsspitze. Bankfachfrau Antje Seer wird sich weiter um die finanziellen Angelegenheiten des Vereins k\u00fcmmern und die schriftlichen Arbeiten liegen in den bew\u00e4hrten H\u00e4nden von Sieghard Reber. Als Beisitzer wurden gew\u00e4hlt: Alois B\u00e4umler, Josef Beimler, Helmut Glaser, Andrea G\u00f6tz, Erwin Klotz, Erik Resene, Konrad Seibert, Josef Kick, Dr. Michael Troidl, Horst Pleyer (neu) und Helmut Gollwitzer. Letzterer \u00fcbernahm von Josef Kick das Amt des Seniorenwanderwarts \u2013 Kassenpr\u00fcfer sind Michael Steiner und Hans-J\u00fcrgen Bergler.<br>Einleitend gedachte man der Verstorbenen Mitglieder G\u00fcnter Kryschan, Albin Meier, Josef Pflaum, Max Bergler, Johann B\u00e4umler, Alfred P\u00fchler Ausschussmitglied und einen der gr\u00f6\u00dften G\u00f6nner des OWV, Konrad Bergler.<br>Vorsitzender Bauer blickte auf das vergangene Vereinsjahr zur\u00fcck. Im Berichtszeitraum fanden insgesamt neun Vereinsabende mit \u00fcberaus interessanten Vortr\u00e4gen unter der musterg\u00fcltigen Regie von Erwin Klotz und Josef Kick statt.<br>Ein \u201eChristbaum f\u00fcr Alle\u201c stellte man im vergangenen Jahr auf. Die Krippenausstellung der OWV &#8211; Schnitzer im Pfarrheim am 3. Advent war ein riesiger Erfolg. \u201eDie r\u00fchrigen OWV \u2013 K\u00fcnstler verwandelten den gro\u00dfen Saal des Pfarrheims in eine regelrecht Schnitzerwerkstatt und zeigten ihre Kunstwerke\u201c. Aktuell gehen die Schnitzer seit einigen Wochen wieder ihrem kreativen Hobby nach. \u201eOberschnitzmeister Erwin Klotz hat nun die F\u00fchrung der Sparte von Schnitzersprecher Hans-Peter Reil \u00fcbernommen\u201c, sagte Bauer.<br>H\u00fctten- und Waldweihnacht, Krippenfahrt, Maibaumaufstellen, Goldsteigwanderung, und Pizza \u2013 Backen beim B\u00fcrgerfest waren einige Ausschnitte aus den vielf\u00e4ltigen OWV &#8211; Aktivit\u00e4ten.<br>Kassenverwalterin Seer erl\u00e4uterte f\u00fcr den OWV und Herbert Mages f\u00fcr die angeschlossene Skiabteilung ein zufriedenstellendes Finanzpolster.<br>F\u00fcr den am OWV angeschlossenen Skiclub trug Werner Pankotsch die Jahresaktivit\u00e4ten vor. B\u00fcrgermeister Josef Beimler meinte, der OWV habe die Aufgabe, das Bewusstsein f\u00fcr die Heimat zu st\u00e4rken. \u201eIhr tut mehr als eure Pflicht\u201c.<br>Vorsitzender Roman Bauer wies abschlie\u00dfend auf verschiedene Veranstaltungen wie die geplanten Vereinsabende in den Wintermonaten, der H\u00fcttenweihnacht am 4. Dezember, der Waldweihnacht am 18. Dezember bei der Bruder-Klaus-Kapelle und die Krippenausstellung im ehemaligen Schwesternheim vom 25. Dezember bis 6. Januar, hin.<\/p>\n<\/div>\n\n\n\n<figure class=\"wp-block-gallery has-nested-images columns-default is-cropped wp-block-gallery-1 is-layout-flex wp-block-gallery-is-layout-flex\">\n<figure class=\"wp-block-image size-large is-style-default\"><img loading=\"lazy\" decoding=\"async\" width=\"691\" height=\"389\" data-id=\"4313\" src=\"https:\/\/owv-sc-waldthurn.de\/wp-content\/uploads\/2024\/10\/2015-Kick-Josef.jpg\" alt=\"\" class=\"wp-image-4313\" srcset=\"https:\/\/owv-sc-waldthurn.de\/wp-content\/uploads\/2024\/10\/2015-Kick-Josef.jpg 691w, https:\/\/owv-sc-waldthurn.de\/wp-content\/uploads\/2024\/10\/2015-Kick-Josef-300x169.jpg 300w\" sizes=\"auto, (max-width: 691px) 100vw, 691px\" \/><figcaption class=\"wp-element-caption\"> (fvo) Von links: Hans-Peter Reil, Helmut Gollwitzer, Josef Kick, Werner Pankotsch und Roman Bauer<\/figcaption><\/figure>\n<\/figure>\n\n\n\n<p class=\"has-large-font-size\"><strong><em>        2014 November<\/em><\/strong><\/p>\n\n\n\n<div class=\"wp-block-group alignwide is-layout-flow wp-block-group-is-layout-flow\">\n<p class=\"has-small-font-size\">Oberpf\u00e4lzer Waldverein attraktiv f\u00fcr Jung und Alt &#8211; 49 neue Mitglieder<br>Ehrungen &#8211; Schreinermeister spendet 2000 Euro<br>(fvo) \u201eWir wollen das Erbe von Franz Bergler, Werner Arnold und Ludwig Kleber weiterf\u00fchren\u201c, sagte der Vorsitzende des Oberpf\u00e4lzer Waldvereins (OWV), Roman Bauer. Bei der Jahreshauptversammlung im Gasthaus K\u00fchnhauser platzte die Wirtstube fast aus allen N\u00e4hten \u2013 knapp 70 Mitglieder waren der Einladung gefolgt. Besonders freute sich der Vorsitzende \u00fcber die Anwesenheit der Waldthurner &#8211; Buchautoren Franz Bergler und dem designierten Kulturpreistr\u00e4ger 2014 des Landkreises Neustadt\/WN, Georg Schmidbauer. Einleitend gedachten die OWV<code>ler der Verstorbenen Max Wittmann aus Frankenrieth und Johann B\u00e4umler aus Waldthurn. Bauer hatte eine ganze Menge \u00fcber das vergangene Vereinsjahr zu berichten. Vereinsabende, Christbaum- und Maibaumaufstellen, Waldweihnacht, Faschingstanz, Rama-Dama-Aktion, Fr\u00fchjahrs- und Herbstwanderungen und Ferienprogramm waren nur einige Punkte. Er bedankte sich bei einer Vielzahl von Mitarbeitern, wie beispielsweise dem Wanderwegteam um Erwin Klotz, die sich um die Erneuerung von Markierungen k\u00fcmmerten. Besonders beeindruckte der Waldthurner Schreinermeister Alois B\u00e4umler. F\u00fcr die Instandsetzung der aufgestellten Ruheb\u00e4nke im Marktgebiet spendete der Unternehmer Holzmaterial im Wert von 2000 Euro. \u201eHerzlichen Dank daf\u00fcr\u201c, sagte Bauer. Im vergangenen Jahr konnte f\u00fcr viele interessierte Kinder, Jugendliche, Auszubildende und Studenten eine kostenlose Mitgliedschaft im Verein anboten werden. Das Ziel: Altersgerechte Aktivit\u00e4ten im OWV. Die Aktion schlug voll ein \u2013 insgesamt 49 Neumitglieder, angefangen vom Kind bis zum Erwachsenen traten bei \u2013 derzeit seien 369 im Verein. Die vorgestellte Jahresbilanz des OWV beeindruckte auch B\u00fcrgermeister Josef Beimler. Josef Kick erl\u00e4uterte die Aktivit\u00e4ten der Senioren \u2013 Wandergruppe, die seit elf Jahren allj\u00e4hrlich ein attraktives Programm pr\u00e4sentiert. \u201eWir lernen bei jeder Wanderung unsere Heimat besser kennen. Es gibt wenige Bauwerke die wir nicht gesehen und die nicht durch unseren Kulturreferenten Georg Schmidbauer erkl\u00e4rt wurden\u201c, meinte der Redner. Im vergangenen Jahr seien 18 Wanderungen im Schnitt mit 21 OWV<\/code>lern durchgef\u00fchrt worden. Dabei legten die etwas \u00e4lteren \u201eWandersburschen\u201c insgesamt knapp 180 Kilometer Strecke zur\u00fcck und scharten sich um so manchen Wirtshaustisch.<br>Die Finanzexpertin Antje Seer berichtete \u00fcber den Inhalt der Vereinskasse. \u201eWir h\u00e4tten keine Bessere finden k\u00f6nnen\u201c, schw\u00e4rmte Vorsitzender Bauer. Kassenpr\u00fcfer Michael Steiner und Hans-J\u00fcrgen Bergler best\u00e4tigten diese Aussage.<br>Werner Pankotsch zeigte die Aktivit\u00e4ten des angeschlossenen Skiclubs auf.<br>Hans-Peter Reil, wies als Sprecher der OWV \u2013 Schnitzer darauf hin, dass am 14. Dezember den Schnitzern auf die Finger geschaut werden k\u00f6nne. Bereits seit gut zwei Wochen seien die \u201eHerren des flinken Messers\u201c wieder in die \u201eSchnitzsaison\u201c eingestiegen. Auch der Aufbau der Krippe im Rathaus sei wieder in der Hand der OWV &#8211; Schnitzer.<br>Ehrungen:<br>25 Jahre Mitglied: Brigitte Bergmann, Anna Dobmeier, Martin Ertl (Lennesrieth) G\u00fcnter Kryschan, Martin M\u00e4ckl, Martin Pl\u00f6dt, Michael Pflaum, Konrad Bergler und Manfred Kuhn.<br>40 Jahre Mitglied: Johann Frischholz, Gerhard Hamann, Josef M\u00fcller (Oberbernrieth), Franz Pflaum, Josef Pflaum, Josef Riedl (Lennesrieth), Josef Riedl (Oberfahrenberg), Josef Schwab, Michael V\u00f6lkl, Konrad Weig, Georg Weig und Georg Schmidbauer.<br>50 Jahre: Josef B\u00e4umler, Heinz Bergmann und Theo Kres<\/p>\n<\/div>\n\n\n\n<figure class=\"wp-block-image size-full is-resized\"><img loading=\"lazy\" decoding=\"async\" width=\"501\" height=\"319\" src=\"https:\/\/owv-sc-waldthurn.de\/wp-content\/uploads\/2024\/10\/2014-OWV-Ehrung.jpg\" alt=\"\" class=\"wp-image-4217\" style=\"width:620px;height:auto\" srcset=\"https:\/\/owv-sc-waldthurn.de\/wp-content\/uploads\/2024\/10\/2014-OWV-Ehrung.jpg 501w, https:\/\/owv-sc-waldthurn.de\/wp-content\/uploads\/2024\/10\/2014-OWV-Ehrung-300x191.jpg 300w\" sizes=\"auto, (max-width: 501px) 100vw, 501px\" \/><figcaption class=\"wp-element-caption\"><strong><em>OWV ehrt langj\u00e4hrige Mitglieder 2014<\/em><\/strong><\/figcaption><\/figure>\n\n\n\n<p class=\"has-text-align-center has-large-font-size\"><strong><em>2013 November<\/em><\/strong><\/p>\n\n\n\n<figure class=\"wp-block-image size-large is-resized\"><img loading=\"lazy\" decoding=\"async\" width=\"400\" height=\"270\" src=\"https:\/\/owv-sc-waldthurn.de\/wp-content\/uploads\/2024\/09\/2013-Vorstand-1.jpg\" alt=\"\" class=\"wp-image-599\" style=\"width:489px;height:auto\" srcset=\"https:\/\/owv-sc-waldthurn.de\/wp-content\/uploads\/2024\/09\/2013-Vorstand-1.jpg 400w, https:\/\/owv-sc-waldthurn.de\/wp-content\/uploads\/2024\/09\/2013-Vorstand-1-300x203.jpg 300w\" sizes=\"auto, (max-width: 400px) 100vw, 400px\" \/><\/figure>\n\n\n\n<div class=\"wp-block-group alignwide is-layout-flow wp-block-group-is-layout-flow\">\n<p class=\"has-small-font-size\">Oberpf\u00e4lzer Waldverein <strong><em>mit Neuwahlen<\/em><\/strong><br>Konzept hat sich bew\u00e4hrt \u2013 Kostenlose Mitgliedschaft f\u00fcr Kinder und Jugendliche<br>(fvo) Der Oberpf\u00e4lzer Waldverein setzt weiterhin auf drei Eckpfeiler. Das Konzept mit drei gleichberechtigten Vorsitzenden hat sich die vergangenen Jahre bew\u00e4hrt und wird fortgesetzt. Bei der Jahreshauptversammlung im vollbesetzten Gasthaus Bergler best\u00e4tigten die Mitglieder Roman Bauer, Werner Pankotsch und Hans-Peter Reil in der F\u00fchrungsspitze. Bankfachfrau Antje Seer wird sich weiter um die finanziellen Angelegenheiten des Vereins k\u00fcmmern und die schriftlichen Arbeiten liegen in den bew\u00e4hrten H\u00e4nden von Sieghard Reber. Als Beisitzer wurden gew\u00e4hlt: Alois B\u00e4umler (Neu), Josef Beimler, Konrad Bergler, Helmut Glaser, Andrea G\u00f6tz, Helmut Gollwitzer (Neu), Erwin Klotz, Erik Resene, Konrad Seibert und Dr. Michael Troidl (Neu). Franz Bergler, Dieter Malzer und Ludwig Kleber schieden aus dem Gremium aus. Josef Kick wurde als Seniorenwanderwart berufen.Vorsitzender Bauer blickte auf das vergangene Vereinsjahr zur\u00fcck. Einleitend gedachte man der Verstorbenen Mitglieder Sieglinde Riedl, Franz Lindner, G\u00fcnter Bergmann und Pfarrer Joseph Greil.<br>Im Berichtszeitraum fanden insgesamt neun Vereinsabende mit \u00fcberaus interessanten Vortr\u00e4gen unter der musterg\u00fcltigen Regie von Erwin Klotz und Josef Kick statt. Ein Highlight war auch das von Hans-Peter Reil initiierte vorweihnachtliche Konzert im Pfarrheim.<br>Waldweihnacht, Krippenausstellung, Maibaumaufstellen, Fr\u00fchjahrswanderung, Kraut einstampfen, Schnitzen, Mithilfe beim Dekanatsministrantentag in Waldthurn und Pizza \u2013 Backen beim B\u00fcrgerfest waren einige Ausschnitte aus den vielf\u00e4ltigen OWV &#8211; Aktivit\u00e4ten.<br>Dem OWV geh\u00f6ren derzeit 339 Mitglieder an. Steffi Daubenmerkl, Klaus Gollwitzer, Thomas Waldhier, Dr. Michael Troidl, Andreas Troidl, Erich Kellner, Roland Golla sowie Julia und Annika Pankotsch schlossen sich dem Verein neu an.<br>Kostenlose Mitgliedschaft f\u00fcr Kinder und Jugendliche In diesem Zusammenhang erw\u00e4hnte Bauer, dass man interessierten Kindern, Jugendlichen, Auszubildenden und Studenten eine kostenlose Mitgliedschaft im Verein anbieten wird. Dies beinhalte auch die Aktivit\u00e4ten des angeschlossenen Skiclubs. Neben den normalen OWV \/ Skiclub \u2013 Programm sollen f\u00fcr diese Gruppe Au\u00dfergew\u00f6hnliches wie beispielsweise Geocaching angeboten werden.<br>Kassenverwalterin Seer erl\u00e4uterte f\u00fcr den OWV und Herbert Mages f\u00fcr die angeschlossene Skiabteilung ein zufriedenstellendes Finanzpolster. Michael Steiner, der mit Hans-J\u00fcrgen Bergler die Kasse gepr\u00fcft hatte, bescheinigte perfekte Buchf\u00fchrung. F\u00fcr den Skiclub trug Werner Pankotsch und f\u00fcr die Seniorenwandergruppe Josef Kick den Bericht vor. Dieser erkl\u00e4rte, dass sie seit mehr als zehn Jahren bestehen. \u201eIn diesem Jahr haben wir bisher 17 Wanderungen mit jeweils um die 20 Wanderern durchgef\u00fchrt\u201c.<br>Diese Wandergruppe habe sich etabliert und sei f\u00fcr den OWV eine echte Bereicherung, schw\u00e4rmte Vorsitzender Bauer.<br>Ludwig Kleber nun Ehrenmitglied \u2013 ein Mann der Tat<br>Anschlie\u00dfend ernannten die Vorsitzenden den aus der Vorstandschaft ausscheidenden Ludwig Kleber zum Ehrenmitglied. \u201eKleber war mehr als 30 Jahre im OWV und im Skiclub ein Aktivposten. Er war in dieser Zeit Woche f\u00fcr Woche zur Stelle \u2013 auf ihn konnte man sich stets verlassen, war ein Mann der Tat\u201c, erkl\u00e4rte Bauer in seiner Laudatio.<br>B\u00fcrgermeister Josef Beimler meinte, der OWV bediene viele wichtige und wertvolle Elemente einer Marktgemeinde. \u201eBei generationen\u00fcbergreifender Arbeit wird Gesellschaft, Kultur, Brauchtumspflege und Wintersport abgedeckt\u201c.<br>Vorsitzender Roman Bauer wies abschlie\u00dfend auf verschiedene Veranstaltungen wie die geplanten Vereinsabende in den Wintermonaten und die Krippenwanderung am 28. Dezember hin.<\/p>\n<\/div>\n\n\n\n<div class=\"wp-block-group is-layout-flow wp-block-group-is-layout-flow\">\n<div class=\"wp-block-group alignwide has-global-padding is-layout-constrained wp-block-group-is-layout-constrained\">\n<figure class=\"wp-block-image alignwide size-large is-style-default\"><img loading=\"lazy\" decoding=\"async\" width=\"400\" height=\"300\" src=\"https:\/\/owv-sc-waldthurn.de\/wp-content\/uploads\/2024\/09\/2013-Ehrung-OWV.jpg\" alt=\"\" class=\"wp-image-181\" srcset=\"https:\/\/owv-sc-waldthurn.de\/wp-content\/uploads\/2024\/09\/2013-Ehrung-OWV.jpg 400w, https:\/\/owv-sc-waldthurn.de\/wp-content\/uploads\/2024\/09\/2013-Ehrung-OWV-300x225.jpg 300w\" sizes=\"auto, (max-width: 400px) 100vw, 400px\" \/><figcaption class=\"wp-element-caption\"><strong><em>F\u00fcr seine Verdienste beim OWV Waldthurn und den angeschlossenen Skiclub ernannten die drei Vorst\u00e4nde Werner Pankotsch (links), Hans-Peter Reil (zweiter von links) und Roman Bauer (rechts) Ludwig Kleber zum Ehrenmitglied.<\/em><\/strong><\/figcaption><\/figure>\n<\/div>\n<\/div>\n\n\n\n<p class=\"has-text-align-center has-large-font-size\"><strong><em>2011<\/em><\/strong><\/p>\n\n\n\n<div class=\"wp-block-group alignwide is-layout-flow wp-block-group-is-layout-flow\">\n<p class=\"has-small-font-size\"><br>Drei gleichberechtigte Chefs<br>Roman Bauer, Werner Pankotsch und Hans-Peter Reil f\u00fchren ab sofort Oberpf\u00e4lzer Waldverein<br>Waldthurn. (jb) R\u00fcckblick, Neuwahlen, Beitragserh\u00f6hung und Ehrungen waren die wichtigsten Punkte der OWV-Generalversammlung im Gasthaus Konrad Bergler. Vor gut einem Jahr hatte Vorsitzender Stephan Griesbach wegen eines Trauerfalls sein Amt niedergelegt. Nachdem sich kein Nachfolger fand, einigte sich der Verein nach einer Satzungs\u00e4nderung auf die drei gleichberechtigten Chefs Roman Bauer, Werner Pankotsch und Hans-Peter Reil.<br>Sie wurden in der Versammlung bei der Wahl best\u00e4tigt. Die Finanzen verwaltet Doris Ertl, die schriftlichen Arbeiten erledigt Sieghard Reber. Im Ausschuss gab es viele Ver\u00e4nderungen. Dem Gremium geh\u00f6ren k\u00fcnftig Josef Beimler, Franz Bergler, Konrad Bergler, Helmut Glaser, Andrea G\u00f6tz, Ludwig Kleber, Erwin Klotz, Dieter Malzer, Erik Resene und Konrad Seibert an.<br>340 Mitglieder<br>Bauer informierte, dass dem Verein 340 Mitglieder angeh\u00f6ren. Als erfreulich bezeichnete er, dass Sandra und J\u00fcrgen Baier, Christine Bock, Norbert Kellner, Georg Kleber, Rudolf Kr\u00e4mer, Gerhard Lang, Albert V\u00f6lkl, Christine und Christian V\u00f6lkl sowie Kerstin und Christian Wallmeyer beigetreten sind.<br>Gut angekommen sei die H\u00fctten- und Waldweihnacht. Der besondere Dank gelte hier der Trachtenkapelle M\u00fcllner und dem Gesang- und Orchesterverein mit Leiter Josef M\u00fcllner. Gut besucht sei auch die Weihnachtsausstellung gewesen. Bauer dankte Franz Bergler sowie Max Gallitzend\u00f6rfer f\u00fcr die Beleuchtung und Ludwig Kleber f\u00fcr das Schm\u00fccken des Baums. F\u00fcr den Maibaum hatten wieder die Damen der Skiabteilung Kr\u00e4nze geflochten.<\/p>\n<\/div>\n\n\n\n<div class=\"wp-block-group alignwide is-layout-flow wp-block-group-is-layout-flow\"><\/div>\n\n\n\n<figure class=\"wp-block-image size-full\"><img loading=\"lazy\" decoding=\"async\" width=\"526\" height=\"376\" src=\"https:\/\/owv-sc-waldthurn.de\/wp-content\/uploads\/2024\/09\/2011-Vorstand-1.jpg\" alt=\"\" class=\"wp-image-597\" srcset=\"https:\/\/owv-sc-waldthurn.de\/wp-content\/uploads\/2024\/09\/2011-Vorstand-1.jpg 526w, https:\/\/owv-sc-waldthurn.de\/wp-content\/uploads\/2024\/09\/2011-Vorstand-1-300x214.jpg 300w\" sizes=\"auto, (max-width: 526px) 100vw, 526px\" \/><\/figure>\n\n\n\n<div class=\"wp-block-group alignwide is-layout-flow wp-block-group-is-layout-flow\">\n<p><strong><em>2010 November<\/em><\/strong><br>Zur Jahreshauptversammlung am 18.11.2010 im voll besetzten Gasthaus Bergler hatte der OWV Waldthurn geladen.<br>Durch den R\u00fccktritt der Vorsitzenden Stephan Griesbach und Werner Arnold standen Nachwahlen auf der Tagesordnung.<br>Von einem umfangreichen Jahresprogramm berichtete der kommisarische Vorsitzende Roman Bauer.<br>Gut besucht waren die Vereinsabende im Winterhalbjahr. Sieghard Reber, Ehrenvorsitzender Franz Bergler, Georg Schmidbauer, Josef Kick, Franz Kramlinger, Franz Striegl und Holger Osgyan referierten in Wort und Bild \u00fcber interessante Themen. Zur Adventszeit wurde der Christbaum am Marktplatz aufgestellt. Die H\u00fcttenweihnacht, Waldweihnacht, Krippenausstellung im Rathaus und das \u201eKripperlschaun\u201c bildeten die H\u00f6hpunkte in der Advents- und Weihnachtszeit.<br>Im Fr\u00fchjahr wurden die Fluren rund um den Fahrenberg, im Rahmen der Rama-Dama-Aktion, ges\u00e4ubert und am Vorabend des 1. Mai der Maibaum aufgestellt. Weitere H\u00f6hepunkte waren der Faschingsball, die Fr\u00fchjahrswanderung, wobei hier die ersten Etappen des Baierweges in Angriff genommen wurden, ein Lebend-Kicker-Turnier, das Ferienprogramm und die Ausrichtung des Landkreis-Staffellaufes.<br>Kasssier Roman Bauer erl\u00e4uterte den Kassenbestand. Weitere Berichte legten f\u00fcr den Skiclub Werner Pankotsch und f\u00fcr die Seniorenwandergruppe G\u00fcnther Bergmann vor.<br>Eingehend dankte der Sprecher den zur\u00fcckgetretenen Vorsitzenden Stephan Griesbach und Werner Arnold.<br>Die Nachwahlen ergaben ein F\u00fchrungstrio, welches aus 3 gleichberechtigten Vorsitzenden, n\u00e4mlich Werner Pankotsch, Hans-Peter Reil und Roman Bauer, besteht. Die Kassengesch\u00e4fte werden k\u00fcnftig von Doris Ertl erledigt. Als Beisitzer wurde B\u00fcrgermeister Josef Beimler berufen. Neue Kassenpr\u00fcfer sind Michael Steiner und Hans-J\u00fcrgen Bergler.<br>Der OWV Hauptvorsitzende Armin Messner freute sich, dass der Zweigverein wieder komplett ist.<br>B\u00fcrgermeister Josef Beimler dankte f\u00fcr die ehrenamtlich geleistete Arbeit und w\u00fcnschte weiterhin einen harmonischen Zusammenhalt.<\/p>\n<\/div>\n\n\n\n<figure class=\"wp-block-image size-large is-resized\"><img loading=\"lazy\" decoding=\"async\" width=\"698\" height=\"698\" src=\"https:\/\/owv-sc-waldthurn.de\/wp-content\/uploads\/2024\/09\/2010-OWV-neue-Vorstandschaft-1-1.jpg\" alt=\"\" class=\"wp-image-601\" style=\"width:404px;height:auto\" srcset=\"https:\/\/owv-sc-waldthurn.de\/wp-content\/uploads\/2024\/09\/2010-OWV-neue-Vorstandschaft-1-1.jpg 698w, https:\/\/owv-sc-waldthurn.de\/wp-content\/uploads\/2024\/09\/2010-OWV-neue-Vorstandschaft-1-1-300x300.jpg 300w, https:\/\/owv-sc-waldthurn.de\/wp-content\/uploads\/2024\/09\/2010-OWV-neue-Vorstandschaft-1-1-150x150.jpg 150w\" sizes=\"auto, (max-width: 698px) 100vw, 698px\" \/><\/figure>\n\n\n\n<p class=\"has-text-align-center has-large-font-size\"><strong><em>Werner Arnold f\u00fcr besondere Verdienste ausgezeichnet<\/em><\/strong>.18.11.2010<\/p>\n\n\n\n<div class=\"wp-block-group alignwide is-layout-flow wp-block-group-is-layout-flow\">\n<p class=\"has-small-font-size\"><br>Im Rahmen der Jahreshauptversammlung des OWV am 18.11.2010 wurde Werner Arnold zum Ehrenvorsitzenden ernannt.<br>Mehr als 40 Jahre f\u00fchrte er den Ski-Club und als stellvertretender Vorsitzender den OWV.<br>Auf seine Initiativen ging der Bau der Skih\u00fctte, der Ankauf von Spurger\u00e4t und Pistenraupe zur\u00fcck. Bei den verschiedensteten Aktivit\u00e4ten, wie z.B. Rama-Dama-Aktion, Maibaum aufstellen, Christbaum am Marktplatz, Vereinsstaffellauf, Waldweihnacht und vieles mehr, war der \u201eHam\u00fcllner\u201c an vorderster Front vertreten.<br>F\u00fcr seine \u00fcberragenden Verdienste \u00fcberreichten die drei Vorsitzenden Roman Bauer, Werner Pankotsch und Hans-Peter Reil, zusammen mit B\u00fcrgermeister Josef Beimler und dem Hauptvorsitzenden des OWV Armin Messner, die Ernennungsurkunde.<\/p>\n<\/div>\n\n\n\n<figure class=\"wp-block-image aligncenter size-full is-resized\"><img loading=\"lazy\" decoding=\"async\" width=\"343\" height=\"309\" src=\"https:\/\/owv-sc-waldthurn.de\/wp-content\/uploads\/2024\/10\/2010-owv-Ehrenvorstand-Arnold-Werner.jpg\" alt=\"\" class=\"wp-image-1193\" style=\"width:593px;height:auto\" srcset=\"https:\/\/owv-sc-waldthurn.de\/wp-content\/uploads\/2024\/10\/2010-owv-Ehrenvorstand-Arnold-Werner.jpg 343w, https:\/\/owv-sc-waldthurn.de\/wp-content\/uploads\/2024\/10\/2010-owv-Ehrenvorstand-Arnold-Werner-300x270.jpg 300w\" sizes=\"auto, (max-width: 343px) 100vw, 343px\" \/><\/figure>\n\n\n\n<div class=\"wp-block-group alignwide is-layout-flow wp-block-group-is-layout-flow\">\n<p class=\"has-text-align-center\">Auch an dieser Stelle herzlichen Gl\u00fcckwunsch an unseren Vereinsfreund Werner Arnold.<\/p>\n\n\n\n<p class=\"has-text-align-center\"><strong><em>2009 November<\/em><\/strong><\/p>\n\n\n\n<div class=\"wp-block-group is-nowrap is-layout-flex wp-container-core-group-is-layout-6c531013 wp-block-group-is-layout-flex\">\n<figure class=\"wp-block-image size-large is-resized\"><img loading=\"lazy\" decoding=\"async\" width=\"771\" height=\"536\" src=\"https:\/\/owv-sc-waldthurn.de\/wp-content\/uploads\/2024\/10\/2009-Vorstand-OWV-Jahresh-vers-14-11-09.jpg\" alt=\"\" class=\"wp-image-4323\" style=\"width:537px;height:auto\" srcset=\"https:\/\/owv-sc-waldthurn.de\/wp-content\/uploads\/2024\/10\/2009-Vorstand-OWV-Jahresh-vers-14-11-09.jpg 771w, https:\/\/owv-sc-waldthurn.de\/wp-content\/uploads\/2024\/10\/2009-Vorstand-OWV-Jahresh-vers-14-11-09-300x209.jpg 300w, https:\/\/owv-sc-waldthurn.de\/wp-content\/uploads\/2024\/10\/2009-Vorstand-OWV-Jahresh-vers-14-11-09-768x534.jpg 768w\" sizes=\"auto, (max-width: 771px) 100vw, 771px\" \/><\/figure>\n\n\n\n<figure class=\"wp-block-image size-large is-resized is-style-default\"><img loading=\"lazy\" decoding=\"async\" width=\"521\" height=\"285\" src=\"https:\/\/owv-sc-waldthurn.de\/wp-content\/uploads\/2024\/09\/2009-OWV-Vorstand-1.jpg\" alt=\"\" class=\"wp-image-596\" style=\"width:400px;height:auto\" srcset=\"https:\/\/owv-sc-waldthurn.de\/wp-content\/uploads\/2024\/09\/2009-OWV-Vorstand-1.jpg 521w, https:\/\/owv-sc-waldthurn.de\/wp-content\/uploads\/2024\/09\/2009-OWV-Vorstand-1-300x164.jpg 300w\" sizes=\"auto, (max-width: 521px) 100vw, 521px\" \/><\/figure>\n<\/div>\n<\/div>\n\n\n\n<p><\/p>\n\n\n\n<p><\/p>\n\n\n\n<div class=\"wp-block-group alignwide is-layout-flow wp-block-group-is-layout-flow\">\n<p class=\"has-small-font-size\"><strong><em>2008 <\/em><\/strong>Oberpf\u00e4lzer Waldverein in Waldthurn beschlie\u00dft arbeitsreiches Jahr &#8211; Dank an viele Helfer<br>Waldthurn. (jb) Auf ein arbeitsreiches Jahr konnte der OWV-Zweigverein Waldthurn bei der Generalversammlung im Gasthaus Konrad Bergler zur\u00fcckblicken. Dem Verein geh\u00f6ren derzeit 340 Mitglieder an.<br>In den Wintermonaten fanden insgesamt acht Vereinsabende statt, die mit Vortr\u00e4gen untermauert und durchschnittlich mit weit \u00fcber 40 Personen besucht waren&#8220;, erl\u00e4uterte Vorsitzender Stephan Griesbach. H\u00f6hepunkt war der beeindruckende Bericht &#8222;Mit dem Fahrrad auf dem Jakobsweg von Pamplona nach Santiago de Compostela&#8220; mit Josef Kick und unz\u00e4hligen Jakobspilgern. Den Abschluss der gut besuchten Vereinsabende gestaltete Georg Schmidbauer zusammen mit den &#8222;Lennesriether Backfrauen&#8220; im &#8222;Pass-St\u00fcberl&#8220; in Oberbernrieth.<br>Rechtzeitig wurde zur Adventszeit beim Kriegerdenkmal ein &#8222;Christbaum f\u00fcr alle&#8220; aufgestellt. Das gr\u00fcne Schmuckst\u00fcck, eine \u00fcber acht Meter hohe Tanne, hatte Heinz Bergman zur Verf\u00fcgung gestellt. Der Dank gelte dem Spender, der Firma Riedl, die den Baum kostenlos mit dem Kran wie in den Vorjahren aufstellte, sowie Franz Joseph Beimler f\u00fcr den Transport.<br>Gut angenommen wurde wieder die Weihnachtsausstellung im Rathaus. Der Vorsitzende dankte besonders Heimatpfleger Franz Bergler und Max Gallitzend\u00f6rfer, der f\u00fcr die Beleuchtung zust\u00e4ndig ist. &#8222;Eine sch\u00f6ne Einstimmung auf die weihnachtlichen Tage war die traditionelle Waldweihnacht bei der ersten Rosenkranzkapelle, wenn auch der Schnee fehlte&#8220;, berichtete der Vorsitzende.Der Faschingstanz, der gemeinsam mit dem FSV veranstaltet wurde, war ein voller Erfolg. Im Zusammenhang mit der Maibaum-Aktion dankte der Vorsitzende besonders den Damen der Skiabteilung, Ludwig Kleber und Alfred P\u00fchler. Mit der \u00dcbernahme des Barbetriebes beim B\u00fcrgerfest, bei dem ein beachtlicher Betrag erwirtschaftet wurde, habe man sich in der Vereinsgemeinschaft etabliert.<br>Griesbach sprach noch das Ferienprogramm, die &#8222;Rama-Dama-Aktion und den von Werner Pankotsch bestens organisierten Ausflug an. Er dankte Elfriede Griesbach f\u00fcr das Herstellen der Trauerbukette und den Forstdienststellen f\u00fcr die gute Zusammenarbeit sowie Dieter Malzer f\u00fcr das Austragen der &#8222;Arnika&#8220;.<br>Dass die Finanzen stimmen, zeigte die Bericht von Herbert Mages f\u00fcr die Skiabteilung und Kassier Roman Bauer f\u00fcr den OWV. Die Gr\u00fc\u00dfe der Marktgemeinde \u00fcbermittelte B\u00fcrgermeister Josef Beimler: &#8222;Die Berichte zeigen, dass die Verantwortlichen wieder viel Arbeit zu bew\u00e4ltigen hatten.&#8220;<\/p>\n<\/div>\n\n\n\n<figure class=\"wp-block-gallery has-nested-images columns-default is-cropped wp-block-gallery-2 is-layout-flex wp-block-gallery-is-layout-flex\">\n<figure class=\"wp-block-image size-large\"><img loading=\"lazy\" decoding=\"async\" width=\"567\" height=\"623\" data-id=\"4324\" src=\"https:\/\/owv-sc-waldthurn.de\/wp-content\/uploads\/2024\/10\/2007-Vorstand-Generalvers_2007.jpg\" alt=\"\" class=\"wp-image-4324\" srcset=\"https:\/\/owv-sc-waldthurn.de\/wp-content\/uploads\/2024\/10\/2007-Vorstand-Generalvers_2007.jpg 567w, https:\/\/owv-sc-waldthurn.de\/wp-content\/uploads\/2024\/10\/2007-Vorstand-Generalvers_2007-273x300.jpg 273w\" sizes=\"auto, (max-width: 567px) 100vw, 567px\" \/><\/figure>\n<\/figure>\n\n\n\n<div class=\"wp-block-group has-global-padding is-layout-constrained wp-block-group-is-layout-constrained\">\n<figure class=\"wp-block-image size-large is-resized\"><img loading=\"lazy\" decoding=\"async\" width=\"1024\" height=\"768\" src=\"https:\/\/owv-sc-waldthurn.de\/wp-content\/uploads\/2024\/10\/Kopie-von2018-OWV-Sitzung-mit-Grillen-1024x768.jpg\" alt=\"\" class=\"wp-image-4117\" style=\"width:596px;height:auto\" srcset=\"https:\/\/owv-sc-waldthurn.de\/wp-content\/uploads\/2024\/10\/Kopie-von2018-OWV-Sitzung-mit-Grillen-1024x768.jpg 1024w, https:\/\/owv-sc-waldthurn.de\/wp-content\/uploads\/2024\/10\/Kopie-von2018-OWV-Sitzung-mit-Grillen-300x225.jpg 300w, https:\/\/owv-sc-waldthurn.de\/wp-content\/uploads\/2024\/10\/Kopie-von2018-OWV-Sitzung-mit-Grillen-768x576.jpg 768w, https:\/\/owv-sc-waldthurn.de\/wp-content\/uploads\/2024\/10\/Kopie-von2018-OWV-Sitzung-mit-Grillen.jpg 1200w\" sizes=\"auto, (max-width: 1024px) 100vw, 1024px\" \/><\/figure>\n<\/div>\n\n\n\n<figure class=\"wp-block-gallery alignwide has-nested-images columns-default is-cropped wp-block-gallery-3 is-layout-flex wp-block-gallery-is-layout-flex\">\n<figure class=\"wp-block-image size-large\"><img loading=\"lazy\" decoding=\"async\" width=\"1024\" height=\"713\" data-id=\"1856\" src=\"https:\/\/owv-sc-waldthurn.de\/wp-content\/uploads\/2024\/10\/20241004_191233-1024x713.jpg\" alt=\"\" class=\"wp-image-1856\" srcset=\"https:\/\/owv-sc-waldthurn.de\/wp-content\/uploads\/2024\/10\/20241004_191233-1024x713.jpg 1024w, https:\/\/owv-sc-waldthurn.de\/wp-content\/uploads\/2024\/10\/20241004_191233-300x209.jpg 300w, https:\/\/owv-sc-waldthurn.de\/wp-content\/uploads\/2024\/10\/20241004_191233-768x535.jpg 768w, https:\/\/owv-sc-waldthurn.de\/wp-content\/uploads\/2024\/10\/20241004_191233.jpg 1200w\" sizes=\"auto, (max-width: 1024px) 100vw, 1024px\" \/><\/figure>\n\n\n\n<figure class=\"wp-block-image size-large\"><img loading=\"lazy\" decoding=\"async\" width=\"1024\" height=\"648\" data-id=\"1855\" src=\"https:\/\/owv-sc-waldthurn.de\/wp-content\/uploads\/2024\/10\/20241004_191348-1024x648.jpg\" alt=\"\" class=\"wp-image-1855\" srcset=\"https:\/\/owv-sc-waldthurn.de\/wp-content\/uploads\/2024\/10\/20241004_191348-1024x648.jpg 1024w, https:\/\/owv-sc-waldthurn.de\/wp-content\/uploads\/2024\/10\/20241004_191348-300x190.jpg 300w, https:\/\/owv-sc-waldthurn.de\/wp-content\/uploads\/2024\/10\/20241004_191348-768x486.jpg 768w, https:\/\/owv-sc-waldthurn.de\/wp-content\/uploads\/2024\/10\/20241004_191348.jpg 1200w\" sizes=\"auto, (max-width: 1024px) 100vw, 1024px\" \/><\/figure>\n<\/figure>\n\n\n\n<div class=\"wp-block-group alignwide is-nowrap is-layout-flex wp-container-core-group-is-layout-6c531013 wp-block-group-is-layout-flex\"><\/div>\n","protected":false},"excerpt":{"rendered":"<p>Vorsitzende Bauer Roman Klos Dominik Glaser Heiko Kassiererin Seer Antje Schriftf\u00fchrer Karl Bernhard Kassier Skiclub Pleyer Horst Beisitzer Kassenpr\u00fcfer\/ in Bergler Hans J\u00fcrgen Gr\u00fcnauer Johanna Damensportleiterin Seibert Konrad Naturschutzbeauftragter Arnold Josef B\u00e4umler Sonja M\u00fcllner Max Beimler Josef Bergler Matthias Gallitzend\u00f6rfer Christian Arlt Sabine Klotz Erwin Schnitzgruppe Bauer Monika Glaser Helmut M\u00fcller Petra Reil Petra Gr\u00fcnauer [&hellip;]<\/p>\n","protected":false},"author":2,"featured_media":0,"parent":0,"menu_order":0,"comment_status":"closed","ping_status":"closed","template":"","meta":{"footnotes":""},"folder":[],"class_list":["post-42","page","type-page","status-publish","hentry"],"_links":{"self":[{"href":"https:\/\/owv-sc-waldthurn.de\/index.php?rest_route=\/wp\/v2\/pages\/42","targetHints":{"allow":["GET"]}}],"collection":[{"href":"https:\/\/owv-sc-waldthurn.de\/index.php?rest_route=\/wp\/v2\/pages"}],"about":[{"href":"https:\/\/owv-sc-waldthurn.de\/index.php?rest_route=\/wp\/v2\/types\/page"}],"author":[{"embeddable":true,"href":"https:\/\/owv-sc-waldthurn.de\/index.php?rest_route=\/wp\/v2\/users\/2"}],"replies":[{"embeddable":true,"href":"https:\/\/owv-sc-waldthurn.de\/index.php?rest_route=%2Fwp%2Fv2%2Fcomments&post=42"}],"version-history":[{"count":174,"href":"https:\/\/owv-sc-waldthurn.de\/index.php?rest_route=\/wp\/v2\/pages\/42\/revisions"}],"predecessor-version":[{"id":9592,"href":"https:\/\/owv-sc-waldthurn.de\/index.php?rest_route=\/wp\/v2\/pages\/42\/revisions\/9592"}],"wp:attachment":[{"href":"https:\/\/owv-sc-waldthurn.de\/index.php?rest_route=%2Fwp%2Fv2%2Fmedia&parent=42"}],"wp:term":[{"taxonomy":"folder","embeddable":true,"href":"https:\/\/owv-sc-waldthurn.de\/index.php?rest_route=%2Fwp%2Fv2%2Ffolder&post=42"}],"curies":[{"name":"wp","href":"https:\/\/api.w.org\/{rel}","templated":true}]}}