{"id":5273,"date":"2024-10-22T07:13:18","date_gmt":"2024-10-22T07:13:18","guid":{"rendered":"https:\/\/owv-sc-waldthurn.de\/?page_id=5273"},"modified":"2026-01-06T19:37:05","modified_gmt":"2026-01-06T19:37:05","slug":"sportgruppe-damen","status":"publish","type":"page","link":"https:\/\/owv-sc-waldthurn.de\/?page_id=5273","title":{"rendered":"R\u00fcckblick 2025 &#8211; 2024"},"content":{"rendered":"\n<p class=\"has-text-align-center has-x-large-font-size\"><\/p>\n\n\n\n<div class=\"wp-block-group alignwide is-layout-flow wp-block-group-is-layout-flow\">\n<p class=\"has-large-font-size\"><strong>Dezember <\/strong> &#8211; <strong>Gymnastik Abschluss mit weihnachtlicher Atmosph\u00e4re<\/strong><\/p>\n<\/div>\n\n\n\n<figure class=\"wp-block-image alignwide size-large\"><img loading=\"lazy\" decoding=\"async\" width=\"1024\" height=\"316\" src=\"https:\/\/owv-sc-waldthurn.de\/wp-content\/uploads\/2025\/12\/vlcsnap-2025-12-17-11h13m14s389-1024x316.jpg\" alt=\"\" class=\"wp-image-9644\" srcset=\"https:\/\/owv-sc-waldthurn.de\/wp-content\/uploads\/2025\/12\/vlcsnap-2025-12-17-11h13m14s389-1024x316.jpg 1024w, https:\/\/owv-sc-waldthurn.de\/wp-content\/uploads\/2025\/12\/vlcsnap-2025-12-17-11h13m14s389-300x93.jpg 300w, https:\/\/owv-sc-waldthurn.de\/wp-content\/uploads\/2025\/12\/vlcsnap-2025-12-17-11h13m14s389-768x237.jpg 768w, https:\/\/owv-sc-waldthurn.de\/wp-content\/uploads\/2025\/12\/vlcsnap-2025-12-17-11h13m14s389.jpg 1200w\" sizes=\"auto, (max-width: 1024px) 100vw, 1024px\" \/><\/figure>\n\n\n\n<div class=\"wp-block-group alignwide is-nowrap is-layout-flex wp-container-core-group-is-layout-6c531013 wp-block-group-is-layout-flex\">\n<div class=\"wp-block-group is-nowrap is-layout-flex wp-container-core-group-is-layout-6c531013 wp-block-group-is-layout-flex\">\n<figure class=\"wp-block-image aligncenter size-large is-style-default\"><img loading=\"lazy\" decoding=\"async\" width=\"1024\" height=\"340\" src=\"https:\/\/owv-sc-waldthurn.de\/wp-content\/uploads\/2025\/12\/Dez-Gym-2-1024x340.jpg\" alt=\"\" class=\"wp-image-9645\" srcset=\"https:\/\/owv-sc-waldthurn.de\/wp-content\/uploads\/2025\/12\/Dez-Gym-2-1024x340.jpg 1024w, https:\/\/owv-sc-waldthurn.de\/wp-content\/uploads\/2025\/12\/Dez-Gym-2-300x100.jpg 300w, https:\/\/owv-sc-waldthurn.de\/wp-content\/uploads\/2025\/12\/Dez-Gym-2-768x255.jpg 768w, https:\/\/owv-sc-waldthurn.de\/wp-content\/uploads\/2025\/12\/Dez-Gym-2.jpg 1200w\" sizes=\"auto, (max-width: 1024px) 100vw, 1024px\" \/><\/figure>\n<\/div>\n\n\n\n<figure class=\"wp-block-image size-medium\"><img loading=\"lazy\" decoding=\"async\" width=\"300\" height=\"225\" src=\"https:\/\/owv-sc-waldthurn.de\/wp-content\/uploads\/2025\/12\/Dez-Gym-3-1-300x225.jpg\" alt=\"\" class=\"wp-image-9647\" srcset=\"https:\/\/owv-sc-waldthurn.de\/wp-content\/uploads\/2025\/12\/Dez-Gym-3-1-300x225.jpg 300w, https:\/\/owv-sc-waldthurn.de\/wp-content\/uploads\/2025\/12\/Dez-Gym-3-1-1024x767.jpg 1024w, https:\/\/owv-sc-waldthurn.de\/wp-content\/uploads\/2025\/12\/Dez-Gym-3-1-768x575.jpg 768w, https:\/\/owv-sc-waldthurn.de\/wp-content\/uploads\/2025\/12\/Dez-Gym-3-1.jpg 1200w\" sizes=\"auto, (max-width: 300px) 100vw, 300px\" \/><\/figure>\n<\/div>\n\n\n\n<figure class=\"wp-block-image alignwide size-large\"><img decoding=\"async\" src=\"https:\/\/owv-sc-waldthurn.de\/wp-content\/uploads\/2025\/12\/20251125_204443-1024x370.jpg\" alt=\"\" class=\"wp-image-9628\"\/><\/figure>\n\n\n\n<p class=\"has-large-font-size\"><strong>Jahresr\u00fcckblick<\/strong><\/p>\n\n\n\n<div class=\"wp-block-group alignwide is-layout-flow wp-block-group-is-layout-flow\">\n<p class=\"has-text-align-center\"><strong><br>Fitnessgymnastik und SmoveyWalking &#8211; Gruppen k\u00f6nnen auf ein erlebnisreiches Jahr zur\u00fcckblicken.<\/strong><\/p>\n\n\n\n<p><br>Wie auch in den letzten Jahren begann die Fitnessgymnastik in der Schulturnhalle am ersten Dienstag im Oktober 2024 , regelm\u00e4\u00dfig dienstags bis Ende April.<br>Die Gymnastikstunden waren immer sehr gut besucht und erfreulicherweise kamen auch Neuinteressierte und Wiedereinsteiger dazu.<br>Im Advent wurde eine Stunde mit weihnachtlicher Pop Musik gestaltet und hinterher sa\u00dfen wir alle noch bei Gl\u00fchwein, Punsch und Pl\u00e4tzchen in gem\u00fctlicher Runde beisammen.<br>Auch in der Faschingszeit gab es eine au\u00dfergew\u00f6hnliche Trainingsstunde.<br>Maskierte Turnerinnen waren bei der Gymnastikstunde durch den Beat von bekannten Oldies- und Schlagerliedern nicht zu bremsen.<br>Erst schwitzen, dann Energieausgleich &#8211; so meine Worte !<br>In geselliger, fr\u00f6hlicher Runde mit Sekt ,Wein, Lik\u00f6ren und Knabbereien war es wieder ein sehr lustiger und unterhaltsamer Fasching &#8211; Gymnastik &#8211; Dienstag.<br>Abschlusswanderung der Gymnastikgruppe am 26 April:<br>9 Wanderinnen starteten in Flossenb\u00fcrg zu einer 10km Wanderstrecke. Zuerst erwanderten wir den Weg des Granitz &#8211; Ausgangspunkt zum Granitweg ist der Aufgang zur Burgruine und f\u00fchrt rund um den Schlossberg. Die Tour ging weiter am Weg Frauenreuther Ruh zum Gro\u00dfen Gaisweiher, wo eine Pause zum Krafttanken eingelegt wurde . Danach am Gaisbachkanal entlang nach Altenhammer, am Gaism\u00fchlweg zur\u00fcck zur Burg . Ein sehr sch\u00f6ner Rundweg, denn man hat sehr oft einen tollen Blick auf die Burg . Eine musikalische Brotzeit durften wir beim Gogerer in Flo\u00df genie\u00dfen, denn dort spielte Richard Wagner mit seinen Musik Kameraden.<br>Ab Mai war wieder die Smovey Walking Gruppe aktiv.<br>Von Mai bis Juli trafen sich die begeisterten Teilnehmerinnen und Teilnehmer regelm\u00e4\u00dfig dienstags um 18.30 Uhr, um gemeinsam mit den gr\u00fcnen Smovey-Ringen die Natur der Umgebung zu erkunden. Insgesamt standen zehn unterschiedliche Walkingstrecken auf dem Programm \u2013 jede rund f\u00fcnf Kilometer lang und auf meist gut begehbaren Wald- und Flurwegen angelegt.<br>Die Routen boten ein vielseitiges Gel\u00e4nde mit flachen Abschnitten ebenso wie kleinen Steigungen und Gef\u00e4llstrecken. Drei kurze Gymnastikeinheiten pro Tour rundeten das rund 1,5-st\u00fcndige Bewegungsprogramm ab. Die Wege f\u00fchrten durch idyllische Waldgebiete am Fahrenberg und die Gegend um Schwarzenbach oder das Luhetal. Auch herrliche Aussichtspunkte mit weitem Fernblick luden zum kurzen Verweilen ein.<br>Startpunkte der Rundg\u00e4nge waren unter anderem der Badeweiher, die Skih\u00fctte (mit Runden im ehemaligen Langlaufgebiet), der FSV \u2013 Sportplatz, Schwarzenbach, das Schutzhaus zur Fahrenbergrunde sowie die Luhm\u00fchle mit anschlie\u00dfender Strecke entlang des Luhebachs und \u00fcber den H\u00fchner.<br>Neben der Bewegung kam auch der \u201eSmalltalk\u201c nicht zu kurz und so mancher entdeckte durch die regelm\u00e4\u00dfigen Touren neue Ecken der heimischen W\u00e4lder, die bisher unbekannt geblieben waren. Au\u00dferdem kam man an so manche Ruheb\u00e4nke, Gedenksteine, Kapellen, Weg-oder Feldkreuze und verschiedene Bildst\u00f6ckl vorbei. Die letzte Tour der Saison f\u00fchrte durch das reizvolle Lerautal in Richtung Leuchtenberg \u2013 auch eine Strecke, die wegen den imposanten Felsformationen beeindruckte.<br>Die j\u00e4hrliche Radtour, die Ende Juli oder Anfang August geplant war fiel im wahrsten Sinne des Wortes ins &#8222;Wasser&#8220;. Wegen schlechtem Wetter und keinen weiteren passenden Termin gefunden , leider keine Radtour 2025 , aber n\u00e4chstes Jahr bestimmt wieder !<br>Oktober: Am Kirchweihmontag unternahmen 6 Damen eine 12 km lange Wanderung am Glasschleiffererweg:<br>Start in Pleystein zum wandern auf Wiesen, Fluren und durch herbstgef\u00e4rbte W\u00e4ldern mit herrlichem Blick auf Pleystein, entlang der pl\u00e4tschernden Zott bis sie in die Pfreimd m\u00fcndet. Vorbei an der Hammerm\u00fchle und Lohma gelangte man zur Gebhardsreuther Schleife. \u00dcber den Strehberg zum Panoramaplatz mit Ausblick auf die Wieskirche bei Grub und Moosbach. Die Wanderung endete in Burgtreswitz beim &#8222;Kurvenwirt&#8220; Gasthof Zum Wei\u00dfen Ross.<br>Seit Dienstag 7. Oktober findet wieder die Fitnessgymnastik statt .<br>Es freut mich sehr, dass das Interesse nach wie vor sehr gro\u00df ist . Spa\u00df und Fitness ist wichtig f\u00fcr ein gesundes Wohlbefinden !<br>denn was du deinem K\u00f6rper in jungen Jahren Gutes tust, das dankt er dir einmal im h\u00f6heren Alter.<\/p>\n\n\n\n<p>Johanna Gr\u00fcnauer<\/p>\n<\/div>\n\n\n\n<figure class=\"wp-block-image size-large\"><img loading=\"lazy\" decoding=\"async\" width=\"1024\" height=\"736\" src=\"https:\/\/owv-sc-waldthurn.de\/wp-content\/uploads\/2025\/11\/FitnessGym-mit-GeisterPlaetzchen-1024x736.jpg\" alt=\"\" class=\"wp-image-9500\" srcset=\"https:\/\/owv-sc-waldthurn.de\/wp-content\/uploads\/2025\/11\/FitnessGym-mit-GeisterPlaetzchen-1024x736.jpg 1024w, https:\/\/owv-sc-waldthurn.de\/wp-content\/uploads\/2025\/11\/FitnessGym-mit-GeisterPlaetzchen-300x216.jpg 300w, https:\/\/owv-sc-waldthurn.de\/wp-content\/uploads\/2025\/11\/FitnessGym-mit-GeisterPlaetzchen-768x552.jpg 768w, https:\/\/owv-sc-waldthurn.de\/wp-content\/uploads\/2025\/11\/FitnessGym-mit-GeisterPlaetzchen.jpg 1200w\" sizes=\"auto, (max-width: 1024px) 100vw, 1024px\" \/><\/figure>\n\n\n\n<p class=\"has-text-align-center has-large-font-size\"><strong>Herbstwanderung am Kirchweihmontag &#8211; Glasschleifererweg Pleystein &#8211; Burgtreswitz ,mit Einkehr<\/strong><\/p>\n\n\n\n<figure class=\"wp-block-image size-full\"><img loading=\"lazy\" decoding=\"async\" width=\"640\" height=\"640\" src=\"https:\/\/owv-sc-waldthurn.de\/wp-content\/uploads\/2025\/10\/20251021_164527.gif\" alt=\"\" class=\"wp-image-9440\"\/><\/figure>\n\n\n\n<p class=\"has-text-align-center has-large-font-size\"><strong>Fitnessgymnastik Start am Dienstag 7. Oktober<\/strong><\/p>\n\n\n\n<figure class=\"wp-block-image alignwide size-large\"><img loading=\"lazy\" decoding=\"async\" width=\"1024\" height=\"335\" src=\"https:\/\/owv-sc-waldthurn.de\/wp-content\/uploads\/2025\/10\/20251007_193101-1024x335.jpg\" alt=\"\" class=\"wp-image-9442\" srcset=\"https:\/\/owv-sc-waldthurn.de\/wp-content\/uploads\/2025\/10\/20251007_193101-1024x335.jpg 1024w, https:\/\/owv-sc-waldthurn.de\/wp-content\/uploads\/2025\/10\/20251007_193101-300x98.jpg 300w, https:\/\/owv-sc-waldthurn.de\/wp-content\/uploads\/2025\/10\/20251007_193101-768x251.jpg 768w, https:\/\/owv-sc-waldthurn.de\/wp-content\/uploads\/2025\/10\/20251007_193101.jpg 1200w\" sizes=\"auto, (max-width: 1024px) 100vw, 1024px\" \/><\/figure>\n\n\n\n<figure class=\"wp-block-image size-large\"><img loading=\"lazy\" decoding=\"async\" width=\"1024\" height=\"311\" src=\"https:\/\/owv-sc-waldthurn.de\/wp-content\/uploads\/2025\/10\/20251014_203842-1024x311.jpg\" alt=\"\" class=\"wp-image-9441\" srcset=\"https:\/\/owv-sc-waldthurn.de\/wp-content\/uploads\/2025\/10\/20251014_203842-1024x311.jpg 1024w, https:\/\/owv-sc-waldthurn.de\/wp-content\/uploads\/2025\/10\/20251014_203842-300x91.jpg 300w, https:\/\/owv-sc-waldthurn.de\/wp-content\/uploads\/2025\/10\/20251014_203842-768x233.jpg 768w, https:\/\/owv-sc-waldthurn.de\/wp-content\/uploads\/2025\/10\/20251014_203842.jpg 1200w\" sizes=\"auto, (max-width: 1024px) 100vw, 1024px\" \/><\/figure>\n\n\n\n<div class=\"wp-block-group alignwide is-layout-flow wp-block-group-is-layout-flow\">\n<p class=\"has-text-align-center\"><strong>JULI &#8211; Nach einer aktiven und abwechslungsreichen Saison verabschiedet sich die &#8222;OWV Smovey Walking&#8220;-Gruppe unter der Leitung von Johanna Gr\u00fcnauer in die Sommerpause.<\/strong><\/p>\n<\/div>\n\n\n\n<figure class=\"wp-block-image alignwide size-large\"><img loading=\"lazy\" decoding=\"async\" width=\"1024\" height=\"445\" src=\"https:\/\/owv-sc-waldthurn.de\/wp-content\/uploads\/2025\/08\/f-1024x445.jpg\" alt=\"\" class=\"wp-image-9338\" srcset=\"https:\/\/owv-sc-waldthurn.de\/wp-content\/uploads\/2025\/08\/f-1024x445.jpg 1024w, https:\/\/owv-sc-waldthurn.de\/wp-content\/uploads\/2025\/08\/f-300x130.jpg 300w, https:\/\/owv-sc-waldthurn.de\/wp-content\/uploads\/2025\/08\/f-768x333.jpg 768w, https:\/\/owv-sc-waldthurn.de\/wp-content\/uploads\/2025\/08\/f.jpg 1200w\" sizes=\"auto, (max-width: 1024px) 100vw, 1024px\" \/><\/figure>\n\n\n\n<div class=\"wp-block-group alignwide is-layout-flow wp-block-group-is-layout-flow\">\n<p><br>Von Mai bis Juli trafen sich die begeisterten Teilnehmerinnen und Teilnehmer regelm\u00e4\u00dfig dienstags um 18.30 Uhr, um gemeinsam mit den gr\u00fcnen Smovey-Ringen die Natur der Umgebung zu erkunden. Insgesamt standen zehn unterschiedliche Walkingstrecken auf dem Programm \u2013 jede rund f\u00fcnf Kilometer lang und auf meist gut begehbaren Wald- und Flurwegen angelegt.<br>Die Routen boten ein vielseitiges Gel\u00e4nde mit flachen Abschnitten ebenso wie kleinen Steigungen und Gef\u00e4llstrecken. Drei kurze Gymnastikeinheiten pro Tour rundeten das rund 1,5-st\u00fcndige Bewegungsprogramm ab. Die Wege f\u00fchrten durch idyllische Waldgebiete am Fahrenberg und die Gegend um Schwarzenbach oder das Luhetal. Auch herrliche Aussichtspunkte mit weitem Fernblick luden zum kurzen Verweilen ein.<br>Startpunkte der Rundg\u00e4nge waren unter anderem der Badeweiher, die Skih\u00fctte (mit Runden im ehemaligen Langlaufgebiet), der FSV \u2013 Sportplatz, Schwarzenbach, das Schutzhaus zur Fahrenbergrunde sowie die Luhm\u00fchle mit anschlie\u00dfender Strecke entlang des Luhebachs und \u00fcber den H\u00fchner.<br>Neben der Bewegung kam auch der \u201eSmalltalk\u201c nicht zu kurz und so mancher entdeckte durch die regelm\u00e4\u00dfigen Touren neue Ecken der heimischen W\u00e4lder, die bisher unbekannt geblieben waren. Ausserdem kam man an so manche Ruheb\u00e4nke, Gedenksteine, Kapellen, Weg-oder Feldkreuze und verschiedene Bildst\u00f6ckl vorbei. Die letzte Tour der Saison f\u00fchrte durch das reizvolle Lerautal in Richtung Leuchtenberg \u2013 auch eine Strecke, die wegen den imposanten Felsformationen beeindruckte.<br>Zum Saisonabschluss gab es verdienten Applaus f\u00fcr Johanna Gr\u00fcnauer und ein herzliches Dankesch\u00f6n von allen Walkingfreunden \u2013 f\u00fcr die engagierte Organisation, die abwechslungsreichen Strecken und die Motivation, gemeinsam aktiv zu sein.<br>Bericht: V\u00f6lkl Franz und Johanna Gr\u00fcnauer<\/p>\n<\/div>\n\n\n\n<div class=\"wp-block-group alignwide is-layout-flow wp-block-group-is-layout-flow\">\n<p class=\"has-text-align-center has-large-font-size\"><em><strong>6. Mai <\/strong><\/em><strong><em>  <\/em><\/strong><strong><em>Gelungener Start in die Smovey Walking Saison<\/em><\/strong><\/p>\n<\/div>\n\n\n\n<div class=\"wp-block-group alignwide is-layout-flow wp-block-group-is-layout-flow\">\n<p>Walking und Gymnastik mit Smovey Power Ringe<br>w\u00f6chentlich am Dienstag<br>Treffpunkt 18.30 Uhr am Badeweiherparkplatz Es werden jeweils Strecken von ca einer Stunde gegangen.<br>Zwischendurch zwei oder drei kleine Gymnastikeinheiten , zum Schluss eine kleine Dehnungseinheit<br>Die Walkingrunden beginnen an verschiedenen Startpunkten<br>z.B.: an der Skih\u00fctte, am Fu\u00dfballplatz, im Luhetal oder auch am Fahrenberg.<\/p>\n\n\n\n<figure class=\"wp-block-image size-large\"><img loading=\"lazy\" decoding=\"async\" width=\"1024\" height=\"462\" src=\"https:\/\/owv-sc-waldthurn.de\/wp-content\/uploads\/2025\/05\/20250513_191551-1024x462.jpg\" alt=\"\" class=\"wp-image-8924\" srcset=\"https:\/\/owv-sc-waldthurn.de\/wp-content\/uploads\/2025\/05\/20250513_191551-1024x462.jpg 1024w, https:\/\/owv-sc-waldthurn.de\/wp-content\/uploads\/2025\/05\/20250513_191551-300x135.jpg 300w, https:\/\/owv-sc-waldthurn.de\/wp-content\/uploads\/2025\/05\/20250513_191551-768x346.jpg 768w, https:\/\/owv-sc-waldthurn.de\/wp-content\/uploads\/2025\/05\/20250513_191551.jpg 1200w\" sizes=\"auto, (max-width: 1024px) 100vw, 1024px\" \/><\/figure>\n<\/div>\n\n\n\n<p><\/p>\n\n\n\n<p><\/p>\n\n\n\n<p><\/p>\n\n\n\n\n\n\n\n<p><\/p>\n\n\n\n<div class=\"wp-block-group is-nowrap is-layout-flex wp-container-core-group-is-layout-6c531013 wp-block-group-is-layout-flex\"><\/div>\n\n\n\n<p class=\"has-text-align-center has-large-font-size\"><strong><em>26. April &#8211; Wanderung Gymnastik und Smovey Walking Freunde<\/em><\/strong><\/p>\n\n\n\n<p>Bilder:      <\/p>\n\n\n\n<p><\/p>\n\n\n\n\n\n\n\n<p><\/p>\n\n\n\n<p><\/p>\n\n\n\n<figure class=\"wp-block-image size-large\"><img loading=\"lazy\" decoding=\"async\" width=\"1024\" height=\"1024\" src=\"https:\/\/owv-sc-waldthurn.de\/wp-content\/uploads\/2025\/04\/20250415_212051-1024x1024.jpg\" alt=\"\" class=\"wp-image-8838\" srcset=\"https:\/\/owv-sc-waldthurn.de\/wp-content\/uploads\/2025\/04\/20250415_212051-1024x1024.jpg 1024w, https:\/\/owv-sc-waldthurn.de\/wp-content\/uploads\/2025\/04\/20250415_212051-300x300.jpg 300w, https:\/\/owv-sc-waldthurn.de\/wp-content\/uploads\/2025\/04\/20250415_212051-150x150.jpg 150w, https:\/\/owv-sc-waldthurn.de\/wp-content\/uploads\/2025\/04\/20250415_212051-768x768.jpg 768w, https:\/\/owv-sc-waldthurn.de\/wp-content\/uploads\/2025\/04\/20250415_212051.jpg 1200w\" sizes=\"auto, (max-width: 1024px) 100vw, 1024px\" \/><\/figure>\n\n\n\n<div class=\"wp-block-group is-nowrap is-layout-flex wp-container-core-group-is-layout-6c531013 wp-block-group-is-layout-flex\">\n<div class=\"wp-block-group alignwide is-layout-flow wp-block-group-is-layout-flow\"><\/div>\n<\/div>\n\n\n\n<div class=\"wp-block-group alignwide is-layout-flow wp-block-group-is-layout-flow\">\n<p class=\"has-text-align-center has-large-font-size\">Gymnastik Helau  &#8211; erst Powern &#8211; danach Energieausgleich mit Faschingsstimmung \ud83d\ude42<\/p>\n\n\n\n<div class=\"wp-block-group alignfull is-nowrap is-layout-flex wp-container-core-group-is-layout-6c531013 wp-block-group-is-layout-flex\">\n<figure class=\"wp-block-image size-large is-resized\"><img loading=\"lazy\" decoding=\"async\" width=\"1024\" height=\"337\" src=\"https:\/\/owv-sc-waldthurn.de\/wp-content\/uploads\/2025\/03\/20250225_202232-1024x337.jpg\" alt=\"\" class=\"wp-image-8725\" style=\"width:1200px;height:auto\" srcset=\"https:\/\/owv-sc-waldthurn.de\/wp-content\/uploads\/2025\/03\/20250225_202232-1024x337.jpg 1024w, https:\/\/owv-sc-waldthurn.de\/wp-content\/uploads\/2025\/03\/20250225_202232-300x99.jpg 300w, https:\/\/owv-sc-waldthurn.de\/wp-content\/uploads\/2025\/03\/20250225_202232-768x253.jpg 768w, https:\/\/owv-sc-waldthurn.de\/wp-content\/uploads\/2025\/03\/20250225_202232.jpg 1200w\" sizes=\"auto, (max-width: 1024px) 100vw, 1024px\" \/><\/figure>\n\n\n\n<figure class=\"wp-block-image size-large is-resized\"><img loading=\"lazy\" decoding=\"async\" width=\"1024\" height=\"284\" src=\"https:\/\/owv-sc-waldthurn.de\/wp-content\/uploads\/2025\/03\/20250225_222020-1024x284.jpg\" alt=\"\" class=\"wp-image-8728\" style=\"width:1168px;height:auto\" srcset=\"https:\/\/owv-sc-waldthurn.de\/wp-content\/uploads\/2025\/03\/20250225_222020-1024x284.jpg 1024w, https:\/\/owv-sc-waldthurn.de\/wp-content\/uploads\/2025\/03\/20250225_222020-300x83.jpg 300w, https:\/\/owv-sc-waldthurn.de\/wp-content\/uploads\/2025\/03\/20250225_222020-768x213.jpg 768w, https:\/\/owv-sc-waldthurn.de\/wp-content\/uploads\/2025\/03\/20250225_222020.jpg 1200w\" sizes=\"auto, (max-width: 1024px) 100vw, 1024px\" \/><\/figure>\n<\/div>\n\n\n\n<div class=\"wp-block-group is-nowrap is-layout-flex wp-container-core-group-is-layout-6c531013 wp-block-group-is-layout-flex\">\n<figure class=\"wp-block-image aligncenter size-large is-resized\"><img loading=\"lazy\" decoding=\"async\" width=\"1024\" height=\"279\" src=\"https:\/\/owv-sc-waldthurn.de\/wp-content\/uploads\/2025\/03\/20250225_203213-1024x279.jpg\" alt=\"\" class=\"wp-image-8727\" style=\"width:1219px;height:auto\" srcset=\"https:\/\/owv-sc-waldthurn.de\/wp-content\/uploads\/2025\/03\/20250225_203213-1024x279.jpg 1024w, https:\/\/owv-sc-waldthurn.de\/wp-content\/uploads\/2025\/03\/20250225_203213-300x82.jpg 300w, https:\/\/owv-sc-waldthurn.de\/wp-content\/uploads\/2025\/03\/20250225_203213-768x209.jpg 768w, https:\/\/owv-sc-waldthurn.de\/wp-content\/uploads\/2025\/03\/20250225_203213.jpg 1200w\" sizes=\"auto, (max-width: 1024px) 100vw, 1024px\" \/><\/figure>\n\n\n\n<figure class=\"wp-block-image size-full is-resized\"><img loading=\"lazy\" decoding=\"async\" width=\"754\" height=\"598\" src=\"https:\/\/owv-sc-waldthurn.de\/wp-content\/uploads\/2025\/03\/20250226_091804.jpg\" alt=\"\" class=\"wp-image-8735\" style=\"width:412px;height:auto\" srcset=\"https:\/\/owv-sc-waldthurn.de\/wp-content\/uploads\/2025\/03\/20250226_091804.jpg 754w, https:\/\/owv-sc-waldthurn.de\/wp-content\/uploads\/2025\/03\/20250226_091804-300x238.jpg 300w\" sizes=\"auto, (max-width: 754px) 100vw, 754px\" \/><\/figure>\n<\/div>\n\n\n\n<p><\/p>\n<\/div>\n\n\n\n<figure class=\"wp-block-image alignwide size-large\"><img loading=\"lazy\" decoding=\"async\" width=\"1024\" height=\"381\" src=\"https:\/\/owv-sc-waldthurn.de\/wp-content\/uploads\/2025\/01\/20250107_203947-1024x381.jpg\" alt=\"\" class=\"wp-image-8504\" srcset=\"https:\/\/owv-sc-waldthurn.de\/wp-content\/uploads\/2025\/01\/20250107_203947-1024x381.jpg 1024w, https:\/\/owv-sc-waldthurn.de\/wp-content\/uploads\/2025\/01\/20250107_203947-300x112.jpg 300w, https:\/\/owv-sc-waldthurn.de\/wp-content\/uploads\/2025\/01\/20250107_203947-768x285.jpg 768w, https:\/\/owv-sc-waldthurn.de\/wp-content\/uploads\/2025\/01\/20250107_203947.jpg 1200w\" sizes=\"auto, (max-width: 1024px) 100vw, 1024px\" \/><\/figure>\n\n\n\n<p><\/p>\n\n\n\n<figure class=\"wp-block-image size-large is-resized has-custom-border\" style=\"margin-top:0;margin-right:var(--wp--preset--spacing--10);margin-bottom:0;margin-left:var(--wp--preset--spacing--10)\"><img loading=\"lazy\" decoding=\"async\" width=\"1024\" height=\"602\" src=\"https:\/\/owv-sc-waldthurn.de\/wp-content\/uploads\/2024\/12\/20241222_201424-1-1024x602.jpg\" alt=\"\" class=\"has-border-color has-contrast-3-border-color wp-image-8451\" style=\"width:394px;height:auto\" srcset=\"https:\/\/owv-sc-waldthurn.de\/wp-content\/uploads\/2024\/12\/20241222_201424-1-1024x602.jpg 1024w, https:\/\/owv-sc-waldthurn.de\/wp-content\/uploads\/2024\/12\/20241222_201424-1-300x176.jpg 300w, https:\/\/owv-sc-waldthurn.de\/wp-content\/uploads\/2024\/12\/20241222_201424-1-768x451.jpg 768w, https:\/\/owv-sc-waldthurn.de\/wp-content\/uploads\/2024\/12\/20241222_201424-1.jpg 1200w\" sizes=\"auto, (max-width: 1024px) 100vw, 1024px\" \/><\/figure>\n\n\n\n<p class=\"has-text-align-center has-large-font-size\"><strong><em>2024 Dezember<\/em><\/strong> &#8211; <strong><em>Gymnastik im Advent<\/em><\/strong><\/p>\n\n\n\n<figure class=\"wp-block-image alignwide size-large has-custom-border\"><img loading=\"lazy\" decoding=\"async\" width=\"1024\" height=\"317\" src=\"https:\/\/owv-sc-waldthurn.de\/wp-content\/uploads\/2024\/12\/20241217_203118a-1024x317.jpg\" alt=\"\" class=\"has-border-color has-contrast-3-border-color wp-image-8348\" style=\"border-width:15px\" srcset=\"https:\/\/owv-sc-waldthurn.de\/wp-content\/uploads\/2024\/12\/20241217_203118a-1024x317.jpg 1024w, https:\/\/owv-sc-waldthurn.de\/wp-content\/uploads\/2024\/12\/20241217_203118a-300x93.jpg 300w, https:\/\/owv-sc-waldthurn.de\/wp-content\/uploads\/2024\/12\/20241217_203118a-768x237.jpg 768w, https:\/\/owv-sc-waldthurn.de\/wp-content\/uploads\/2024\/12\/20241217_203118a.jpg 1200w\" sizes=\"auto, (max-width: 1024px) 100vw, 1024px\" \/><\/figure>\n\n\n\n<div class=\"wp-block-group alignwide is-nowrap is-layout-flex wp-container-core-group-is-layout-6c531013 wp-block-group-is-layout-flex\">\n<figure class=\"wp-block-image size-large is-resized has-custom-border\" style=\"margin-top:0;margin-right:var(--wp--preset--spacing--10);margin-bottom:0;margin-left:var(--wp--preset--spacing--10)\"><img loading=\"lazy\" decoding=\"async\" width=\"1024\" height=\"445\" src=\"https:\/\/owv-sc-waldthurn.de\/wp-content\/uploads\/2024\/12\/20241217_221413-1024x445.png\" alt=\"\" class=\"has-border-color has-contrast-3-border-color wp-image-8350\" style=\"border-width:12px;width:638px;height:auto\" srcset=\"https:\/\/owv-sc-waldthurn.de\/wp-content\/uploads\/2024\/12\/20241217_221413-1024x445.png 1024w, https:\/\/owv-sc-waldthurn.de\/wp-content\/uploads\/2024\/12\/20241217_221413-300x130.png 300w, https:\/\/owv-sc-waldthurn.de\/wp-content\/uploads\/2024\/12\/20241217_221413-768x333.png 768w, https:\/\/owv-sc-waldthurn.de\/wp-content\/uploads\/2024\/12\/20241217_221413.png 1200w\" sizes=\"auto, (max-width: 1024px) 100vw, 1024px\" \/><\/figure>\n\n\n\n<figure class=\"wp-block-image size-large is-resized has-custom-border\" style=\"margin-top:0;margin-right:var(--wp--preset--spacing--40);margin-bottom:0;margin-left:var(--wp--preset--spacing--40)\"><img loading=\"lazy\" decoding=\"async\" width=\"844\" height=\"1024\" src=\"https:\/\/owv-sc-waldthurn.de\/wp-content\/uploads\/2024\/12\/20241217_221253-844x1024.png\" alt=\"\" class=\"has-border-color has-contrast-3-border-color wp-image-8352\" style=\"border-width:11px;width:276px;height:auto\" srcset=\"https:\/\/owv-sc-waldthurn.de\/wp-content\/uploads\/2024\/12\/20241217_221253-844x1024.png 844w, https:\/\/owv-sc-waldthurn.de\/wp-content\/uploads\/2024\/12\/20241217_221253-247x300.png 247w, https:\/\/owv-sc-waldthurn.de\/wp-content\/uploads\/2024\/12\/20241217_221253-768x932.png 768w, https:\/\/owv-sc-waldthurn.de\/wp-content\/uploads\/2024\/12\/20241217_221253.png 989w\" sizes=\"auto, (max-width: 844px) 100vw, 844px\" \/><\/figure>\n<\/div>\n\n\n\n<p class=\"has-text-align-center has-large-font-size\"><em><strong>2024<\/strong><\/em> <strong><em>OKTOBER <\/em><\/strong><\/p>\n\n\n\n<p><strong><em>die neue Saison hat begonnen<\/em><\/strong><\/p>\n\n\n\n<div class=\"wp-block-group alignwide is-nowrap is-layout-flex wp-container-core-group-is-layout-6c531013 wp-block-group-is-layout-flex\">\n<figure class=\"wp-block-image size-large is-resized\"><img loading=\"lazy\" decoding=\"async\" width=\"1024\" height=\"333\" src=\"https:\/\/owv-sc-waldthurn.de\/wp-content\/uploads\/2024\/10\/Fitnessgymnastik-2024-10-01-1024x333.jpg\" alt=\"\" class=\"wp-image-1245\" style=\"width:618px;height:auto\" srcset=\"https:\/\/owv-sc-waldthurn.de\/wp-content\/uploads\/2024\/10\/Fitnessgymnastik-2024-10-01-1024x333.jpg 1024w, https:\/\/owv-sc-waldthurn.de\/wp-content\/uploads\/2024\/10\/Fitnessgymnastik-2024-10-01-300x98.jpg 300w, https:\/\/owv-sc-waldthurn.de\/wp-content\/uploads\/2024\/10\/Fitnessgymnastik-2024-10-01-768x250.jpg 768w, https:\/\/owv-sc-waldthurn.de\/wp-content\/uploads\/2024\/10\/Fitnessgymnastik-2024-10-01.jpg 1200w\" sizes=\"auto, (max-width: 1024px) 100vw, 1024px\" \/><\/figure>\n\n\n\n<figure class=\"wp-block-image size-large is-resized\"><img loading=\"lazy\" decoding=\"async\" width=\"1024\" height=\"316\" src=\"https:\/\/owv-sc-waldthurn.de\/wp-content\/uploads\/2024\/10\/20241029_203245-1024x316.jpg\" alt=\"\" class=\"wp-image-6013\" style=\"width:681px;height:auto\" srcset=\"https:\/\/owv-sc-waldthurn.de\/wp-content\/uploads\/2024\/10\/20241029_203245-1024x316.jpg 1024w, https:\/\/owv-sc-waldthurn.de\/wp-content\/uploads\/2024\/10\/20241029_203245-300x93.jpg 300w, https:\/\/owv-sc-waldthurn.de\/wp-content\/uploads\/2024\/10\/20241029_203245-768x237.jpg 768w, https:\/\/owv-sc-waldthurn.de\/wp-content\/uploads\/2024\/10\/20241029_203245.jpg 1200w\" sizes=\"auto, (max-width: 1024px) 100vw, 1024px\" \/><\/figure>\n<\/div>\n\n\n\n<p class=\"has-text-align-center has-large-font-size\" id=\"block-a1ec4ff5-fb62-4ae2-a117-6821881b0b02\"><strong><em>Smovey Walking \u2013<\/em><\/strong><\/p>\n\n\n\n<p class=\"has-text-align-center has-large-font-size\" id=\"block-a1ec4ff5-fb62-4ae2-a117-6821881b0b02\"><strong><em> zum Abschluss eine Kultur Runde<\/em><\/strong><\/p>\n\n\n\n<div class=\"wp-block-group alignwide is-nowrap is-layout-flex wp-container-core-group-is-layout-6c531013 wp-block-group-is-layout-flex\">\n<figure class=\"wp-block-image is-resized\" id=\"block-d66f5479-7681-4e0c-8fed-b64cb68c8d61\"><img decoding=\"async\" src=\"https:\/\/owv-sc-waldthurn.de\/wp-content\/uploads\/2024\/09\/20240917_181455-1024x1015.jpg\" alt=\"Dieses Bild hat ein leeres Alt-Attribut. Der Dateiname ist 20240917_181455-1024x1015.jpg\" style=\"width:473px;height:auto\"\/><\/figure>\n\n\n\n<figure class=\"wp-block-image is-resized\"><img loading=\"lazy\" decoding=\"async\" width=\"462\" height=\"1024\" src=\"https:\/\/owv-sc-waldthurn.de\/wp-content\/uploads\/2024\/10\/20240916_175334-462x1024.jpg\" alt=\"\" class=\"wp-image-4387\" style=\"width:271px;height:auto\" srcset=\"https:\/\/owv-sc-waldthurn.de\/wp-content\/uploads\/2024\/10\/20240916_175334-462x1024.jpg 462w, https:\/\/owv-sc-waldthurn.de\/wp-content\/uploads\/2024\/10\/20240916_175334-135x300.jpg 135w, https:\/\/owv-sc-waldthurn.de\/wp-content\/uploads\/2024\/10\/20240916_175334-rotated.jpg 541w\" sizes=\"auto, (max-width: 462px) 100vw, 462px\" \/><\/figure>\n<\/div>\n\n\n\n<p class=\"has-large-font-size\"><strong><em>Radtour 2024<\/em><\/strong><\/p>\n\n\n\n<div class=\"wp-block-group alignfull is-content-justification-center is-nowrap is-layout-flex wp-container-core-group-is-layout-23441af8 wp-block-group-is-layout-flex\">\n<figure class=\"wp-block-image is-resized\"><img decoding=\"async\" src=\"https:\/\/owv-sc-waldthurn.de\/wp-content\/uploads\/2024\/09\/2024-a-Lueckenrieth-Badeweiher-7a-1024x598.jpg\" alt=\"Dieses Bild hat ein leeres Alt-Attribut. Der Dateiname ist 2024-a-Lueckenrieth-Badeweiher-7a-1024x598.jpg\" style=\"width:563px;height:auto\"\/><\/figure>\n\n\n\n<figure class=\"wp-block-image is-resized\"><img decoding=\"async\" src=\"https:\/\/owv-sc-waldthurn.de\/wp-content\/uploads\/2024\/09\/2024-a-Lueckenrieth-Badeweiher-4-1-1024x462.jpg\" alt=\"Dieses Bild hat ein leeres Alt-Attribut. Der Dateiname ist 2024-a-Lueckenrieth-Badeweiher-4-1-1024x462.jpg\" style=\"width:676px;height:auto\"\/><\/figure>\n<\/div>\n\n\n\n<div class=\"wp-block-group alignwide is-layout-flow wp-block-group-is-layout-flow\">\n<p><strong><em>Samstag 27. Juli<\/em><\/strong>&nbsp;2024<br>Radfahren in unserer Heimat bedeutet nicht nur wundersch\u00f6ne Landschaften genie\u00dfen, sondern auch sportlich herausfordende Strecken bergauf \u2013 bergab zu bew\u00e4ltigen.<br>Bei sommerlichen Temperaturen unternahmen sechs Damen des OWV Waldthurn eine Radltour.<br>In Waldthurn gestartet gings \u00fcbers Schanzl zur Neum\u00fchle, nach Lerau, Kleinpoppenhof, Burgm\u00fchle und entlang der Luhe nach L\u00fcckenrieth.<br>Mehrere H\u00f6henmeter mussten zum Schwarzberg hinauf geschafft werden. Belohnt wurde die Anstrengung mit einem herrlichen Panorama \u00fcber die n\u00f6rdliche Oberpfalz hinweg, vorallem der Blick nach Leuchtenberg hin\u00fcber beeindruckte sehr.<br>Ein gro\u00dfes Hallo erklang, als eine der Damen eine Flasche Sekt aus ihrer Radltasche zauberte.<br>Nach einer flotten Abfahrt f\u00fchrte der Weg weiter zum n\u00e4chsten l\u00e4ngeren Anstieg , hinauf zu den Ortschaften Matzlesberg und Engleshof.<br>Zwischen Hochdorf und Pischeldorf schl\u00e4ngelte sich der herrlich zu fahrende \u201ePischHoch Trail \u201c an vielen Fischweihern vorbei.<br>Nach zweieinhalb Stunden Fahrt hie\u00df es Mittagspause in der Genussschmiede in Pirk.<br>Die zweite Etappe ging nach Weiden \u00fcber Schirmitz , am Flutkanal entlang , durch den Max Reger Park und weiter an der Waldnaab nach Hammerharlesberg.<br>In Neustadt a.d. Waldnaab angekommen war noch gen\u00fcgend Zeit f\u00fcr einen weiteren Einkehrschwung in einer Eisdiele .<br>Auf dem allseits bekannten Bocklradweg , durch Wald und Flur , \u00fcber die H\u00f6hen des Flosser Landes mit der immer wieder herrlichen Fernsicht zur Burg Flossenb\u00fcrg und zum heimischen Fahrenberg , fuhr die Gruppe die letzte Etappe zur\u00fcck nach Waldthurn.<br>Gl\u00fccklich und froh gelaunt angekommen waren alle Radlerinnen voll begeistert von dieser 65km mit stolzen 760 H\u00f6henmetern geradelte Tagestour.<br>Sch\u00f6n war`s !!!<br>Und<br>Servus bis zum n\u00e4chsten Mal<\/p>\n<\/div>\n\n\n\n<div class=\"wp-block-group alignfull is-content-justification-center is-nowrap is-layout-flex wp-container-core-group-is-layout-23441af8 wp-block-group-is-layout-flex\">\n<figure class=\"wp-block-image size-large is-resized\"><img decoding=\"async\" src=\"https:\/\/owv-sc-waldthurn.de\/wp-content\/uploads\/2024\/09\/2024-a-Lueckenrieth-Badeweiher-2-1-1024x462.jpg\" alt=\"Dieses Bild hat ein leeres Alt-Attribut. Der Dateiname ist 2024-a-Lueckenrieth-Badeweiher-2-1-1024x462.jpg\" style=\"width:720px;height:auto\"\/><\/figure>\n\n\n\n<figure class=\"wp-block-image size-large is-resized\"><img decoding=\"async\" src=\"https:\/\/owv-sc-waldthurn.de\/wp-content\/uploads\/2024\/09\/1721905233360-1024x461.jpg\" alt=\"Dieses Bild hat ein leeres Alt-Attribut. Der Dateiname ist 1721905233360-1024x461.jpg\" style=\"width:682px;height:auto\"\/><\/figure>\n<\/div>\n\n\n\n<p class=\"has-large-font-size\" id=\"block-e1f7d2a4-b5e1-4bdc-87db-ba4620a08065\"><strong><em>Smovey Walking Gruppe<\/em><\/strong><\/p>\n\n\n\n<p id=\"block-e1f7d2a4-b5e1-4bdc-87db-ba4620a08065\"><\/p>\n\n\n\n<div class=\"wp-block-group alignwide is-nowrap is-layout-flex wp-container-core-group-is-layout-6c531013 wp-block-group-is-layout-flex\">\n<figure class=\"wp-block-image size-large is-resized\"><img decoding=\"async\" src=\"https:\/\/owv-sc-waldthurn.de\/wp-content\/uploads\/2024\/10\/image-6.jpg\" alt=\"\" style=\"width:686px;height:auto\"\/><\/figure>\n\n\n\n<figure class=\"wp-block-image size-large is-resized\"><img decoding=\"async\" src=\"https:\/\/owv-sc-waldthurn.de\/wp-content\/uploads\/2024\/10\/2024-d-Sm-Walking-1024x413.jpg\" alt=\"\" style=\"width:657px;height:auto\"\/><\/figure>\n<\/div>\n\n\n\n<div class=\"wp-block-group alignwide is-nowrap is-layout-flex wp-container-core-group-is-layout-6c531013 wp-block-group-is-layout-flex\">\n<figure class=\"wp-block-image is-resized\"><img loading=\"lazy\" decoding=\"async\" width=\"1024\" height=\"462\" src=\"https:\/\/owv-sc-waldthurn.de\/wp-content\/uploads\/2024\/10\/20240604_193831-1024x462.jpg\" alt=\"\" class=\"wp-image-3493\" style=\"width:532px;height:auto\" srcset=\"https:\/\/owv-sc-waldthurn.de\/wp-content\/uploads\/2024\/10\/20240604_193831-1024x462.jpg 1024w, https:\/\/owv-sc-waldthurn.de\/wp-content\/uploads\/2024\/10\/20240604_193831-300x135.jpg 300w, https:\/\/owv-sc-waldthurn.de\/wp-content\/uploads\/2024\/10\/20240604_193831-768x346.jpg 768w, https:\/\/owv-sc-waldthurn.de\/wp-content\/uploads\/2024\/10\/20240604_193831.jpg 1200w\" sizes=\"auto, (max-width: 1024px) 100vw, 1024px\" \/><\/figure>\n\n\n\n<figure class=\"wp-block-image is-resized\"><img decoding=\"async\" src=\"https:\/\/owv-sc-waldthurn.de\/wp-content\/uploads\/2024\/09\/20240618_195716-948x1024.jpg\" alt=\"Dieses Bild hat ein leeres Alt-Attribut. Der Dateiname ist 20240618_195716-948x1024.jpg\" style=\"width:362px;height:auto\"\/><\/figure>\n\n\n\n<figure class=\"wp-block-image is-resized\"><img decoding=\"async\" src=\"https:\/\/owv-sc-waldthurn.de\/wp-content\/uploads\/2024\/09\/Smovey-1024x576.jpg\" alt=\"Dieses Bild hat ein leeres Alt-Attribut. Der Dateiname ist Smovey-1024x576.jpg\" style=\"width:508px;height:auto\"\/><\/figure>\n<\/div>\n\n\n\n<div class=\"wp-block-group alignwide is-nowrap is-layout-flex wp-container-core-group-is-layout-6c531013 wp-block-group-is-layout-flex\">\n<figure class=\"wp-block-image is-resized\"><img loading=\"lazy\" decoding=\"async\" width=\"1024\" height=\"528\" src=\"https:\/\/owv-sc-waldthurn.de\/wp-content\/uploads\/2024\/10\/2024-Ostern-1024x528.png\" alt=\"\" class=\"wp-image-4137\" style=\"width:558px;height:auto\" srcset=\"https:\/\/owv-sc-waldthurn.de\/wp-content\/uploads\/2024\/10\/2024-Ostern-1024x528.png 1024w, https:\/\/owv-sc-waldthurn.de\/wp-content\/uploads\/2024\/10\/2024-Ostern-300x155.png 300w, https:\/\/owv-sc-waldthurn.de\/wp-content\/uploads\/2024\/10\/2024-Ostern-768x396.png 768w, https:\/\/owv-sc-waldthurn.de\/wp-content\/uploads\/2024\/10\/2024-Ostern.png 1200w\" sizes=\"auto, (max-width: 1024px) 100vw, 1024px\" \/><\/figure>\n\n\n\n<p class=\"has-large-font-size\"><strong><em>Frohe Ostern<\/em><\/strong><\/p>\n<\/div>\n\n\n\n<p class=\"has-text-align-center has-large-font-size\" id=\"block-59e1a94e-b4a2-4e1f-9fc6-c9e7603c8bc6\"><em><strong>Gymnastik Abschluss &#8211; Wanderung<\/strong><\/em> <strong><em>am Findlingsweg<\/em><\/strong><\/p>\n\n\n\n<div class=\"wp-block-group alignwide is-nowrap is-layout-flex wp-container-core-group-is-layout-6c531013 wp-block-group-is-layout-flex\">\n<figure class=\"wp-block-image is-resized\"><img decoding=\"async\" src=\"https:\/\/owv-sc-waldthurn.de\/wp-content\/uploads\/2024\/09\/Wanderung-14.-Mai-1-1024x462.jpg\" alt=\"Dieses Bild hat ein leeres Alt-Attribut. Der Dateiname ist Wanderung-14.-Mai-1-1024x462.jpg\" style=\"width:647px;height:auto\"\/><figcaption class=\"wp-element-caption\">Primus Blick<\/figcaption><\/figure>\n\n\n\n<figure class=\"wp-block-image size-large is-resized\"><img loading=\"lazy\" decoding=\"async\" width=\"1024\" height=\"502\" src=\"https:\/\/owv-sc-waldthurn.de\/wp-content\/uploads\/2024\/10\/Wanderung-14.-Mai-2-1024x502.jpg\" alt=\"\" class=\"wp-image-5409\" style=\"width:551px;height:auto\" srcset=\"https:\/\/owv-sc-waldthurn.de\/wp-content\/uploads\/2024\/10\/Wanderung-14.-Mai-2-1024x502.jpg 1024w, https:\/\/owv-sc-waldthurn.de\/wp-content\/uploads\/2024\/10\/Wanderung-14.-Mai-2-300x147.jpg 300w, https:\/\/owv-sc-waldthurn.de\/wp-content\/uploads\/2024\/10\/Wanderung-14.-Mai-2-768x376.jpg 768w, https:\/\/owv-sc-waldthurn.de\/wp-content\/uploads\/2024\/10\/Wanderung-14.-Mai-2.jpg 1200w\" sizes=\"auto, (max-width: 1024px) 100vw, 1024px\" \/><figcaption class=\"wp-element-caption\">Blick in die Ferne<\/figcaption><\/figure>\n<\/div>\n\n\n\n<div class=\"wp-block-group alignwide is-nowrap is-layout-flex wp-container-core-group-is-layout-6c531013 wp-block-group-is-layout-flex\">\n<figure class=\"wp-block-image size-large is-resized\"><img loading=\"lazy\" decoding=\"async\" width=\"577\" height=\"1024\" src=\"https:\/\/owv-sc-waldthurn.de\/wp-content\/uploads\/2024\/09\/Wanderung-14.-Mai-5-1-577x1024.jpg\" alt=\"\" class=\"wp-image-192\" style=\"width:347px;height:auto\" srcset=\"https:\/\/owv-sc-waldthurn.de\/wp-content\/uploads\/2024\/09\/Wanderung-14.-Mai-5-1-577x1024.jpg 577w, https:\/\/owv-sc-waldthurn.de\/wp-content\/uploads\/2024\/09\/Wanderung-14.-Mai-5-1-169x300.jpg 169w, https:\/\/owv-sc-waldthurn.de\/wp-content\/uploads\/2024\/09\/Wanderung-14.-Mai-5-1.jpg 676w\" sizes=\"auto, (max-width: 577px) 100vw, 577px\" \/><figcaption class=\"wp-element-caption\">Doost<\/figcaption><\/figure>\n\n\n\n<figure class=\"wp-block-image size-large is-resized\"><img loading=\"lazy\" decoding=\"async\" width=\"1024\" height=\"768\" src=\"https:\/\/owv-sc-waldthurn.de\/wp-content\/uploads\/2024\/09\/IMG-20240514-WA0001-1024x768.jpg\" alt=\"\" class=\"wp-image-248\" style=\"width:486px;height:auto\" srcset=\"https:\/\/owv-sc-waldthurn.de\/wp-content\/uploads\/2024\/09\/IMG-20240514-WA0001-1024x768.jpg 1024w, https:\/\/owv-sc-waldthurn.de\/wp-content\/uploads\/2024\/09\/IMG-20240514-WA0001-300x225.jpg 300w, https:\/\/owv-sc-waldthurn.de\/wp-content\/uploads\/2024\/09\/IMG-20240514-WA0001-768x576.jpg 768w, https:\/\/owv-sc-waldthurn.de\/wp-content\/uploads\/2024\/09\/IMG-20240514-WA0001.jpg 1200w\" sizes=\"auto, (max-width: 1024px) 100vw, 1024px\" \/><\/figure>\n\n\n\n<figure class=\"wp-block-image size-large is-resized\"><img loading=\"lazy\" decoding=\"async\" width=\"1024\" height=\"461\" src=\"https:\/\/owv-sc-waldthurn.de\/wp-content\/uploads\/2024\/09\/20240514_180649-1024x461.jpg\" alt=\"\" class=\"wp-image-761\" style=\"width:862px;height:auto\" srcset=\"https:\/\/owv-sc-waldthurn.de\/wp-content\/uploads\/2024\/09\/20240514_180649-1024x461.jpg 1024w, https:\/\/owv-sc-waldthurn.de\/wp-content\/uploads\/2024\/09\/20240514_180649-300x135.jpg 300w, https:\/\/owv-sc-waldthurn.de\/wp-content\/uploads\/2024\/09\/20240514_180649-768x346.jpg 768w, https:\/\/owv-sc-waldthurn.de\/wp-content\/uploads\/2024\/09\/20240514_180649.jpg 1200w\" sizes=\"auto, (max-width: 1024px) 100vw, 1024px\" \/><figcaption class=\"wp-element-caption\">Findlingsweg<\/figcaption><\/figure>\n<\/div>\n\n\n\n<div class=\"wp-block-group alignfull is-content-justification-center is-nowrap is-layout-flex wp-container-core-group-is-layout-23441af8 wp-block-group-is-layout-flex\">\n<figure class=\"wp-block-image is-resized\" id=\"block-b1083590-a849-4ee1-b50f-e49c353224e2\"><img decoding=\"async\" src=\"https:\/\/owv-sc-waldthurn.de\/wp-content\/uploads\/2024\/09\/Wanderung-14.-Mai-3-1024x461.jpg\" alt=\"Dieses Bild hat ein leeres Alt-Attribut. Der Dateiname ist Wanderung-14.-Mai-3-1024x461.jpg\" style=\"width:639px;height:auto\"\/><figcaption class=\"wp-element-caption\">Seerosenteich am Findlingsweg<\/figcaption><\/figure>\n\n\n\n<figure class=\"wp-block-image is-resized\" id=\"block-7626866a-d193-450a-8631-b6c33958e50a\"><img decoding=\"async\" src=\"https:\/\/owv-sc-waldthurn.de\/wp-content\/uploads\/2024\/09\/Wanderung-14.-Mai-4-1024x461.jpg\" alt=\"Dieses Bild hat ein leeres Alt-Attribut. Der Dateiname ist Wanderung-14.-Mai-4-1024x461.jpg\" style=\"width:621px;height:auto\"\/><figcaption class=\"wp-element-caption\">Durchgang zur R\u00fcckkehr \u2013 Heimfinden<\/figcaption><\/figure>\n<\/div>\n\n\n\n<div class=\"wp-block-group alignwide is-layout-flow wp-block-group-is-layout-flow\">\n<p>Gro\u00dfen Steinen und Felsen begegnet man beim Wandern im Oberpf\u00e4lzer Wald regelm\u00e4\u00dfig.<br>In der N\u00e4he von Flo\u00df gibt es den Findlingsweg \u2013 einen Themen- Wanderweg, der viel Wissenswertes \u00fcber Findlinge und die Natur vermittelt.<br>Ruhe finden und Kraft tanken auf Flosser Wegen \u2013 so das Motto des Besinnungsweges, auf dem 12 Themenstationen \u2013 Inspiration und Raum zum Nachdenken, Reflektieren, Meditieren und Entspannung geben.<br>Gezeichnet ist der Weg durch kleinere Wegweiser-Findlinge, welcher seinen Startpunkt am Kreislehrgarten in Flo\u00df hat.<br>Der sehr sch\u00f6ne Rundweg f\u00fchrt etwa 7 km vorbei an Wiesen und Feldern, W\u00e4ldern, B\u00e4chen , stehenden Gew\u00e4ssern sowie alten Hofstellen. Immer mit dabei auf Schritt und Tritt sind Findlinge, jahrtausendalte Gesteine, die einem Geschichten aus l\u00e4ngst vergangenen Zeiten erz\u00e4hlen.<br>Interessante Info-und Schautafeln entlang des Weges informieren ausserdem \u00fcber alles, was es zu den Findlingen zu wissen gibt.<br>Am Schnepfenhof vorbei liegt ein sehenswerter Seerosenteich, der zu einer kleinen Rast verleitet.<br>Auch hier erf\u00e4hrt man vieles \u00fcber die Tiere und Pflanzen an diesem kleinen Gew\u00e4sser<br>Ein abenteuerlicher Teil des Weges f\u00fchrt durch das Naturschutzgebiet Doost, welches bekannt f\u00fcr seine mossbewachsenen Stein- und Felsenmeere ist. Im Doost erz\u00e4hlen kleine Bronzetafeln Sagen und Mythen unserer Gegend. \u00dcber Ritzlersreuth geht es langsam wieder zum Ausgangspunkt zur\u00fcck , aber erst bevor man den Durchgang zur R\u00fcckkehr \u201eHeimfinden- mit neuer Kraft des Weges \u201c durchschritten hat.<\/p>\n<\/div>\n\n\n\n<p class=\"has-large-font-size\" id=\"block-97136347-bc72-42d4-aac7-813fb40f42de\">2024 <strong><em>Gymnastik Helau<\/em><\/strong> <strong><em>Februar <\/em><\/strong><\/p>\n\n\n\n<div class=\"wp-block-group alignwide is-nowrap is-layout-flex wp-container-core-group-is-layout-6c531013 wp-block-group-is-layout-flex\">\n<figure class=\"wp-block-image is-resized\" id=\"block-22ce7827-2d64-4914-9ef2-54eee542178d\"><img decoding=\"async\" src=\"https:\/\/owv-sc-waldthurn.de\/wp-content\/uploads\/2024\/09\/20240206_203019-1024x385.jpg\" alt=\"Dieses Bild hat ein leeres Alt-Attribut. Der Dateiname ist 20240206_203019-1024x385.jpg\" style=\"width:631px;height:auto\"\/><\/figure>\n\n\n\n<figure class=\"wp-block-image size-large is-resized\"><img loading=\"lazy\" decoding=\"async\" width=\"1024\" height=\"350\" src=\"https:\/\/owv-sc-waldthurn.de\/wp-content\/uploads\/2024\/10\/2024-b-1024x350.jpg\" alt=\"\" class=\"wp-image-4508\" style=\"width:632px;height:auto\" srcset=\"https:\/\/owv-sc-waldthurn.de\/wp-content\/uploads\/2024\/10\/2024-b-1024x350.jpg 1024w, https:\/\/owv-sc-waldthurn.de\/wp-content\/uploads\/2024\/10\/2024-b-300x103.jpg 300w, https:\/\/owv-sc-waldthurn.de\/wp-content\/uploads\/2024\/10\/2024-b-768x262.jpg 768w, https:\/\/owv-sc-waldthurn.de\/wp-content\/uploads\/2024\/10\/2024-b.jpg 1200w\" sizes=\"auto, (max-width: 1024px) 100vw, 1024px\" \/><\/figure>\n<\/div>\n","protected":false},"excerpt":{"rendered":"<p>Dezember &#8211; Gymnastik Abschluss mit weihnachtlicher Atmosph\u00e4re Jahresr\u00fcckblick Fitnessgymnastik und SmoveyWalking &#8211; Gruppen k\u00f6nnen auf ein erlebnisreiches Jahr zur\u00fcckblicken. Wie auch in den letzten Jahren begann die Fitnessgymnastik in der Schulturnhalle am ersten Dienstag im Oktober 2024 , regelm\u00e4\u00dfig dienstags bis Ende April.Die Gymnastikstunden waren immer sehr gut besucht und erfreulicherweise kamen auch Neuinteressierte und [&hellip;]<\/p>\n","protected":false},"author":2,"featured_media":0,"parent":9741,"menu_order":-3,"comment_status":"closed","ping_status":"closed","template":"","meta":{"footnotes":""},"folder":[],"class_list":["post-5273","page","type-page","status-publish","hentry"],"_links":{"self":[{"href":"https:\/\/owv-sc-waldthurn.de\/index.php?rest_route=\/wp\/v2\/pages\/5273","targetHints":{"allow":["GET"]}}],"collection":[{"href":"https:\/\/owv-sc-waldthurn.de\/index.php?rest_route=\/wp\/v2\/pages"}],"about":[{"href":"https:\/\/owv-sc-waldthurn.de\/index.php?rest_route=\/wp\/v2\/types\/page"}],"author":[{"embeddable":true,"href":"https:\/\/owv-sc-waldthurn.de\/index.php?rest_route=\/wp\/v2\/users\/2"}],"replies":[{"embeddable":true,"href":"https:\/\/owv-sc-waldthurn.de\/index.php?rest_route=%2Fwp%2Fv2%2Fcomments&post=5273"}],"version-history":[{"count":116,"href":"https:\/\/owv-sc-waldthurn.de\/index.php?rest_route=\/wp\/v2\/pages\/5273\/revisions"}],"predecessor-version":[{"id":9796,"href":"https:\/\/owv-sc-waldthurn.de\/index.php?rest_route=\/wp\/v2\/pages\/5273\/revisions\/9796"}],"up":[{"embeddable":true,"href":"https:\/\/owv-sc-waldthurn.de\/index.php?rest_route=\/wp\/v2\/pages\/9741"}],"wp:attachment":[{"href":"https:\/\/owv-sc-waldthurn.de\/index.php?rest_route=%2Fwp%2Fv2%2Fmedia&parent=5273"}],"wp:term":[{"taxonomy":"folder","embeddable":true,"href":"https:\/\/owv-sc-waldthurn.de\/index.php?rest_route=%2Fwp%2Fv2%2Ffolder&post=5273"}],"curies":[{"name":"wp","href":"https:\/\/api.w.org\/{rel}","templated":true}]}}