{"id":784,"date":"2024-09-18T18:49:07","date_gmt":"2024-09-18T18:49:07","guid":{"rendered":"https:\/\/owv-sc-waldthurn.de\/?page_id=784"},"modified":"2026-01-06T19:37:21","modified_gmt":"2026-01-06T19:37:21","slug":"damensportgruppe","status":"publish","type":"page","link":"https:\/\/owv-sc-waldthurn.de\/?page_id=784","title":{"rendered":"R\u00fcckblick 2023-2018"},"content":{"rendered":"\n<p class=\"has-text-align-center has-large-font-size\"><strong><em>2023<\/em><\/strong><\/p>\n\n\n\n<figure class=\"wp-block-image size-large\"><img loading=\"lazy\" decoding=\"async\" width=\"1024\" height=\"444\" src=\"https:\/\/owv-sc-waldthurn.de\/wp-content\/uploads\/2024\/10\/2023-Okt-FitnessGymnastik-2-1024x444.jpg\" alt=\"\" class=\"wp-image-4251\" srcset=\"https:\/\/owv-sc-waldthurn.de\/wp-content\/uploads\/2024\/10\/2023-Okt-FitnessGymnastik-2-1024x444.jpg 1024w, https:\/\/owv-sc-waldthurn.de\/wp-content\/uploads\/2024\/10\/2023-Okt-FitnessGymnastik-2-300x130.jpg 300w, https:\/\/owv-sc-waldthurn.de\/wp-content\/uploads\/2024\/10\/2023-Okt-FitnessGymnastik-2-768x333.jpg 768w, https:\/\/owv-sc-waldthurn.de\/wp-content\/uploads\/2024\/10\/2023-Okt-FitnessGymnastik-2.jpg 1200w\" sizes=\"auto, (max-width: 1024px) 100vw, 1024px\" \/><\/figure>\n\n\n\n<p class=\"has-text-align-center has-large-font-size\"><strong><em>Bericht Jahresr\u00fcckblick<\/em><\/strong><\/p>\n\n\n\n<div class=\"wp-block-group alignwide is-layout-flow wp-block-group-is-layout-flow\">\n<p class=\"has-medium-font-size\"><strong><em>Oktober 2022<\/em><\/strong>: Alle Jahre wieder ab Oktober Fitnessgymnastik <strong><em>bis Ende April 2023 <\/em><\/strong>w\u00f6chentlich dienstags in der Schulturnhalle. Zum Abschluss der Gymnastiksaison unternahmen wir eine Wanderung auf dem Pleysteiner Marterlweg mit anschlie\u00dfender Einkehr in einer Pizzeria in Vohenstrau\u00df<br>Anfang M\u00e4rz durfte ich nach Genehmigung des OWV Ausschusses Smovey Ringen kaufen und erfreulicherweise konnten die Ringe in den letzten Trainingsstunden auch gleich getestet und vielseitig zur Gymnastik eingesetzt werden<br>Erkl\u00e4rung Smovey Ringe &#8211; ein multifunktionales Fitnessger\u00e4t f\u00fcr alle Alters &#8211; und Zielgruppen<br>Entwickelt hat das System mit Hilfe eines Ingenieurs ein \u00f6sterreichischer Gastronom, der aktiver Tennisspieler und Skilehrer war und mit 52 Jahren an Parkinson erkrankte.<br>Der Smovey Ring ist ein Schwingringsystem, bestehend aus einem Spiralschlauch, vier Stahlkugeln und einem Griffsystem.<br>Durch Vorw\u00e4rts und anschlie\u00dfender Gegenbewegung laufen die 4 Stahlkugeln als freie Masse. Die Kugeln sto\u00dfen dabei pulsierend auf Rillen und Spiralstege, die beim Schwingen h\u00f6r- und sp\u00fcrbare Vibrationen erzeugen.<br>Diese Vibrationen \u00fcbertragen sich \u00fcber die Handfl\u00e4chen &#8211; den sogenannten Handreflexzonen auf den gesamten K\u00f6rper und schaffen nicht nur ein angenehmes Gef\u00fchl, sondern wirken vielseitig auf unseren Organismus.<br>Durch regelm\u00e4\u00dfiges Training kann es gelingen, die Lebensqualit\u00e4t bei Parkinson zu verbessern; au\u00dferdem aktiviert es die Muskulatur f\u00fcr die Fettverbrennung, strafft das Bindegewebe, mobilisiert das Verdauungssystem, f\u00f6rdert den Stoffwechsel, st\u00e4rkt das Immunsystem, kr\u00e4ftigt das Herz-Kreislaufsystem und und das Lymphsystem wird zur Zellreinigung stimuliert.<br>Diese Ringe werden bereits seit 2006, nicht nur in Sportvereinen und Fitnessstudios genutzt, sondern auch in REHA Einrichtungen und im Pr\u00e4ventionssport als wertvolles Hilfsmittel eingesetzt.<br>Das Wort Smovey ist eine Zusammensetzung aus den englischen W\u00f6rtern<br>&#8222;swing ( schwingen ), move ( bewegen ), und smile ( l\u00e4cheln )&#8220; das Training soll ja auch Spa\u00df machen<br><strong><em>Mai 23<\/em><\/strong>: damit diese Ringe weiterhin genutzt werden (sie waren ja nicht billig), kam mir der Gedanke, den Sommer \u00fcber mit den Ringen zu walken, was sehr effektiv wirkt.<br>Das Angebot wurde erfreulich angenommen und somit entstand eine &#8222;OWV &#8211; Smovey Walkinggruppe&#8220; .            &#8220; Ringe statt St\u00f6cke&#8220;<br>Bis Ende August kamen ca 10 bis 15 Personen jeweils donnerstags ab 19.00 Uhr zum gemeinsamen Treff. Unterwegs waren wir mit den Ringen in unseren W\u00e4ldern , wie z.B. Richtung Skih\u00fctte, Langlaufgebiet Skih\u00fctte, im Schwarzenbach, auch mal rund um den Fahrenberg, wobei jeweils eine Strecke von etwa 5 km plus zus\u00e4tzlich eingebaute Gymnastikeinheiten zur\u00fcckgelegt wurde.<\/p>\n<\/div>\n\n\n\n<p><strong><em>BILDER<\/em><\/strong> : <\/p>\n\n\n\n<div class=\"wp-block-group alignwide is-layout-flow wp-block-group-is-layout-flow\">\n<p class=\"has-medium-font-size\"><strong><em>Juli 2023<\/em><\/strong>: obwohl der w\u00f6chentliche Radltreff, der immer von Mai bis Juli lief, diesen Sommer nicht stattfand, kamen die Radldamen trotzdem in den Genuss einer<strong><em> 2-t\u00e4gigen Radtour<\/em><\/strong> am letzten Juliwochenende<\/p>\n<\/div>\n\n\n\n<div class=\"wp-block-group alignwide has-medium-font-size is-layout-flow wp-block-group-is-layout-flow\">\n<p class=\"has-medium-font-size\">Start in K\u00f6nigstein ( Lkr. Amberg-Sulzbach ) &#8211; ab Krottensee mittelfr\u00e4nkische Landkreis N\u00fcrnberger Land &#8211; Finsterm\u00fchle &#8211; Velden &#8211; Vorra &#8211; Hohenstadt &#8211; Pommelsbrunn &#8211; Hartmannshof ( Einkehr in Pizzeria , molto bene mangiare ) &#8211; Etzelwang ( wieder Lkr. Amberg-Sulzbach ) &#8211; Neukirchen bei Sulzbach -Sch\u00f6nlind &#8211; Sulzbach ( Einkehr im Spitalgarten Kreuzerwirt ) &#8211; \u00dcbernachtung im Gasthof Bartl  in Sulzbach-Rosenberg<br>Der Pegnitztalradweg ist ein wundersch\u00f6ner entlang der Flussauen der Pegnitz windender Radweg,<br>der am s\u00fcdlichen Ende bei Hohenstadt an den F\u00fcnf Fl\u00fcsse Radweg anschlie\u00dft. Der Radweg f\u00fchrt auf gut befahrbaren \u00f6ffentl. Feld und Forstwegen durch ausgedehnte W\u00e4lder sowie wenig befahrene Stra\u00dfen , allgemein ein romantischer Streckenverlauf entlang der Pegnitz , vorbei an eindrucksvollen und markanten Felsformationen , durch kleine kulturell interessante St\u00e4dtchen und D\u00f6rfer.<br>Leider mussten wir die Tour mit Regen beginnen, was uns die Laune und Freude untereinander nicht vermie\u00dfen konnte.<br>Im Laufe des Tages aber wurde es wetterbedingt besser, am Nachmittag kam sogar die Sonne wieder , Am fr\u00fchen Abend konnten wir sogar das Abendessen bei milder Temperatur von 20 Grad genie\u00dfen . Nachdem ja das Annabergfest stattfand , gingen wir noch , per pedes , zum Annaberg hinauf .<\/p>\n<\/div>\n\n\n\n<div class=\"wp-block-group alignwide has-medium-font-size is-layout-flow wp-block-group-is-layout-flow\">\n<p class=\"has-medium-font-size\">2.Tag kein Regen in Sicht \ud83d\ude42 Gallm\u00fcnz &#8211; \u00fcber den Frohnberg ( Wallfahrtskirche St. Maria Himmelfahrt und Lourdes Kapelle ) bei Hahnbach &#8211; wir radeln entlang der Vils , eine ebenso sch\u00f6ne Radlstrecke, egal ob Wege oder Natur , wie am Tag zuvor &#8211; nach Schlicht &#8211; Vilseck &#8211; durch die Vils Auen mit Kunstweg &#8211; Frauenbrunn &#8211; Freihung &#8211; nach einer l\u00e4ngeren Steigung oben an der Kuppe angekommen erwartete uns ein herrliches Panoroama auf Kaltenbrunn und Umgebung u .a. in der Ferne der Basaltkegel Parkstein. In Kaltenbrunn &#8211; Mittagessen im Gasthaus Kraus &#8211; H\u00fctten , nun folgten wir die ebenso sch\u00f6ne naturbelassene Haidenaab &#8211; Steinfels &#8211; in Mantel Einkehr im idyllischen &#8220; Schustergarten &#8220; &#8211; Sperlhammer &#8211; im Biergarten LaOla in Rothenstadt endete unsere erlebnisreiche Radtour .<\/p>\n<\/div>\n\n\n\n<div class=\"wp-block-group alignwide is-layout-flow wp-block-group-is-layout-flow\">\n<p class=\"has-text-align-center has-medium-font-size\"><br>am <strong><em>16. August<\/em><\/strong> trafen sich die Radldamen im &#8222;Br\u00e4uwirt&#8220; und anschlie\u00dfend besuchten wir die Serenade im Max Regerpark, wo die italienische Band &#8222;I dolci signori&#8220; aufspielte.<\/p>\n<\/div>\n\n\n\n<div class=\"wp-block-group alignwide is-layout-flow wp-block-group-is-layout-flow\">\n<p><strong><em>BILDER <\/em><\/strong><\/p>\n<\/div>\n\n\n\n<p><\/p>\n\n\n\n<div class=\"wp-block-group alignwide is-layout-flow wp-block-group-is-layout-flow\">\n<p class=\"has-medium-font-size\">am<strong><em> 6. August<\/em><\/strong> luden die Gymnastikdamen zum Kaffeenachmittag in die Skih\u00fctte ein. Das Angebot an Kuchen und Torten sowie versch. Getr\u00e4nken wurde erfolgreich angenommen und die H\u00fctte war sehr gut besucht .<\/p>\n<\/div>\n\n\n\n<div class=\"wp-block-group is-nowrap is-layout-flex wp-container-core-group-is-layout-6c531013 wp-block-group-is-layout-flex\">\n<figure class=\"wp-block-image size-large is-resized\"><img loading=\"lazy\" decoding=\"async\" width=\"768\" height=\"1024\" src=\"https:\/\/owv-sc-waldthurn.de\/wp-content\/uploads\/2024\/10\/F-Kaffeenachmittag-1.jpg\" alt=\"\" class=\"wp-image-3437\" style=\"width:434px;height:auto\" srcset=\"https:\/\/owv-sc-waldthurn.de\/wp-content\/uploads\/2024\/10\/F-Kaffeenachmittag-1.jpg 768w, https:\/\/owv-sc-waldthurn.de\/wp-content\/uploads\/2024\/10\/F-Kaffeenachmittag-1-225x300.jpg 225w\" sizes=\"auto, (max-width: 768px) 100vw, 768px\" \/><\/figure>\n\n\n\n<figure class=\"wp-block-image size-large is-resized\"><img loading=\"lazy\" decoding=\"async\" width=\"1024\" height=\"1024\" src=\"https:\/\/owv-sc-waldthurn.de\/wp-content\/uploads\/2024\/10\/F-Kaffeenachmittag-2-1024x1024.jpg\" alt=\"\" class=\"wp-image-3438\" style=\"width:338px;height:auto\" srcset=\"https:\/\/owv-sc-waldthurn.de\/wp-content\/uploads\/2024\/10\/F-Kaffeenachmittag-2-1024x1024.jpg 1024w, https:\/\/owv-sc-waldthurn.de\/wp-content\/uploads\/2024\/10\/F-Kaffeenachmittag-2-300x300.jpg 300w, https:\/\/owv-sc-waldthurn.de\/wp-content\/uploads\/2024\/10\/F-Kaffeenachmittag-2-150x150.jpg 150w, https:\/\/owv-sc-waldthurn.de\/wp-content\/uploads\/2024\/10\/F-Kaffeenachmittag-2-768x768.jpg 768w, https:\/\/owv-sc-waldthurn.de\/wp-content\/uploads\/2024\/10\/F-Kaffeenachmittag-2.jpg 1200w\" sizes=\"auto, (max-width: 1024px) 100vw, 1024px\" \/><\/figure>\n<\/div>\n\n\n\n<div class=\"wp-block-group alignwide is-nowrap is-layout-flex wp-container-core-group-is-layout-6c531013 wp-block-group-is-layout-flex\">\n<figure class=\"wp-block-image size-large is-resized\"><img loading=\"lazy\" decoding=\"async\" width=\"1024\" height=\"561\" src=\"https:\/\/owv-sc-waldthurn.de\/wp-content\/uploads\/2024\/10\/FKaffeenachmittag-4-1024x561.jpg\" alt=\"\" class=\"wp-image-3440\" style=\"width:567px;height:auto\" srcset=\"https:\/\/owv-sc-waldthurn.de\/wp-content\/uploads\/2024\/10\/FKaffeenachmittag-4-1024x561.jpg 1024w, https:\/\/owv-sc-waldthurn.de\/wp-content\/uploads\/2024\/10\/FKaffeenachmittag-4-300x165.jpg 300w, https:\/\/owv-sc-waldthurn.de\/wp-content\/uploads\/2024\/10\/FKaffeenachmittag-4-768x421.jpg 768w, https:\/\/owv-sc-waldthurn.de\/wp-content\/uploads\/2024\/10\/FKaffeenachmittag-4.jpg 1200w\" sizes=\"auto, (max-width: 1024px) 100vw, 1024px\" \/><\/figure>\n\n\n\n<figure class=\"wp-block-image size-large is-resized\"><img loading=\"lazy\" decoding=\"async\" width=\"1024\" height=\"625\" src=\"https:\/\/owv-sc-waldthurn.de\/wp-content\/uploads\/2024\/10\/F-Kaffeenachmittag-3-1024x625.jpg\" alt=\"\" class=\"wp-image-3439\" style=\"width:524px;height:auto\" srcset=\"https:\/\/owv-sc-waldthurn.de\/wp-content\/uploads\/2024\/10\/F-Kaffeenachmittag-3-1024x625.jpg 1024w, https:\/\/owv-sc-waldthurn.de\/wp-content\/uploads\/2024\/10\/F-Kaffeenachmittag-3-300x183.jpg 300w, https:\/\/owv-sc-waldthurn.de\/wp-content\/uploads\/2024\/10\/F-Kaffeenachmittag-3-768x469.jpg 768w, https:\/\/owv-sc-waldthurn.de\/wp-content\/uploads\/2024\/10\/F-Kaffeenachmittag-3.jpg 1200w\" sizes=\"auto, (max-width: 1024px) 100vw, 1024px\" \/><\/figure>\n<\/div>\n\n\n\n<div class=\"wp-block-group alignwide is-layout-flow wp-block-group-is-layout-flow\">\n<p class=\"has-text-align-center has-small-font-size\">An einem Samstagnachmittag Ende <strong><em>September<\/em><\/strong> 2023 unternahmen 12 Wanderfreunde der Smovey Walkinggruppe eine sehr sch\u00f6ne Wanderung durchs Lerautal mit Leuchtenberg<\/p>\n<\/div>\n\n\n\n<div class=\"wp-block-group alignwide is-layout-flow wp-block-group-is-layout-flow\">\n<p class=\"has-text-align-center has-large-font-size\"><strong><em>&#8220; OWV Smovey-Ringe-Walking Gruppe unterwegs im wildromantischen Lerautal <br> und auf den Spuren der Leuchtenberger Geotope &#8222;<\/em><\/strong><\/p>\n<\/div>\n\n\n\n<div class=\"wp-block-group alignwide has-medium-font-size is-layout-flow wp-block-group-is-layout-flow\">\n<p class=\"has-medium-font-size\">Im Geopark Bayern-B\u00f6hmen zu Fu\u00dfe der Burg Leuchtenberg lockt das Naturschutzgebiet Lerautal mit bizarren Felsformationen. Zwischen Sargm\u00fchle und Burgm\u00fchle schl\u00e4ngelt sich eine m\u00e4rchenhafte Granit-Flu\u00dflandschaft. Entlang des Wasserlaufs standen einst 13 M\u00fchlen. Besonders gern hausten dort Nixen, gespenstische Katzen und wilde Wasserm\u00e4nner.<br>Zw\u00f6lf begeisterte Wanderfreunde der neu gegr\u00fcndeten Walkinggruppe, die seit Mai regelm\u00e4\u00dfig donnerstags in den heimischen W\u00e4ldern unterwegs war, trafen sich erwartungsvoll auf dem Parkplatz neben der Ostmarkstra\u00dfe oberhalb der Sargm\u00fchle.<br>Bei herrlichem Wanderwetter starteten wir den Wanderweg folgend zuerst bergab ins tiefe Tal, begleitet von der idyllisch vor sich herflie\u00dfenden Lerau. Unten angekommen \u00fcberquerten wir zum ersten Mal die Lerau \u00fcber den Schafsteg, eine Br\u00fccke aus l\u00e4nglichen Felsquadern. Der Weg Nr. 1 und Burgenweg f\u00fchrt auf einen gut begehbaren Pfad durch das romantische Tal, das auch als Wolfslohklamm in den topographischen Karten verzeichnet wird. Bald steigt der Weg leicht bergauf bis man auf den steil aufragenden Wolfslohfelsen ankommt. Etwa 15 Meter ragt die Felsengruppe senkrecht \u00fcber dem Blockmeer des Flu\u00dfbetts empor. Nur wenige schwindelfreie Wanderdamen wagten sich bis an den Rand des exponierten Felsturms.<br>Nach dem Abstieg folgten wir dem Bachlauf und bestaunten die im Waldst\u00fcck liegenden und auffallend gro\u00dfen Granitbl\u00f6cke aus Leuchtenberger Granit, die als Folge der Wollsackverwitterung ausgepr\u00e4gt rundliche Formen aufweisen. Ziemlich am Ende des Tals verlie\u00dfen wir \u00fcber eine kleine Br\u00fccke den steinigen Wanderweg. Nun waren es nur noch etwa 500 Meter bis zur Burgm\u00fchle und zum Zusammenfluss von Lerau und Luhe. Nach der \u00dcberquerung der Stra\u00dfe f\u00fchrte uns der Weg weiter auf Asphalt Richtung L\u00fcckenrieth und stets mit Blick auf die Luhe.<br>Bei der Hammerm\u00fchle bogen wir in einen steil ansteigenden Waldweg ab, der nach einigen mehreren H\u00f6henmetern am Fu\u00dfe der Burg Leuchtenberg in eine Wiese \u00fcbergeht. Hoch oben angekommen erwartete uns ein herrlicher Blick hinunter ins Tal und weit dar\u00fcber hinaus. Im Entenmarsch weiter entlang des H\u00f6henweges auf schmaler Wegf\u00fchrung trafen wir am Wegesrand gelegen auf eine steinerne Sitzgruppe, die zum Rasten und Verweilen genutzt wurde. Gest\u00e4rkt und frohgelaunt erreichten wir bald einen ehemaligen Steinbruch, zu dessen F\u00fc\u00dfen sich ein dunkler See ausbreitet. Heiter wanderten wir weiter, w\u00e4hrend die Sonne durch das dichte Gr\u00fcn der B\u00e4ume spitzte. Einen Abstecher mit Aufstieg zur Felsengruppe &#8222;Hohes B\u00e4uml&#8220; lohnte sich wahrhaftig und die Zeit schien hier stillzustehen.<br>Rund um Leuchtenberg ist die Zahl eindrucksvoller Felsen und Granit besonders gro\u00df. Entlang des Weges lassen sich diese erdgeschichtlichen Naturwunder, die Geotope, erwandern und bestaunen. Ein absolutes Highlight ist ebenso der imposante Felsenturm &#8222;Teufelsbutterfa\u00df&#8220;, das allgemein gro\u00dfe Begeisterung und Erstaunen ausl\u00f6ste. Viele verschieden schmale Pfade f\u00fchren zu immer wieder neuen Felsbl\u00f6cken und Gestalten. Einfach traumhaft, hier zu verweilen!<br>Nach einer Weile verlie\u00dfen wir Leuchtenberg wieder auf einem steil hinabf\u00fchrenden Steig, \u00fcberquerten die Stra\u00dfe, stiegen ab \u00fcber Stock und Stein und tauchten wieder ein ins Tal der Lerau. Wir \u00fcberquerten zum dritten Mal den Bach und begaben uns auf den R\u00fcckweg aufw\u00e4rts, ohne den Wasserlauf zu verlassen. Der Blick blieb nochmals h\u00e4ngen an der Wolfsloh, ehe man an eine besondere Stelle &#8222;Ewiges Rauschen&#8220; kam, an der sich das Wasser des Baches an so vielen Steinen bricht und zu kleinen Wasserf\u00e4llen wird, so dass das Rauschen nie zu verstummen scheint.<br>\u00dcber den Schafsteg zur\u00fcck, kurz bevor wir das Tal verlie\u00dfen, zeigt ein Hinweisschild auf eine au\u00dfergew\u00f6hnliche Sehensw\u00fcrdigkeit hin. Etwas abseits des Weges erreichten wir einen steinernen Wundergarten, inmitten darin die Granitbl\u00f6cke &#8222;Gottes H\u00e4nde&#8220;. Einer der Felsbl\u00f6cke zeigt sehr markante rinnenf\u00f6rmige Vertiefungen auf, die man als &#8222;Hand mit Finger&#8220; zu erkennen glaubt. Zum Abschluss unserer erlebnisreichen und eindrucksvollen Wanderung war noch gen\u00fcgend Zeit, um die Felsenbl\u00f6cke &#8222;Vier Br\u00fcder&#8220; zu besuchen.<br>Viel frische Luft und Bewegung machten nat\u00fcrlich Hunger und Durst. Deshalb steuerte die Wandergruppe anschlie\u00dfend gleich die Zoiglstube &#8222;Zum Krapfnbauer&#8220; in Vohenstrau\u00df an. Bei s\u00fcffigem Zoigl und leckeren Brotzeiten, bei denen der Spruch &#8222;das Auge isst mit&#8220; wahrlich zutraf, verweilten wir Wanderer noch bis \u2026..????? \ud83d\ude42 \ud83d\ude42<br>Ein Prosit auf die Wanderlust und Geselligkeit, bis zur n\u00e4chsten Geotour ist es nicht mehr weit!<\/p>\n<\/div>\n\n\n\n<p>BILDER : <\/p>\n\n\n\n<div class=\"wp-block-group alignwide has-medium-font-size is-layout-flow wp-block-group-is-layout-flow\">\n<p class=\"has-medium-font-size\"><br>Alle waren voll begeistert von dem wildromantischen Naturschutzgebiet entlang des Leraubachs und der Wanderstrecke am Fu\u00dfe der Burg Leuchtenberg mit seinen sehenswerten gigantischen Felsformationen.<br>Unsere anschlie\u00dfende Einkehr in die Zoiglstube &#8222;Zum Krapfenbauer&#8220; in Vohenstrau\u00df war mit den leckeren Brotzeiten und s\u00fcffigen Zoigln ein weiterer Genuss an diesem sch\u00f6nen Samstagnachmittag.<\/p>\n<\/div>\n\n\n\n<div class=\"wp-block-group alignwide has-medium-font-size is-layout-flow wp-block-group-is-layout-flow\">\n<p class=\"has-medium-font-size\"><br>Zum Schluss meines Berichts m\u00f6chte ich gerne noch anmerken, seit bereits 25 Jahre hab ich das Vergn\u00fcgen die Damen des OWVs zu trainieren und zu begleiten . Wir sind eine sehr aktive und gesellige Gruppe haben viel Spa\u00df und Freude miteinander. Daf\u00fcr ein herzliches Dankesch\u00f6n an die Damen, auch f\u00fcr die jahrelange Treue und Unterst\u00fctzung mir gegen\u00fcber und dem Verein .<\/p>\n<\/div>\n\n\n\n<p class=\"has-text-align-center has-medium-font-size\"><strong><em>Oktober -Dezember Fitnessgymnastik<\/em><\/strong><\/p>\n\n\n\n<figure class=\"wp-block-image alignwide size-large\"><img loading=\"lazy\" decoding=\"async\" width=\"1024\" height=\"272\" src=\"https:\/\/owv-sc-waldthurn.de\/wp-content\/uploads\/2024\/10\/2023-a-Fitnessgym-Nov-1-1024x272.jpg\" alt=\"\" class=\"wp-image-4035\" srcset=\"https:\/\/owv-sc-waldthurn.de\/wp-content\/uploads\/2024\/10\/2023-a-Fitnessgym-Nov-1-1024x272.jpg 1024w, https:\/\/owv-sc-waldthurn.de\/wp-content\/uploads\/2024\/10\/2023-a-Fitnessgym-Nov-1-300x80.jpg 300w, https:\/\/owv-sc-waldthurn.de\/wp-content\/uploads\/2024\/10\/2023-a-Fitnessgym-Nov-1-768x204.jpg 768w, https:\/\/owv-sc-waldthurn.de\/wp-content\/uploads\/2024\/10\/2023-a-Fitnessgym-Nov-1.jpg 1200w\" sizes=\"auto, (max-width: 1024px) 100vw, 1024px\" \/><\/figure>\n\n\n\n<p class=\"has-text-align-center\"><strong><em>Gymnastik im Advent<\/em><\/strong><\/p>\n\n\n\n<figure class=\"wp-block-image alignwide size-large\"><img loading=\"lazy\" decoding=\"async\" width=\"1024\" height=\"238\" src=\"https:\/\/owv-sc-waldthurn.de\/wp-content\/uploads\/2024\/10\/2023-Dez-FitnessGym-ADvent-1024x238.jpg\" alt=\"\" class=\"wp-image-4134\" srcset=\"https:\/\/owv-sc-waldthurn.de\/wp-content\/uploads\/2024\/10\/2023-Dez-FitnessGym-ADvent-1024x238.jpg 1024w, https:\/\/owv-sc-waldthurn.de\/wp-content\/uploads\/2024\/10\/2023-Dez-FitnessGym-ADvent-300x70.jpg 300w, https:\/\/owv-sc-waldthurn.de\/wp-content\/uploads\/2024\/10\/2023-Dez-FitnessGym-ADvent-768x179.jpg 768w, https:\/\/owv-sc-waldthurn.de\/wp-content\/uploads\/2024\/10\/2023-Dez-FitnessGym-ADvent.jpg 1200w\" sizes=\"auto, (max-width: 1024px) 100vw, 1024px\" \/><\/figure>\n\n\n\n<div class=\"wp-block-group alignwide is-nowrap is-layout-flex wp-container-core-group-is-layout-6c531013 wp-block-group-is-layout-flex\">\n<figure class=\"wp-block-image size-large is-resized\"><img loading=\"lazy\" decoding=\"async\" width=\"1024\" height=\"381\" src=\"https:\/\/owv-sc-waldthurn.de\/wp-content\/uploads\/2024\/10\/2023-Dez-Fitnessgym-Advent-2-1024x381.jpg\" alt=\"\" class=\"wp-image-4135\" style=\"width:548px;height:auto\" srcset=\"https:\/\/owv-sc-waldthurn.de\/wp-content\/uploads\/2024\/10\/2023-Dez-Fitnessgym-Advent-2-1024x381.jpg 1024w, https:\/\/owv-sc-waldthurn.de\/wp-content\/uploads\/2024\/10\/2023-Dez-Fitnessgym-Advent-2-300x112.jpg 300w, https:\/\/owv-sc-waldthurn.de\/wp-content\/uploads\/2024\/10\/2023-Dez-Fitnessgym-Advent-2-768x286.jpg 768w, https:\/\/owv-sc-waldthurn.de\/wp-content\/uploads\/2024\/10\/2023-Dez-Fitnessgym-Advent-2.jpg 1200w\" sizes=\"auto, (max-width: 1024px) 100vw, 1024px\" \/><\/figure>\n\n\n\n<figure class=\"wp-block-image size-large is-resized\"><img loading=\"lazy\" decoding=\"async\" width=\"1024\" height=\"462\" src=\"https:\/\/owv-sc-waldthurn.de\/wp-content\/uploads\/2024\/10\/2023-Dez-Fitnessgym-Advent-19_-1024x462.jpg\" alt=\"\" class=\"wp-image-4136\" style=\"width:426px;height:auto\" srcset=\"https:\/\/owv-sc-waldthurn.de\/wp-content\/uploads\/2024\/10\/2023-Dez-Fitnessgym-Advent-19_-1024x462.jpg 1024w, https:\/\/owv-sc-waldthurn.de\/wp-content\/uploads\/2024\/10\/2023-Dez-Fitnessgym-Advent-19_-300x135.jpg 300w, https:\/\/owv-sc-waldthurn.de\/wp-content\/uploads\/2024\/10\/2023-Dez-Fitnessgym-Advent-19_-768x346.jpg 768w, https:\/\/owv-sc-waldthurn.de\/wp-content\/uploads\/2024\/10\/2023-Dez-Fitnessgym-Advent-19_.jpg 1200w\" sizes=\"auto, (max-width: 1024px) 100vw, 1024px\" \/><\/figure>\n<\/div>\n\n\n\n<div class=\"wp-block-group alignwide is-content-justification-center is-nowrap is-layout-flex wp-container-core-group-is-layout-23441af8 wp-block-group-is-layout-flex\">\n<figure class=\"wp-block-image aligncenter size-large is-resized\"><img loading=\"lazy\" decoding=\"async\" width=\"1024\" height=\"335\" src=\"https:\/\/owv-sc-waldthurn.de\/wp-content\/uploads\/2024\/10\/2023-Dez-Fitnessgymn-Advent-12-1-1024x335.jpg\" alt=\"\" class=\"wp-image-4132\" style=\"width:1094px;height:auto\" srcset=\"https:\/\/owv-sc-waldthurn.de\/wp-content\/uploads\/2024\/10\/2023-Dez-Fitnessgymn-Advent-12-1-1024x335.jpg 1024w, https:\/\/owv-sc-waldthurn.de\/wp-content\/uploads\/2024\/10\/2023-Dez-Fitnessgymn-Advent-12-1-300x98.jpg 300w, https:\/\/owv-sc-waldthurn.de\/wp-content\/uploads\/2024\/10\/2023-Dez-Fitnessgymn-Advent-12-1-768x251.jpg 768w, https:\/\/owv-sc-waldthurn.de\/wp-content\/uploads\/2024\/10\/2023-Dez-Fitnessgymn-Advent-12-1.jpg 1200w\" sizes=\"auto, (max-width: 1024px) 100vw, 1024px\" \/><\/figure>\n<\/div>\n\n\n\n<p class=\"has-text-align-center has-large-font-size\">                   <strong><em>2022<\/em><\/strong> <\/p>\n\n\n\n<div class=\"wp-block-group alignwide is-layout-flow wp-block-group-is-layout-flow\">\n<p><strong><em>Februar<\/em><\/strong> ; 2x Gymnastik Helau auch am Faschingsdienstag <br><strong><em>Mai <\/em><\/strong>: Gym &#8211; Abschlu\u00dfwanderung &#8211; Kneipprundweg<br> W\u00f6chentlicher Radltreff<\/p>\n\n\n\n<p><strong><em>Juni <\/em><\/strong>: Wanderung &#8211; Start an der Haberstumpf Kapelle zum Gro\u00dfen Stein &#8211; zur P\u00f6llertn Kapelle \u2013 Zottbachtal <\/p>\n\n\n\n<p>                Bilder: <\/p>\n\n\n\n<p class=\"has-text-align-center has-large-font-size\"><br><strong><em>Juli : 2tages Radtour :<br>Steinwald Fichtelnaab \/ Sauerbachtal \/ Bocklradweg<\/em><\/strong><\/p>\n\n\n\n<p class=\"has-text-align-center\"><strong><em>OWV Radldamen endlich wieder on tour!<\/em><\/strong><\/p>\n\n\n\n<div class=\"wp-block-group is-layout-flow wp-block-group-is-layout-flow\">\n<p>Zwei Tage waren die Radldamen des OWV Waldthurn bei bestem Radlwetter auf dem Fichtelnaab-\/Steinwald Radweg Richtung Heimat unterwegs.<br>Leider konnten einige Damen wegen Krankheit und anderweitiger Termine nicht dabei sein. Dennoch machten sich unter der Federf\u00fchrung von Johanna Gr\u00fcnauer sieben Radlbegeisterte zur lang ersehnten Radtour bei bester Stimmung auf.<br>Der Einstieg gelang an der Europ\u00e4ischen Hauptwasserscheide am Parkplatz Seehaus am Fichtelberg am S\u00fcdhang des Ochsenkopfs, wobei der Fichtelsee \u201eradlerisch\u201c umrundet wurde.<br>Natur pur! Wundersch\u00f6ne Landschaften, abwechslungsreiches, welliges Gel\u00e4nde, Bahntrassen, naturbelassene Wald-, Wiesen- und Feldwege sowie kleine Waldst\u00fccke wechselten sich st\u00e4ndig ab.<br>\u00dcber Mehlmeisel strampelten die Sportlerinnen nach Kronau zur Zoiglwirtschaft mit Biergarten \u201eZum Reiserbesn\u201c zum Mittagsschmaus.<br>Mit neuer Kraft ging es weiter nach Krummennaab und in Zainhammer g\u00f6nnten sie sich nochmal eine kleine Rast im Biergarten \u201eZur Waldsch\u00e4nke\u201c.<br>Mit viel Spa\u00df und guter Laune radelten die Damen entlang an den Teichseen Muckenthal, Konthaner Weiher, die Wiesauer Waldseen Kipp-, Silber-, Perlsee nach Sch\u00f6nhaid.<br>\u00dcber den Vizinalbahnradweg vorbei an \u00c4cker und Felder in die Waldnaabauen verlief die letzte Etappe des ersten Tages.<br>Der Weg f\u00fchrte durch ein Waldgebiet, an der sich die Teiche der \u201eTirschenreuther Teichpfanne\u201c anschlie\u00dft. Von weitem sah man schon am Vizinalbahn Radweg die gigantische 70m lange und 20m hohe Himmelsleiter.<br>Hoch oben ein endlosweiter, genussreicher Ausblick \u00fcber die zahlreichen Teiche und die Auenlandschaft sowie auf die Waldnaab, die sich durch die Naturlandschaft schl\u00e4ngelt.<br>In Tirschenreuth im Restaurant \u201eHotel Seenario\u201c am Fischhofpark lie\u00dfen die Damen bei Speis und Trank den herrlichen Radltag ausklingen.<br>Tags darauf fuhren die \u201eradelnden Sieben\u201c wieder durch herrliche Auenlandschaften, naturbelassene W\u00e4lder und Fluren auf einer abwechslungsreichen Strecke mit mehreren Anstiegen und sch\u00f6nen Abfahrten \u00fcber den Liebenstein Hochspeicher nach Kr\u00e4henhaus, Sch\u00f6nkirch, Waffenhammer, Rotzendorf, Wurz, Hutzlm\u00fchle, Miltenthal ins Sauerbachtal hinein.<br>Nachdem nun viele Kilometer und auch einige H\u00f6henmeter in den Beinen steckten, hatten sich die Radlerinnen ein k\u00f6stliches Mittagsgericht und nat\u00fcrlich ein oder zwei labende Getr\u00e4nke in der sch\u00f6nen \u201eSauerbachh\u00fctte\u201c wahrhaftig verdient.<br>Die letzte Etappe der Zweitagestour f\u00fchrte auf dem Bocklradweg nach insgesamt 145 km wieder nach Waldthurn.<br>Johann Gr\u00fcnauer war wie auch in den Jahren vorher der gute Geist der Radltruppe, der immer wieder an verschiedenen Stellen, unterwegs mit seinem Auto, auf die Damen achtete.<\/p>\n<\/div>\n<\/div>\n\n\n\n<div class=\"wp-block-group alignwide is-layout-flow wp-block-group-is-layout-flow\">\n<p class=\"has-text-align-center\"><strong><em>August<\/em><\/strong> : Radldamen \u2013 Pizzeria Da Salvo<\/p>\n\n\n\n<p>Bilder:             <\/p>\n\n\n\n<p><br><strong><em>September<\/em><\/strong> : <strong>Wanderung <\/strong>&#8211; Blaues Dreieck und Oberpfalzweg &#8211; Start an der Skih\u00fctte \u2013 Mangelsdorf &#8211; Neuenhammer \u2013Dimpfl \u2013 Rammelsleuten \u2013 Zottbachhaus \u2013 Pfifferlingstiel \u2013Bibershof \u2013 Oberbernrieth \u2013 Skih\u00fctte<\/p>\n<\/div>\n\n\n\n<p>Bilder:     <\/p>\n\n\n\n<figure class=\"wp-block-image alignwide size-large\"><img loading=\"lazy\" decoding=\"async\" width=\"1024\" height=\"340\" src=\"https:\/\/owv-sc-waldthurn.de\/wp-content\/uploads\/2024\/10\/2022-Gymnastik-Nov-1-1024x340.jpg\" alt=\"\" class=\"wp-image-4034\" srcset=\"https:\/\/owv-sc-waldthurn.de\/wp-content\/uploads\/2024\/10\/2022-Gymnastik-Nov-1-1024x340.jpg 1024w, https:\/\/owv-sc-waldthurn.de\/wp-content\/uploads\/2024\/10\/2022-Gymnastik-Nov-1-300x100.jpg 300w, https:\/\/owv-sc-waldthurn.de\/wp-content\/uploads\/2024\/10\/2022-Gymnastik-Nov-1-768x255.jpg 768w, https:\/\/owv-sc-waldthurn.de\/wp-content\/uploads\/2024\/10\/2022-Gymnastik-Nov-1.jpg 1200w\" sizes=\"auto, (max-width: 1024px) 100vw, 1024px\" \/><\/figure>\n\n\n\n<p class=\"has-text-align-center has-large-font-size\"><strong><em>2021 Juni<\/em><\/strong> <\/p>\n\n\n\n<p class=\"has-large-font-size\"><strong><em> 60. Geburtstag Johanna Gr\u00fcnauer<\/em><\/strong><\/p>\n\n\n\n<figure class=\"wp-block-gallery alignfull has-nested-images columns-default is-cropped wp-block-gallery-1 is-layout-flex wp-block-gallery-is-layout-flex\">\n<figure class=\"wp-block-image size-large is-resized\"><img loading=\"lazy\" decoding=\"async\" width=\"1024\" height=\"985\" data-id=\"4023\" src=\"https:\/\/owv-sc-waldthurn.de\/wp-content\/uploads\/2024\/10\/2021-60.-Geb-Johanna-1-1024x985.jpg\" alt=\"\" class=\"wp-image-4023\" style=\"width:396px;height:auto\" srcset=\"https:\/\/owv-sc-waldthurn.de\/wp-content\/uploads\/2024\/10\/2021-60.-Geb-Johanna-1-1024x985.jpg 1024w, https:\/\/owv-sc-waldthurn.de\/wp-content\/uploads\/2024\/10\/2021-60.-Geb-Johanna-1-300x289.jpg 300w, https:\/\/owv-sc-waldthurn.de\/wp-content\/uploads\/2024\/10\/2021-60.-Geb-Johanna-1-768x739.jpg 768w, https:\/\/owv-sc-waldthurn.de\/wp-content\/uploads\/2024\/10\/2021-60.-Geb-Johanna-1.jpg 1201w\" sizes=\"auto, (max-width: 1024px) 100vw, 1024px\" \/><\/figure>\n\n\n\n<figure class=\"wp-block-image aligncenter size-large is-resized\"><img loading=\"lazy\" decoding=\"async\" width=\"1024\" height=\"572\" data-id=\"4024\" src=\"https:\/\/owv-sc-waldthurn.de\/wp-content\/uploads\/2024\/10\/2021-60.-Geb-Johanna-2-1024x572.jpg\" alt=\"\" class=\"wp-image-4024\" style=\"width:766px;height:auto\" srcset=\"https:\/\/owv-sc-waldthurn.de\/wp-content\/uploads\/2024\/10\/2021-60.-Geb-Johanna-2-1024x572.jpg 1024w, https:\/\/owv-sc-waldthurn.de\/wp-content\/uploads\/2024\/10\/2021-60.-Geb-Johanna-2-300x168.jpg 300w, https:\/\/owv-sc-waldthurn.de\/wp-content\/uploads\/2024\/10\/2021-60.-Geb-Johanna-2-768x429.jpg 768w, https:\/\/owv-sc-waldthurn.de\/wp-content\/uploads\/2024\/10\/2021-60.-Geb-Johanna-2.jpg 1200w\" sizes=\"auto, (max-width: 1024px) 100vw, 1024px\" \/><\/figure>\n\n\n\n<figure class=\"wp-block-image size-large\"><img loading=\"lazy\" decoding=\"async\" width=\"1024\" height=\"548\" data-id=\"4025\" src=\"https:\/\/owv-sc-waldthurn.de\/wp-content\/uploads\/2024\/10\/2021-60.-Geb-Johanna-3-1024x548.jpg\" alt=\"\" class=\"wp-image-4025\" srcset=\"https:\/\/owv-sc-waldthurn.de\/wp-content\/uploads\/2024\/10\/2021-60.-Geb-Johanna-3-1024x548.jpg 1024w, https:\/\/owv-sc-waldthurn.de\/wp-content\/uploads\/2024\/10\/2021-60.-Geb-Johanna-3-300x161.jpg 300w, https:\/\/owv-sc-waldthurn.de\/wp-content\/uploads\/2024\/10\/2021-60.-Geb-Johanna-3-768x411.jpg 768w, https:\/\/owv-sc-waldthurn.de\/wp-content\/uploads\/2024\/10\/2021-60.-Geb-Johanna-3.jpg 1200w\" sizes=\"auto, (max-width: 1024px) 100vw, 1024px\" \/><\/figure>\n<\/figure>\n\n\n\n<div class=\"wp-block-group alignwide is-nowrap is-layout-flex wp-container-core-group-is-layout-6c531013 wp-block-group-is-layout-flex\">\n<div class=\"wp-block-group is-nowrap is-layout-flex wp-container-core-group-is-layout-6c531013 wp-block-group-is-layout-flex\">\n<figure class=\"wp-block-image size-large is-resized\"><img loading=\"lazy\" decoding=\"async\" width=\"1024\" height=\"840\" src=\"https:\/\/owv-sc-waldthurn.de\/wp-content\/uploads\/2024\/10\/20210720_151754-1024x840.jpg\" alt=\"\" class=\"wp-image-5429\" style=\"width:440px;height:auto\" srcset=\"https:\/\/owv-sc-waldthurn.de\/wp-content\/uploads\/2024\/10\/20210720_151754-1024x840.jpg 1024w, https:\/\/owv-sc-waldthurn.de\/wp-content\/uploads\/2024\/10\/20210720_151754-300x246.jpg 300w, https:\/\/owv-sc-waldthurn.de\/wp-content\/uploads\/2024\/10\/20210720_151754-768x630.jpg 768w, https:\/\/owv-sc-waldthurn.de\/wp-content\/uploads\/2024\/10\/20210720_151754.jpg 1200w\" sizes=\"auto, (max-width: 1024px) 100vw, 1024px\" \/><\/figure>\n<\/div>\n\n\n\n<figure class=\"wp-block-image size-large is-resized\"><img loading=\"lazy\" decoding=\"async\" width=\"1024\" height=\"430\" src=\"https:\/\/owv-sc-waldthurn.de\/wp-content\/uploads\/2024\/10\/2021-07-10_201107-4-1-1024x430.jpg\" alt=\"\" class=\"wp-image-6360\" style=\"width:938px;height:auto\" srcset=\"https:\/\/owv-sc-waldthurn.de\/wp-content\/uploads\/2024\/10\/2021-07-10_201107-4-1-1024x430.jpg 1024w, https:\/\/owv-sc-waldthurn.de\/wp-content\/uploads\/2024\/10\/2021-07-10_201107-4-1-300x126.jpg 300w, https:\/\/owv-sc-waldthurn.de\/wp-content\/uploads\/2024\/10\/2021-07-10_201107-4-1-768x323.jpg 768w, https:\/\/owv-sc-waldthurn.de\/wp-content\/uploads\/2024\/10\/2021-07-10_201107-4-1.jpg 1200w\" sizes=\"auto, (max-width: 1024px) 100vw, 1024px\" \/><\/figure>\n\n\n\n<figure class=\"wp-block-image size-large is-resized\"><img loading=\"lazy\" decoding=\"async\" width=\"1024\" height=\"371\" src=\"https:\/\/owv-sc-waldthurn.de\/wp-content\/uploads\/2024\/10\/20210710_181527-b-1024x371.jpg\" alt=\"\" class=\"wp-image-6359\" style=\"width:911px;height:auto\" srcset=\"https:\/\/owv-sc-waldthurn.de\/wp-content\/uploads\/2024\/10\/20210710_181527-b-1024x371.jpg 1024w, https:\/\/owv-sc-waldthurn.de\/wp-content\/uploads\/2024\/10\/20210710_181527-b-300x109.jpg 300w, https:\/\/owv-sc-waldthurn.de\/wp-content\/uploads\/2024\/10\/20210710_181527-b-768x278.jpg 768w, https:\/\/owv-sc-waldthurn.de\/wp-content\/uploads\/2024\/10\/20210710_181527-b.jpg 1200w\" sizes=\"auto, (max-width: 1024px) 100vw, 1024px\" \/><\/figure>\n\n\n\n<p><\/p>\n<\/div>\n\n\n\n<div class=\"wp-block-group alignwide is-nowrap is-layout-flex wp-container-core-group-is-layout-6c531013 wp-block-group-is-layout-flex\">\n<figure class=\"wp-block-image size-large is-resized is-style-default\"><img loading=\"lazy\" decoding=\"async\" width=\"1024\" height=\"467\" src=\"https:\/\/owv-sc-waldthurn.de\/wp-content\/uploads\/2024\/10\/2021-60.-Geb-Johanna-5-1024x467.jpg\" alt=\"\" class=\"wp-image-4027\" style=\"width:756px;height:auto\" srcset=\"https:\/\/owv-sc-waldthurn.de\/wp-content\/uploads\/2024\/10\/2021-60.-Geb-Johanna-5-1024x467.jpg 1024w, https:\/\/owv-sc-waldthurn.de\/wp-content\/uploads\/2024\/10\/2021-60.-Geb-Johanna-5-300x137.jpg 300w, https:\/\/owv-sc-waldthurn.de\/wp-content\/uploads\/2024\/10\/2021-60.-Geb-Johanna-5-768x350.jpg 768w, https:\/\/owv-sc-waldthurn.de\/wp-content\/uploads\/2024\/10\/2021-60.-Geb-Johanna-5.jpg 1200w\" sizes=\"auto, (max-width: 1024px) 100vw, 1024px\" \/><\/figure>\n\n\n\n<figure class=\"wp-block-image size-large is-resized\"><img loading=\"lazy\" decoding=\"async\" width=\"1024\" height=\"505\" src=\"https:\/\/owv-sc-waldthurn.de\/wp-content\/uploads\/2024\/10\/2021-07-10_201107-2-1024x505.jpg\" alt=\"\" class=\"wp-image-6358\" style=\"width:817px;height:auto\" srcset=\"https:\/\/owv-sc-waldthurn.de\/wp-content\/uploads\/2024\/10\/2021-07-10_201107-2-1024x505.jpg 1024w, https:\/\/owv-sc-waldthurn.de\/wp-content\/uploads\/2024\/10\/2021-07-10_201107-2-300x148.jpg 300w, https:\/\/owv-sc-waldthurn.de\/wp-content\/uploads\/2024\/10\/2021-07-10_201107-2-768x379.jpg 768w, https:\/\/owv-sc-waldthurn.de\/wp-content\/uploads\/2024\/10\/2021-07-10_201107-2.jpg 1200w\" sizes=\"auto, (max-width: 1024px) 100vw, 1024px\" \/><\/figure>\n\n\n\n<figure class=\"wp-block-image size-large is-resized\"><img loading=\"lazy\" decoding=\"async\" width=\"1024\" height=\"1001\" src=\"https:\/\/owv-sc-waldthurn.de\/wp-content\/uploads\/2024\/10\/20210710_191620-1024x1001.jpg\" alt=\"\" class=\"wp-image-5428\" style=\"width:485px;height:auto\" srcset=\"https:\/\/owv-sc-waldthurn.de\/wp-content\/uploads\/2024\/10\/20210710_191620-1024x1001.jpg 1024w, https:\/\/owv-sc-waldthurn.de\/wp-content\/uploads\/2024\/10\/20210710_191620-300x293.jpg 300w, https:\/\/owv-sc-waldthurn.de\/wp-content\/uploads\/2024\/10\/20210710_191620-768x751.jpg 768w, https:\/\/owv-sc-waldthurn.de\/wp-content\/uploads\/2024\/10\/20210710_191620.jpg 1200w\" sizes=\"auto, (max-width: 1024px) 100vw, 1024px\" \/><\/figure>\n\n\n\n<div class=\"wp-block-group alignwide has-global-padding is-layout-constrained wp-block-group-is-layout-constrained\">\n<div class=\"wp-block-group is-nowrap is-layout-flex wp-container-core-group-is-layout-6c531013 wp-block-group-is-layout-flex\">\n<figure class=\"wp-block-image size-large is-resized\"><img loading=\"lazy\" decoding=\"async\" width=\"1024\" height=\"614\" src=\"https:\/\/owv-sc-waldthurn.de\/wp-content\/uploads\/2024\/10\/2021-60.-Geb-Johanna-4-1024x614.jpg\" alt=\"\" class=\"wp-image-4026\" style=\"width:675px;height:auto\" srcset=\"https:\/\/owv-sc-waldthurn.de\/wp-content\/uploads\/2024\/10\/2021-60.-Geb-Johanna-4-1024x614.jpg 1024w, https:\/\/owv-sc-waldthurn.de\/wp-content\/uploads\/2024\/10\/2021-60.-Geb-Johanna-4-300x180.jpg 300w, https:\/\/owv-sc-waldthurn.de\/wp-content\/uploads\/2024\/10\/2021-60.-Geb-Johanna-4-768x460.jpg 768w, https:\/\/owv-sc-waldthurn.de\/wp-content\/uploads\/2024\/10\/2021-60.-Geb-Johanna-4.jpg 1200w\" sizes=\"auto, (max-width: 1024px) 100vw, 1024px\" \/><\/figure>\n<\/div>\n<\/div>\n<\/div>\n\n\n\n<p class=\"has-text-align-center has-large-font-size\"><strong><em>Oktober bis Dezember 2021 &#8211; Fitnessgymnastik<\/em><\/strong><\/p>\n\n\n\n<p class=\"has-text-align-center\"><br><\/p>\n\n\n\n<figure class=\"wp-block-image size-full\"><img loading=\"lazy\" decoding=\"async\" width=\"640\" height=\"311\" src=\"https:\/\/owv-sc-waldthurn.de\/wp-content\/uploads\/2024\/10\/2019-b-Fitnessgym-Nov-Aerobic126_Gif.gif\" alt=\"\" class=\"wp-image-3962\"\/><\/figure>\n\n\n\n<p class=\"has-text-align-center has-large-font-size\">                   <strong><em>2020<\/em><\/strong><\/p>\n\n\n\n<div class=\"wp-block-group alignwide is-layout-flow wp-block-group-is-layout-flow\">\n<p class=\"has-text-align-center\"><strong><em>Januar &#8211; Fitnessgymnastik \/ Februar &#8211; Gymnastik Helau \/ M\u00e4rz &#8211; 2x Gymnastik &#8212;- CoronoLockdown<\/em><\/strong><br><\/p>\n<\/div>\n\n\n\n<div class=\"wp-block-group alignwide is-nowrap is-layout-flex wp-container-core-group-is-layout-6c531013 wp-block-group-is-layout-flex\">\n<figure class=\"wp-block-image size-large is-resized\"><img loading=\"lazy\" decoding=\"async\" width=\"1024\" height=\"812\" src=\"https:\/\/owv-sc-waldthurn.de\/wp-content\/uploads\/2024\/10\/2020-b-Gym-Helau-1024x812.jpg\" alt=\"\" class=\"wp-image-3635\" style=\"width:366px;height:auto\" srcset=\"https:\/\/owv-sc-waldthurn.de\/wp-content\/uploads\/2024\/10\/2020-b-Gym-Helau-1024x812.jpg 1024w, https:\/\/owv-sc-waldthurn.de\/wp-content\/uploads\/2024\/10\/2020-b-Gym-Helau-300x238.jpg 300w, https:\/\/owv-sc-waldthurn.de\/wp-content\/uploads\/2024\/10\/2020-b-Gym-Helau-768x609.jpg 768w, https:\/\/owv-sc-waldthurn.de\/wp-content\/uploads\/2024\/10\/2020-b-Gym-Helau.jpg 1200w\" sizes=\"auto, (max-width: 1024px) 100vw, 1024px\" \/><\/figure>\n\n\n\n<figure class=\"wp-block-image size-full is-resized\"><img loading=\"lazy\" decoding=\"async\" width=\"640\" height=\"399\" src=\"https:\/\/owv-sc-waldthurn.de\/wp-content\/uploads\/2024\/10\/2020-g-Gymn-Helau.jpg\" alt=\"\" class=\"wp-image-3640\" style=\"width:407px;height:auto\" srcset=\"https:\/\/owv-sc-waldthurn.de\/wp-content\/uploads\/2024\/10\/2020-g-Gymn-Helau.jpg 640w, https:\/\/owv-sc-waldthurn.de\/wp-content\/uploads\/2024\/10\/2020-g-Gymn-Helau-300x187.jpg 300w\" sizes=\"auto, (max-width: 640px) 100vw, 640px\" \/><\/figure>\n\n\n\n<figure class=\"wp-block-image size-full is-resized\"><img loading=\"lazy\" decoding=\"async\" width=\"640\" height=\"316\" src=\"https:\/\/owv-sc-waldthurn.de\/wp-content\/uploads\/2024\/10\/l.jpg\" alt=\"\" class=\"wp-image-4259\" style=\"width:382px;height:auto\" srcset=\"https:\/\/owv-sc-waldthurn.de\/wp-content\/uploads\/2024\/10\/l.jpg 640w, https:\/\/owv-sc-waldthurn.de\/wp-content\/uploads\/2024\/10\/l-300x148.jpg 300w\" sizes=\"auto, (max-width: 640px) 100vw, 640px\" \/><\/figure>\n<\/div>\n\n\n\n<div class=\"wp-block-group alignfull is-nowrap is-layout-flex wp-container-core-group-is-layout-6c531013 wp-block-group-is-layout-flex\">\n<figure class=\"wp-block-image size-full is-resized\"><img loading=\"lazy\" decoding=\"async\" width=\"196\" height=\"403\" src=\"https:\/\/owv-sc-waldthurn.de\/wp-content\/uploads\/2024\/10\/2020-gg-Gym-Helau.jpg\" alt=\"\" class=\"wp-image-3641\" style=\"width:220px;height:auto\" srcset=\"https:\/\/owv-sc-waldthurn.de\/wp-content\/uploads\/2024\/10\/2020-gg-Gym-Helau.jpg 196w, https:\/\/owv-sc-waldthurn.de\/wp-content\/uploads\/2024\/10\/2020-gg-Gym-Helau-146x300.jpg 146w\" sizes=\"auto, (max-width: 196px) 100vw, 196px\" \/><\/figure>\n\n\n\n<figure class=\"wp-block-image size-full is-resized\"><img loading=\"lazy\" decoding=\"async\" width=\"640\" height=\"311\" src=\"https:\/\/owv-sc-waldthurn.de\/wp-content\/uploads\/2024\/10\/2020-02-18_Gif-4.gif\" alt=\"\" class=\"wp-image-4261\" style=\"width:498px;height:auto\"\/><\/figure>\n\n\n\n<figure class=\"wp-block-image size-large is-resized\"><img loading=\"lazy\" decoding=\"async\" width=\"1024\" height=\"500\" src=\"https:\/\/owv-sc-waldthurn.de\/wp-content\/uploads\/2024\/10\/2020-bbb-Gym-Helau-2-1024x500.jpg\" alt=\"\" class=\"wp-image-3637\" style=\"width:476px;height:auto\" srcset=\"https:\/\/owv-sc-waldthurn.de\/wp-content\/uploads\/2024\/10\/2020-bbb-Gym-Helau-2-1024x500.jpg 1024w, https:\/\/owv-sc-waldthurn.de\/wp-content\/uploads\/2024\/10\/2020-bbb-Gym-Helau-2-300x147.jpg 300w, https:\/\/owv-sc-waldthurn.de\/wp-content\/uploads\/2024\/10\/2020-bbb-Gym-Helau-2-768x375.jpg 768w, https:\/\/owv-sc-waldthurn.de\/wp-content\/uploads\/2024\/10\/2020-bbb-Gym-Helau-2.jpg 1200w\" sizes=\"auto, (max-width: 1024px) 100vw, 1024px\" \/><\/figure>\n<\/div>\n\n\n\n<div class=\"wp-block-group alignwide is-nowrap is-layout-flex wp-container-core-group-is-layout-6c531013 wp-block-group-is-layout-flex\">\n<figure class=\"wp-block-image size-large is-resized wp-container-content-69bc4bdf\"><img loading=\"lazy\" decoding=\"async\" width=\"1024\" height=\"497\" src=\"https:\/\/owv-sc-waldthurn.de\/wp-content\/uploads\/2024\/10\/2020-a-Gym-Helau-3-2-1024x497.jpg\" alt=\"\" class=\"wp-image-4260\" style=\"width:430px;height:auto\" srcset=\"https:\/\/owv-sc-waldthurn.de\/wp-content\/uploads\/2024\/10\/2020-a-Gym-Helau-3-2-1024x497.jpg 1024w, https:\/\/owv-sc-waldthurn.de\/wp-content\/uploads\/2024\/10\/2020-a-Gym-Helau-3-2-300x146.jpg 300w, https:\/\/owv-sc-waldthurn.de\/wp-content\/uploads\/2024\/10\/2020-a-Gym-Helau-3-2-768x373.jpg 768w, https:\/\/owv-sc-waldthurn.de\/wp-content\/uploads\/2024\/10\/2020-a-Gym-Helau-3-2.jpg 1200w\" sizes=\"auto, (max-width: 1024px) 100vw, 1024px\" \/><\/figure>\n\n\n\n<figure class=\"wp-block-image size-full is-resized\"><img loading=\"lazy\" decoding=\"async\" width=\"640\" height=\"480\" src=\"https:\/\/owv-sc-waldthurn.de\/wp-content\/uploads\/2024\/10\/2020-02-20_Gif.gif\" alt=\"\" class=\"wp-image-4262\" style=\"width:405px;height:auto\"\/><\/figure>\n\n\n\n<figure class=\"wp-block-image size-large is-resized\"><img loading=\"lazy\" decoding=\"async\" width=\"1024\" height=\"497\" src=\"https:\/\/owv-sc-waldthurn.de\/wp-content\/uploads\/2024\/10\/2020-g-Gym-Helau-1024x497.jpg\" alt=\"\" class=\"wp-image-3639\" style=\"width:354px;height:auto\" srcset=\"https:\/\/owv-sc-waldthurn.de\/wp-content\/uploads\/2024\/10\/2020-g-Gym-Helau-1024x497.jpg 1024w, https:\/\/owv-sc-waldthurn.de\/wp-content\/uploads\/2024\/10\/2020-g-Gym-Helau-300x146.jpg 300w, https:\/\/owv-sc-waldthurn.de\/wp-content\/uploads\/2024\/10\/2020-g-Gym-Helau-768x373.jpg 768w, https:\/\/owv-sc-waldthurn.de\/wp-content\/uploads\/2024\/10\/2020-g-Gym-Helau-rotated.jpg 1200w\" sizes=\"auto, (max-width: 1024px) 100vw, 1024px\" \/><\/figure>\n\n\n\n<p class=\"has-text-align-center has-large-font-size\"><br><\/p>\n<\/div>\n\n\n\n<div class=\"wp-block-group alignwide is-layout-flow wp-block-group-is-layout-flow\">\n<p class=\"has-text-align-center has-large-font-size\"><br>                            <strong><em>Wanderung als Ersatz f\u00fcr die  wegen Corona entfallene j\u00e4hrliche 2tg. Radtour<\/em><\/strong><\/p>\n\n\n\n<p class=\"has-medium-font-size\"><br>10 OWV Radldamen wanderten am Samstag 1. August 2020, bei hochsommerlichen Temperaturen, im heimatlichen Pfreimdtal.<br>Auf der ersten H\u00e4lfte der 16 km langen Rundroute , beginnend in B\u00f6hmischbruck, schl\u00e4ngelt sich der Weg immerzu an der Pfreimd entlang; vorbei an der alten Lingl M\u00fchle, hinauf zur R\u00e4uberh\u00f6hle und zum Riesensessel.<br>Bis zur Kainzm\u00fchlsperre ein abwechslungsreiches bergauf bergab , durch W\u00e4lder und Wiesen mit vielen sch\u00f6nen Ausblicken auf den Flu\u00df und das Tal.<br>Die zweite H\u00e4lfte; auf dem R\u00fcckweg, wurden zun\u00e4chst ein paar km auf einem Radweg gewandert, immerzu hinunter an die Pfreimd , den Flu\u00dflauf folgend , durch die Goldbachschleife und schlie\u00dflich zur\u00fcck nach B\u00f6hmischbruck.<br>In Pullenrieth in &#8220; Hubsis Biergarten &#8220; verweilten die Damen noch bis zum sp\u00e4ten Nachmittag, bei Sonne pur mit k\u00fchlen Getr\u00e4nken und k\u00f6stlichen Brotzeiten.<\/p>\n<\/div>\n\n\n\n<p>Bilder:       <\/p>\n\n\n\n<p><strong><em>Wanderung R4 Start in Neuenhammer &#8211; Einkehr beim Hammerwirt<\/em><\/strong><\/p>\n\n\n\n<p>Bilder:       <\/p>\n\n\n\n<p class=\"has-text-align-center has-large-font-size\"><strong><em>2019<\/em><\/strong><\/p>\n\n\n\n<p><strong><em>Januar bis April 2019 &#8211; w\u00f6chentl. Fitnessgymnastik \u2013 sehr gut besucht<\/em><\/strong><\/p>\n\n\n\n<figure class=\"wp-block-gallery alignwide has-nested-images columns-default is-cropped wp-block-gallery-2 is-layout-flex wp-block-gallery-is-layout-flex\">\n<figure class=\"wp-block-image size-large\"><img loading=\"lazy\" decoding=\"async\" width=\"1024\" height=\"393\" data-id=\"4140\" src=\"https:\/\/owv-sc-waldthurn.de\/wp-content\/uploads\/2024\/10\/2019-a-FitnessGym-Jan-1024x393.jpg\" alt=\"\" class=\"wp-image-4140\" srcset=\"https:\/\/owv-sc-waldthurn.de\/wp-content\/uploads\/2024\/10\/2019-a-FitnessGym-Jan-1024x393.jpg 1024w, https:\/\/owv-sc-waldthurn.de\/wp-content\/uploads\/2024\/10\/2019-a-FitnessGym-Jan-300x115.jpg 300w, https:\/\/owv-sc-waldthurn.de\/wp-content\/uploads\/2024\/10\/2019-a-FitnessGym-Jan-768x295.jpg 768w, https:\/\/owv-sc-waldthurn.de\/wp-content\/uploads\/2024\/10\/2019-a-FitnessGym-Jan.jpg 1200w\" sizes=\"auto, (max-width: 1024px) 100vw, 1024px\" \/><\/figure>\n\n\n\n<figure class=\"wp-block-image size-large\"><img loading=\"lazy\" decoding=\"async\" width=\"1024\" height=\"362\" data-id=\"4141\" src=\"https:\/\/owv-sc-waldthurn.de\/wp-content\/uploads\/2024\/10\/2019-a-Gymnastik-Jan-1024x362.jpg\" alt=\"\" class=\"wp-image-4141\" srcset=\"https:\/\/owv-sc-waldthurn.de\/wp-content\/uploads\/2024\/10\/2019-a-Gymnastik-Jan-1024x362.jpg 1024w, https:\/\/owv-sc-waldthurn.de\/wp-content\/uploads\/2024\/10\/2019-a-Gymnastik-Jan-300x106.jpg 300w, https:\/\/owv-sc-waldthurn.de\/wp-content\/uploads\/2024\/10\/2019-a-Gymnastik-Jan-768x271.jpg 768w, https:\/\/owv-sc-waldthurn.de\/wp-content\/uploads\/2024\/10\/2019-a-Gymnastik-Jan.jpg 1200w\" sizes=\"auto, (max-width: 1024px) 100vw, 1024px\" \/><\/figure>\n<\/figure>\n\n\n\n<div class=\"wp-block-group alignwide is-layout-flow wp-block-group-is-layout-flow\">\n<div class=\"wp-block-group is-layout-flow wp-block-group-is-layout-flow\">\n<p><strong><em>Februar &#8211; Gymnastik Helau &#8211; maskierte Gymnastikstunde &#8211; erst schwitzen , dann Energieausgleich mit Sekt und Frohsinn<\/em><\/strong><\/p>\n\n\n\n<p>Bilder:                             <\/p>\n<\/div>\n<\/div>\n\n\n\n<p><\/p>\n\n\n\n<div class=\"wp-block-group alignwide is-layout-flow wp-block-group-is-layout-flow\">\n<p class=\"has-text-align-center has-large-font-size\"><strong><em>23.April<br> Wanderung &#8211; Gymnastikabschluss<\/em><\/strong><\/p>\n\n\n\n<p class=\"has-medium-font-size\"><br> <strong><em>Start : Silberh\u00fctte \u2013 Havran &#8211; Brotfelsen \u2013Schellenberg &#8211; zur Silberh\u00fctte zur\u00fcck<\/em><\/strong> ,<\/p>\n\n\n\n<p><strong><em>ca 10 km \u2013 ca. 2 Std. &#8211; danach Einkehr in St. \u00d6tzen im St. \u00d6tzener Hof der Fam. Schwanitz<\/em><\/strong><\/p>\n<\/div>\n\n\n\n<p>Bilder:     <\/p>\n\n\n\n<div class=\"wp-block-group alignwide is-layout-flow wp-block-group-is-layout-flow\">\n<p class=\"has-text-align-center has-medium-font-size\"><strong><em>3t\u00e4gige Radtour &#8211; 2019 Werra\/ Fulda Radweg &#8211; Eisenach bis Melsung<\/em><\/strong><\/p>\n\n\n\n<p>Bilder siehe  &#8222;Unsere Radtouren&#8220;<\/p>\n<\/div>\n\n\n\n<p class=\"has-text-align-center has-medium-font-size\"><br><strong><em>Oktober bis Dezember &#8211; Fitnessgymnastik<\/em><\/strong><\/p>\n\n\n\n<div class=\"wp-block-group is-nowrap is-layout-flex wp-container-core-group-is-layout-6c531013 wp-block-group-is-layout-flex\">\n<figure class=\"wp-block-image size-large\"><img loading=\"lazy\" decoding=\"async\" width=\"1024\" height=\"374\" src=\"https:\/\/owv-sc-waldthurn.de\/wp-content\/uploads\/2024\/10\/2019-bb-FitnessGym-Oktober-bis-Dez-1024x374.jpg\" alt=\"\" class=\"wp-image-3964\" srcset=\"https:\/\/owv-sc-waldthurn.de\/wp-content\/uploads\/2024\/10\/2019-bb-FitnessGym-Oktober-bis-Dez-1024x374.jpg 1024w, https:\/\/owv-sc-waldthurn.de\/wp-content\/uploads\/2024\/10\/2019-bb-FitnessGym-Oktober-bis-Dez-300x110.jpg 300w, https:\/\/owv-sc-waldthurn.de\/wp-content\/uploads\/2024\/10\/2019-bb-FitnessGym-Oktober-bis-Dez-768x280.jpg 768w, https:\/\/owv-sc-waldthurn.de\/wp-content\/uploads\/2024\/10\/2019-bb-FitnessGym-Oktober-bis-Dez.jpg 1200w\" sizes=\"auto, (max-width: 1024px) 100vw, 1024px\" \/><\/figure>\n<\/div>\n\n\n\n<p><\/p>\n\n\n\n<div class=\"wp-block-group alignwide is-layout-flow wp-block-group-is-layout-flow\">\n<p class=\"has-text-align-center has-large-font-size\"><strong><em>2018<\/em><\/strong><em><strong> <\/strong><\/em> <\/p>\n\n\n\n<p><strong><em>Gymnastik Helau &#8211; Abschlu\u00dfwanderung nach Obertresenfeld in die Zoigl Lounge , w\u00f6chentlicher Radltreff<\/em><\/strong><\/p>\n<\/div>\n\n\n\n<p>Bilder :         <\/p>\n\n\n\n<p><\/p>\n\n\n\n<div class=\"wp-block-group alignwide is-layout-flow wp-block-group-is-layout-flow\">\n<p class=\"has-text-align-center has-medium-font-size\"><strong><em>2 tages Radtour<\/em><\/strong> &#8211; <strong><em>21\/22.Juli 2018 &#8211; Fr\u00e4nkische Saale &#8211; Main Radweg<\/em><\/strong> <\/p>\n\n\n\n<p class=\"has-medium-font-size\">Bilder : siehe &#8222;Unsere Radtouren&#8220;<br><\/p>\n<\/div>\n\n\n\n<p><\/p>\n\n\n\n<p>                             <strong><em>Oktober &#8211; Fitnessgymnastik<\/em><\/strong><\/p>\n\n\n\n<figure class=\"wp-block-image alignwide size-full\"><img loading=\"lazy\" decoding=\"async\" width=\"640\" height=\"360\" src=\"https:\/\/owv-sc-waldthurn.de\/wp-content\/uploads\/2024\/10\/20200304_170520.gif\" alt=\"\" class=\"wp-image-6347\"\/><\/figure>\n","protected":false},"excerpt":{"rendered":"<p>2023 Bericht Jahresr\u00fcckblick Oktober 2022: Alle Jahre wieder ab Oktober Fitnessgymnastik bis Ende April 2023 w\u00f6chentlich dienstags in der Schulturnhalle. Zum Abschluss der Gymnastiksaison unternahmen wir eine Wanderung auf dem Pleysteiner Marterlweg mit anschlie\u00dfender Einkehr in einer Pizzeria in Vohenstrau\u00dfAnfang M\u00e4rz durfte ich nach Genehmigung des OWV Ausschusses Smovey Ringen kaufen und erfreulicherweise konnten die [&hellip;]<\/p>\n","protected":false},"author":2,"featured_media":0,"parent":9741,"menu_order":-2,"comment_status":"closed","ping_status":"closed","template":"","meta":{"footnotes":""},"folder":[],"class_list":["post-784","page","type-page","status-publish","hentry"],"_links":{"self":[{"href":"https:\/\/owv-sc-waldthurn.de\/index.php?rest_route=\/wp\/v2\/pages\/784","targetHints":{"allow":["GET"]}}],"collection":[{"href":"https:\/\/owv-sc-waldthurn.de\/index.php?rest_route=\/wp\/v2\/pages"}],"about":[{"href":"https:\/\/owv-sc-waldthurn.de\/index.php?rest_route=\/wp\/v2\/types\/page"}],"author":[{"embeddable":true,"href":"https:\/\/owv-sc-waldthurn.de\/index.php?rest_route=\/wp\/v2\/users\/2"}],"replies":[{"embeddable":true,"href":"https:\/\/owv-sc-waldthurn.de\/index.php?rest_route=%2Fwp%2Fv2%2Fcomments&post=784"}],"version-history":[{"count":174,"href":"https:\/\/owv-sc-waldthurn.de\/index.php?rest_route=\/wp\/v2\/pages\/784\/revisions"}],"predecessor-version":[{"id":9785,"href":"https:\/\/owv-sc-waldthurn.de\/index.php?rest_route=\/wp\/v2\/pages\/784\/revisions\/9785"}],"up":[{"embeddable":true,"href":"https:\/\/owv-sc-waldthurn.de\/index.php?rest_route=\/wp\/v2\/pages\/9741"}],"wp:attachment":[{"href":"https:\/\/owv-sc-waldthurn.de\/index.php?rest_route=%2Fwp%2Fv2%2Fmedia&parent=784"}],"wp:term":[{"taxonomy":"folder","embeddable":true,"href":"https:\/\/owv-sc-waldthurn.de\/index.php?rest_route=%2Fwp%2Fv2%2Ffolder&post=784"}],"curies":[{"name":"wp","href":"https:\/\/api.w.org\/{rel}","templated":true}]}}