{"id":788,"date":"2024-09-18T18:51:04","date_gmt":"2024-09-18T18:51:04","guid":{"rendered":"https:\/\/owv-sc-waldthurn.de\/?page_id=788"},"modified":"2026-04-15T09:59:22","modified_gmt":"2026-04-15T09:59:22","slug":"schnitzerfreunde","status":"publish","type":"page","link":"https:\/\/owv-sc-waldthurn.de\/?page_id=788","title":{"rendered":"Schnitzerfreunde"},"content":{"rendered":"\n<p class=\"has-large-font-size\">2026 April<\/p>\n\n\n\n<div class=\"wp-block-group alignwide is-layout-flow wp-block-group-is-layout-flow\">\n<p>Schnitzerabschluss im Sportheim: Kreatives Schaffen und gemeinsames Miteinander<\/p>\n<\/div>\n\n\n\n<div class=\"wp-block-group alignwide is-layout-flow wp-block-group-is-layout-flow\">\n<p>Insgesamt 17 Montagabende verbrachten die Schnitzer des Oberpf\u00e4lzer Waldvereins seit November im Werkraum der Grundschule, um ihrem Hobby mit viel Leidenschaft nachzugehen. Besonders erfreulich: Die Gruppe durfte in dieser Saison Zuwachs begr\u00fc\u00dfen! Ein Jungschnitzer entdeckte beim regelm\u00e4\u00dfigen Besuch der Schnitzabende seine Begeisterung f\u00fcr das kunstvolle Handwerk und fand schnell seinen Platz in der Runde.<\/p>\n<\/div>\n\n\n\n<div class=\"wp-block-group alignwide is-layout-flow wp-block-group-is-layout-flow\">\n<p>Unter der Anleitung von Erwin Klotz entstanden in dieser Zeit zahlreiche kleine Kunstwerke, die mit viel Hingabe gefertigt wurden. H\u00f6hepunkte waren dabei unter anderem drei Heilige Familien, die eigens f\u00fcr die Kindertagesst\u00e4tte St. Josef gestaltet wurden. Au\u00dferdem wurde eine gr\u00f6\u00dfere Figurengruppe f\u00fcr die Wallfahrtskirche auf dem Fahrenberg geschaffen. Beim Adventsmarkt der Freien W\u00e4hler pr\u00e4sentierte sich die Schnitzgruppe erneut mit ihren sch\u00f6nen Arbeiten und fand gro\u00dfen Zuspruch. Eine besondere Herausforderung stellte f\u00fcr einige Teilnehmer das Schnitzen eines \u201eMannls mit Kiam\u201c dar, bei der Fingerspitzengef\u00fchl und Geduld gefragt waren.<\/p>\n<\/div>\n\n\n\n<figure class=\"wp-block-image alignwide size-large\"><img loading=\"lazy\" decoding=\"async\" width=\"1024\" height=\"371\" src=\"https:\/\/owv-sc-waldthurn.de\/wp-content\/uploads\/2026\/04\/Abschluss-2026-21a-1-1024x371.jpg\" alt=\"\" class=\"wp-image-10327\" srcset=\"https:\/\/owv-sc-waldthurn.de\/wp-content\/uploads\/2026\/04\/Abschluss-2026-21a-1-1024x371.jpg 1024w, https:\/\/owv-sc-waldthurn.de\/wp-content\/uploads\/2026\/04\/Abschluss-2026-21a-1-300x109.jpg 300w, https:\/\/owv-sc-waldthurn.de\/wp-content\/uploads\/2026\/04\/Abschluss-2026-21a-1-768x278.jpg 768w, https:\/\/owv-sc-waldthurn.de\/wp-content\/uploads\/2026\/04\/Abschluss-2026-21a-1.jpg 1200w\" sizes=\"auto, (max-width: 1024px) 100vw, 1024px\" \/><\/figure>\n\n\n\n<div class=\"wp-block-group alignwide is-layout-flow wp-block-group-is-layout-flow\">\n<p>Neben der kreativen Arbeit kam auch das gesellige Beisammensein nicht zu kurz. Die Gemeinschaft st\u00e4rkte den Zusammenhalt, und insbesondere der Nachwuchs f\u00fchlte sich in der Gruppe sichtlich wohl und aufgenommen.<\/p>\n<\/div>\n\n\n\n<div class=\"wp-block-group alignwide is-layout-flow wp-block-group-is-layout-flow\">\n<p>Beim Abschlussabend im Sportheim blickten alle gemeinsam auf die vergangenen Wochen zur\u00fcck und genossen den gelungenen Abschluss. Ein herzliches Dankesch\u00f6n sprach die Gruppe dem Oberpf\u00e4lzer Waldverein, vertreten durch Vorsitzenden Roman Bauer, f\u00fcr die wertvolle Unterst\u00fctzung aus. Ebenso dankten sie der Gemeinde, die den Werkraum unentgeltlich zur Verf\u00fcgung stellte \u2013 eine wichtige Grundlage f\u00fcr das Gelingen der Schnitzabende. Mit Vorfreude und vielen sch\u00f6nen Erinnerungen blicken die Schnitzer nun auf die n\u00e4chste Saison.<\/p>\n<\/div>\n\n\n\n<div class=\"wp-block-group alignwide is-nowrap is-layout-flex wp-container-core-group-is-layout-6c531013 wp-block-group-is-layout-flex\">\n<figure class=\"wp-block-image size-large\"><img loading=\"lazy\" decoding=\"async\" width=\"1024\" height=\"480\" src=\"https:\/\/owv-sc-waldthurn.de\/wp-content\/uploads\/2026\/04\/Abschluss-2026-9-1024x480.jpg\" alt=\"\" class=\"wp-image-10326\" srcset=\"https:\/\/owv-sc-waldthurn.de\/wp-content\/uploads\/2026\/04\/Abschluss-2026-9-1024x480.jpg 1024w, https:\/\/owv-sc-waldthurn.de\/wp-content\/uploads\/2026\/04\/Abschluss-2026-9-300x141.jpg 300w, https:\/\/owv-sc-waldthurn.de\/wp-content\/uploads\/2026\/04\/Abschluss-2026-9-768x360.jpg 768w, https:\/\/owv-sc-waldthurn.de\/wp-content\/uploads\/2026\/04\/Abschluss-2026-9.jpg 1200w\" sizes=\"auto, (max-width: 1024px) 100vw, 1024px\" \/><\/figure>\n\n\n\n<figure class=\"wp-block-image size-large\"><img loading=\"lazy\" decoding=\"async\" width=\"1024\" height=\"684\" src=\"https:\/\/owv-sc-waldthurn.de\/wp-content\/uploads\/2026\/04\/DSC_0007-1024x684.jpg\" alt=\"\" class=\"wp-image-10333\" srcset=\"https:\/\/owv-sc-waldthurn.de\/wp-content\/uploads\/2026\/04\/DSC_0007-1024x684.jpg 1024w, https:\/\/owv-sc-waldthurn.de\/wp-content\/uploads\/2026\/04\/DSC_0007-300x200.jpg 300w, https:\/\/owv-sc-waldthurn.de\/wp-content\/uploads\/2026\/04\/DSC_0007-768x513.jpg 768w, https:\/\/owv-sc-waldthurn.de\/wp-content\/uploads\/2026\/04\/DSC_0007.jpg 1200w\" sizes=\"auto, (max-width: 1024px) 100vw, 1024px\" \/><\/figure>\n\n\n\n<figure class=\"wp-block-image size-large\"><img loading=\"lazy\" decoding=\"async\" width=\"1024\" height=\"491\" src=\"https:\/\/owv-sc-waldthurn.de\/wp-content\/uploads\/2026\/04\/Abschluss-2026-13-1024x491.jpg\" alt=\"\" class=\"wp-image-10329\" srcset=\"https:\/\/owv-sc-waldthurn.de\/wp-content\/uploads\/2026\/04\/Abschluss-2026-13-1024x491.jpg 1024w, https:\/\/owv-sc-waldthurn.de\/wp-content\/uploads\/2026\/04\/Abschluss-2026-13-300x144.jpg 300w, https:\/\/owv-sc-waldthurn.de\/wp-content\/uploads\/2026\/04\/Abschluss-2026-13-768x368.jpg 768w, https:\/\/owv-sc-waldthurn.de\/wp-content\/uploads\/2026\/04\/Abschluss-2026-13.jpg 1200w\" sizes=\"auto, (max-width: 1024px) 100vw, 1024px\" \/><\/figure>\n<\/div>\n\n\n\n<p class=\"has-x-large-font-size\">2025<\/p>\n\n\n\n<div class=\"wp-block-group alignwide is-layout-flow wp-block-group-is-layout-flow\">\n<p class=\"has-text-align-left has-large-font-size\">                       <strong>OWV-Schnitzer \u00fcberraschen Kinder in Kindertagesst\u00e4tte<\/strong><\/p>\n\n\n\n<figure class=\"wp-block-image alignwide size-large\"><img loading=\"lazy\" decoding=\"async\" width=\"1024\" height=\"749\" src=\"https:\/\/owv-sc-waldthurn.de\/wp-content\/uploads\/2025\/12\/xxx-1024x749.jpg\" alt=\"\" class=\"wp-image-9634\" srcset=\"https:\/\/owv-sc-waldthurn.de\/wp-content\/uploads\/2025\/12\/xxx-1024x749.jpg 1024w, https:\/\/owv-sc-waldthurn.de\/wp-content\/uploads\/2025\/12\/xxx-300x220.jpg 300w, https:\/\/owv-sc-waldthurn.de\/wp-content\/uploads\/2025\/12\/xxx-768x562.jpg 768w, https:\/\/owv-sc-waldthurn.de\/wp-content\/uploads\/2025\/12\/xxx.jpg 1200w\" sizes=\"auto, (max-width: 1024px) 100vw, 1024px\" \/><\/figure>\n\n\n\n<p><br>Von Tanja Pflaum<br>Auch in diesem Jahr bereiteten die Schnitzer des Oberpf\u00e4lzer Waldvereins (OWV) Waldthurn den Kindern in der Kindertagesst\u00e4tte St. Josef eine vorweihnachtliche \u00dcberraschung. Nachdem es im vergangenen Jahr eine Krippe, bestehend aus einem gro\u00dfen Stall mit vielen Figuren, und viele Wassertiere gab, haben sich die Hobbyk\u00fcnstler in diesem Jahr nach reiflicher \u00dcberlegung f\u00fcr drei \u201eHeilige Familien\u201c (bestehend aus Josef, Maria und dem Jesuskind in der Krippe) entschieden. Die Figuren sind gr\u00f6\u00dfer und stabiler gestaltet und damit gut f\u00fcr kleine Kinderh\u00e4nde auch zum Spielen geeignet. \u201eSchnitzerchef\u201c Erwin Klotz und Josef Pflaum senior brachten am vergangenen Donnerstagvormittag die Kunstwerke in die Einrichtung. Die Erzieherinnen Karolina Nemcova, Sabine Zetzl und Tanja Pflaum begr\u00fc\u00dften mit den Vorschulkindern und den Kindern aus der Gelben Gruppe die beiden Hobbyk\u00fcnstler. Mit einem Adventslied und einem kleinen Gedicht bedankten sie sich f\u00fcr die Geschenke. Jeweils eine heilige Familie \u201ewohnt\u201c jetzt in jeder Krippengruppe, eine Heilige Familie ziert den Eingangsbereich. Als zus\u00e4tzliches \u201eZuckerl\u201c hat Erwin Klotz noch einige wundersch\u00f6n gestaltete Holzsterne mitgebracht.<\/p>\n<\/div>\n\n\n\n<figure class=\"wp-block-gallery alignwide has-nested-images columns-default is-cropped wp-block-gallery-1 is-layout-flex wp-block-gallery-is-layout-flex\">\n<figure class=\"wp-block-image size-large\"><img loading=\"lazy\" decoding=\"async\" width=\"1024\" height=\"822\" data-id=\"9638\" src=\"https:\/\/owv-sc-waldthurn.de\/wp-content\/uploads\/2025\/12\/DSC_0009-1024x822.jpg\" alt=\"\" class=\"wp-image-9638\" srcset=\"https:\/\/owv-sc-waldthurn.de\/wp-content\/uploads\/2025\/12\/DSC_0009-1024x822.jpg 1024w, https:\/\/owv-sc-waldthurn.de\/wp-content\/uploads\/2025\/12\/DSC_0009-300x241.jpg 300w, https:\/\/owv-sc-waldthurn.de\/wp-content\/uploads\/2025\/12\/DSC_0009-768x616.jpg 768w, https:\/\/owv-sc-waldthurn.de\/wp-content\/uploads\/2025\/12\/DSC_0009.jpg 1200w\" sizes=\"auto, (max-width: 1024px) 100vw, 1024px\" \/><\/figure>\n\n\n\n<figure class=\"wp-block-image size-large\"><img loading=\"lazy\" decoding=\"async\" width=\"1024\" height=\"561\" data-id=\"9637\" src=\"https:\/\/owv-sc-waldthurn.de\/wp-content\/uploads\/2025\/12\/DSC_0001-1024x561.jpg\" alt=\"\" class=\"wp-image-9637\" srcset=\"https:\/\/owv-sc-waldthurn.de\/wp-content\/uploads\/2025\/12\/DSC_0001-1024x561.jpg 1024w, https:\/\/owv-sc-waldthurn.de\/wp-content\/uploads\/2025\/12\/DSC_0001-300x165.jpg 300w, https:\/\/owv-sc-waldthurn.de\/wp-content\/uploads\/2025\/12\/DSC_0001-768x421.jpg 768w, https:\/\/owv-sc-waldthurn.de\/wp-content\/uploads\/2025\/12\/DSC_0001.jpg 1200w\" sizes=\"auto, (max-width: 1024px) 100vw, 1024px\" \/><\/figure>\n\n\n\n<figure class=\"wp-block-image size-large\"><img loading=\"lazy\" decoding=\"async\" width=\"1024\" height=\"817\" data-id=\"9635\" src=\"https:\/\/owv-sc-waldthurn.de\/wp-content\/uploads\/2025\/12\/DSC_0013-1024x817.jpg\" alt=\"\" class=\"wp-image-9635\" srcset=\"https:\/\/owv-sc-waldthurn.de\/wp-content\/uploads\/2025\/12\/DSC_0013-1024x817.jpg 1024w, https:\/\/owv-sc-waldthurn.de\/wp-content\/uploads\/2025\/12\/DSC_0013-300x239.jpg 300w, https:\/\/owv-sc-waldthurn.de\/wp-content\/uploads\/2025\/12\/DSC_0013-768x612.jpg 768w, https:\/\/owv-sc-waldthurn.de\/wp-content\/uploads\/2025\/12\/DSC_0013.jpg 1200w\" sizes=\"auto, (max-width: 1024px) 100vw, 1024px\" \/><\/figure>\n<\/figure>\n\n\n\n<div class=\"wp-block-group is-nowrap is-layout-flex wp-container-core-group-is-layout-6c531013 wp-block-group-is-layout-flex\"><\/div>\n\n\n\n<p class=\"has-large-font-size\"><strong>November<\/strong>\/<strong> Dezember<\/strong><\/p>\n\n\n\n<figure class=\"wp-block-image size-large is-resized\"><img loading=\"lazy\" decoding=\"async\" width=\"1024\" height=\"1024\" src=\"https:\/\/owv-sc-waldthurn.de\/wp-content\/uploads\/2025\/11\/20251030_093129-1024x1024.jpg\" alt=\"\" class=\"wp-image-9484\" style=\"width:447px;height:auto\" srcset=\"https:\/\/owv-sc-waldthurn.de\/wp-content\/uploads\/2025\/11\/20251030_093129-1024x1024.jpg 1024w, https:\/\/owv-sc-waldthurn.de\/wp-content\/uploads\/2025\/11\/20251030_093129-300x300.jpg 300w, https:\/\/owv-sc-waldthurn.de\/wp-content\/uploads\/2025\/11\/20251030_093129-150x150.jpg 150w, https:\/\/owv-sc-waldthurn.de\/wp-content\/uploads\/2025\/11\/20251030_093129-768x768.jpg 768w, https:\/\/owv-sc-waldthurn.de\/wp-content\/uploads\/2025\/11\/20251030_093129.jpg 1200w\" sizes=\"auto, (max-width: 1024px) 100vw, 1024px\" \/><\/figure>\n\n\n\n<div class=\"wp-block-group alignwide is-nowrap is-layout-flex wp-container-core-group-is-layout-6c531013 wp-block-group-is-layout-flex\">\n<figure class=\"wp-block-image size-large\"><img loading=\"lazy\" decoding=\"async\" width=\"1024\" height=\"462\" src=\"https:\/\/owv-sc-waldthurn.de\/wp-content\/uploads\/2025\/12\/2025-11-30_Schnitzer-1024x462.jpg\" alt=\"\" class=\"wp-image-9613\" srcset=\"https:\/\/owv-sc-waldthurn.de\/wp-content\/uploads\/2025\/12\/2025-11-30_Schnitzer-1024x462.jpg 1024w, https:\/\/owv-sc-waldthurn.de\/wp-content\/uploads\/2025\/12\/2025-11-30_Schnitzer-300x135.jpg 300w, https:\/\/owv-sc-waldthurn.de\/wp-content\/uploads\/2025\/12\/2025-11-30_Schnitzer-768x346.jpg 768w, https:\/\/owv-sc-waldthurn.de\/wp-content\/uploads\/2025\/12\/2025-11-30_Schnitzer.jpg 1200w\" sizes=\"auto, (max-width: 1024px) 100vw, 1024px\" \/><\/figure>\n\n\n\n<div class=\"wp-block-group is-layout-flow wp-block-group-is-layout-flow\">\n<figure class=\"wp-block-image size-large\"><img loading=\"lazy\" decoding=\"async\" width=\"1024\" height=\"576\" src=\"https:\/\/owv-sc-waldthurn.de\/wp-content\/uploads\/2025\/12\/2025-11-30_Schnitzuer-1024x576.jpg\" alt=\"\" class=\"wp-image-9614\" srcset=\"https:\/\/owv-sc-waldthurn.de\/wp-content\/uploads\/2025\/12\/2025-11-30_Schnitzuer-1024x576.jpg 1024w, https:\/\/owv-sc-waldthurn.de\/wp-content\/uploads\/2025\/12\/2025-11-30_Schnitzuer-300x169.jpg 300w, https:\/\/owv-sc-waldthurn.de\/wp-content\/uploads\/2025\/12\/2025-11-30_Schnitzuer-768x432.jpg 768w, https:\/\/owv-sc-waldthurn.de\/wp-content\/uploads\/2025\/12\/2025-11-30_Schnitzuer.jpg 1200w\" sizes=\"auto, (max-width: 1024px) 100vw, 1024px\" \/><\/figure>\n<\/div>\n<\/div>\n\n\n\n<div class=\"wp-block-group is-nowrap is-layout-flex wp-container-core-group-is-layout-6c531013 wp-block-group-is-layout-flex\"><\/div>\n\n\n\n<div class=\"wp-block-group alignwide is-layout-flow wp-block-group-is-layout-flow\">\n<p class=\"has-large-font-size\"><strong>Waldthurner Schnitzergruppe seit November aktiv \u2013 jetzt endet die Schnitzsaison<\/strong><\/p>\n\n\n\n<p class=\"has-medium-font-size\"><br>Von Josef Pflaum sen<br>Anfang November 2024 hat die Schnitzergruppe des Oberpf\u00e4lzer Waldvereins (OWV) in Waldthurn wieder ihre Arbeit aufgenommen und erfreut sich regen Zuspruchs. Die Gruppe traf sich siebzehnmal, um unter der Anleitung von dem erfahrenen Schnitzer Erwin Klotz neue Projekte in Angriff zu nehmen. Die Mitglieder zeigten nicht nur gro\u00dfes Talent, sondern auch Geduld und Hingabe, was mit viel Begeisterung im Team sp\u00fcrbar wird.<br>In den vergangenen Wochen wurden zahlreiche kunstvolle Schnitzereien erstellt. Dabei reicht das Spektrum von traditionellen Figuren bis hin zu modernen Motiven. Diesmal wurden auch Holzkreuze in Angriff genommen. Besonders erfreut zeigte sich die Kindertagesst\u00e4tte St. Josef, als man auf diese zuging und kindgerechte Krippenfiguren schnitzte und zum Thema Wasser passende Meeresbewohner anfertigte.<br>Holz ist nicht nur ein sch\u00f6n zu modellierendes Material, sondern das Naturprodukt reizt auch bei den Meisten die Phantasie, wenn man den unbearbeiteten Holzklotz vor sich sieht. Die aufgemalten Vorlagen umzusetzen ist in der Gruppe umso sch\u00f6ner, wenn neben einer Halben Bier auch das \u201eGschmader\u201c nicht zu kurz kommt. Einer hilft dem anderen und Erwin Klotz geht durch die Reihen und gibt Tipps. Dadurch haben auch Anf\u00e4nger die M\u00f6glichkeit, die Kunst des Schnitzens zu erlernen und eigene Projekte zu realisieren.<br>Der Vorsitzende des OWV Waldthurn und zweite B\u00fcrgermeister Roman Bauer ist stolz auf die bereits geleistete Arbeit und blickt optimistisch in die Zukunft. \u201eIhr seid ein Aush\u00e4ngeschild f\u00fcr den Verein und die Gemeinde, so Bauer beim kleinen Abschlussabend im FSV-Sportheim. Es ist erfreulich, dass die Gruppe selbstst\u00e4ndig arbeitet, ein sch\u00f6ner Zusammenhalt sp\u00fcrbar ist und sich die beiden \u201eHansn\u201c (Hans Pflaum und Hans Oppelt &#8211; beide bereits 85 Jahre alt) auch noch wohl und willkommen f\u00fchlen\u201c, stellt er fest.<br>F\u00fcr n\u00e4chste Saison wird eventuell wieder eine Ausstellung geplant, um sowohl die Freude an der Schnitzkunst zu teilen als auch neue Mitglieder f\u00fcr die Gruppe zu gewinnen. F\u00fcr alle Interessierten und Kunstliebhaber bietet die Schnitzergruppe ab November wieder die M\u00f6glichkeit hinein zu schnuppern und sich der Gruppe anzuschlie\u00dfen.<\/p>\n\n\n\n<p>Bilder:<\/p>\n<\/div>\n\n\n\n<div class=\"wp-block-group alignwide is-layout-flow wp-block-group-is-layout-flow\">\n\n<\/div>\n\n\n\n<p><\/p>\n\n\n\n<p class=\"has-x-large-font-size\">2024<\/p>\n\n\n\n<div class=\"wp-block-group alignwide is-nowrap is-layout-flex wp-container-core-group-is-layout-6c531013 wp-block-group-is-layout-flex\">\n<figure class=\"wp-block-image size-large is-resized\"><img loading=\"lazy\" decoding=\"async\" width=\"1024\" height=\"593\" src=\"https:\/\/owv-sc-waldthurn.de\/wp-content\/uploads\/2024\/12\/20241201_165921-1024x593.jpg\" alt=\"\" class=\"wp-image-8179\" style=\"width:556px;height:auto\" srcset=\"https:\/\/owv-sc-waldthurn.de\/wp-content\/uploads\/2024\/12\/20241201_165921-1024x593.jpg 1024w, https:\/\/owv-sc-waldthurn.de\/wp-content\/uploads\/2024\/12\/20241201_165921-300x174.jpg 300w, https:\/\/owv-sc-waldthurn.de\/wp-content\/uploads\/2024\/12\/20241201_165921-768x445.jpg 768w, https:\/\/owv-sc-waldthurn.de\/wp-content\/uploads\/2024\/12\/20241201_165921.jpg 1200w\" sizes=\"auto, (max-width: 1024px) 100vw, 1024px\" \/><\/figure>\n\n\n\n<p class=\"has-text-align-center\">Advent<\/p>\n\n\n\n<figure class=\"wp-block-image size-large is-resized\"><img loading=\"lazy\" decoding=\"async\" width=\"1024\" height=\"514\" src=\"https:\/\/owv-sc-waldthurn.de\/wp-content\/uploads\/2024\/12\/Schnitzer-2024-1024x514.jpg\" alt=\"\" class=\"wp-image-8178\" style=\"width:610px;height:auto\" srcset=\"https:\/\/owv-sc-waldthurn.de\/wp-content\/uploads\/2024\/12\/Schnitzer-2024-1024x514.jpg 1024w, https:\/\/owv-sc-waldthurn.de\/wp-content\/uploads\/2024\/12\/Schnitzer-2024-300x151.jpg 300w, https:\/\/owv-sc-waldthurn.de\/wp-content\/uploads\/2024\/12\/Schnitzer-2024-768x385.jpg 768w, https:\/\/owv-sc-waldthurn.de\/wp-content\/uploads\/2024\/12\/Schnitzer-2024.jpg 1080w\" sizes=\"auto, (max-width: 1024px) 100vw, 1024px\" \/><\/figure>\n<\/div>\n\n\n\n<div class=\"wp-block-group alignwide is-layout-flow wp-block-group-is-layout-flow\">\n<div class=\"wp-block-group is-layout-flow wp-block-group-is-layout-flow\">\n<p class=\"has-text-align-center has-large-font-size\"><strong><em>OWV-Schnitzer \u00fcberraschen Kita-Kinder<\/em><\/strong><\/p>\n\n\n\n<p><br>Von Tanja Pflaum<br>Seit vielen Jahren treffen sich die Schnitzer des Oberpf\u00e4lzer Waldvereins (OWV)) Waldthurn zwischen Allerheiligen und Ostern immer montags im Werkraum der Grundschule. In geselliger Runde entstehen in dieser Zeit wundersch\u00f6ne Kunstwerke, zum Beispiel Tiere, B\u00e4ume, Krippenfiguren und Figuren aus dem wahren Leben.<br>In diesem Jahr hatte \u201eSchnitzer-Capo\u201c Erwin Klotz eine Idee. \u201eIch wollte schon immer etwas Gemeinn\u00fctziges machen\u201c, erz\u00e4hlte Klotz und so brachte er seinen Einfall, n\u00e4mlich eine Krippe f\u00fcr die Kindertagesst\u00e4tte (Kita) zu bauen, den Schnitzfreunden n\u00e4her. Diese waren von dem Gedanken begeistert und sofort dabei. So kam es, dass die Gruppe kurz vor dem ersten Advent die Kita besuchte. Mit dabei hatten Sie ein gro\u00dfes Krippenhaus und eine geheimnisvolle gelbe Kiste.<br>In der Gelben Gruppe der Tagesst\u00e4tte sa\u00dfen die Kinder bereits erwartungsvoll im Kreis \u2013 von ihren Erzieherinnen Theresa Betz und Tanja Pflaum war ihnen n\u00e4mlich eine \u00dcberraschung angek\u00fcndigt worden. Das Krippenhaus wurde in die Mitte gestellt und Erwin Klotz begann die gelbe Kiste auszupacken. Die Augen der Kinder wurden immer gr\u00f6\u00dfer, als er Maria und Josef, das Jesuskind, Hirten, B\u00e4ume, ein Kamel, einen Elefanten, Ochs und Esel und sogar eine ganze Schafherde auf dem kleinen Tisch aufstellte. Immer wieder griff er in die Kiste und holte Figur um Figur heraus. Und, als ob das noch nicht genug gewesen w\u00e4re, hatten die Schnitzer auch noch andere Tiere mitgebracht. Passend zum Jahresthema \u201eWasser\u201c der Einrichtung hatten die Hobbyk\u00fcnstler verschiedene Fische, Krebse, Pinguine und sogar Eisb\u00e4ren angefertigt. Alle Figuren sind mit vielen Details ausgestattet, liebevoll bemalt und durch ihre Gr\u00f6\u00dfe gut f\u00fcr Kinderh\u00e4nde geeignet. \u201eWir haben beispielsweise die Gesichter herausgearbeitet, bei maschinengefertigten Figuren sind sie oft nur aufgemalt\u201c, erkl\u00e4rte Klotz, dem solche Figuren ein Gr\u00e4uel sind. Er dankte in diesem Zusammenhang auch Sigi Beimler, der das Holz ges\u00e4gt, und Alois B\u00e4umler, der die St\u00fccke glatt gehobelt hat.<br>Gruppenleiterin Theresa Betz bedankte sich im Namen der Kita herzlich f\u00fcr das gro\u00dfz\u00fcgige Geschenk. Mit dem Bewegungsspiel \u201eHoller, Boller, Rumpelsack\u201c sagten auch die Kinder der Gelben Gruppe \u201eVergelt\u2019s Gott\u201c. Damit beim Schnitzen die Kehlen nicht trocken bleiben m\u00fcssen, gab es zudem eine Kleinigkeit f\u00fcr die Getr\u00e4nkekasse. \u201eLiebe Leute, Tsch\u00fcss f\u00fcr heute\u201c \u2013 mit diesem Lied verabschiedeten die Kinder am Ende des Besuches die OWV-Schnitzer.<\/p>\n<\/div>\n<\/div>\n\n\n\n<div class=\"wp-block-group alignwide is-content-justification-center is-nowrap is-layout-flex wp-container-core-group-is-layout-23441af8 wp-block-group-is-layout-flex\">\n<figure class=\"wp-block-image size-large is-resized\"><img loading=\"lazy\" decoding=\"async\" width=\"1024\" height=\"684\" src=\"https:\/\/owv-sc-waldthurn.de\/wp-content\/uploads\/2024\/12\/DSC_0023-1024x684.jpg\" alt=\"\" class=\"wp-image-8160\" style=\"width:440px;height:auto\" srcset=\"https:\/\/owv-sc-waldthurn.de\/wp-content\/uploads\/2024\/12\/DSC_0023-1024x684.jpg 1024w, https:\/\/owv-sc-waldthurn.de\/wp-content\/uploads\/2024\/12\/DSC_0023-300x200.jpg 300w, https:\/\/owv-sc-waldthurn.de\/wp-content\/uploads\/2024\/12\/DSC_0023-768x513.jpg 768w, https:\/\/owv-sc-waldthurn.de\/wp-content\/uploads\/2024\/12\/DSC_0023.jpg 1200w\" sizes=\"auto, (max-width: 1024px) 100vw, 1024px\" \/><\/figure>\n\n\n\n<figure class=\"wp-block-image size-large is-resized\"><img decoding=\"async\" src=\"https:\/\/owv-sc-waldthurn.de\/wp-content\/uploads\/2024\/12\/DSC_0032-1024x684.jpg\" alt=\"\" class=\"wp-image-8164\" style=\"width:428px;height:auto\"\/><\/figure>\n\n\n\n<figure class=\"wp-block-image size-large is-resized\"><img loading=\"lazy\" decoding=\"async\" width=\"1024\" height=\"684\" src=\"https:\/\/owv-sc-waldthurn.de\/wp-content\/uploads\/2024\/12\/DSC_0026-1024x684.jpg\" alt=\"\" class=\"wp-image-8161\" style=\"width:429px;height:auto\" srcset=\"https:\/\/owv-sc-waldthurn.de\/wp-content\/uploads\/2024\/12\/DSC_0026-1024x684.jpg 1024w, https:\/\/owv-sc-waldthurn.de\/wp-content\/uploads\/2024\/12\/DSC_0026-300x200.jpg 300w, https:\/\/owv-sc-waldthurn.de\/wp-content\/uploads\/2024\/12\/DSC_0026-768x513.jpg 768w, https:\/\/owv-sc-waldthurn.de\/wp-content\/uploads\/2024\/12\/DSC_0026.jpg 1200w\" sizes=\"auto, (max-width: 1024px) 100vw, 1024px\" \/><\/figure>\n<\/div>\n\n\n\n<div class=\"wp-block-group alignwide is-layout-flow wp-block-group-is-layout-flow\">\n<div class=\"wp-block-group is-nowrap is-layout-flex wp-container-core-group-is-layout-6c531013 wp-block-group-is-layout-flex\">\n<figure class=\"wp-block-image size-large is-resized\"><img decoding=\"async\" src=\"https:\/\/owv-sc-waldthurn.de\/wp-content\/uploads\/2024\/12\/DSC_0028-1024x684.jpg\" alt=\"\" class=\"wp-image-8162\" style=\"width:556px;height:auto\"\/><\/figure>\n\n\n\n<figure class=\"wp-block-image size-large is-resized\"><img loading=\"lazy\" decoding=\"async\" width=\"1024\" height=\"684\" src=\"https:\/\/owv-sc-waldthurn.de\/wp-content\/uploads\/2024\/12\/DSC_0035-1024x684.jpg\" alt=\"\" class=\"wp-image-8165\" style=\"width:551px;height:auto\" srcset=\"https:\/\/owv-sc-waldthurn.de\/wp-content\/uploads\/2024\/12\/DSC_0035-1024x684.jpg 1024w, https:\/\/owv-sc-waldthurn.de\/wp-content\/uploads\/2024\/12\/DSC_0035-300x200.jpg 300w, https:\/\/owv-sc-waldthurn.de\/wp-content\/uploads\/2024\/12\/DSC_0035-768x513.jpg 768w, https:\/\/owv-sc-waldthurn.de\/wp-content\/uploads\/2024\/12\/DSC_0035.jpg 1200w\" sizes=\"auto, (max-width: 1024px) 100vw, 1024px\" \/><\/figure>\n\n\n\n<figure class=\"wp-block-image size-large is-resized\"><img loading=\"lazy\" decoding=\"async\" width=\"1024\" height=\"684\" src=\"https:\/\/owv-sc-waldthurn.de\/wp-content\/uploads\/2024\/12\/DSC_0031-1024x684.jpg\" alt=\"\" class=\"wp-image-8163\" style=\"width:487px;height:auto\" srcset=\"https:\/\/owv-sc-waldthurn.de\/wp-content\/uploads\/2024\/12\/DSC_0031-1024x684.jpg 1024w, https:\/\/owv-sc-waldthurn.de\/wp-content\/uploads\/2024\/12\/DSC_0031-300x200.jpg 300w, https:\/\/owv-sc-waldthurn.de\/wp-content\/uploads\/2024\/12\/DSC_0031-768x513.jpg 768w, https:\/\/owv-sc-waldthurn.de\/wp-content\/uploads\/2024\/12\/DSC_0031.jpg 1200w\" sizes=\"auto, (max-width: 1024px) 100vw, 1024px\" \/><\/figure>\n<\/div>\n<\/div>\n\n\n\n<p><\/p>\n\n\n\n<p><\/p>\n\n\n\n<div class=\"wp-block-group alignwide is-layout-flow wp-block-group-is-layout-flow\">\n<p>Eine hervorragende Idee hatte Vorsitzender Hans-Peter Reil, als er vor einigen Wochen einen Schnitzkurs anregte.<br>Am Montag, 10.01.2011 trafen sich ca. 20 Interessenten im Werkraum der Schule. Unter der Anleitung von Anton P\u00f6pperl aus Peystein machten sich die Anwesenden sogleich ans Werk. Nach ca. 10 Abenden ist jeder in der Lage \u2013 so Anton P\u00f6pperl \u2013 die Heilige Familie anzufertigen. Weitere Schnitzfreunde sind jederzeit willkommen.<\/p>\n<\/div>\n\n\n\n<figure class=\"wp-block-image size-full is-resized\" id=\"block-350b489f-1d7d-423d-9f26-5a916fc33e20\"><img loading=\"lazy\" decoding=\"async\" width=\"400\" height=\"267\" src=\"https:\/\/owv-sc-waldthurn.de\/wp-content\/uploads\/2024\/10\/DSC_0007.jpg\" alt=\"\" class=\"wp-image-5484\" style=\"width:617px;height:auto\" srcset=\"https:\/\/owv-sc-waldthurn.de\/wp-content\/uploads\/2024\/10\/DSC_0007.jpg 400w, https:\/\/owv-sc-waldthurn.de\/wp-content\/uploads\/2024\/10\/DSC_0007-300x200.jpg 300w\" sizes=\"auto, (max-width: 400px) 100vw, 400px\" \/><\/figure>\n\n\n\n<div class=\"wp-block-group alignwide is-layout-flow wp-block-group-is-layout-flow\">\n<p class=\"has-small-font-size\"><strong><em>Schnitzen \u2013 eine Leidenschaft <\/em><\/strong>(Roman Bauer)<br>Seit nunmehr neun Jahren existiert die Schnitzgemeinschaft des OWV Waldthurn. Anfangs in kleiner Runde trafen sich einige OWV`ler im Werkraum der Grundschule, um dem sch\u00f6nen Hobby nachzugehen. Mittlerweile sind alle Tische und Pl\u00e4tze belegt \u2013 gro\u00df ist das Interesse bei Jung und Alt. Von November bis Februar versammeln sich jeden Montag ca. 20 Schnitzbegeisterte, um Erfahrungen auszutauschen. Der allseits bekannte pensionierte \u201eGendarm\u201c und Chef der Schnitzer Erwin Klotz behauptet, dass das Schnitzen die sch\u00f6nste Nebensache der Welt sei und er jede freie Minute im Keller seines Wohnhauses verbringt, um Krippen, Holzfiguren, Weihnachtssterne, Laternen und vieles mehr eigenh\u00e4ndig anzufertigen. Sein Keller gleicht im \u00dcbrigen mittlerweile einem regelrechten Kunstatelier. Eine Vielzahl an Exponaten und Unikaten sind hier zu besichtigen.<br>Selbstverst\u00e4ndlich kommt Spa\u00df und Humor an den mont\u00e4glichen Treffen nicht zu kurz. Bei einem Bier \u2013 dem sogenannten Schnitzer\u00f6l \u2013 wird so manche lokale Begebenheit kritisch beleuchtet und analysiert. Im Mittelpunkt steht jedoch das Bearbeiten von verschiedenen Holzarten \u2013 und gerade hierzu steht ein wahrer Meister zur Verf\u00fcgung. Die Pleysteiner Schnitzkoryph\u00e4e Anton P\u00f6pperl macht sich jeden Montag auf den Weg \u00fcber den Fahrenberg nach Waldthurn um hier mit Rat und Tat seine Freunde anzuleiten und seinen unermesslich gro\u00dfen Erfahrungsschatz weiterzugeben. Mit viel Geduld und einer inneren Ruhe gibt er wertvolle Tipps und einfache Hinweise, die gerne von seinen Schnitzkollegen angenommen werden.<br>Bleibt nur zu hoffen, dass auch in diesem Jahr ab November der w\u00f6chentliche Schnitzertreff wieder stattfindet.<\/p>\n<\/div>\n\n\n\n<figure class=\"wp-block-image size-full\" id=\"block-8a493f71-f74d-4c9b-ad71-e0c497c248b1\"><img loading=\"lazy\" decoding=\"async\" width=\"875\" height=\"486\" src=\"https:\/\/owv-sc-waldthurn.de\/wp-content\/uploads\/2024\/10\/2012-Schnitzkurs-27.02.jpg\" alt=\"\" class=\"wp-image-5485\" srcset=\"https:\/\/owv-sc-waldthurn.de\/wp-content\/uploads\/2024\/10\/2012-Schnitzkurs-27.02.jpg 875w, https:\/\/owv-sc-waldthurn.de\/wp-content\/uploads\/2024\/10\/2012-Schnitzkurs-27.02-300x167.jpg 300w, https:\/\/owv-sc-waldthurn.de\/wp-content\/uploads\/2024\/10\/2012-Schnitzkurs-27.02-768x427.jpg 768w\" sizes=\"auto, (max-width: 875px) 100vw, 875px\" \/><\/figure>\n\n\n\n<div class=\"wp-block-group alignwide is-layout-flow wp-block-group-is-layout-flow\">\n<p class=\"has-small-font-size\">Gro\u00df war das Interesse beim OWV-Schnitzkurs. (Roman Bauer)<br>An zw\u00f6lf Nachmittagen trafen sich zehn junge Nachwuchsschnitzer im Werkraum der Grundschule Waldthurn, um unter der Anleitung von Anton P\u00f6pperl aus Pleystein die Grundkenntnisse des Schnitzerhandwerkes zu erlernen.Mehr als 60 Figuren, darunter die Heilige Familie mit Hirten und Schafen, fertigten die Kinder, unter Mithilfe des versierten Schnitzmeisters, an. Am letzten Tag nahmen die OWV Vorsitzenden Werner Pankotsch und Roman Bauer die Kunstwerke in Augenschein. Beide waren voll des Lobes \u00fcber die wundersch\u00f6nen Holzfiguren, die ihnen die Kinder stolz zeigten und mit gro\u00dfer Freude und Begeisterung erkl\u00e4rten. Mit Wurstsemmeln und Getr\u00e4nken verabschiedete sich Anton P\u00f6pperl von den Teilnehmern, der versprach im Herbst wieder einen Kurs abzuhalten, was gro\u00dfe Begeisterung ausl\u00f6ste<\/p>\n<\/div>\n\n\n\n<p><\/p>\n","protected":false},"excerpt":{"rendered":"<p>2026 April Schnitzerabschluss im Sportheim: Kreatives Schaffen und gemeinsames Miteinander Insgesamt 17 Montagabende verbrachten die Schnitzer des Oberpf\u00e4lzer Waldvereins seit November im Werkraum der Grundschule, um ihrem Hobby mit viel Leidenschaft nachzugehen. Besonders erfreulich: Die Gruppe durfte in dieser Saison Zuwachs begr\u00fc\u00dfen! Ein Jungschnitzer entdeckte beim regelm\u00e4\u00dfigen Besuch der Schnitzabende seine Begeisterung f\u00fcr das kunstvolle [&hellip;]<\/p>\n","protected":false},"author":2,"featured_media":0,"parent":9724,"menu_order":0,"comment_status":"closed","ping_status":"closed","template":"","meta":{"footnotes":""},"folder":[],"class_list":["post-788","page","type-page","status-publish","hentry"],"_links":{"self":[{"href":"https:\/\/owv-sc-waldthurn.de\/index.php?rest_route=\/wp\/v2\/pages\/788","targetHints":{"allow":["GET"]}}],"collection":[{"href":"https:\/\/owv-sc-waldthurn.de\/index.php?rest_route=\/wp\/v2\/pages"}],"about":[{"href":"https:\/\/owv-sc-waldthurn.de\/index.php?rest_route=\/wp\/v2\/types\/page"}],"author":[{"embeddable":true,"href":"https:\/\/owv-sc-waldthurn.de\/index.php?rest_route=\/wp\/v2\/users\/2"}],"replies":[{"embeddable":true,"href":"https:\/\/owv-sc-waldthurn.de\/index.php?rest_route=%2Fwp%2Fv2%2Fcomments&post=788"}],"version-history":[{"count":31,"href":"https:\/\/owv-sc-waldthurn.de\/index.php?rest_route=\/wp\/v2\/pages\/788\/revisions"}],"predecessor-version":[{"id":10336,"href":"https:\/\/owv-sc-waldthurn.de\/index.php?rest_route=\/wp\/v2\/pages\/788\/revisions\/10336"}],"up":[{"embeddable":true,"href":"https:\/\/owv-sc-waldthurn.de\/index.php?rest_route=\/wp\/v2\/pages\/9724"}],"wp:attachment":[{"href":"https:\/\/owv-sc-waldthurn.de\/index.php?rest_route=%2Fwp%2Fv2%2Fmedia&parent=788"}],"wp:term":[{"taxonomy":"folder","embeddable":true,"href":"https:\/\/owv-sc-waldthurn.de\/index.php?rest_route=%2Fwp%2Fv2%2Ffolder&post=788"}],"curies":[{"name":"wp","href":"https:\/\/api.w.org\/{rel}","templated":true}]}}