{"id":9316,"date":"2025-07-27T12:55:21","date_gmt":"2025-07-27T12:55:21","guid":{"rendered":"https:\/\/owv-sc-waldthurn.de\/?page_id=9316"},"modified":"2025-07-27T14:03:00","modified_gmt":"2025-07-27T14:03:00","slug":"rundwanderweg-luhetal-gruener-punkt","status":"publish","type":"page","link":"https:\/\/owv-sc-waldthurn.de\/?page_id=9316","title":{"rendered":"Rundwanderweg Luhetal &#8211; Gr\u00fcner Punkt- 8 km"},"content":{"rendered":"\n<div class=\"wp-block-group alignwide is-layout-flow wp-block-group-is-layout-flow\">\n<p><br>Ausgangspunkt dieser Wanderung ist am &#8222;Haus der B\u00e4uerin&#8220;, heute eine Artzpraxis. Man wandert zuerst die Stra\u00dfe abw\u00e4rts und biegt dann links in den Luhm\u00fchlweg ein. Oberhalb der Luhm\u00fchle zweigt man nach rechts auf einen Waldweg, der den Wanderer etwa 2,5 km entlang des landwirtschaftlich reizenden Luhetals zur Waldabteilung &#8222;H\u00fchner&#8220; f\u00fchrt. Zwischenzeitlich wird der Blick frei in die Albersriether Flur &#8222;Vockenhof&#8220;, wo ein Waldsassener Klosterhof stand, der bereits 1185 urkundlich erw\u00e4hnt wurde. Auf der Stra\u00dfe geht es einige Meter rechts abw\u00e4rts, um dann wieder links abbiegend einen weiteren Waldtrailweg zu marschieren. Am Waldesrand angekommen, steht ein Gedenkstein mit Ruhebank, zur Erinnerung an den Revierj\u00e4ger Rudolf Pruy.<br>Weiter geht es dann geradeaus \u00fcber einen H\u00fcgel auf Feld- und Wiesenweg entlang bis zur Stra\u00dfe links abbiegend zum &#8222;Schanzl&#8220;, einer mittelalterlichen Befestigungsanlage.<br>Der Turmh\u00fcgel Schanzl, auch Waldauer Schanzl oder Schwedenschanzl genannt, liegt bei Untertresenfeld n\u00f6rdlich der Stra\u00dfe Vohenstrau\u00df- Untertresenfeld-Waldau . Der mittelalterliche Turmh\u00fcgel ist ein denkmalgesch\u00fctztes Bodendenkmal.<br>Einige Meter auf der Stra\u00dfe wandernd kommt man wieder auf Feld- und Wiesenwegen zur\u00fcck zum &#8222;H\u00fchner&#8220;. Zwischen zwei m\u00e4chtigen Linden steht mitten in den Feldern die denkmalgesch\u00fctzte Schraml Kapelle.<br>Vorbei an der Kapelle f\u00fchrt der Weg zur\u00fcck nach Waldthurn zum &#8222;Thurnb\u00fchl&#8220;, der fr\u00fchesten Befestigung von Waldthurn.<br>Ziemlich am Ende der Tour ist noch die Bruder Klaus Kapelle zu sehen. Ein schmaler, steiler Pfad abw\u00e4rts f\u00fchrt die Wanderer nach ca. 8 km wieder zum Ausgangspunkt &#8222;Haus der B\u00e4uerin&#8220; zur\u00fcck.<\/p>\n<\/div>\n\n\n\n<div class=\"wp-block-group alignwide is-nowrap is-layout-flex wp-container-core-group-is-layout-6c531013 wp-block-group-is-layout-flex\">\n<figure class=\"wp-block-image size-full is-resized\"><img loading=\"lazy\" decoding=\"async\" width=\"246\" height=\"328\" src=\"https:\/\/owv-sc-waldthurn.de\/wp-content\/uploads\/2024\/10\/image-2.jpg\" alt=\"\" class=\"wp-image-4101\" style=\"width:247px;height:auto\" srcset=\"https:\/\/owv-sc-waldthurn.de\/wp-content\/uploads\/2024\/10\/image-2.jpg 246w, https:\/\/owv-sc-waldthurn.de\/wp-content\/uploads\/2024\/10\/image-2-225x300.jpg 225w\" sizes=\"auto, (max-width: 246px) 100vw, 246px\" \/><\/figure>\n\n\n\n<div class=\"wp-block-group is-layout-flow wp-block-group-is-layout-flow\">\n<figure class=\"wp-block-image size-large\"><img loading=\"lazy\" decoding=\"async\" width=\"689\" height=\"1024\" src=\"https:\/\/owv-sc-waldthurn.de\/wp-content\/uploads\/2025\/07\/Wanderroute-gruene-Punkt-689x1024.jpg\" alt=\"\" class=\"wp-image-9292\" srcset=\"https:\/\/owv-sc-waldthurn.de\/wp-content\/uploads\/2025\/07\/Wanderroute-gruene-Punkt-689x1024.jpg 689w, https:\/\/owv-sc-waldthurn.de\/wp-content\/uploads\/2025\/07\/Wanderroute-gruene-Punkt-202x300.jpg 202w, https:\/\/owv-sc-waldthurn.de\/wp-content\/uploads\/2025\/07\/Wanderroute-gruene-Punkt-768x1142.jpg 768w, https:\/\/owv-sc-waldthurn.de\/wp-content\/uploads\/2025\/07\/Wanderroute-gruene-Punkt.jpg 807w\" sizes=\"auto, (max-width: 689px) 100vw, 689px\" \/><\/figure>\n<\/div>\n<\/div>\n\n\n\n<div class=\"wp-block-group is-nowrap is-layout-flex wp-container-core-group-is-layout-6c531013 wp-block-group-is-layout-flex\"><\/div>\n","protected":false},"excerpt":{"rendered":"<p>Ausgangspunkt dieser Wanderung ist am &#8222;Haus der B\u00e4uerin&#8220;, heute eine Artzpraxis. Man wandert zuerst die Stra\u00dfe abw\u00e4rts und biegt dann links in den Luhm\u00fchlweg ein. Oberhalb der Luhm\u00fchle zweigt man nach rechts auf einen Waldweg, der den Wanderer etwa 2,5 km entlang des landwirtschaftlich reizenden Luhetals zur Waldabteilung &#8222;H\u00fchner&#8220; f\u00fchrt. Zwischenzeitlich wird der Blick frei [&hellip;]<\/p>\n","protected":false},"author":1,"featured_media":0,"parent":792,"menu_order":0,"comment_status":"closed","ping_status":"closed","template":"","meta":{"footnotes":""},"folder":[],"class_list":["post-9316","page","type-page","status-publish","hentry"],"_links":{"self":[{"href":"https:\/\/owv-sc-waldthurn.de\/index.php?rest_route=\/wp\/v2\/pages\/9316","targetHints":{"allow":["GET"]}}],"collection":[{"href":"https:\/\/owv-sc-waldthurn.de\/index.php?rest_route=\/wp\/v2\/pages"}],"about":[{"href":"https:\/\/owv-sc-waldthurn.de\/index.php?rest_route=\/wp\/v2\/types\/page"}],"author":[{"embeddable":true,"href":"https:\/\/owv-sc-waldthurn.de\/index.php?rest_route=\/wp\/v2\/users\/1"}],"replies":[{"embeddable":true,"href":"https:\/\/owv-sc-waldthurn.de\/index.php?rest_route=%2Fwp%2Fv2%2Fcomments&post=9316"}],"version-history":[{"count":9,"href":"https:\/\/owv-sc-waldthurn.de\/index.php?rest_route=\/wp\/v2\/pages\/9316\/revisions"}],"predecessor-version":[{"id":9336,"href":"https:\/\/owv-sc-waldthurn.de\/index.php?rest_route=\/wp\/v2\/pages\/9316\/revisions\/9336"}],"up":[{"embeddable":true,"href":"https:\/\/owv-sc-waldthurn.de\/index.php?rest_route=\/wp\/v2\/pages\/792"}],"wp:attachment":[{"href":"https:\/\/owv-sc-waldthurn.de\/index.php?rest_route=%2Fwp%2Fv2%2Fmedia&parent=9316"}],"wp:term":[{"taxonomy":"folder","embeddable":true,"href":"https:\/\/owv-sc-waldthurn.de\/index.php?rest_route=%2Fwp%2Fv2%2Ffolder&post=9316"}],"curies":[{"name":"wp","href":"https:\/\/api.w.org\/{rel}","templated":true}]}}