{"id":9724,"date":"2026-01-04T20:35:16","date_gmt":"2026-01-04T20:35:16","guid":{"rendered":"https:\/\/owv-sc-waldthurn.de\/?page_id=9724"},"modified":"2026-04-15T10:00:53","modified_gmt":"2026-04-15T10:00:53","slug":"vereinsleben-2","status":"publish","type":"page","link":"https:\/\/owv-sc-waldthurn.de\/?page_id=9724","title":{"rendered":"OWV Vereinsleben"},"content":{"rendered":"\n<div class=\"wp-block-group alignwide is-layout-flow wp-block-group-is-layout-flow\">\n<p class=\"has-large-font-size\">April 12. <strong>OWV Kaffeenachmittag in der OWV Skih\u00fctte &#8211; grandios <\/strong>\ud83d\ude42<\/p>\n\n\n\n<p class=\"has-medium-font-size\"><strong>Familien M\u00fcller Petra, M\u00e4ckl Marin und Schmid Christian<\/strong><\/p>\n<\/div>\n\n\n\n<div class=\"wp-block-group alignwide has-global-padding is-layout-constrained wp-block-group-is-layout-constrained\">\n<figure class=\"wp-block-gallery alignwide has-nested-images columns-default wp-block-gallery-1 is-layout-flex wp-block-gallery-is-layout-flex\">\n<figure data-wp-context=\"{&quot;imageId&quot;:&quot;69f36874e75ad&quot;}\" data-wp-interactive=\"core\/image\" data-wp-key=\"69f36874e75ad\" class=\"wp-block-image size-large wp-lightbox-container\"><img loading=\"lazy\" decoding=\"async\" width=\"1024\" height=\"871\" data-wp-class--hide=\"state.isContentHidden\" data-wp-class--show=\"state.isContentVisible\" data-wp-init=\"callbacks.setButtonStyles\" data-wp-on--click=\"actions.showLightbox\" data-wp-on--load=\"callbacks.setButtonStyles\" data-wp-on-window--resize=\"callbacks.setButtonStyles\" data-id=\"10276\" src=\"https:\/\/owv-sc-waldthurn.de\/wp-content\/uploads\/2026\/04\/20260412_161524-1024x871.jpg\" alt=\"\" class=\"wp-image-10276\" srcset=\"https:\/\/owv-sc-waldthurn.de\/wp-content\/uploads\/2026\/04\/20260412_161524-1024x871.jpg 1024w, https:\/\/owv-sc-waldthurn.de\/wp-content\/uploads\/2026\/04\/20260412_161524-300x255.jpg 300w, https:\/\/owv-sc-waldthurn.de\/wp-content\/uploads\/2026\/04\/20260412_161524-768x653.jpg 768w, https:\/\/owv-sc-waldthurn.de\/wp-content\/uploads\/2026\/04\/20260412_161524.jpg 1200w\" sizes=\"auto, (max-width: 1024px) 100vw, 1024px\" \/><button\n\t\t\tclass=\"lightbox-trigger\"\n\t\t\ttype=\"button\"\n\t\t\taria-haspopup=\"dialog\"\n\t\t\taria-label=\"Vergr\u00f6\u00dfern\"\n\t\t\tdata-wp-init=\"callbacks.initTriggerButton\"\n\t\t\tdata-wp-on--click=\"actions.showLightbox\"\n\t\t\tdata-wp-style--right=\"state.imageButtonRight\"\n\t\t\tdata-wp-style--top=\"state.imageButtonTop\"\n\t\t>\n\t\t\t<svg xmlns=\"http:\/\/www.w3.org\/2000\/svg\" width=\"12\" height=\"12\" fill=\"none\" viewBox=\"0 0 12 12\">\n\t\t\t\t<path fill=\"#fff\" d=\"M2 0a2 2 0 0 0-2 2v2h1.5V2a.5.5 0 0 1 .5-.5h2V0H2Zm2 10.5H2a.5.5 0 0 1-.5-.5V8H0v2a2 2 0 0 0 2 2h2v-1.5ZM8 12v-1.5h2a.5.5 0 0 0 .5-.5V8H12v2a2 2 0 0 1-2 2H8Zm2-12a2 2 0 0 1 2 2v2h-1.5V2a.5.5 0 0 0-.5-.5H8V0h2Z\" \/>\n\t\t\t<\/svg>\n\t\t<\/button><\/figure>\n\n\n\n<figure data-wp-context=\"{&quot;imageId&quot;:&quot;69f36874e7960&quot;}\" data-wp-interactive=\"core\/image\" data-wp-key=\"69f36874e7960\" class=\"wp-block-image size-full wp-lightbox-container\"><img loading=\"lazy\" decoding=\"async\" width=\"1200\" height=\"630\" data-wp-class--hide=\"state.isContentHidden\" data-wp-class--show=\"state.isContentVisible\" data-wp-init=\"callbacks.setButtonStyles\" data-wp-on--click=\"actions.showLightbox\" data-wp-on--load=\"callbacks.setButtonStyles\" data-wp-on-window--resize=\"callbacks.setButtonStyles\" data-id=\"10277\" src=\"https:\/\/owv-sc-waldthurn.de\/wp-content\/uploads\/2026\/04\/IMG-20260412-WA0001.jpg\" alt=\"\" class=\"wp-image-10277\" srcset=\"https:\/\/owv-sc-waldthurn.de\/wp-content\/uploads\/2026\/04\/IMG-20260412-WA0001.jpg 1200w, https:\/\/owv-sc-waldthurn.de\/wp-content\/uploads\/2026\/04\/IMG-20260412-WA0001-300x158.jpg 300w, https:\/\/owv-sc-waldthurn.de\/wp-content\/uploads\/2026\/04\/IMG-20260412-WA0001-1024x538.jpg 1024w, https:\/\/owv-sc-waldthurn.de\/wp-content\/uploads\/2026\/04\/IMG-20260412-WA0001-768x403.jpg 768w\" sizes=\"auto, (max-width: 1200px) 100vw, 1200px\" \/><button\n\t\t\tclass=\"lightbox-trigger\"\n\t\t\ttype=\"button\"\n\t\t\taria-haspopup=\"dialog\"\n\t\t\taria-label=\"Vergr\u00f6\u00dfern\"\n\t\t\tdata-wp-init=\"callbacks.initTriggerButton\"\n\t\t\tdata-wp-on--click=\"actions.showLightbox\"\n\t\t\tdata-wp-style--right=\"state.imageButtonRight\"\n\t\t\tdata-wp-style--top=\"state.imageButtonTop\"\n\t\t>\n\t\t\t<svg xmlns=\"http:\/\/www.w3.org\/2000\/svg\" width=\"12\" height=\"12\" fill=\"none\" viewBox=\"0 0 12 12\">\n\t\t\t\t<path fill=\"#fff\" d=\"M2 0a2 2 0 0 0-2 2v2h1.5V2a.5.5 0 0 1 .5-.5h2V0H2Zm2 10.5H2a.5.5 0 0 1-.5-.5V8H0v2a2 2 0 0 0 2 2h2v-1.5ZM8 12v-1.5h2a.5.5 0 0 0 .5-.5V8H12v2a2 2 0 0 1-2 2H8Zm2-12a2 2 0 0 1 2 2v2h-1.5V2a.5.5 0 0 0-.5-.5H8V0h2Z\" \/>\n\t\t\t<\/svg>\n\t\t<\/button><\/figure>\n\n\n\n<figure class=\"wp-block-image size-medium\"><img loading=\"lazy\" decoding=\"async\" width=\"227\" height=\"300\" data-id=\"10279\" src=\"https:\/\/owv-sc-waldthurn.de\/wp-content\/uploads\/2026\/04\/2026-April-TortenKarte-227x300.jpg\" alt=\"\" class=\"wp-image-10279\" srcset=\"https:\/\/owv-sc-waldthurn.de\/wp-content\/uploads\/2026\/04\/2026-April-TortenKarte-227x300.jpg 227w, https:\/\/owv-sc-waldthurn.de\/wp-content\/uploads\/2026\/04\/2026-April-TortenKarte-774x1024.jpg 774w, https:\/\/owv-sc-waldthurn.de\/wp-content\/uploads\/2026\/04\/2026-April-TortenKarte-768x1016.jpg 768w, https:\/\/owv-sc-waldthurn.de\/wp-content\/uploads\/2026\/04\/2026-April-TortenKarte.jpg 907w\" sizes=\"auto, (max-width: 227px) 100vw, 227px\" \/><\/figure>\n<\/figure>\n<\/div>\n\n\n\n<div class=\"wp-block-group is-nowrap is-layout-flex wp-container-core-group-is-layout-6c531013 wp-block-group-is-layout-flex\"><\/div>\n\n\n\n<div class=\"wp-block-group alignwide is-layout-flow wp-block-group-is-layout-flow\">\n<p><strong><em>Totenbrett f\u00fcr Werner Arnold<\/em><\/strong><\/p>\n\n\n\n<figure data-wp-context=\"{&quot;imageId&quot;:&quot;69f36874e7f1f&quot;}\" data-wp-interactive=\"core\/image\" data-wp-key=\"69f36874e7f1f\" class=\"wp-block-image size-large wp-lightbox-container\"><img loading=\"lazy\" decoding=\"async\" width=\"1024\" height=\"258\" data-wp-class--hide=\"state.isContentHidden\" data-wp-class--show=\"state.isContentVisible\" data-wp-init=\"callbacks.setButtonStyles\" data-wp-on--click=\"actions.showLightbox\" data-wp-on--load=\"callbacks.setButtonStyles\" data-wp-on-window--resize=\"callbacks.setButtonStyles\" src=\"https:\/\/owv-sc-waldthurn.de\/wp-content\/uploads\/2026\/04\/Foto-Totenbretter-3-1-1024x258.jpg\" alt=\"\" class=\"wp-image-10310\" srcset=\"https:\/\/owv-sc-waldthurn.de\/wp-content\/uploads\/2026\/04\/Foto-Totenbretter-3-1-1024x258.jpg 1024w, https:\/\/owv-sc-waldthurn.de\/wp-content\/uploads\/2026\/04\/Foto-Totenbretter-3-1-300x76.jpg 300w, https:\/\/owv-sc-waldthurn.de\/wp-content\/uploads\/2026\/04\/Foto-Totenbretter-3-1-768x193.jpg 768w, https:\/\/owv-sc-waldthurn.de\/wp-content\/uploads\/2026\/04\/Foto-Totenbretter-3-1.jpg 1200w\" sizes=\"auto, (max-width: 1024px) 100vw, 1024px\" \/><button\n\t\t\tclass=\"lightbox-trigger\"\n\t\t\ttype=\"button\"\n\t\t\taria-haspopup=\"dialog\"\n\t\t\taria-label=\"Vergr\u00f6\u00dfern\"\n\t\t\tdata-wp-init=\"callbacks.initTriggerButton\"\n\t\t\tdata-wp-on--click=\"actions.showLightbox\"\n\t\t\tdata-wp-style--right=\"state.imageButtonRight\"\n\t\t\tdata-wp-style--top=\"state.imageButtonTop\"\n\t\t>\n\t\t\t<svg xmlns=\"http:\/\/www.w3.org\/2000\/svg\" width=\"12\" height=\"12\" fill=\"none\" viewBox=\"0 0 12 12\">\n\t\t\t\t<path fill=\"#fff\" d=\"M2 0a2 2 0 0 0-2 2v2h1.5V2a.5.5 0 0 1 .5-.5h2V0H2Zm2 10.5H2a.5.5 0 0 1-.5-.5V8H0v2a2 2 0 0 0 2 2h2v-1.5ZM8 12v-1.5h2a.5.5 0 0 0 .5-.5V8H12v2a2 2 0 0 1-2 2H8Zm2-12a2 2 0 0 1 2 2v2h-1.5V2a.5.5 0 0 0-.5-.5H8V0h2Z\" \/>\n\t\t\t<\/svg>\n\t\t<\/button><\/figure>\n\n\n\n<div class=\"wp-block-group is-nowrap is-layout-flex wp-container-core-group-is-layout-6c531013 wp-block-group-is-layout-flex\">\n<p>Seit jeher widmet der Oberpf\u00e4lzer Waldverein Waldthurn seinen verstorbenen und verdienstvollen Mitgliedern ein Totenbrett. So wurde an der bestehenden Anlage am \u00f6stlichen Ortsausgang von Waldthurn in Richtung Oberbernrieth ein weiteres Totenbrett zum Gedenken an Werner Arnold, langj\u00e4hriger stellvertretender Vorsitzender des OWV Waldthurn und jahrzehntelanger Spartenleiter der angegliederten Skiabteilung, angebracht. In Zusammenarbeit mit dem Schreinermeister Alois B\u00e4umler, der bei Werner Arnold das Schreinerhandwerk erlernte und den Betrieb samt Belegschaft \u00fcbernahm, Bernhard Karl, der den Text erstellte, Helmut Gollwitzer, der das Layout entwarf und Helmut und Heiko Glaser, die die Buchstaben aufklebten und das neue Brett montierten, konnte nun endlich dem Waldthurner Original ein sichtbares Ged\u00e4chtnis hinterlegt werden. So hei\u00dft es auf dem neuerrichteten Totenbrett: \u201eGebetsandenken an Herrn Werner Arnold geb. 29.04.1942 gest. 28.08.2021\u201c. \u201eHeimat, Jagd und Handwerk war sein Leben \u2013 f\u00fcr seine Lieben hat er alles gegeben, drum Wanderer halt inne auf ein kurzes Verweil, beh\u00fcte dich Gott und Weidmannsheil.<\/p>\n<\/div>\n\n\n\n<p>Das Totenbrett-Brauchtum stammt aus jener Zeit, als der Verstorbene noch zuhause aufgebahrt wurde. Nach der Beerdigung wurde das Brett, auf dem der Tote gelegen hatte, zum Schreiner gebracht, der Geburts- und Sterbedaten des Verstorbenen und einen geeigneten Spruch, einarbeitete. Nach vielen Jahren, wenn das Brett morsch und verwittert ist, darf es abmontiert werden, weil dann die Seele in den Himmel aufgestiegen ist.<\/p>\n\n\n\n<p>Roman Bauer<\/p>\n\n\n\n<figure class=\"wp-block-image size-medium is-resized\"><img loading=\"lazy\" decoding=\"async\" width=\"225\" height=\"300\" src=\"https:\/\/owv-sc-waldthurn.de\/wp-content\/uploads\/2026\/04\/Foto-Totenbretter-5-225x300.jpg\" alt=\"\" class=\"wp-image-10309\" style=\"width:432px;height:auto\" srcset=\"https:\/\/owv-sc-waldthurn.de\/wp-content\/uploads\/2026\/04\/Foto-Totenbretter-5-225x300.jpg 225w, https:\/\/owv-sc-waldthurn.de\/wp-content\/uploads\/2026\/04\/Foto-Totenbretter-5-768x1024.jpg 768w, https:\/\/owv-sc-waldthurn.de\/wp-content\/uploads\/2026\/04\/Foto-Totenbretter-5.jpg 900w\" sizes=\"auto, (max-width: 225px) 100vw, 225px\" \/><\/figure>\n\n\n\n<p class=\"has-large-font-size\">April &#8211; <strong>Rama Dama<\/strong><\/p>\n\n\n\n<p><\/p>\n<\/div>\n\n\n\n<div class=\"wp-block-group alignwide is-layout-flow wp-block-group-is-layout-flow\">\n<p>Die Pflege von Heimat und Natur ist eine der Hauptaufgaben des OWV Waldthurn. Auch in diesem Jahr beteiligten sich die Mitglieder an der \u201eRama-Dama\u201c Aktion des Landkreises Neustadt an der Waldnaab.<\/p>\n<\/div>\n\n\n\n<div class=\"wp-block-group alignwide is-layout-flow wp-block-group-is-layout-flow\">\n<p>Mit dem Traktor von Umweltaktivist Konrad Seibert r\u00fcckten die Vorsitzenden Heiko Glaser und Dominik Klos mit ihren Helfern Helmut Glaser, Maxl M\u00fcllner, Wolfgang Bergmann, Matthias Scheck und Martin M\u00e4ckl aus, um die Fluren und Stra\u00dfengr\u00e4ben am Fu\u00dfe des Fahrenbergs, das Gebiet zum Steinb\u00fchl \u00fcber den Hirmesb\u00fchl bis zu den Totenbrettern von unerlaubtem M\u00fcll zu s\u00e4ubern. Leider gibt es immer noch einige Umwelts\u00fcnder, die illegal den privaten Unrat ablagern. Sehr zu bem\u00e4ngeln sind die Hinterlassenschaften der frei umherlaufenden Vierbeiner. Hier sollten die Hundebesitzer doch mehr Sorgfalt walten lassen und die ekeligen Ausscheidungen umweltgerecht in einem Hundebeutel entsorgen.<\/p>\n<\/div>\n\n\n\n<div class=\"wp-block-group alignwide is-layout-flow wp-block-group-is-layout-flow\">\n<p>Bei der Sammelstelle am Bauhof wurden die angesammelten Flaschen, Dosen, Plastikt\u00fcten, Autoreifen, Bauschutt und vieles mehr ordnungsgem\u00e4\u00df abgegeben.<\/p>\n<\/div>\n\n\n\n<p>Roman Bauer<\/p>\n\n\n\n<div class=\"wp-block-group alignwide is-layout-flow wp-block-group-is-layout-flow\">\n<div class=\"wp-block-media-text is-stacked-on-mobile\" style=\"grid-template-columns:64% auto\"><figure class=\"wp-block-media-text__media\"><img loading=\"lazy\" decoding=\"async\" width=\"1024\" height=\"768\" src=\"https:\/\/owv-sc-waldthurn.de\/wp-content\/uploads\/2026\/04\/IMG-20260409-WA0000-1024x768.jpg\" alt=\"\" class=\"wp-image-10260 size-full\" srcset=\"https:\/\/owv-sc-waldthurn.de\/wp-content\/uploads\/2026\/04\/IMG-20260409-WA0000-1024x768.jpg 1024w, https:\/\/owv-sc-waldthurn.de\/wp-content\/uploads\/2026\/04\/IMG-20260409-WA0000-300x225.jpg 300w, https:\/\/owv-sc-waldthurn.de\/wp-content\/uploads\/2026\/04\/IMG-20260409-WA0000-768x576.jpg 768w, https:\/\/owv-sc-waldthurn.de\/wp-content\/uploads\/2026\/04\/IMG-20260409-WA0000.jpg 1200w\" sizes=\"auto, (max-width: 1024px) 100vw, 1024px\" \/><\/figure><div class=\"wp-block-media-text__content\">\n<p><strong>Unserer Umwelt zuliebe <\/strong><\/p>\n<\/div><\/div>\n<\/div>\n\n\n\n<figure class=\"wp-block-image size-large is-resized is-style-rounded is-style-rounded--2\"><img loading=\"lazy\" decoding=\"async\" width=\"733\" height=\"1024\" src=\"https:\/\/owv-sc-waldthurn.de\/wp-content\/uploads\/2026\/02\/Marterl-Buch-733x1024.jpeg\" alt=\"\" class=\"wp-image-10210\" style=\"aspect-ratio:0.7158320103911098;width:293px;height:auto\" srcset=\"https:\/\/owv-sc-waldthurn.de\/wp-content\/uploads\/2026\/02\/Marterl-Buch-733x1024.jpeg 733w, https:\/\/owv-sc-waldthurn.de\/wp-content\/uploads\/2026\/02\/Marterl-Buch-215x300.jpeg 215w, https:\/\/owv-sc-waldthurn.de\/wp-content\/uploads\/2026\/02\/Marterl-Buch-768x1073.jpeg 768w, https:\/\/owv-sc-waldthurn.de\/wp-content\/uploads\/2026\/02\/Marterl-Buch.jpeg 859w\" sizes=\"auto, (max-width: 733px) 100vw, 733px\" \/><\/figure>\n\n\n\n<div class=\"wp-block-group alignwide is-layout-flow wp-block-group-is-layout-flow\">\n<p><strong>M\u00e4rz 2026 &#8211; Motors\u00e4genkurs des OWV Waldthurn<\/strong><\/p>\n\n\n\n<p><br>Nachdem das Holzf\u00e4llen im Wald gewisse Risiken mit sich bringt, entschlossen sich die Verantwortlichen des Oberpf\u00e4lzer Waldverein einen Motors\u00e4genkurs anzubieten. Forstwirtschaftsmeister Tobias Ott aus Wampenhof kontaktiert Petra Hager aus Vohenstrau\u00df, Sicherheitsbeauftragte der Sozialversicherung f\u00fcr Landwirtschaft, Forsten und Gartenbau (SVLFG), um gemeinsam einen zweit\u00e4gigen Kurs in Theorie und Praxis durchzuf\u00fchren. Den theoretischen Teil teilten sich die beiden Referenten auf. In der OWV Skih\u00fctte referierte die Sicherheitsbeauftrage Petra Hager fachm\u00e4nnisch und routiniert \u00fcber etwaige Risiken, welche im Wald bei Holzarbeiten auftreten k\u00f6nnen. Eine ordentliche Schutzkleidung mit Schnitzschutzschuhen, Schnitzschutzhose und Helm mit Visier geh\u00f6ren zur absoluten Standardausr\u00fcstung. Niemand sollte alleine seine Waldarbeiten verrichten. Selbst erfahrenen Waldfacharbeitern passieren immer wieder Unf\u00e4lle, welche vermeidbar gewesen w\u00e4ren. Jeder Privatwaldbesitzer sollte vorab entscheiden, inwieweit das individuelle K\u00f6nnen ausreicht. Falscher Ehrgeiz sind oftmals der Ausl\u00f6ser f\u00fcr schwere Waldunf\u00e4lle. Anhand von vielen Beispielen aus der Praxis erl\u00e4uterte anschlie\u00dfend Tobias Ott den Umgang mit Motors\u00e4ge, F\u00e4llheber und Wendehaken. Am zweiten Tag war Praxis im Wald angesagt. Forstwirtschaftsmeister Ott erkl\u00e4rte den sicheren Umgang mit einer Motors\u00e4ge. Voraussetzung ist eine musterg\u00fcltige Wartung und eine scharfe Kette. Jeder Baum muss vorab begutachtet werden. Erst, wenn alle Gefahrenpunkte erkannt sind, kann mit dem F\u00e4llen eines Baumes begonnen werden. Nach Beendigung des zweit\u00e4gigen Kurses durfte jeder Teilnehmer einen ihm zugewiesenen Baum f\u00e4llen. Zur gro\u00dfen Freude konnten alle den Nachweis eines Motors\u00e4genkurses entgegennehmen.<\/p>\n<\/div>\n\n\n\n<p><\/p>\n\n\n\n<div class=\"wp-block-group alignwide is-nowrap is-layout-flex wp-container-core-group-is-layout-6c531013 wp-block-group-is-layout-flex\">\n<figure class=\"wp-block-image size-large\"><img loading=\"lazy\" decoding=\"async\" width=\"1024\" height=\"768\" src=\"https:\/\/owv-sc-waldthurn.de\/wp-content\/uploads\/2026\/03\/Motorsaegekurs-1-1024x768.jpeg\" alt=\"\" class=\"wp-image-10201\" srcset=\"https:\/\/owv-sc-waldthurn.de\/wp-content\/uploads\/2026\/03\/Motorsaegekurs-1-1024x768.jpeg 1024w, https:\/\/owv-sc-waldthurn.de\/wp-content\/uploads\/2026\/03\/Motorsaegekurs-1-300x225.jpeg 300w, https:\/\/owv-sc-waldthurn.de\/wp-content\/uploads\/2026\/03\/Motorsaegekurs-1-768x576.jpeg 768w, https:\/\/owv-sc-waldthurn.de\/wp-content\/uploads\/2026\/03\/Motorsaegekurs-1.jpeg 1200w\" sizes=\"auto, (max-width: 1024px) 100vw, 1024px\" \/><\/figure>\n\n\n\n<figure class=\"wp-block-image size-large\"><img loading=\"lazy\" decoding=\"async\" width=\"926\" height=\"1024\" src=\"https:\/\/owv-sc-waldthurn.de\/wp-content\/uploads\/2026\/03\/Motorsaegekurs-3-926x1024.jpg\" alt=\"\" class=\"wp-image-10202\" srcset=\"https:\/\/owv-sc-waldthurn.de\/wp-content\/uploads\/2026\/03\/Motorsaegekurs-3-926x1024.jpg 926w, https:\/\/owv-sc-waldthurn.de\/wp-content\/uploads\/2026\/03\/Motorsaegekurs-3-271x300.jpg 271w, https:\/\/owv-sc-waldthurn.de\/wp-content\/uploads\/2026\/03\/Motorsaegekurs-3-768x849.jpg 768w, https:\/\/owv-sc-waldthurn.de\/wp-content\/uploads\/2026\/03\/Motorsaegekurs-3.jpg 1085w\" sizes=\"auto, (max-width: 926px) 100vw, 926px\" \/><\/figure>\n\n\n\n<figure class=\"wp-block-image size-large\"><img loading=\"lazy\" decoding=\"async\" width=\"1024\" height=\"662\" src=\"https:\/\/owv-sc-waldthurn.de\/wp-content\/uploads\/2026\/03\/Motorsaegekurs-1-1024x662.jpg\" alt=\"\" class=\"wp-image-10199\" srcset=\"https:\/\/owv-sc-waldthurn.de\/wp-content\/uploads\/2026\/03\/Motorsaegekurs-1-1024x662.jpg 1024w, https:\/\/owv-sc-waldthurn.de\/wp-content\/uploads\/2026\/03\/Motorsaegekurs-1-300x194.jpg 300w, https:\/\/owv-sc-waldthurn.de\/wp-content\/uploads\/2026\/03\/Motorsaegekurs-1-768x497.jpg 768w, https:\/\/owv-sc-waldthurn.de\/wp-content\/uploads\/2026\/03\/Motorsaegekurs-1.jpg 1200w\" sizes=\"auto, (max-width: 1024px) 100vw, 1024px\" \/><\/figure>\n\n\n\n<figure class=\"wp-block-image size-large\"><img loading=\"lazy\" decoding=\"async\" width=\"1024\" height=\"623\" src=\"https:\/\/owv-sc-waldthurn.de\/wp-content\/uploads\/2026\/03\/Motorsaegekurs-2-e1773669778365-1024x623.jpg\" alt=\"\" class=\"wp-image-10203\" srcset=\"https:\/\/owv-sc-waldthurn.de\/wp-content\/uploads\/2026\/03\/Motorsaegekurs-2-e1773669778365-1024x623.jpg 1024w, https:\/\/owv-sc-waldthurn.de\/wp-content\/uploads\/2026\/03\/Motorsaegekurs-2-e1773669778365-300x183.jpg 300w, https:\/\/owv-sc-waldthurn.de\/wp-content\/uploads\/2026\/03\/Motorsaegekurs-2-e1773669778365-768x468.jpg 768w, https:\/\/owv-sc-waldthurn.de\/wp-content\/uploads\/2026\/03\/Motorsaegekurs-2-e1773669778365.jpg 1038w\" sizes=\"auto, (max-width: 1024px) 100vw, 1024px\" \/><\/figure>\n<\/div>\n\n\n\n<p class=\"has-text-align-center has-large-font-size\"><strong> Kaffeenachmittage in der OWV\/Skih\u00fctte<\/strong><\/p>\n\n\n\n<div class=\"wp-block-group alignwide has-global-padding is-layout-constrained wp-block-group-is-layout-constrained\">\n<p class=\"has-medium-font-size\"><strong>Sonntag 15. M\u00e4rz<\/strong><\/p>\n\n\n\n<p><strong>Familien Glaser Heiko und Helmut, Bauer Thomas, F\u00f6rster J\u00fcrgen<\/strong><\/p>\n\n\n\n<p><\/p>\n<\/div>\n\n\n\n<div class=\"wp-block-group alignwide is-nowrap is-layout-flex wp-container-core-group-is-layout-6c531013 wp-block-group-is-layout-flex\">\n<figure class=\"wp-block-image size-large\"><img loading=\"lazy\" decoding=\"async\" width=\"768\" height=\"1024\" src=\"https:\/\/owv-sc-waldthurn.de\/wp-content\/uploads\/2026\/03\/Kaffeenachmittag-Glaser-768x1024.jpeg\" alt=\"\" class=\"wp-image-10190\" srcset=\"https:\/\/owv-sc-waldthurn.de\/wp-content\/uploads\/2026\/03\/Kaffeenachmittag-Glaser-768x1024.jpeg 768w, https:\/\/owv-sc-waldthurn.de\/wp-content\/uploads\/2026\/03\/Kaffeenachmittag-Glaser-225x300.jpeg 225w, https:\/\/owv-sc-waldthurn.de\/wp-content\/uploads\/2026\/03\/Kaffeenachmittag-Glaser.jpeg 900w\" sizes=\"auto, (max-width: 768px) 100vw, 768px\" \/><\/figure>\n\n\n\n<figure data-wp-context=\"{&quot;imageId&quot;:&quot;69f36874e8e72&quot;}\" data-wp-interactive=\"core\/image\" data-wp-key=\"69f36874e8e72\" class=\"wp-block-image size-large wp-lightbox-container\"><img loading=\"lazy\" decoding=\"async\" width=\"1024\" height=\"375\" data-wp-class--hide=\"state.isContentHidden\" data-wp-class--show=\"state.isContentVisible\" data-wp-init=\"callbacks.setButtonStyles\" data-wp-on--click=\"actions.showLightbox\" data-wp-on--load=\"callbacks.setButtonStyles\" data-wp-on-window--resize=\"callbacks.setButtonStyles\" src=\"https:\/\/owv-sc-waldthurn.de\/wp-content\/uploads\/2026\/03\/Tortenbuffett-Glaser-1024x375.jpeg\" alt=\"\" class=\"wp-image-10192\" srcset=\"https:\/\/owv-sc-waldthurn.de\/wp-content\/uploads\/2026\/03\/Tortenbuffett-Glaser-1024x375.jpeg 1024w, https:\/\/owv-sc-waldthurn.de\/wp-content\/uploads\/2026\/03\/Tortenbuffett-Glaser-300x110.jpeg 300w, https:\/\/owv-sc-waldthurn.de\/wp-content\/uploads\/2026\/03\/Tortenbuffett-Glaser-768x281.jpeg 768w, https:\/\/owv-sc-waldthurn.de\/wp-content\/uploads\/2026\/03\/Tortenbuffett-Glaser.jpeg 1200w\" sizes=\"auto, (max-width: 1024px) 100vw, 1024px\" \/><button\n\t\t\tclass=\"lightbox-trigger\"\n\t\t\ttype=\"button\"\n\t\t\taria-haspopup=\"dialog\"\n\t\t\taria-label=\"Vergr\u00f6\u00dfern\"\n\t\t\tdata-wp-init=\"callbacks.initTriggerButton\"\n\t\t\tdata-wp-on--click=\"actions.showLightbox\"\n\t\t\tdata-wp-style--right=\"state.imageButtonRight\"\n\t\t\tdata-wp-style--top=\"state.imageButtonTop\"\n\t\t>\n\t\t\t<svg xmlns=\"http:\/\/www.w3.org\/2000\/svg\" width=\"12\" height=\"12\" fill=\"none\" viewBox=\"0 0 12 12\">\n\t\t\t\t<path fill=\"#fff\" d=\"M2 0a2 2 0 0 0-2 2v2h1.5V2a.5.5 0 0 1 .5-.5h2V0H2Zm2 10.5H2a.5.5 0 0 1-.5-.5V8H0v2a2 2 0 0 0 2 2h2v-1.5ZM8 12v-1.5h2a.5.5 0 0 0 .5-.5V8H12v2a2 2 0 0 1-2 2H8Zm2-12a2 2 0 0 1 2 2v2h-1.5V2a.5.5 0 0 0-.5-.5H8V0h2Z\" \/>\n\t\t\t<\/svg>\n\t\t<\/button><\/figure>\n\n\n\n<figure class=\"wp-block-image size-large\"><img loading=\"lazy\" decoding=\"async\" width=\"576\" height=\"1024\" src=\"https:\/\/owv-sc-waldthurn.de\/wp-content\/uploads\/2026\/03\/Tortenkarte-Glaser-576x1024.jpeg\" alt=\"\" class=\"wp-image-10191\" srcset=\"https:\/\/owv-sc-waldthurn.de\/wp-content\/uploads\/2026\/03\/Tortenkarte-Glaser-576x1024.jpeg 576w, https:\/\/owv-sc-waldthurn.de\/wp-content\/uploads\/2026\/03\/Tortenkarte-Glaser-169x300.jpeg 169w, https:\/\/owv-sc-waldthurn.de\/wp-content\/uploads\/2026\/03\/Tortenkarte-Glaser.jpeg 675w\" sizes=\"auto, (max-width: 576px) 100vw, 576px\" \/><\/figure>\n<\/div>\n\n\n\n<div class=\"wp-block-group alignwide is-layout-flow wp-block-group-is-layout-flow\">\n<p class=\"has-medium-font-size\"><strong>Sonntag 1. Februar<\/strong><\/p>\n\n\n\n<p class=\"has-medium-font-size\"><strong>Familien Monika Bauer und Heidi Klos<\/strong><\/p>\n<\/div>\n\n\n\n<div class=\"wp-block-group has-global-padding is-layout-constrained wp-block-group-is-layout-constrained\">\n<div class=\"wp-block-group alignwide is-layout-flow wp-block-group-is-layout-flow\">\n<div class=\"wp-block-group has-global-padding is-layout-constrained wp-block-group-is-layout-constrained\">\n<p><\/p>\n<\/div>\n<\/div>\n<\/div>\n\n\n\n<div class=\"wp-block-group alignwide is-nowrap is-layout-flex wp-container-core-group-is-layout-6c531013 wp-block-group-is-layout-flex\">\n<figure class=\"wp-block-image size-large\"><img loading=\"lazy\" decoding=\"async\" width=\"555\" height=\"1024\" src=\"https:\/\/owv-sc-waldthurn.de\/wp-content\/uploads\/2026\/02\/20260201-OWV-Kaffeenachmittag-2-555x1024.jpg\" alt=\"\" class=\"wp-image-9984\" srcset=\"https:\/\/owv-sc-waldthurn.de\/wp-content\/uploads\/2026\/02\/20260201-OWV-Kaffeenachmittag-2-555x1024.jpg 555w, https:\/\/owv-sc-waldthurn.de\/wp-content\/uploads\/2026\/02\/20260201-OWV-Kaffeenachmittag-2-163x300.jpg 163w, https:\/\/owv-sc-waldthurn.de\/wp-content\/uploads\/2026\/02\/20260201-OWV-Kaffeenachmittag-2.jpg 650w\" sizes=\"auto, (max-width: 555px) 100vw, 555px\" \/><\/figure>\n\n\n\n<figure class=\"wp-block-image size-large\"><img loading=\"lazy\" decoding=\"async\" width=\"1024\" height=\"576\" src=\"https:\/\/owv-sc-waldthurn.de\/wp-content\/uploads\/2026\/02\/IMG-20260202-WA0000-1024x576.jpg\" alt=\"\" class=\"wp-image-9991\" srcset=\"https:\/\/owv-sc-waldthurn.de\/wp-content\/uploads\/2026\/02\/IMG-20260202-WA0000-1024x576.jpg 1024w, https:\/\/owv-sc-waldthurn.de\/wp-content\/uploads\/2026\/02\/IMG-20260202-WA0000-300x169.jpg 300w, https:\/\/owv-sc-waldthurn.de\/wp-content\/uploads\/2026\/02\/IMG-20260202-WA0000-768x432.jpg 768w, https:\/\/owv-sc-waldthurn.de\/wp-content\/uploads\/2026\/02\/IMG-20260202-WA0000.jpg 1200w\" sizes=\"auto, (max-width: 1024px) 100vw, 1024px\" \/><\/figure>\n\n\n\n<figure class=\"wp-block-image size-large\"><img loading=\"lazy\" decoding=\"async\" width=\"996\" height=\"1024\" src=\"https:\/\/owv-sc-waldthurn.de\/wp-content\/uploads\/2026\/02\/20260201-OWV-Kaffeenachmittag-1-996x1024.jpg\" alt=\"\" class=\"wp-image-9985\" srcset=\"https:\/\/owv-sc-waldthurn.de\/wp-content\/uploads\/2026\/02\/20260201-OWV-Kaffeenachmittag-1-996x1024.jpg 996w, https:\/\/owv-sc-waldthurn.de\/wp-content\/uploads\/2026\/02\/20260201-OWV-Kaffeenachmittag-1-292x300.jpg 292w, https:\/\/owv-sc-waldthurn.de\/wp-content\/uploads\/2026\/02\/20260201-OWV-Kaffeenachmittag-1-768x790.jpg 768w, https:\/\/owv-sc-waldthurn.de\/wp-content\/uploads\/2026\/02\/20260201-OWV-Kaffeenachmittag-1.jpg 1017w\" sizes=\"auto, (max-width: 996px) 100vw, 996px\" \/><\/figure>\n<\/div>\n\n\n\n<div class=\"wp-block-group alignwide is-layout-flow wp-block-group-is-layout-flow\">\n<p class=\"has-text-align-left has-medium-font-size\"><strong>Sonntag 18. Januar<\/strong><\/p>\n\n\n\n<p class=\"has-text-align-left has-medium-font-size\"><strong>Familien<\/strong> <strong>Arlt Sabine , Arnold Josef und<\/strong> <strong>Gr\u00fcnauer Johanna<\/strong><\/p>\n<\/div>\n\n\n\n<div class=\"wp-block-group alignwide is-nowrap is-layout-flex wp-container-core-group-is-layout-6c531013 wp-block-group-is-layout-flex\">\n<div class=\"wp-block-group alignwide is-layout-flow wp-block-group-is-layout-flow\">\n<figure class=\"wp-block-gallery alignwide has-nested-images columns-default wp-block-gallery-3 is-layout-flex wp-block-gallery-is-layout-flex\">\n<figure class=\"wp-block-image size-large\"><img loading=\"lazy\" decoding=\"async\" width=\"913\" height=\"1024\" data-id=\"9867\" src=\"https:\/\/owv-sc-waldthurn.de\/wp-content\/uploads\/2026\/01\/20260118_205926-913x1024.jpg\" alt=\"\" class=\"wp-image-9867\" srcset=\"https:\/\/owv-sc-waldthurn.de\/wp-content\/uploads\/2026\/01\/20260118_205926-913x1024.jpg 913w, https:\/\/owv-sc-waldthurn.de\/wp-content\/uploads\/2026\/01\/20260118_205926-268x300.jpg 268w, https:\/\/owv-sc-waldthurn.de\/wp-content\/uploads\/2026\/01\/20260118_205926-768x861.jpg 768w, https:\/\/owv-sc-waldthurn.de\/wp-content\/uploads\/2026\/01\/20260118_205926.jpg 1070w\" sizes=\"auto, (max-width: 913px) 100vw, 913px\" \/><\/figure>\n\n\n\n<figure data-wp-context=\"{&quot;imageId&quot;:&quot;69f36874e9734&quot;}\" data-wp-interactive=\"core\/image\" data-wp-key=\"69f36874e9734\" class=\"wp-block-image size-full is-style-default wp-lightbox-container\"><img loading=\"lazy\" decoding=\"async\" width=\"1096\" height=\"442\" data-wp-class--hide=\"state.isContentHidden\" data-wp-class--show=\"state.isContentVisible\" data-wp-init=\"callbacks.setButtonStyles\" data-wp-on--click=\"actions.showLightbox\" data-wp-on--load=\"callbacks.setButtonStyles\" data-wp-on-window--resize=\"callbacks.setButtonStyles\" data-id=\"10004\" src=\"https:\/\/owv-sc-waldthurn.de\/wp-content\/uploads\/2026\/02\/20260118_131942-e1770054237959.jpg\" alt=\"\" class=\"wp-image-10004\" srcset=\"https:\/\/owv-sc-waldthurn.de\/wp-content\/uploads\/2026\/02\/20260118_131942-e1770054237959.jpg 1096w, https:\/\/owv-sc-waldthurn.de\/wp-content\/uploads\/2026\/02\/20260118_131942-e1770054237959-300x121.jpg 300w, https:\/\/owv-sc-waldthurn.de\/wp-content\/uploads\/2026\/02\/20260118_131942-e1770054237959-1024x413.jpg 1024w, https:\/\/owv-sc-waldthurn.de\/wp-content\/uploads\/2026\/02\/20260118_131942-e1770054237959-768x310.jpg 768w\" sizes=\"auto, (max-width: 1096px) 100vw, 1096px\" \/><button\n\t\t\tclass=\"lightbox-trigger\"\n\t\t\ttype=\"button\"\n\t\t\taria-haspopup=\"dialog\"\n\t\t\taria-label=\"Vergr\u00f6\u00dfern\"\n\t\t\tdata-wp-init=\"callbacks.initTriggerButton\"\n\t\t\tdata-wp-on--click=\"actions.showLightbox\"\n\t\t\tdata-wp-style--right=\"state.imageButtonRight\"\n\t\t\tdata-wp-style--top=\"state.imageButtonTop\"\n\t\t>\n\t\t\t<svg xmlns=\"http:\/\/www.w3.org\/2000\/svg\" width=\"12\" height=\"12\" fill=\"none\" viewBox=\"0 0 12 12\">\n\t\t\t\t<path fill=\"#fff\" d=\"M2 0a2 2 0 0 0-2 2v2h1.5V2a.5.5 0 0 1 .5-.5h2V0H2Zm2 10.5H2a.5.5 0 0 1-.5-.5V8H0v2a2 2 0 0 0 2 2h2v-1.5ZM8 12v-1.5h2a.5.5 0 0 0 .5-.5V8H12v2a2 2 0 0 1-2 2H8Zm2-12a2 2 0 0 1 2 2v2h-1.5V2a.5.5 0 0 0-.5-.5H8V0h2Z\" \/>\n\t\t\t<\/svg>\n\t\t<\/button><\/figure>\n\n\n\n<figure class=\"wp-block-image size-large is-resized\"><img loading=\"lazy\" decoding=\"async\" width=\"920\" height=\"1024\" data-id=\"10001\" src=\"https:\/\/owv-sc-waldthurn.de\/wp-content\/uploads\/2026\/02\/20260202_101709-920x1024.jpg\" alt=\"\" class=\"wp-image-10001\" style=\"width:594px;height:auto\" srcset=\"https:\/\/owv-sc-waldthurn.de\/wp-content\/uploads\/2026\/02\/20260202_101709-920x1024.jpg 920w, https:\/\/owv-sc-waldthurn.de\/wp-content\/uploads\/2026\/02\/20260202_101709-270x300.jpg 270w, https:\/\/owv-sc-waldthurn.de\/wp-content\/uploads\/2026\/02\/20260202_101709-768x855.jpg 768w, https:\/\/owv-sc-waldthurn.de\/wp-content\/uploads\/2026\/02\/20260202_101709.jpg 1078w\" sizes=\"auto, (max-width: 920px) 100vw, 920px\" \/><\/figure>\n<\/figure>\n<\/div>\n<\/div>\n\n\n\n<p class=\"has-large-font-size\"><strong>Sternsinger im weihnachtlichen Museum<\/strong><\/p>\n\n\n\n<div class=\"wp-block-group alignwide is-nowrap is-layout-flex wp-container-core-group-is-layout-6c531013 wp-block-group-is-layout-flex\">\n<figure class=\"wp-block-image size-large\"><img loading=\"lazy\" decoding=\"async\" width=\"1024\" height=\"760\" src=\"https:\/\/owv-sc-waldthurn.de\/wp-content\/uploads\/2026\/01\/IMG-20260104-WA0011-1024x760.jpg\" alt=\"\" class=\"wp-image-9759\" srcset=\"https:\/\/owv-sc-waldthurn.de\/wp-content\/uploads\/2026\/01\/IMG-20260104-WA0011-1024x760.jpg 1024w, https:\/\/owv-sc-waldthurn.de\/wp-content\/uploads\/2026\/01\/IMG-20260104-WA0011-300x223.jpg 300w, https:\/\/owv-sc-waldthurn.de\/wp-content\/uploads\/2026\/01\/IMG-20260104-WA0011-768x570.jpg 768w, https:\/\/owv-sc-waldthurn.de\/wp-content\/uploads\/2026\/01\/IMG-20260104-WA0011.jpg 1200w\" sizes=\"auto, (max-width: 1024px) 100vw, 1024px\" \/><\/figure>\n<\/div>\n\n\n\n<p class=\"has-text-align-center has-large-font-size\">Gewinner des Preisr\u00e4tsels<\/p>\n\n\n\n<div class=\"wp-block-group alignwide is-layout-flow wp-block-group-is-layout-flow\">\n<p>OWV Weihnachtspreisr\u00e4tsel im Museum<br>Im Rahmen der Weihnachts- und Krippenausstellung im Museum des Rathauses veranstaltete der OWV Waldthurn auch in diesem Jahr wieder ein Preisr\u00e4tsel. Mussten im vergangenen Jahr die \u00c4pfel am Christbaum erraten werden, galt es in diesem Jahr die N\u00fcsse in einem gro\u00dfen Glas zu sch\u00e4tzen. Gro\u00df war wieder die Resonanz, insgesamt wurden 54 Sch\u00e4tzzettel abgegeben. Am Tag des offenen Museums am 04. Januar um 16.00 Uhr erfolgte die Bekanntgabe der Gewinner. In seinem Gru\u00dfwort w\u00fcrdigte B\u00fcrgermeister Josef Beimler die vielen Helfer des OWV Waldthurn und dankte f\u00fcr die wundersch\u00f6ne Weihnachtsausstellung. Insgesamt waren 258 N\u00fcsse im Glas. Den ersten Platz belegte Johanna Gr\u00fcnauer, welche mit 256 beinahe eine Punktlandung erzielte. Auf den weiteren Pl\u00e4tzen folgten Helmut Gollwitzer, Konrad Seibert, Johann Holfelner, Leon Prem, Erwin Klotz, Simone Bergler, Martina Pankotsch, Monika Kuhn und Jonas Bauer. Petra Reil hatte die originellen Preise zusammengestellt. Sogar die Sternsinger \u00fcberbrachten die besten W\u00fcnsche f\u00fcr das Jahr 2026. Beim Besuch der tschechischen Freunde aus der Partnerstadt Hostau wird das Preisr\u00e4tsel nochmals wiederholt.<br>Roman Bauer<\/p>\n\n\n\n<figure class=\"wp-block-image size-full\"><img loading=\"lazy\" decoding=\"async\" width=\"1200\" height=\"588\" src=\"https:\/\/owv-sc-waldthurn.de\/wp-content\/uploads\/2026\/01\/IMG-20260104-WA0006-e1767627068672.jpg\" alt=\"\" class=\"wp-image-9764\" srcset=\"https:\/\/owv-sc-waldthurn.de\/wp-content\/uploads\/2026\/01\/IMG-20260104-WA0006-e1767627068672.jpg 1200w, https:\/\/owv-sc-waldthurn.de\/wp-content\/uploads\/2026\/01\/IMG-20260104-WA0006-e1767627068672-300x147.jpg 300w, https:\/\/owv-sc-waldthurn.de\/wp-content\/uploads\/2026\/01\/IMG-20260104-WA0006-e1767627068672-1024x502.jpg 1024w, https:\/\/owv-sc-waldthurn.de\/wp-content\/uploads\/2026\/01\/IMG-20260104-WA0006-e1767627068672-768x376.jpg 768w\" sizes=\"auto, (max-width: 1200px) 100vw, 1200px\" \/><\/figure>\n<\/div>\n\n\n\n<div class=\"wp-block-group alignwide is-nowrap is-layout-flex wp-container-core-group-is-layout-6c531013 wp-block-group-is-layout-flex\">\n<figure class=\"wp-block-image size-full\"><img loading=\"lazy\" decoding=\"async\" width=\"1200\" height=\"540\" src=\"https:\/\/owv-sc-waldthurn.de\/wp-content\/uploads\/2026\/01\/20260104_160427.jpg\" alt=\"\" class=\"wp-image-9762\" srcset=\"https:\/\/owv-sc-waldthurn.de\/wp-content\/uploads\/2026\/01\/20260104_160427.jpg 1200w, https:\/\/owv-sc-waldthurn.de\/wp-content\/uploads\/2026\/01\/20260104_160427-300x135.jpg 300w, https:\/\/owv-sc-waldthurn.de\/wp-content\/uploads\/2026\/01\/20260104_160427-1024x461.jpg 1024w, https:\/\/owv-sc-waldthurn.de\/wp-content\/uploads\/2026\/01\/20260104_160427-768x346.jpg 768w\" sizes=\"auto, (max-width: 1200px) 100vw, 1200px\" \/><\/figure>\n\n\n\n<figure class=\"wp-block-image size-medium\"><img loading=\"lazy\" decoding=\"async\" width=\"225\" height=\"300\" src=\"https:\/\/owv-sc-waldthurn.de\/wp-content\/uploads\/2026\/01\/Foto-Preisraetsel-Museum-2026-225x300.jpg\" alt=\"\" class=\"wp-image-9775\" srcset=\"https:\/\/owv-sc-waldthurn.de\/wp-content\/uploads\/2026\/01\/Foto-Preisraetsel-Museum-2026-225x300.jpg 225w, https:\/\/owv-sc-waldthurn.de\/wp-content\/uploads\/2026\/01\/Foto-Preisraetsel-Museum-2026-768x1024.jpg 768w, https:\/\/owv-sc-waldthurn.de\/wp-content\/uploads\/2026\/01\/Foto-Preisraetsel-Museum-2026.jpg 900w\" sizes=\"auto, (max-width: 225px) 100vw, 225px\" \/><\/figure>\n<\/div>\n","protected":false},"excerpt":{"rendered":"<p>April 12. OWV Kaffeenachmittag in der OWV Skih\u00fctte &#8211; grandios \ud83d\ude42 Familien M\u00fcller Petra, M\u00e4ckl Marin und Schmid Christian Totenbrett f\u00fcr Werner Arnold Seit jeher widmet der Oberpf\u00e4lzer Waldverein Waldthurn seinen verstorbenen und verdienstvollen Mitgliedern ein Totenbrett. So wurde an der bestehenden Anlage am \u00f6stlichen Ortsausgang von Waldthurn in Richtung Oberbernrieth ein weiteres Totenbrett zum [&hellip;]<\/p>\n","protected":false},"author":1,"featured_media":0,"parent":0,"menu_order":0,"comment_status":"closed","ping_status":"closed","template":"","meta":{"footnotes":""},"folder":[],"class_list":["post-9724","page","type-page","status-publish","hentry"],"_links":{"self":[{"href":"https:\/\/owv-sc-waldthurn.de\/index.php?rest_route=\/wp\/v2\/pages\/9724","targetHints":{"allow":["GET"]}}],"collection":[{"href":"https:\/\/owv-sc-waldthurn.de\/index.php?rest_route=\/wp\/v2\/pages"}],"about":[{"href":"https:\/\/owv-sc-waldthurn.de\/index.php?rest_route=\/wp\/v2\/types\/page"}],"author":[{"embeddable":true,"href":"https:\/\/owv-sc-waldthurn.de\/index.php?rest_route=\/wp\/v2\/users\/1"}],"replies":[{"embeddable":true,"href":"https:\/\/owv-sc-waldthurn.de\/index.php?rest_route=%2Fwp%2Fv2%2Fcomments&post=9724"}],"version-history":[{"count":62,"href":"https:\/\/owv-sc-waldthurn.de\/index.php?rest_route=\/wp\/v2\/pages\/9724\/revisions"}],"predecessor-version":[{"id":10338,"href":"https:\/\/owv-sc-waldthurn.de\/index.php?rest_route=\/wp\/v2\/pages\/9724\/revisions\/10338"}],"wp:attachment":[{"href":"https:\/\/owv-sc-waldthurn.de\/index.php?rest_route=%2Fwp%2Fv2%2Fmedia&parent=9724"}],"wp:term":[{"taxonomy":"folder","embeddable":true,"href":"https:\/\/owv-sc-waldthurn.de\/index.php?rest_route=%2Fwp%2Fv2%2Ffolder&post=9724"}],"curies":[{"name":"wp","href":"https:\/\/api.w.org\/{rel}","templated":true}]}}