{"id":9788,"date":"2026-01-06T19:06:46","date_gmt":"2026-01-06T19:06:46","guid":{"rendered":"https:\/\/owv-sc-waldthurn.de\/?page_id=9788"},"modified":"2026-01-06T19:14:24","modified_gmt":"2026-01-06T19:14:24","slug":"ueber-uns-owv-skiclub-damen","status":"publish","type":"page","link":"https:\/\/owv-sc-waldthurn.de\/?page_id=9788","title":{"rendered":"\u00dcber Uns OWV\/Skiclub Damen"},"content":{"rendered":"\n<p><\/p>\n\n\n\n<div class=\"wp-block-group alignwide is-layout-flow wp-block-group-is-layout-flow\">\n<p class=\"has-large-font-size\">2<strong>002 \u2013 Doris Ertl berichtet<\/strong><\/p>\n\n\n\n<p class=\"has-medium-font-size\"><br>Wie jedes Jahr begann auch 2001 im Oktober die Fitnessgymnastik in der Turnhalle der Wolfgang Caspar-Printz-Volksschule, die immer bis Ende April stattfindet.<\/p>\n<\/div>\n\n\n\n<div class=\"wp-block-group alignwide is-layout-flow wp-block-group-is-layout-flow\">\n<p><br>Hier m\u00f6chte ich einmal&nbsp;<strong><em>die Entstehung der Damen-Gymnastikgruppe des OWV\/ Skiclub<\/em><\/strong>&nbsp;Waldthurn aufzeigen.<\/p>\n<\/div>\n\n\n\n<div class=\"wp-block-group alignwide is-layout-flow wp-block-group-is-layout-flow\">\n<p><strong><em>Im Jahre 1983<\/em><\/strong>&nbsp;w\u00e4hrend eines geselligen Beisammenseins von aktiven Vereinsmitgliedern mit \u201e<\/p>\n<\/div>\n\n\n\n<div class=\"wp-block-group alignwide is-layout-flow wp-block-group-is-layout-flow\">\n<p><strong><em>a<\/em><\/strong>&nbsp;<strong>haf`n Gaudi<\/strong>&nbsp;\u201c ist&nbsp;<strong>Pflaum Lies<\/strong>&nbsp;auf die Idee gekommen, eine Damen-Gymnastikgruppe zu gr\u00fcnden .&nbsp;<strong>Alfred Troidl<\/strong>&nbsp;hat sich auf Anfrage von da Lies spontan bereit erkl\u00e4rt, die sportbegeisterte Gruppe zu leiten.<br>Diese Gruppe unter den Fittichen von Alfred hielt sich im Sommer durch regelm\u00e4\u00dfige Lauftreffs im Langlaufgel\u00e4nde an der Skih\u00fctte fit.<br>Der Spa\u00df an der Bewegung machte bei Schnee auch am Langlauftraining nicht halt und bald wurde bereits aktiv und erfolgreich an Rennen teilgenommen. Mit erfolgter Erweiterung der Skih\u00fctte wurden bald auch regelm\u00e4\u00dfige \u201c&nbsp;<strong>H\u00fcttentreffs&nbsp;<\/strong>\u201c abgehalten, bei denen das gesellige Beisammensein gepflegt wurde.<br>Nach zehnj\u00e4hriger Betreuung der Damen-Gymnastikgruppe durch Alfred Troidl \u00fcbernahm&nbsp;<strong>1993 Erwin Klotz, der bereits<\/strong>&nbsp;<strong>jahrelang die Herren-Skigymnastik des OWV\/SC Waldthurn leitete, \u201c das Ruder<\/strong>&nbsp;\u201c . Unterst\u00fctzt wurde er dabei von Helmut Glaser,<strong>&nbsp;bis 1998 Johanna Gr\u00fcnauer die&nbsp;<\/strong><em><strong>Nachfolge antrat<\/strong>.<\/em><br>Seitdem werden regelm\u00e4\u00dfig Veranstaltungen wie folgt abgehalten.<br>Die j\u00e4hrliche Nachtwanderungen mit anschlie\u00dfender Einkehr im Dezember oder im Januar, Teilnahme der aktiven L\u00e4uferinnen am Amberger Silvesterlauf, am 31.12. 2001 zum vierten Mal . Einen erfolgreichen 2. Platz in der Mannschaftswertung \u201c erliefen sich \u201c an diesem Tag Irmi Schober, Johanna Gr\u00fcnauer und Doris Ertl.<br>Zu Fasching traditioneller maskierter Abend im Gasthaus Bergler mit viel Gaudi und gutem Essen. Ausserdem unterhielten die aktiven Damen beim allj\u00e4hrlichen Sportlerball mit einer flotten Tanzeinlage und sorgten in der Bar und im Saal f\u00fcr Stimmung und das leibliche Wohl der G\u00e4ste.<br>In den letzen Apriltagen wurden ,wie schon seit vielen Jahren zuvor ,die Kr\u00e4nze f\u00fcr den Maibaum geflochten. Mit dieser Aktion endete das Hallentraining. Daf\u00fcr starteten die sportlichen Aktivit\u00e4ten im Freien. Einmal w\u00f6chentlich am Dienstag fand der \u201c Radltreff \u201c und am Mittwoch der Lauftreff statt. Seit 2001 erfreut sich neben dem Lauftreff \u201c Walking \u201c immer gr\u00f6\u00dferer Beliebtheit. Seit den regelm\u00e4\u00dfigen Radltreffs wird im Sommer das monatliche Beisammensein in der Skih\u00fctte durch \u201c Einkehrfahrten \u201c ersetzt. Verschiedene Bierg\u00e4rten wie z. B. Zierlwirt , Sparrerwirt, B\u00e4rnst\u00fcberl, Gehenhammer M\u00fchle, Br\u00e4uh\u00e4usl oder die Eisdiele in Vohenstrau\u00df wurden dabei angeradelt.<br>Ende Juli fand wieder eine zweit\u00e4gige Radtour statt. Dieses Mal wurde die 2. Etappe der Tour de Baroque auf dem Donauradweg von Regensburg nach Passau in Angriff genommen. 23 Damen mit guten Sitzfleisch bew\u00e4ltigten ca. 160 km auf ihren \u201c Drahteseln \u201c . Auch das \u201c Sightseeing \u201c kam dabei nicht zu kurz \u2013 die Benediktiner Abtei in Metten , die Altstadt von Passau mit Dom und diverse Bierg\u00e4rten wurden dabei besucht.<br>Am 14. September 2002 nahmen sieben bestens vorbereitete L\u00e4uferinnen am 1. Landkreissstaffellauf teil. Irmgard Schober, Monika Bauer, Birgit Bergmann, Petra Reil, Sabine Arlt, Johanna Gr\u00fcnauer und Doris Ertl zeigten dabei gute pers\u00f6nliche Leistungen. Von 9 Damenmannschaften erzielte die Gruppe Rang 5 . Aufgrund dieses Erfolges fand auch am traditionellen Pleysteiner Stadtlauf rege Teilnahme statt. Im Oktober warteten dann sogar zwei Damenmannschaften beim 1. Staffel-Crosslauf der Vereine des Skiclub Waldthurn auf.<br>Die durchwegs erfolgreiche Laufsaison fand ihren kr\u00f6nenden Abschlu\u00df mit der Teilnahme am Gaudilauf \u201c Drink and Run \u201c in Moosbach.<br>Seit Oktober hat bereits die neue Hallensaison begonnen. Reglm\u00e4\u00dfig Dienstag abends halten sich viele sportbegeisterte Damen unter der Leitung von Johanna Gr\u00fcnauer fit.<br><strong><em>Es ist sch\u00f6n, dass nach so vielen Jahren , bei der Damen-Gymnastikgruppe des OWV\/Skiclub, immer noch gleichbleibendes Interesse herrscht. Alle aktiven Teilnehmerinnen tragen dazu bei , dass diese lange Tradition, die aus einer \u201c Gaudi \u201c heraus entstanden ist, weiterhin bestehen bleibt<\/em>.<\/strong><\/p>\n<\/div>\n\n\n\n<p><\/p>\n\n\n\n<p class=\"has-text-align-center has-large-font-size\"><strong><em>2023 Damengruppe mit Gymnastik , Aktivit\u00e4ten in freier Natur und Geselligkeit <\/em><\/strong><\/p>\n\n\n\n<p class=\"has-text-align-center\">\u2013 ein fester Bestandteil des OWV<\/p>\n\n\n\n<div class=\"wp-block-group alignwide is-layout-flow wp-block-group-is-layout-flow\">\n<p>Seit nunmehr 25 Jahren leitet Johanna Gr\u00fcnauer die w\u00f6chentliche Fitnessgymnastik des OWV Waldthurn. Von Oktober bis Ende April treffen sich jeden Dienstag ca. 25 Damen in der Schulturnhalle, um K\u00f6rper und Geist aktiv zu ert\u00fcchtigen. Die agile \u00dcbungsleiterin bietet jede Woche ein abwechslungsreiches Programm an, was von den Sportlerinnen gerne und mit gro\u00dfer Begeisterung angenommen wird. Von Yoga \u00fcber Steppen bis zu Zirkeltraining reicht die Angebotspalette.<br>Selbstverst\u00e4ndlich kommt das gesellige Miteinander nicht zu kurz. Unter dem Motto \u201eGymnastik Helau\u201c findet im Fasching eine maskierte \u00dcbungseinheit statt. \u201eErst schwitzen \u2013 dann Energieausgleich\u201c, hier wird in lustiger Runde getanzt und gefeiert. Eine Winterwanderung mit Einkehr geh\u00f6rt ebenso zum j\u00e4hrlichen Ritual.<br>Ab dem Wonnemonat Mai bilden ausgedehnte und auch anstrengende w\u00f6chentliche Radtouren, welche in der n\u00e4heren Umgebung stattfinden, das Sommerprogramm. Viele Touren fanden gro\u00dfe Begeisterung, welche zum Doost, nach St. Quirin, Eslarn, Waidhaus, ins Pfreimdtal oder durch das idyllische Zottbachtal f\u00fchrten. Seit dem Jahr 1999 organisiert Johanna Gr\u00fcnauer mit ihrem Ehemann Johann zwei- bzw. dreit\u00e4gige Radtouren. Nach anf\u00e4nglichen heimischen Zielen, geht es mittlerweile weit \u00fcber die bayerischen Grenzen hinaus ins Nachbarland nach Tschechien, Th\u00fcringen, Sachsen und Hessen. So wurden durch die sportlichen Damen beispielsweise der Mainradweg, das Altm\u00fchltal, der Th\u00fcringen-Ilm-Gera Radweg, der B\u00f6hmen-Sachsen-Elbe Radweg, der Bierfr\u00e4nkische Mainradweg, der Vils-Lauterach Radweg, der Hessen-Th\u00fcringen-Werra-Fulda Radweg oder die Tour de Baroque, werden eingehend erkundet. Zahlreiche Sehensw\u00fcrdigkeiten und kulturelle Veranstaltungen bildeten ein interessantes Rahmenprogramm.<br>Nicht nur im sportlichen Bereich wurde in all den Jahren einiges geboten. Gerne erinnert sich die Trainerin an die w\u00f6chentlichen Lauftreffs, einen Selbstverteidigungskurs speziell f\u00fcr Damen, Nordicwalking- und StepAerobic Kurse. Gro\u00dfen Zuspruch fanden die j\u00e4hrlichen Skiausfl\u00fcge am Lady Day, welche an den Wilden Kaiser und an den Tegernsee f\u00fchrten. Legend\u00e4r waren die lustigen Faschingsauftritte beim Sportlerball und die maskierten Faschingstreffen im Gasthaus Bergler.<br>Seit dem Jahr 2002 beteiligen sich die Damen mit sehr guten Ergebnissen am Landkreisstaffellauf. Nicht fehlen durfte eine Staffel beim Heimatfest im Jahr 2017.<br>Als OWV Mitglied ist es den Damen aber auch ein Bed\u00fcrfnis Wanderungen in der Heimat zu unternehmen. Das Pfreimdtal , das Lerautal die Wanderwege des OWV Georgenberg, Pleystein und Flossenb\u00fcrg nicht zuletzt die herrliche Landschaft rund um den Fahrenberg verleiten immer \u00f6fter die Wanderschuhe zu schn\u00fcrren.<br>Seit 2023 ist eine neugegr\u00fcndete Walkinggruppe unterwegs. Statt St\u00f6cke werden Smovey Ringe eingesetzt, welche sehr effektiv auf den gesamten K\u00f6rper wirken .<\/p>\n<\/div>\n","protected":false},"excerpt":{"rendered":"<p>2002 \u2013 Doris Ertl berichtet Wie jedes Jahr begann auch 2001 im Oktober die Fitnessgymnastik in der Turnhalle der Wolfgang Caspar-Printz-Volksschule, die immer bis Ende April stattfindet. Hier m\u00f6chte ich einmal&nbsp;die Entstehung der Damen-Gymnastikgruppe des OWV\/ Skiclub&nbsp;Waldthurn aufzeigen. Im Jahre 1983&nbsp;w\u00e4hrend eines geselligen Beisammenseins von aktiven Vereinsmitgliedern mit \u201e a&nbsp;haf`n Gaudi&nbsp;\u201c ist&nbsp;Pflaum Lies&nbsp;auf die Idee [&hellip;]<\/p>\n","protected":false},"author":1,"featured_media":0,"parent":9741,"menu_order":0,"comment_status":"closed","ping_status":"closed","template":"","meta":{"footnotes":""},"folder":[],"class_list":["post-9788","page","type-page","status-publish","hentry"],"_links":{"self":[{"href":"https:\/\/owv-sc-waldthurn.de\/index.php?rest_route=\/wp\/v2\/pages\/9788","targetHints":{"allow":["GET"]}}],"collection":[{"href":"https:\/\/owv-sc-waldthurn.de\/index.php?rest_route=\/wp\/v2\/pages"}],"about":[{"href":"https:\/\/owv-sc-waldthurn.de\/index.php?rest_route=\/wp\/v2\/types\/page"}],"author":[{"embeddable":true,"href":"https:\/\/owv-sc-waldthurn.de\/index.php?rest_route=\/wp\/v2\/users\/1"}],"replies":[{"embeddable":true,"href":"https:\/\/owv-sc-waldthurn.de\/index.php?rest_route=%2Fwp%2Fv2%2Fcomments&post=9788"}],"version-history":[{"count":5,"href":"https:\/\/owv-sc-waldthurn.de\/index.php?rest_route=\/wp\/v2\/pages\/9788\/revisions"}],"predecessor-version":[{"id":9795,"href":"https:\/\/owv-sc-waldthurn.de\/index.php?rest_route=\/wp\/v2\/pages\/9788\/revisions\/9795"}],"up":[{"embeddable":true,"href":"https:\/\/owv-sc-waldthurn.de\/index.php?rest_route=\/wp\/v2\/pages\/9741"}],"wp:attachment":[{"href":"https:\/\/owv-sc-waldthurn.de\/index.php?rest_route=%2Fwp%2Fv2%2Fmedia&parent=9788"}],"wp:term":[{"taxonomy":"folder","embeddable":true,"href":"https:\/\/owv-sc-waldthurn.de\/index.php?rest_route=%2Fwp%2Fv2%2Ffolder&post=9788"}],"curies":[{"name":"wp","href":"https:\/\/api.w.org\/{rel}","templated":true}]}}